{"id":1534,"date":"2016-04-05T13:37:59","date_gmt":"2016-04-05T12:37:59","guid":{"rendered":"http:\/\/fbt-avocats.ch\/en\/?post_type=portfolio&#038;p=1534"},"modified":"2026-03-09T14:55:56","modified_gmt":"2026-03-09T13:55:56","slug":"frederique-bensahel","status":"publish","type":"portfolio","link":"https:\/\/staging.fbt-avocats.ch\/en\/portfolio-item\/frederique-bensahel\/","title":{"rendered":"Fr\u00e9d\u00e9rique Bensahel"},"content":{"rendered":"<div id='full_slider_1'  class='avia-fullwidth-slider main_color avia-shadow av-medium-hide av-small-hide av-mini-hide  avia-builder-el-0  el_before_av_slideshow_full  avia-builder-el-first   container_wrap fullsize'  >\n<style type=\"text\/css\" data-created_by=\"avia_inline_auto\" id=\"style-css-av-jzwm0b3n-5a1e7a923afe3ad94be65e88d938aec6\">\n#top #wrap_all .avia-slideshow .av-slideshow-caption.av-jzwm0b3n-5a1e7a923afe3ad94be65e88d938aec6__0 .avia-caption-title{\ncolor:#ffffff;\n}\n#top .avia-slideshow .av-slideshow-caption.av-jzwm0b3n-5a1e7a923afe3ad94be65e88d938aec6__0 .avia-caption-content{\ncolor:#ffffff;\n}\n<\/style>\n<div  class='avia-slideshow av-jzwm0b3n-5a1e7a923afe3ad94be65e88d938aec6 avia-slideshow-no scaling av_slideshow_full avia-fade-slider av-medium-hide av-small-hide av-mini-hide av-slideshow-ui av-control-hidden av-no-slider-navigation av-hide-nav-arrows av-slideshow-manual av-loop-once av-loop-manual-endless av-default-height-applied   avia-slideshow-1' data-slideshow-options=\"{&quot;animation&quot;:&quot;fade&quot;,&quot;autoplay&quot;:false,&quot;loop_autoplay&quot;:&quot;once&quot;,&quot;interval&quot;:5,&quot;loop_manual&quot;:&quot;manual-endless&quot;,&quot;autoplay_stopper&quot;:false,&quot;noNavigation&quot;:true,&quot;bg_slider&quot;:false,&quot;keep_padding&quot;:false,&quot;hoverpause&quot;:false,&quot;show_slide_delay&quot;:0}\"  itemprop=\"image\" itemscope=\"itemscope\" itemtype=\"https:\/\/schema.org\/ImageObject\" ><ul class='avia-slideshow-inner ' style='padding-bottom: 28.666666666667%;'><li  class='avia-slideshow-slide av-jzwm0b3n-5a1e7a923afe3ad94be65e88d938aec6__0  av-single-slide slide-1 slide-odd'><div data-rel='slideshow-1' class='avia-slide-wrap '   ><img fetchpriority=\"high\" class=\"wp-image-29023 avia-img-lazy-loading-not-29023\"  src='https:\/\/staging.fbt-avocats.ch\/wp-content\/uploads\/2025\/07\/FBE.png' width='2250' height='645' title='FBE' alt=''  itemprop=\"thumbnailUrl\"   \/><\/div><\/li><\/ul><div class='av-slideshow-caption av-jzwm0b3n-5a1e7a923afe3ad94be65e88d938aec6__0 caption_fullwidth caption_right'><div class=\"container caption_container\"><div class=\"slideshow_caption\"><div class=\"slideshow_inner_caption\"><div class=\"slideshow_align_caption\"><h2 class='avia-caption-title '  itemprop=\"name\" >Fr\u00e9d\u00e9rique Bensahel<\/h2><div class='avia-caption-content av_inherit_color'  itemprop=\"description\" ><p>Partner | Geneva<br \/>\n+41 22 849 60 40<br \/>\nfbensahel@fbt.ch<\/p>\n<\/div><a href='mailto:fbensahel@fbt.ch'  target=\"_blank\"  rel=\"noopener noreferrer\" class='avia-slideshow-button avia-button avia-color-theme-color-subtle avia-multi-slideshow-button' data-duration='800' data-easing='easeInOutQuad'>Send an email <\/a><a href='https:\/\/staging.fbt-avocats.ch\/en\/?id_contact=2&amp;download_vcard=1'  target=\"_blank\"  rel=\"noopener noreferrer\" class='avia-slideshow-button avia-button avia-color-theme-color-subtle avia-multi-slideshow-button avia-slideshow-button-2' data-duration='800' data-easing='easeInOutQuad'>Vcard<\/a><\/div><\/div><\/div><\/div><\/div><\/div><\/div>\n<div id='full_slider_2'  class='avia-fullwidth-slider main_color avia-shadow av-desktop-hide av-small-hide av-mini-hide  avia-builder-el-1  el_after_av_slideshow_full  el_before_av_slideshow_full   slider-not-first container_wrap fullsize'  ><div  class='avia-slideshow av-jzwm2fqa-981cb24cbba394dde6e0d5b6af5b0cbb avia-slideshow-no scaling av_slideshow_full avia-slide-slider av-desktop-hide av-small-hide av-mini-hide av-slideshow-ui av-control-default av-slideshow-manual av-loop-once av-loop-manual-endless av-default-height-applied   avia-slideshow-2' data-slideshow-options=\"{&quot;animation&quot;:&quot;slide&quot;,&quot;autoplay&quot;:false,&quot;loop_autoplay&quot;:&quot;once&quot;,&quot;interval&quot;:5,&quot;loop_manual&quot;:&quot;manual-endless&quot;,&quot;autoplay_stopper&quot;:false,&quot;noNavigation&quot;:false,&quot;bg_slider&quot;:false,&quot;keep_padding&quot;:false,&quot;hoverpause&quot;:false,&quot;show_slide_delay&quot;:0}\"  itemprop=\"image\" itemscope=\"itemscope\" itemtype=\"https:\/\/schema.org\/ImageObject\" ><ul class='avia-slideshow-inner ' style='padding-bottom: 75%;'><li  class='avia-slideshow-slide av-jzwm2fqa-981cb24cbba394dde6e0d5b6af5b0cbb__0  av-single-slide slide-1 slide-odd'><div data-rel='slideshow-2' class='avia-slide-wrap '   ><img fetchpriority=\"high\" class=\"wp-image-30024 avia-img-lazy-loading-not-30024\"  src='https:\/\/staging.fbt-avocats.ch\/wp-content\/uploads\/2025\/09\/FBE.png' width='1000' height='750' title='FBE' alt=''  itemprop=\"thumbnailUrl\"   \/><\/div><\/li><\/ul><\/div><\/div>\n<div id='full_slider_3'  class='avia-fullwidth-slider main_color avia-shadow av-desktop-hide av-medium-hide  avia-builder-el-2  el_after_av_slideshow_full  el_before_av_submenu   slider-not-first container_wrap fullsize'  ><div  class='avia-slideshow av-jzwm2fqa-fcedecb8d777f97271b317805a467f09 avia-slideshow-no scaling av_slideshow_full avia-slide-slider av-desktop-hide av-medium-hide av-slideshow-ui av-control-default av-slideshow-manual av-loop-once av-loop-manual-endless av-default-height-applied   avia-slideshow-3' data-slideshow-options=\"{&quot;animation&quot;:&quot;slide&quot;,&quot;autoplay&quot;:false,&quot;loop_autoplay&quot;:&quot;once&quot;,&quot;interval&quot;:5,&quot;loop_manual&quot;:&quot;manual-endless&quot;,&quot;autoplay_stopper&quot;:false,&quot;noNavigation&quot;:false,&quot;bg_slider&quot;:false,&quot;keep_padding&quot;:false,&quot;hoverpause&quot;:false,&quot;show_slide_delay&quot;:0}\"  itemprop=\"image\" itemscope=\"itemscope\" itemtype=\"https:\/\/schema.org\/ImageObject\" ><ul class='avia-slideshow-inner ' style='padding-bottom: 100%;'><li  class='avia-slideshow-slide av-jzwm2fqa-fcedecb8d777f97271b317805a467f09__0  av-single-slide slide-1 slide-odd'><div data-rel='slideshow-3' class='avia-slide-wrap '   ><img fetchpriority=\"high\" class=\"wp-image-29898 avia-img-lazy-loading-not-29898\"  src='https:\/\/staging.fbt-avocats.ch\/wp-content\/uploads\/2025\/09\/Frederique-Bensahel.png' width='800' height='800' title='Frederique-Bensahel' alt='Fr\u00e9d\u00e9rique Bensahel'  itemprop=\"thumbnailUrl\"   \/><\/div><\/li><\/ul><\/div><\/div>\n<div class='clear'><\/div><div id='sub_menu1'  class='av-submenu-container av-m0m7w4j6-4da9a070cf77a9f89c6881fa7a132616 main_color  avia-builder-el-3  el_after_av_slideshow_full  el_before_av_heading  av-sticky-submenu submenu-not-first container_wrap fullsize' style='z-index:301' ><div class='container av-menu-mobile-disabled av-submenu-pos-center'><ul id='av-custom-submenu-1' class='av-subnav-menu' role='menu'>\n<li class='menu-item av-10rtvf7-0bd12b845d0346df1137e1ce7c41e0e5 menu-item-top-level menu-item-top-level-1' role='menuitem'><a href='#top'  ><span class='avia-bullet'><\/span><span class='avia-menu-text'>Contact<\/span><\/a><\/li>\n<li class='menu-item av-1ngkc5n-6d27813e91141ecb1eccaf0832c74ed9 menu-item-top-level menu-item-top-level-2' role='menuitem'><a href='#competence'  ><span class='avia-bullet'><\/span><span class='avia-menu-text'>Expertise<\/span><\/a><\/li>\n<li class='menu-item av-1439ggb-738160b729b16f2df111a12f8e4e35b8 menu-item-top-level menu-item-top-level-3' role='menuitem'><a href='#cv'  ><span class='avia-bullet'><\/span><span class='avia-menu-text'>Resume<\/span><\/a><\/li>\n<li class='menu-item av-jsi0jv-1d3d5011055b417c06ac6bccc5945a61 menu-item-top-level menu-item-top-level-4' role='menuitem'><a href='https:\/\/www.linkedin.com\/in\/fr%C3%A9d%C3%A9rique-bensahel-b2995813\/'  target=\"_blank\"  rel=\"noopener noreferrer\" ><span class='avia-bullet'><\/span><span class='avia-menu-text'>LinkedIn<\/span><\/a><\/li>\n<\/ul><\/div><\/div><div class='sticky_placeholder'><\/div><div id='after_submenu_1'  class='main_color av_default_container_wrap container_wrap fullsize'  ><div class='container av-section-cont-open' ><div class='template-page content  av-content-full alpha units'><div class='post-entry post-entry-type-page post-entry-1534'><div class='entry-content-wrapper clearfix'>\n\n<style type=\"text\/css\" data-created_by=\"avia_inline_auto\" id=\"style-css-av-av_heading-d6e393f9cf1230eeae470a3c2bcb30f7\">\n#top .av-special-heading.av-av_heading-d6e393f9cf1230eeae470a3c2bcb30f7{\npadding-bottom:0;\n}\nbody .av-special-heading.av-av_heading-d6e393f9cf1230eeae470a3c2bcb30f7 .av-special-heading-tag .heading-char{\nfont-size:25px;\n}\n.av-special-heading.av-av_heading-d6e393f9cf1230eeae470a3c2bcb30f7 .av-subheading{\nfont-size:15px;\n}\n<\/style>\n<div  class='av-special-heading av-av_heading-d6e393f9cf1230eeae470a3c2bcb30f7 av-special-heading-h1 blockquote modern-quote modern-centered  avia-builder-el-4  el_after_av_submenu  el_before_av_hr  avia-builder-el-first  av-desktop-hide'><h1 class='av-special-heading-tag '  itemprop=\"headline\"  >Fr\u00e9d\u00e9rique Bensahel<\/h1><div class='av-subheading av-subheading_below'><p>Partner | Geneva<\/p>\n<\/div><div class=\"special-heading-border\"><div class=\"special-heading-inner-border\"><\/div><\/div><\/div>\n\n<style type=\"text\/css\" data-created_by=\"avia_inline_auto\" id=\"style-css-av-jue2njy8-0d772e6fb08857b99e1ad5955fce63df\">\n#top .hr.hr-invisible.av-jue2njy8-0d772e6fb08857b99e1ad5955fce63df{\nheight:20px;\n}\n<\/style>\n<div  class='hr av-jue2njy8-0d772e6fb08857b99e1ad5955fce63df hr-invisible  avia-builder-el-5  el_after_av_heading  el_before_av_textblock  av-desktop-hide av-medium-hide av-small-hide'><span class='hr-inner '><span class=\"hr-inner-style\"><\/span><\/span><\/div>\n<section  class='av_textblock_section av-2ww7tt-44415773284c5e8bfae76f80ed858d1c '   itemscope=\"itemscope\" itemtype=\"https:\/\/schema.org\/CreativeWork\" ><div class='av-desktop-hide avia_textblock'  itemprop=\"text\" ><p style=\"text-align: center;\">+41 22 849 60 40<br \/>\n<a href=\"mailto:fbensahel@fbt.ch\">fbensahel@fbt.ch<\/a><\/p>\n<\/div><\/section>\n<div  class='avia-buttonrow-wrap av-k0pblb3u-67ad9170d91c8a10bc928dc155f879a9 avia-buttonrow-center  avia-builder-el-7  el_after_av_textblock  el_before_av_section  avia-builder-el-last  av-desktop-hide'>\n\n<style type=\"text\/css\" data-created_by=\"avia_inline_auto\" id=\"style-css-av-1cuzmjv-63311499609448a00d670ffdb6074664\">\n#top #wrap_all .avia-button.av-1cuzmjv-63311499609448a00d670ffdb6074664{\nmargin-bottom:5px;\nmargin-right:3px;\nmargin-left:3px;\n}\n<\/style>\n<a href='https:\/\/staging.fbt-avocats.ch\/en\/?id_contact=2&amp;download_vcard=1'  class='avia-button av-1cuzmjv-63311499609448a00d670ffdb6074664 avia-icon_select-yes-left-icon avia-size-medium av-icon-on-hover avia-color-dark'   aria-label=\"vCard\"><span class='avia_button_icon avia_button_icon_left avia-iconfont avia-font-entypo-fontello' data-av_icon='\ue840' data-av_iconfont='entypo-fontello' ><\/span><span class='avia_iconbox_title' >vCard<\/span><\/a>\n<\/div>\n<\/div><\/div><\/div><!-- close content main div --><\/div><\/div><div id='competence'  class='avia-section av-8hswd6-337bab2c9e8955ecfd633959396212b0 main_color avia-section-large avia-no-border-styling  avia-builder-el-8  el_after_av_buttonrow  el_before_av_section  avia-bg-style-scroll container_wrap fullsize'  ><div class='container av-section-cont-open' ><div class='template-page content  av-content-full alpha units'><div class='post-entry post-entry-type-page post-entry-1534'><div class='entry-content-wrapper clearfix'>\n\n<style type=\"text\/css\" data-created_by=\"avia_inline_auto\" id=\"style-css-av-jue2inuw-924e06d8df63b30a53f7c57be4b65d8a\">\n.flex_column.av-jue2inuw-924e06d8df63b30a53f7c57be4b65d8a{\nborder-radius:0px 0px 0px 0px;\npadding:0px 0px 0px 0px;\n}\n<\/style>\n<div  class='flex_column av-jue2inuw-924e06d8df63b30a53f7c57be4b65d8a av_one_full  avia-builder-el-9  el_before_av_two_third  avia-builder-el-first  first flex_column_div av-animated-generic top-to-bottom av-zero-column-padding  '     ><section  class='av_textblock_section av-2ww7tt-7875c39ba456370010ab510e8617a56e '   itemscope=\"itemscope\" itemtype=\"https:\/\/schema.org\/CreativeWork\" ><div class='avia_textblock'  itemprop=\"text\" ><p style=\"text-align: left;\"><strong>Practice areas:<\/strong> <a href=\"https:\/\/staging.fbt-avocats.ch\/en\/competence\/banking-and-finance\/\">Banking and Finance\u00a0(Head\u00a0of\u00a0practice)<\/a>,\u00a0<a href=\"https:\/\/staging.fbt-avocats.ch\/en\/competence\/family-estate\/\">Family Estate Law<\/a>, <a href=\"https:\/\/staging.fbt-avocats.ch\/en\/competence\/white-collar-crime\/\">White-Collar Crime<\/a><\/p>\n<p style=\"text-align: left;\"><strong>Languages:<\/strong> French,\u00a0English, German<\/p>\n<\/div><\/section><\/div>\n<style type=\"text\/css\" data-created_by=\"avia_inline_auto\" id=\"style-css-av-18fvr6u-bacec399fc9d5769465d34dd8a941026\">\n.flex_column.av-18fvr6u-bacec399fc9d5769465d34dd8a941026{\nborder-radius:0px 0px 0px 0px;\npadding:30px 30px 30px 30px;\n}\n<\/style>\n<div  class='flex_column av-18fvr6u-bacec399fc9d5769465d34dd8a941026 av_two_third  avia-builder-el-11  el_after_av_one_full  el_before_av_one_third  first flex_column_div av-animated-generic top-to-bottom  column-top-margin'     ><section  class='av_textblock_section av-aetxu-7f1035c1649d91975d38daa9d5866b90 '   itemscope=\"itemscope\" itemtype=\"https:\/\/schema.org\/CreativeWork\" ><div class='avia_textblock'  itemprop=\"text\" ><h3 style=\"text-align: left;\">EXPERTISE<\/h3>\n<\/div><\/section><br \/>\n<section  class='av_textblock_section av-aetxu-7f1035c1649d91975d38daa9d5866b90 '   itemscope=\"itemscope\" itemtype=\"https:\/\/schema.org\/CreativeWork\" ><div class='avia_textblock'  itemprop=\"text\" ><p><strong>Fr\u00e9d\u00e9rique Bensahel<\/strong> is considered as a leading lawyer in the banking and financial sector in Switzerland.<\/p>\n<p>As partner at FBT and head of its banking and finance group, she advises Swiss and foreign financial institutions, including banks, companies active in asset management, trading or intermediation of financial instruments, as well as investment funds and fund managers. She frequently acts in civil and regulatory financial litigation.<\/p>\n<p>Fr\u00e9d\u00e9rique Bensahel is a member of STEP and has broad experience in investments structured through holding vehicles.<\/p>\n<p>Fr\u00e9d\u00e9rique Bensahel is the author of numerous publications in the field of financial regulation and investment funds and is regularly invited to speak at conferences in this field.<\/p>\n<p>C<em>hambers <\/em>distinguishes her as a leading lawyer in banking and finance law (&#8220;<em>Fr\u00e9d\u00e9rique Bensahel is a standout <\/em>lawyer&#8221;, Chambers 2026) and investment funds (<em>&#8220;Fr\u00e9d\u00e9rique Bensahel is a brilliant lawyer with in-depth knowledge and understanding of the funds industry&#8221;<\/em>, Chambers 2026), <em>IFLR <\/em>as an expert in banking and finance law, and <em>Legal500 <\/em>as an expert in banking law (<em>\u201cFr\u00e9d\u00e9rique Bensahel is a leader in her field with unrivalled connections across the market. She is pragmatic and commercial.\u201d<\/em>, Legal500 2024<em>)<\/em>.<\/p>\n<p><em>Who&#8217;s Who Legal <\/em>recognises Fr\u00e9d\u00e9rique Bensahel as a specialist in legal issues related to <em>investment management <\/em>(<em>&#8220;Thoroughly impressive lawyer. Savvy and experienced, she is known for keenly protecting clients&#8217; best interests&#8221;, <\/em>WWL 2016) and <em>Best Lawyer <\/em>distinguishes her for her expertise in financial law<em>.<\/em><\/p>\n<p><em>Chambers, Legal500 <\/em>and <em>Citywealth <\/em>also recognise her as a leading lawyer in the field of <em>Private Clients <\/em>(<em>\u201cBright and personable. A dynamic combination\u201d<\/em>, Citywealth 2016)<em>. <\/em>Finally, she has been listed among the Top 200 IFC Citywealth Power Women since 2015.<\/p>\n<\/div><\/section><\/p><\/div>\n<style type=\"text\/css\" data-created_by=\"avia_inline_auto\" id=\"style-css-av-1ybsnc-86493238b803b1ed967405a913b5cc87\">\n.flex_column.av-1ybsnc-86493238b803b1ed967405a913b5cc87{\nborder-radius:0px 0px 0px 0px;\npadding:0px 0px 0px 0px;\n}\n<\/style>\n<div  class='flex_column av-1ybsnc-86493238b803b1ed967405a913b5cc87 av_one_third  avia-builder-el-14  el_after_av_two_third  el_before_av_two_third  flex_column_div av-zero-column-padding  column-top-margin'     ><div  class='avia-slideshow av-ltyge8aq-8718526fd6f80626aa4e32cf90bfaf2a avia-slideshow-no scaling av_slideshow avia-fade-slider  avia-builder-el-15  avia-builder-el-no-sibling  av-mini-hide av-slideshow-ui av-control-default av-slideshow-autoplay av-loop-endless av-loop-manual-endless av-default-height-applied avia-slideshow-4' data-slideshow-options=\"{&quot;animation&quot;:&quot;fade&quot;,&quot;autoplay&quot;:true,&quot;loop_autoplay&quot;:&quot;endless&quot;,&quot;interval&quot;:10,&quot;loop_manual&quot;:&quot;manual-endless&quot;,&quot;autoplay_stopper&quot;:false,&quot;noNavigation&quot;:false,&quot;bg_slider&quot;:false,&quot;keep_padding&quot;:false,&quot;hoverpause&quot;:false,&quot;show_slide_delay&quot;:0}\"  itemprop=\"image\" itemscope=\"itemscope\" itemtype=\"https:\/\/schema.org\/ImageObject\" ><ul class='avia-slideshow-inner ' style='padding-bottom: 125%;'><li  class='avia-slideshow-slide av-ltyge8aq-8718526fd6f80626aa4e32cf90bfaf2a__0  slide-1 slide-odd'><div data-rel='slideshow-4' class='avia-slide-wrap '   ><img fetchpriority=\"high\" class=\"wp-image-32243 avia-img-lazy-loading-not-32243\"  src='https:\/\/staging.fbt-avocats.ch\/wp-content\/uploads\/2026\/03\/Frederique-Bensahel-Chambers-2026.png' width='1200' height='1500' title='Frederique-Bensahel-Chambers-2026' alt=''  itemprop=\"thumbnailUrl\"   \/><\/div><\/li><li  class='avia-slideshow-slide av-ltyge8aq-8718526fd6f80626aa4e32cf90bfaf2a__1  slide-2 slide-even'><div data-rel='slideshow-4' class='avia-slide-wrap '   ><img fetchpriority=\"high\" class=\"wp-image-32066 avia-img-lazy-loading-not-32066\"  src='https:\/\/staging.fbt-avocats.ch\/wp-content\/uploads\/2026\/02\/Frederique-bensahel-chambers.png' width='1200' height='1500' title='Frederique-bensahel-chambers' alt=''  itemprop=\"thumbnailUrl\"   \/><\/div><\/li><li  class='avia-slideshow-slide av-ltyge8aq-8718526fd6f80626aa4e32cf90bfaf2a__2  slide-3 slide-odd'><div data-rel='slideshow-4' class='avia-slide-wrap '   ><img fetchpriority=\"high\" class=\"wp-image-28277 avia-img-lazy-loading-not-28277\"  src='https:\/\/staging.fbt-avocats.ch\/wp-content\/uploads\/2025\/03\/FBE1-1.png' width='1200' height='1500' title='FBE1' alt='Fr\u00e9d\u00e9rique Bensahel Chambers Global 2025'  itemprop=\"thumbnailUrl\"   \/><\/div><\/li><li  class='avia-slideshow-slide av-ltyge8aq-8718526fd6f80626aa4e32cf90bfaf2a__3  slide-4 slide-even'><div data-rel='slideshow-4' class='avia-slide-wrap '   ><img fetchpriority=\"high\" class=\"wp-image-28283 avia-img-lazy-loading-not-28283\"  src='https:\/\/staging.fbt-avocats.ch\/wp-content\/uploads\/2025\/03\/FBE1-1-1.png' width='1200' height='1500' title='FBE1 (1)' alt='Banking-1 FBT Chambers Global 2025'  itemprop=\"thumbnailUrl\"   \/><\/div><\/li><li  class='avia-slideshow-slide av-ltyge8aq-8718526fd6f80626aa4e32cf90bfaf2a__4  slide-5 slide-odd'><div data-rel='slideshow-4' class='avia-slide-wrap '   ><img fetchpriority=\"high\" class=\"wp-image-30378 avia-img-lazy-loading-not-30378\"  src='https:\/\/staging.fbt-avocats.ch\/wp-content\/uploads\/2025\/10\/FBE1-2.png' width='1200' height='1500' title='FBE1 (2)' alt=''  itemprop=\"thumbnailUrl\"   \/><\/div><\/li><li  class='avia-slideshow-slide av-ltyge8aq-8718526fd6f80626aa4e32cf90bfaf2a__5  slide-6 slide-even'><div data-rel='slideshow-4' class='avia-slide-wrap '   ><img fetchpriority=\"high\" class=\"wp-image-26155 avia-img-lazy-loading-not-26155\"  src='https:\/\/staging.fbt-avocats.ch\/wp-content\/uploads\/2024\/10\/FBE1.png' width='1200' height='1500' title='FBE1' alt=''  itemprop=\"thumbnailUrl\"   \/><\/div><\/li><li  class='avia-slideshow-slide av-ltyge8aq-8718526fd6f80626aa4e32cf90bfaf2a__6  slide-7 slide-odd'><div data-rel='slideshow-4' class='avia-slide-wrap '   ><img fetchpriority=\"high\" class=\"wp-image-26159 avia-img-lazy-loading-not-26159\"  src='https:\/\/staging.fbt-avocats.ch\/wp-content\/uploads\/2024\/10\/FBE3.png' width='1200' height='1500' title='FBE3' alt=''  itemprop=\"thumbnailUrl\"   \/><\/div><\/li><li  class='avia-slideshow-slide av-ltyge8aq-8718526fd6f80626aa4e32cf90bfaf2a__7  slide-8 slide-even'><div data-rel='slideshow-4' class='avia-slide-wrap '   ><img fetchpriority=\"high\" class=\"wp-image-26157 avia-img-lazy-loading-not-26157\"  src='https:\/\/staging.fbt-avocats.ch\/wp-content\/uploads\/2024\/10\/FBE2.png' width='1200' height='1500' title='FBE2' alt=''  itemprop=\"thumbnailUrl\"   \/><\/div><\/li><\/ul><div class='avia-slideshow-arrows avia-slideshow-controls' ><a href='#prev' class='prev-slide  avia-svg-icon avia-font-svg_entypo-fontello' data-av_svg_icon='left-open-big' data-av_iconset='svg_entypo-fontello' tabindex='-1' title=\"Previous\"><svg version=\"1.1\" xmlns=\"http:\/\/www.w3.org\/2000\/svg\" width=\"15\" height=\"32\" viewBox=\"0 0 15 32\" preserveAspectRatio=\"xMidYMid meet\" aria-labelledby='av-svg-title-1' aria-describedby='av-svg-desc-1' role=\"graphics-symbol\" aria-hidden=\"true\">\n<title id='av-svg-title-1'>Previous<\/title>\n<desc id='av-svg-desc-1'>Previous<\/desc>\n<path d=\"M14.464 27.84q0.832 0.832 0 1.536-0.832 0.832-1.536 0l-12.544-12.608q-0.768-0.768 0-1.6l12.544-12.608q0.704-0.832 1.536 0 0.832 0.704 0 1.536l-11.456 11.904z\"><\/path>\n<\/svg><span class='avia_hidden_link_text'>Previous<\/span><\/a><a href='#next' class='next-slide  avia-svg-icon avia-font-svg_entypo-fontello' data-av_svg_icon='right-open-big' data-av_iconset='svg_entypo-fontello' tabindex='-1' title=\"Next\"><svg version=\"1.1\" xmlns=\"http:\/\/www.w3.org\/2000\/svg\" width=\"15\" height=\"32\" viewBox=\"0 0 15 32\" preserveAspectRatio=\"xMidYMid meet\" aria-labelledby='av-svg-title-2' aria-describedby='av-svg-desc-2' role=\"graphics-symbol\" aria-hidden=\"true\">\n<title id='av-svg-title-2'>Next<\/title>\n<desc id='av-svg-desc-2'>Next<\/desc>\n<path d=\"M0.416 27.84l11.456-11.84-11.456-11.904q-0.832-0.832 0-1.536 0.832-0.832 1.536 0l12.544 12.608q0.768 0.832 0 1.6l-12.544 12.608q-0.704 0.832-1.536 0-0.832-0.704 0-1.536z\"><\/path>\n<\/svg><span class='avia_hidden_link_text'>Next<\/span><\/a><\/div><div class='avia-slideshow-dots avia-slideshow-controls'><a href='#1' class='goto-slide active' >1<\/a><a href='#2' class='goto-slide ' >2<\/a><a href='#3' class='goto-slide ' >3<\/a><a href='#4' class='goto-slide ' >4<\/a><a href='#5' class='goto-slide ' >5<\/a><a href='#6' class='goto-slide ' >6<\/a><a href='#7' class='goto-slide ' >7<\/a><a href='#8' class='goto-slide ' >8<\/a><\/div><\/div><\/div>\n<style type=\"text\/css\" data-created_by=\"avia_inline_auto\" id=\"style-css-av-eft49-bcbca66d6b2f78014a024cd8089b7345\">\n.flex_column.av-eft49-bcbca66d6b2f78014a024cd8089b7345{\nborder-radius:5px 5px 30px 5px;\npadding:30px 30px 30px 30px;\nbackground-color:#f2f2f2;\n}\n<\/style>\n<div  class='flex_column av-eft49-bcbca66d6b2f78014a024cd8089b7345 av_two_third  avia-builder-el-16  el_after_av_one_third  avia-builder-el-last  first flex_column_div av-animated-generic bottom-to-top  column-top-margin'     ><section  class='av_textblock_section av-aetxu-7f1035c1649d91975d38daa9d5866b90 '   itemscope=\"itemscope\" itemtype=\"https:\/\/schema.org\/CreativeWork\" ><div class='avia_textblock'  itemprop=\"text\" ><h3 class=\"av-special-heading-tag \">AREAS OF EXPERTISE<\/h3>\n<\/div><\/section><br \/>\n<div  class='avia-icon-list-container av-jue3hdvc-f74547ff59fa6245eae8229a0a325dec  avia-builder-el-18  el_after_av_textblock  avia-builder-el-last '><ul class='avia-icon-list avia_animate_when_almost_visible avia-icon-list-left av-iconlist-small av-jue3hdvc-f74547ff59fa6245eae8229a0a325dec avia-iconlist-animate'>\n<li><div class='iconlist_icon av-chn0ny-59e76145a891f06a678ea672b62494dc avia-font-entypo-fontello avia-iconfont avia-font-entypo-fontello'><span class='av-icon-char' data-av_icon='\ue885' data-av_iconfont='entypo-fontello' aria-hidden=\"true\"><\/span><\/div><article class=\"article-icon-entry av-iconlist-empty\"  itemscope=\"itemscope\" itemtype=\"https:\/\/schema.org\/CreativeWork\" ><div class=\"iconlist_content_wrap\"><header class=\"entry-content-header\" aria-label=\"Icon: Banking and financial regulation\"><div class='av_iconlist_title iconlist_title_small  '  itemprop=\"headline\" >Banking and financial regulation<\/div><\/header><div class='iconlist_content '  itemprop=\"text\" ><\/div><\/div><footer class=\"entry-footer\"><\/footer><\/article><div class=\"iconlist-timeline\"><\/div><\/li>\n<li><div class='iconlist_icon av-a89pf2-4db7a9048d3f1b2b7ffb3ca5613cecea avia-font-entypo-fontello avia-iconfont avia-font-entypo-fontello'><span class='av-icon-char' data-av_icon='\ue885' data-av_iconfont='entypo-fontello' aria-hidden=\"true\"><\/span><\/div><article class=\"article-icon-entry av-iconlist-empty\"  itemscope=\"itemscope\" itemtype=\"https:\/\/schema.org\/CreativeWork\" ><div class=\"iconlist_content_wrap\"><header class=\"entry-content-header\" aria-label=\"Icon: Financial litigation\"><div class='av_iconlist_title iconlist_title_small  '  itemprop=\"headline\" >Financial litigation<\/div><\/header><div class='iconlist_content '  itemprop=\"text\" ><\/div><\/div><footer class=\"entry-footer\"><\/footer><\/article><div class=\"iconlist-timeline\"><\/div><\/li>\n<li><div class='iconlist_icon av-8x3qvi-10aeb55894bfceff701695b1f231fa07 avia-font-entypo-fontello avia-iconfont avia-font-entypo-fontello'><span class='av-icon-char' data-av_icon='\ue885' data-av_iconfont='entypo-fontello' aria-hidden=\"true\"><\/span><\/div><article class=\"article-icon-entry av-iconlist-empty\"  itemscope=\"itemscope\" itemtype=\"https:\/\/schema.org\/CreativeWork\" ><div class=\"iconlist_content_wrap\"><header class=\"entry-content-header\" aria-label=\"Icon: FINMA enforcement\"><div class='av_iconlist_title iconlist_title_small  '  itemprop=\"headline\" >FINMA enforcement<\/div><\/header><div class='iconlist_content '  itemprop=\"text\" ><\/div><\/div><footer class=\"entry-footer\"><\/footer><\/article><div class=\"iconlist-timeline\"><\/div><\/li>\n<li><div class='iconlist_icon av-oi8fy-4aee46f0822f0ef7526878a3a311aac3 avia-font-entypo-fontello avia-iconfont avia-font-entypo-fontello'><span class='av-icon-char' data-av_icon='\ue885' data-av_iconfont='entypo-fontello' aria-hidden=\"true\"><\/span><\/div><article class=\"article-icon-entry av-iconlist-empty\"  itemscope=\"itemscope\" itemtype=\"https:\/\/schema.org\/CreativeWork\" ><div class=\"iconlist_content_wrap\"><header class=\"entry-content-header\" aria-label=\"Icon: Financing\"><div class='av_iconlist_title iconlist_title_small  '  itemprop=\"headline\" >Financing<\/div><\/header><div class='iconlist_content '  itemprop=\"text\" ><\/div><\/div><footer class=\"entry-footer\"><\/footer><\/article><div class=\"iconlist-timeline\"><\/div><\/li>\n<li><div class='iconlist_icon av-av_iconlist_item-c81703a39d53c99f48f4010ce1a89b0f avia-font-entypo-fontello avia-iconfont avia-font-entypo-fontello'><span class='av-icon-char' data-av_icon='\ue885' data-av_iconfont='entypo-fontello' aria-hidden=\"true\"><\/span><\/div><article class=\"article-icon-entry av-iconlist-empty\"  itemscope=\"itemscope\" itemtype=\"https:\/\/schema.org\/CreativeWork\" ><div class=\"iconlist_content_wrap\"><header class=\"entry-content-header\" aria-label=\"Icon: Investment funds\"><div class='av_iconlist_title iconlist_title_small  '  itemprop=\"headline\" >Investment funds<\/div><\/header><div class='iconlist_content '  itemprop=\"text\" ><\/div><\/div><footer class=\"entry-footer\"><\/footer><\/article><div class=\"iconlist-timeline\"><\/div><\/li>\n<li><div class='iconlist_icon av-av_iconlist_item-8ffce08c4691d58c052798daf7b387cf avia-font-entypo-fontello avia-iconfont avia-font-entypo-fontello'><span class='av-icon-char' data-av_icon='\ue885' data-av_iconfont='entypo-fontello' aria-hidden=\"true\"><\/span><\/div><article class=\"article-icon-entry av-iconlist-empty\"  itemscope=\"itemscope\" itemtype=\"https:\/\/schema.org\/CreativeWork\" ><div class=\"iconlist_content_wrap\"><header class=\"entry-content-header\" aria-label=\"Icon: Asset management\"><div class='av_iconlist_title iconlist_title_small  '  itemprop=\"headline\" >Asset management<\/div><\/header><div class='iconlist_content '  itemprop=\"text\" ><\/div><\/div><footer class=\"entry-footer\"><\/footer><\/article><div class=\"iconlist-timeline\"><\/div><\/li>\n<li><div class='iconlist_icon av-5jfdz2-510f5f4c6024f82ef8913b32831dc6db avia-font-entypo-fontello avia-iconfont avia-font-entypo-fontello'><span class='av-icon-char' data-av_icon='\ue885' data-av_iconfont='entypo-fontello' aria-hidden=\"true\"><\/span><\/div><article class=\"article-icon-entry av-iconlist-empty\"  itemscope=\"itemscope\" itemtype=\"https:\/\/schema.org\/CreativeWork\" ><div class=\"iconlist_content_wrap\"><header class=\"entry-content-header\" aria-label=\"Icon: Regulation of IAMs and trustees\"><div class='av_iconlist_title iconlist_title_small  '  itemprop=\"headline\" >Regulation of IAMs and trustees<\/div><\/header><div class='iconlist_content '  itemprop=\"text\" ><\/div><\/div><footer class=\"entry-footer\"><\/footer><\/article><div class=\"iconlist-timeline\"><\/div><\/li>\n<\/ul><\/div><\/p><\/div><\/div><\/div><\/div><!-- close content main div --><\/div><\/div><div id='av_section_2'  class='avia-section av-k5au23-9d7b41259c7f5c2e84a20973c3649d5b main_color avia-section-default avia-no-border-styling  avia-builder-el-19  el_after_av_section  el_before_av_section  avia-bg-style-scroll container_wrap fullsize'  ><div class='container av-section-cont-open' ><div class='template-page content  av-content-full alpha units'><div class='post-entry post-entry-type-page post-entry-1534'><div class='entry-content-wrapper clearfix'><\/p>\n<\/div><\/div><\/div><!-- close content main div --><\/div><\/div><div id='cv'  class='avia-section av-7eyht-d543312c3427c98ff1b6b90335ef37de alternate_color avia-section-default avia-no-border-styling  avia-builder-el-20  el_after_av_section  avia-builder-el-last  avia-bg-style-scroll container_wrap fullsize'  ><div class='container av-section-cont-open' ><div class='template-page content  av-content-full alpha units'><div class='post-entry post-entry-type-page post-entry-1534'><div class='entry-content-wrapper clearfix'>\n\n<style type=\"text\/css\" data-created_by=\"avia_inline_auto\" id=\"style-css-av-jsl0pseh-6e04d322d315b3c37bf9f8a55b5a6eff\">\n.flex_column.av-jsl0pseh-6e04d322d315b3c37bf9f8a55b5a6eff{\nborder-radius:0px 0px 0px 0px;\npadding:50px 50px 50px 50px;\n}\n<\/style>\n<div  class='flex_column av-jsl0pseh-6e04d322d315b3c37bf9f8a55b5a6eff av_one_full  avia-builder-el-21  el_before_av_one_third  avia-builder-el-first  first flex_column_div  '     ><div  class='tabcontainer av-2gao7m-4bcdff530d5c611c3f96b01aa2b1cef8 sidebar_tab sidebar_tab_left  avia-builder-el-22  avia-builder-el-no-sibling  noborder_tabs'>\n<section class='av_tab_section av_tab_section av-9kfq2m-88fa86a426e27dd74d2deb3870df75aa'  itemscope=\"itemscope\" itemtype=\"https:\/\/schema.org\/CreativeWork\" ><div id='tab-id-1-tab' class='tab active_tab' role='tab' aria-selected=\"true\" tabindex=\"0\" data-fake-id='#tab-id-1' aria-controls='tab-id-1-content'  itemprop=\"headline\" >Education and Professional Experience<\/div><div id='tab-id-1-content' class='tab_content active_tab_content' role='tabpanel' aria-labelledby='tab-id-1-tab' aria-hidden=\"false\"><div class='tab_inner_content invers-color'  itemprop=\"text\" ><p><strong>Since 1998<br \/>\n<\/strong>Partner, FBT Avocats SA, Geneva<\/p>\n<p><strong>1993-1998<br \/>\n<\/strong>Associate, Fasel Bochatay Tsimaratos, Geneva<\/p>\n<p><strong>1992<br \/>\n<\/strong>Admission to the Geneva Bar<\/p>\n<p><strong>1989-1990<br \/>\n<\/strong>LL.M., International Business Law, King\u2019s College, London<\/p>\n<p><strong>1989<br \/>\n<\/strong>Law degree, University of Geneva<\/p>\n<\/div><\/div><\/section>\n<section class='av_tab_section av_tab_section av-2imulq-fdd7b7a875659278d9369bd82a260f16'  itemscope=\"itemscope\" itemtype=\"https:\/\/schema.org\/CreativeWork\" ><div id='tab-id-2-tab' class='tab' role='tab' aria-selected=\"false\" tabindex=\"0\" data-fake-id='#tab-id-2' aria-controls='tab-id-2-content'  itemprop=\"headline\" >Memberships<\/div><div id='tab-id-2-content' class='tab_content' role='tabpanel' aria-labelledby='tab-id-2-tab' aria-hidden=\"true\"><div class='tab_inner_content invers-color'  itemprop=\"text\" ><p>Geneva Bar Association<\/p>\n<p>Swiss Bar Association<\/p>\n<p>Association genevoise de droit des affaires (AGDA)<\/p>\n<p>Association of International Business Lawyers (AIBL)<\/p>\n<p>International Bar Association (IBA)<\/p>\n<p>Soci\u00e9t\u00e9 genevoise de droit et de l\u00e9gislation (SGDL)<\/p>\n<p>Society of Trust and Estate Practitioners (STEP)<\/p>\n<p>Swiss Funds and Asset Management Association (SFAMA)<\/p>\n<p>Geneva Fintech Association (GFA)<\/p>\n<p>Geneva International Legal Association (GILA)<\/p>\n<\/div><\/div><\/section>\n<section class='av_tab_section av_tab_section av-59uqke-5846182cef19b8907bf902efe8add266'  itemscope=\"itemscope\" itemtype=\"https:\/\/schema.org\/CreativeWork\" ><div id='tab-id-3-tab' class='tab' role='tab' aria-selected=\"false\" tabindex=\"0\" data-fake-id='#tab-id-3' aria-controls='tab-id-3-content'  itemprop=\"headline\" >Publications<\/div><div id='tab-id-3-content' class='tab_content' role='tabpanel' aria-labelledby='tab-id-3-tab' aria-hidden=\"true\"><div class='tab_inner_content invers-color'  itemprop=\"text\" >    <div id=\"ej-search-result\">\r\n               <div  class=\"ej-search-result-item\">\r\n            <a href=\"https:\/\/staging.fbt-avocats.ch\/en\/access-to-the-uk-financial-market-by-swiss-service-providers-under-the-berne-financial-services-agreement-what-does-the-future-hold\/\">                <!-- <div> -->\r\n                  <div class=\"ej-search-image\">\r\n                    <img loading=\"lazy\" decoding=\"async\" width=\"36\" height=\"36\" src=\"https:\/\/staging.fbt-avocats.ch\/wp-content\/plugins\/ej-search\/images\/article-publication-36.png\">\r\n                  <\/div>\r\n                <div class=\"ej-search-result-container\">\r\n                  <span class=\"ej-search-title\">Access to the UK financial market by Swiss service providers under the Berne Financial Services Agreement: what does the future hold?<\/span>\r\n                  <span class=\"ej-search-date-publication\">Janvier 2025  \/ BSL Banking in Switzerland and Liechstenstein  <\/span>\r\n                  <span class=\"ej-search-competence\">  \/ Banking and Finance <\/span>\r\n                  <span class=\"ej-search-auteur\"> Fr\u00e9d\u00e9rique Bensahel <\/span>\r\n                <\/div>\r\n            <\/a>            <div style=\"clear:both\"><\/div>\r\n          <\/div>\r\n               <div  class=\"ej-search-result-item\">\r\n            <a href=\"https:\/\/staging.fbt-avocats.ch\/en\/new-developments-in-data-protection\/\">                <!-- <div> -->\r\n                  <div class=\"ej-search-image\">\r\n                    <img loading=\"lazy\" decoding=\"async\" width=\"36\" height=\"36\" src=\"https:\/\/staging.fbt-avocats.ch\/wp-content\/plugins\/ej-search\/images\/article-publication-36.png\">\r\n                  <\/div>\r\n                <div class=\"ej-search-result-container\">\r\n                  <span class=\"ej-search-title\">New developments in data protection<\/span>\r\n                  <span class=\"ej-search-date-publication\">D\u00e9cembre 2023  \/ BSL Banking in Switzerland and Liechstenstein  <\/span>\r\n                  <span class=\"ej-search-competence\">  \/ Banking and Finance <\/span>\r\n                  <span class=\"ej-search-auteur\"> Fr\u00e9d\u00e9rique Bensahel <\/span>\r\n                <\/div>\r\n            <\/a>            <div style=\"clear:both\"><\/div>\r\n          <\/div>\r\n               <div  class=\"ej-search-result-item\">\r\n            <a href=\"https:\/\/staging.fbt-avocats.ch\/en\/sanctions-internationales-risque-de-responsabilite-intermediaires-financiers\/\">                <!-- <div> -->\r\n                  <div class=\"ej-search-image\">\r\n                    <img loading=\"lazy\" decoding=\"async\" width=\"36\" height=\"36\" src=\"https:\/\/staging.fbt-avocats.ch\/wp-content\/plugins\/ej-search\/images\/article-publication-36.png\">\r\n                  <\/div>\r\n                <div class=\"ej-search-result-container\">\r\n                  <span class=\"ej-search-title\">International Sanctions as a Risk of Responsibility for Financial Intermediaries<\/span>\r\n                  <span class=\"ej-search-date-publication\">Novembre 2022  \/ BSL Banking in Switzerland and Liechstenstein  <\/span>\r\n                  <span class=\"ej-search-competence\">  \/ Banking and Finance , White-collar crime <\/span>\r\n                  <span class=\"ej-search-auteur\"> Fr\u00e9d\u00e9rique Bensahel <\/span>\r\n                <\/div>\r\n            <\/a>            <div style=\"clear:both\"><\/div>\r\n          <\/div>\r\n               <div  class=\"ej-search-result-item\">\r\n            <a href=\"https:\/\/staging.fbt-avocats.ch\/en\/the-proposed-new-collective-investment-scheme-in-switzerland-the-l-qif\/\">                <!-- <div> -->\r\n                  <div class=\"ej-search-image\">\r\n                    <img loading=\"lazy\" decoding=\"async\" width=\"36\" height=\"36\" src=\"https:\/\/staging.fbt-avocats.ch\/wp-content\/plugins\/ej-search\/images\/article-publication-36.png\">\r\n                  <\/div>\r\n                <div class=\"ej-search-result-container\">\r\n                  <span class=\"ej-search-title\">The proposed new collective investment scheme in Switzerland: the L-QIF<\/span>\r\n                  <span class=\"ej-search-date-publication\">D\u00e9cembre 2021  \/ BSL Banking in Switzerland and Luxembourg  <\/span>\r\n                  <span class=\"ej-search-competence\">  \/ Banking and Finance <\/span>\r\n                  <span class=\"ej-search-auteur\"> Fr\u00e9d\u00e9rique Bensahel <\/span>\r\n                <\/div>\r\n            <\/a>            <div style=\"clear:both\"><\/div>\r\n          <\/div>\r\n               <div  class=\"ej-search-result-item\">\r\n            <a href=\"https:\/\/staging.fbt-avocats.ch\/en\/new-requirements-for-foreign-financial-institutions-to-seek-an-authorization-from-the-finma-for-their-swiss-operations\/\">                <!-- <div> -->\r\n                  <div class=\"ej-search-image\">\r\n                    <img loading=\"lazy\" decoding=\"async\" width=\"36\" height=\"36\" src=\"https:\/\/staging.fbt-avocats.ch\/wp-content\/plugins\/ej-search\/images\/article-publication-36.png\">\r\n                  <\/div>\r\n                <div class=\"ej-search-result-container\">\r\n                  <span class=\"ej-search-title\">New requirements for foreign financial institutions to seek an authorization from the FINMA for their Swiss operations<\/span>\r\n                  <span class=\"ej-search-date-publication\">Novembre 2020  \/ BSL Banking in Switzerland and Luxembourg  <\/span>\r\n                  <span class=\"ej-search-competence\">  \/ Banking and Finance <\/span>\r\n                  <span class=\"ej-search-auteur\"> Fr\u00e9d\u00e9rique Bensahel <\/span>\r\n                <\/div>\r\n            <\/a>            <div style=\"clear:both\"><\/div>\r\n          <\/div>\r\n               <div  class=\"ej-search-result-item\">\r\n            <a href=\"https:\/\/staging.fbt-avocats.ch\/en\/appels-de-marge-la-crainte-dune-3eme-vague-confirmee\/\">                <!-- <div> -->\r\n                  <div class=\"ej-search-image\">\r\n                    <img loading=\"lazy\" decoding=\"async\" width=\"36\" height=\"36\" src=\"https:\/\/staging.fbt-avocats.ch\/wp-content\/plugins\/ej-search\/images\/article-publication-36.png\">\r\n                  <\/div>\r\n                <div class=\"ej-search-result-container\">\r\n                  <span class=\"ej-search-title\">Appels de marge : la crainte d\u2019une 3\u00e8me vague confirm\u00e9e<\/span>\r\n                  <span class=\"ej-search-date-publication\">Mai 2020  <\/span>\r\n                  <span class=\"ej-search-competence\">  \/ Banking and Finance <\/span>\r\n                  <span class=\"ej-search-auteur\"> Fr\u00e9d\u00e9rique Bensahel , Serge Fasel , Jean-Marie Kiener <\/span>\r\n                <\/div>\r\n            <\/a>            <div style=\"clear:both\"><\/div>\r\n          <\/div>\r\n               <div  class=\"ej-search-result-item\">\r\n            <a href=\"https:\/\/staging.fbt-avocats.ch\/en\/entry-trustees-world-prudential-regulation\/\">                <!-- <div> -->\r\n                  <div class=\"ej-search-image\">\r\n                    <img loading=\"lazy\" decoding=\"async\" width=\"36\" height=\"36\" src=\"https:\/\/staging.fbt-avocats.ch\/wp-content\/plugins\/ej-search\/images\/article-publication-36.png\">\r\n                  <\/div>\r\n                <div class=\"ej-search-result-container\">\r\n                  <span class=\"ej-search-title\">Entry of Trustees into the World of Prudential Regulation<\/span>\r\n                  <span class=\"ej-search-date-publication\">Novembre 2019  \/ BSL Banking in Switzerland and Liechstenstein  <\/span>\r\n                  <span class=\"ej-search-competence\">  \/ Banking and Finance <\/span>\r\n                  <span class=\"ej-search-auteur\"> Fr\u00e9d\u00e9rique Bensahel <\/span>\r\n                <\/div>\r\n            <\/a>            <div style=\"clear:both\"><\/div>\r\n          <\/div>\r\n               <div  class=\"ej-search-result-item\">\r\n            <a href=\"https:\/\/staging.fbt-avocats.ch\/en\/die-neue-rechtssetzung-fur-die-unabhangigen-vermogensverwalter-kosten-und-folgen-fur-die-branche\/\">                <!-- <div> -->\r\n                  <div class=\"ej-search-image\">\r\n                    <img loading=\"lazy\" decoding=\"async\" width=\"36\" height=\"36\" src=\"https:\/\/staging.fbt-avocats.ch\/wp-content\/plugins\/ej-search\/images\/article-publication-36.png\">\r\n                  <\/div>\r\n                <div class=\"ej-search-result-container\">\r\n                  <span class=\"ej-search-title\">Regulation - Die neue Rechtssetzung f\u00fcr die unabh\u00e4ngigen Verm\u00f6gensverwalter: Kosten und Folgen f\u00fcr die Branche<\/span>\r\n                  <span class=\"ej-search-date-publication\">Octobre 2017  \/ BSL Banking in Switzerland and Liechstenstein  <\/span>\r\n                  <span class=\"ej-search-competence\">  \/ Banking and Finance <\/span>\r\n                  <span class=\"ej-search-auteur\"> Fr\u00e9d\u00e9rique Bensahel , FBT Avocats <\/span>\r\n                <\/div>\r\n            <\/a>            <div style=\"clear:both\"><\/div>\r\n          <\/div>\r\n               <div  class=\"ej-search-result-item\">\r\n            <a href=\"https:\/\/staging.fbt-avocats.ch\/en\/new-regulation-for-independent-investment-managers-costs-and-consequences-for-the-financial-industry\/\">                <!-- <div> -->\r\n                  <div class=\"ej-search-image\">\r\n                    <img loading=\"lazy\" decoding=\"async\" width=\"36\" height=\"36\" src=\"https:\/\/staging.fbt-avocats.ch\/wp-content\/plugins\/ej-search\/images\/article-publication-36.png\">\r\n                  <\/div>\r\n                <div class=\"ej-search-result-container\">\r\n                  <span class=\"ej-search-title\">Regulation - New Regulation for Independent Investment Managers: Costs and Consequences for the Financial Industry<\/span>\r\n                  <span class=\"ej-search-date-publication\">Octobre 2017  \/ BSL Banking in Switzerland and Liechstenstein  <\/span>\r\n                  <span class=\"ej-search-competence\">  \/ Banking and Finance <\/span>\r\n                  <span class=\"ej-search-auteur\"> Fr\u00e9d\u00e9rique Bensahel , FBT Avocats <\/span>\r\n                <\/div>\r\n            <\/a>            <div style=\"clear:both\"><\/div>\r\n          <\/div>\r\n               <div  class=\"ej-search-result-item\">\r\n            <a href=\"https:\/\/staging.fbt-avocats.ch\/en\/nouvelle-reglementation-gerants-de-fortune-independants-couts-consequences-lindustrie\/\">                <!-- <div> -->\r\n                  <div class=\"ej-search-image\">\r\n                    <img loading=\"lazy\" decoding=\"async\" width=\"36\" height=\"36\" src=\"https:\/\/staging.fbt-avocats.ch\/wp-content\/plugins\/ej-search\/images\/article-publication-36.png\">\r\n                  <\/div>\r\n                <div class=\"ej-search-result-container\">\r\n                  <span class=\"ej-search-title\">Regulation - Nouvelle r\u00e9glementation des g\u00e9rants de fortune ind\u00e9pendants : co\u00fbts et cons\u00e9quences pour l\u2019industrie<\/span>\r\n                  <span class=\"ej-search-date-publication\">Octobre 2017  \/ BSL Banking in Switzerland and Liechstenstein  <\/span>\r\n                  <span class=\"ej-search-competence\">  \/ Banking and Finance <\/span>\r\n                  <span class=\"ej-search-auteur\"> Fr\u00e9d\u00e9rique Bensahel , FBT Avocats <\/span>\r\n                <\/div>\r\n            <\/a>            <div style=\"clear:both\"><\/div>\r\n          <\/div>\r\n               <div  class=\"ej-search-result-item\">\r\n            <a href=\"https:\/\/staging.fbt-avocats.ch\/en\/franc-assessment\/\">                <!-- <div> -->\r\n                  <div class=\"ej-search-image\">\r\n                    <img loading=\"lazy\" decoding=\"async\" width=\"36\" height=\"36\" src=\"https:\/\/staging.fbt-avocats.ch\/wp-content\/plugins\/ej-search\/images\/article-publication-36.png\">\r\n                  <\/div>\r\n                <div class=\"ej-search-result-container\">\r\n                  <span class=\"ej-search-title\">Franc Assessment<\/span>\r\n                  <span class=\"ej-search-date-publication\">Janvier 2017  \/ STEP Journal  <\/span>\r\n                  <span class=\"ej-search-competence\">  \/ Banking and Finance <\/span>\r\n                  <span class=\"ej-search-auteur\"> Fr\u00e9d\u00e9rique Bensahel <\/span>\r\n                <\/div>\r\n            <\/a>            <div style=\"clear:both\"><\/div>\r\n          <\/div>\r\n               <div  class=\"ej-search-result-item\">\r\n            <a href=\"https:\/\/staging.fbt-avocats.ch\/en\/fiscalite-et-gestion-de-fortune\/\">                <!-- <div> -->\r\n                  <div class=\"ej-search-image\">\r\n                    <img loading=\"lazy\" decoding=\"async\" width=\"36\" height=\"36\" src=\"https:\/\/staging.fbt-avocats.ch\/wp-content\/plugins\/ej-search\/images\/article-publication-36.png\">\r\n                  <\/div>\r\n                <div class=\"ej-search-result-container\">\r\n                  <span class=\"ej-search-title\">Fiscalit\u00e9 et gestion de fortune<\/span>\r\n                  <span class=\"ej-search-date-publication\">Septembre 2016  \/ InvestNews  <\/span>\r\n                  <span class=\"ej-search-competence\">  \/ Banking and Finance <\/span>\r\n                  <span class=\"ej-search-auteur\"> Fr\u00e9d\u00e9rique Bensahel , FBT Avocats <\/span>\r\n                <\/div>\r\n            <\/a>            <div style=\"clear:both\"><\/div>\r\n          <\/div>\r\n               <div  class=\"ej-search-result-item\">\r\n            <a href=\"https:\/\/staging.fbt-avocats.ch\/en\/switzerland-transposes-the-revised-financial-action-task-force-recommendations-new-transparency-rules-for-shareholders-of-swiss-companies-and-financial-intermediaries\/\">                <!-- <div> -->\r\n                  <div class=\"ej-search-image\">\r\n                    <img loading=\"lazy\" decoding=\"async\" width=\"36\" height=\"36\" src=\"https:\/\/staging.fbt-avocats.ch\/wp-content\/plugins\/ej-search\/images\/article-publication-36.png\">\r\n                  <\/div>\r\n                <div class=\"ej-search-result-container\">\r\n                  <span class=\"ej-search-title\">Switzerland transposes the Revised Financial Action Task Force recommendations: new transparency rules for shareholders of Swiss companies and financial intermediaries<\/span>\r\n                  <span class=\"ej-search-date-publication\">Septembre 2015  \/ International Bar Association &#8211; Banking Law Newsletter  <\/span>\r\n                  <span class=\"ej-search-competence\">  \/ Banking and Finance <\/span>\r\n                  <span class=\"ej-search-auteur\"> Fr\u00e9d\u00e9rique Bensahel , FBT Avocats <\/span>\r\n                <\/div>\r\n            <\/a>            <div style=\"clear:both\"><\/div>\r\n          <\/div>\r\n               <div  class=\"ej-search-result-item\">\r\n            <a href=\"https:\/\/staging.fbt-avocats.ch\/en\/draft-financial-institutions-act-and-draft-financial-services-act-new-prudential-requirements-for-independent-asset-managers\/\">                <!-- <div> -->\r\n                  <div class=\"ej-search-image\">\r\n                    <img loading=\"lazy\" decoding=\"async\" width=\"36\" height=\"36\" src=\"https:\/\/staging.fbt-avocats.ch\/wp-content\/plugins\/ej-search\/images\/article-publication-36.png\">\r\n                  <\/div>\r\n                <div class=\"ej-search-result-container\">\r\n                  <span class=\"ej-search-title\">Draft Financial Institutions Act and Draft Financial Services Act: new prudential requirements for independent asset managers<\/span>\r\n                  <span class=\"ej-search-date-publication\">Mars 2015  \/ International Bar Association &#8211; Banking Law Newsletter  <\/span>\r\n                  <span class=\"ej-search-competence\">  \/ Banking and Finance <\/span>\r\n                  <span class=\"ej-search-auteur\"> Fr\u00e9d\u00e9rique Bensahel , FBT Avocats <\/span>\r\n                <\/div>\r\n            <\/a>            <div style=\"clear:both\"><\/div>\r\n          <\/div>\r\n               <div  class=\"ej-search-result-item\">\r\n            <a href=\"https:\/\/staging.fbt-avocats.ch\/en\/derniere-ligne-droite-pour-les-fonds-de-placements-etrangers-distribues-aux-investisseurs-qualifies\/\">                <!-- <div> -->\r\n                  <div class=\"ej-search-image\">\r\n                    <img loading=\"lazy\" decoding=\"async\" width=\"36\" height=\"36\" src=\"https:\/\/staging.fbt-avocats.ch\/wp-content\/plugins\/ej-search\/images\/article-publication-36.png\">\r\n                  <\/div>\r\n                <div class=\"ej-search-result-container\">\r\n                  <span class=\"ej-search-title\">Derni\u00e8re ligne droite pour les fonds de placements \u00e9trangers distribu\u00e9s aux investisseurs qualifi\u00e9s<\/span>\r\n                  <span class=\"ej-search-date-publication\">D\u00e9cembre 2014  \/ Banque &amp; Finance  <\/span>\r\n                  <span class=\"ej-search-competence\">  \/ Banking and Finance <\/span>\r\n                  <span class=\"ej-search-auteur\"> Fr\u00e9d\u00e9rique Bensahel , FBT Avocats <\/span>\r\n                <\/div>\r\n            <\/a>            <div style=\"clear:both\"><\/div>\r\n          <\/div>\r\n               <div  class=\"ej-search-result-item\">\r\n            <a href=\"https:\/\/staging.fbt-avocats.ch\/en\/la-fin-dune-exception-helvetique\/\">                <!-- <div> -->\r\n                  <div class=\"ej-search-image\">\r\n                    <img loading=\"lazy\" decoding=\"async\" width=\"36\" height=\"36\" src=\"https:\/\/staging.fbt-avocats.ch\/wp-content\/plugins\/ej-search\/images\/article-publication-36.png\">\r\n                  <\/div>\r\n                <div class=\"ej-search-result-container\">\r\n                  <span class=\"ej-search-title\">La fin d&#039;une exception helv\u00e9tique<\/span>\r\n                  <span class=\"ej-search-date-publication\">Septembre 2014  \/ InvestNews  <\/span>\r\n                  <span class=\"ej-search-competence\">  \/ Banking and Finance <\/span>\r\n                  <span class=\"ej-search-auteur\"> Fr\u00e9d\u00e9rique Bensahel , FBT Avocats <\/span>\r\n                <\/div>\r\n            <\/a>            <div style=\"clear:both\"><\/div>\r\n          <\/div>\r\n               <div  class=\"ej-search-result-item\">\r\n            <a href=\"https:\/\/staging.fbt-avocats.ch\/en\/distribution-of-foreign-collective-investment-schemes-to-qualified-investors-in-switzerland-foreign-distributorsaccess-to-the-swiss-market-under-the-revised-cisa\/\">                <!-- <div> -->\r\n                  <div class=\"ej-search-image\">\r\n                    <img loading=\"lazy\" decoding=\"async\" width=\"36\" height=\"36\" src=\"https:\/\/staging.fbt-avocats.ch\/wp-content\/plugins\/ej-search\/images\/article-publication-36.png\">\r\n                  <\/div>\r\n                <div class=\"ej-search-result-container\">\r\n                  <span class=\"ej-search-title\">Distribution of foreign collective investment schemes to qualified investors in Switzerland: foreign distributors&#039; access to the Swiss market under the revised CISA<\/span>\r\n                  <span class=\"ej-search-date-publication\">Septembre 2014  \/ International Bar Association &#8211; Banking Law Newsletter  <\/span>\r\n                  <span class=\"ej-search-competence\">  \/ Banking and Finance <\/span>\r\n                  <span class=\"ej-search-auteur\"> Fr\u00e9d\u00e9rique Bensahel , FBT Avocats <\/span>\r\n                <\/div>\r\n            <\/a>            <div style=\"clear:both\"><\/div>\r\n          <\/div>\r\n               <div  class=\"ej-search-result-item\">\r\n            <a href=\"https:\/\/staging.fbt-avocats.ch\/en\/la-sfama-publie-sa-directive-revisee-pour-la-distribution\/\">                <!-- <div> -->\r\n                  <div class=\"ej-search-image\">\r\n                    <img loading=\"lazy\" decoding=\"async\" width=\"36\" height=\"36\" src=\"https:\/\/staging.fbt-avocats.ch\/wp-content\/plugins\/ej-search\/images\/article-publication-36.png\">\r\n                  <\/div>\r\n                <div class=\"ej-search-result-container\">\r\n                  <span class=\"ej-search-title\">La SFAMA publie sa directive r\u00e9vis\u00e9e pour la distribution<\/span>\r\n                  <span class=\"ej-search-date-publication\">Juillet 2014  <\/span>\r\n                  <span class=\"ej-search-competence\">  \/ Banking and Finance <\/span>\r\n                  <span class=\"ej-search-auteur\"> Fr\u00e9d\u00e9rique Bensahel <\/span>\r\n                <\/div>\r\n            <\/a>            <div style=\"clear:both\"><\/div>\r\n          <\/div>\r\n               <div  class=\"ej-search-result-item\">\r\n            <a href=\"https:\/\/staging.fbt-avocats.ch\/en\/letau-de-la-finma-se-resserre-autour-des-gerants-independants\/\">                <!-- <div> -->\r\n                  <div class=\"ej-search-image\">\r\n                    <img loading=\"lazy\" decoding=\"async\" width=\"36\" height=\"36\" src=\"https:\/\/staging.fbt-avocats.ch\/wp-content\/plugins\/ej-search\/images\/article-publication-36.png\">\r\n                  <\/div>\r\n                <div class=\"ej-search-result-container\">\r\n                  <span class=\"ej-search-title\">L&#039;\u00e9tau de la FINMA se resserre autour des g\u00e9rants ind\u00e9pendants<\/span>\r\n                  <span class=\"ej-search-date-publication\">Mai 2014  \/ InvestNews  <\/span>\r\n                  <span class=\"ej-search-competence\">  \/ Banking and Finance <\/span>\r\n                  <span class=\"ej-search-auteur\"> Fr\u00e9d\u00e9rique Bensahel , FBT Avocats <\/span>\r\n                <\/div>\r\n            <\/a>            <div style=\"clear:both\"><\/div>\r\n          <\/div>\r\n               <div  class=\"ej-search-result-item\">\r\n            <a href=\"https:\/\/staging.fbt-avocats.ch\/en\/unabhangige-vermogensverwalter-und-die-finma-die-schlinge-zieht-sich-zu\/\">                <!-- <div> -->\r\n                  <div class=\"ej-search-image\">\r\n                    <img loading=\"lazy\" decoding=\"async\" width=\"36\" height=\"36\" src=\"https:\/\/staging.fbt-avocats.ch\/wp-content\/plugins\/ej-search\/images\/article-publication-36.png\">\r\n                  <\/div>\r\n                <div class=\"ej-search-result-container\">\r\n                  <span class=\"ej-search-title\">Unabh\u00e4ngige Verm\u00f6gensverwalter und die FINMA die Schlinge zieht sich zu<\/span>\r\n                  <span class=\"ej-search-date-publication\">Mai 2014  \/ InvestNews  <\/span>\r\n                  <span class=\"ej-search-competence\">  \/ Banking and Finance <\/span>\r\n                  <span class=\"ej-search-auteur\"> Fr\u00e9d\u00e9rique Bensahel , FBT Avocats <\/span>\r\n                <\/div>\r\n            <\/a>            <div style=\"clear:both\"><\/div>\r\n          <\/div>\r\n               <div  class=\"ej-search-result-item\">\r\n            <a href=\"https:\/\/staging.fbt-avocats.ch\/en\/swiss-new-rules-on-marketing-of-collective-investment-schemes-to-qualified-investors\/\">                <!-- <div> -->\r\n                  <div class=\"ej-search-image\">\r\n                    <img loading=\"lazy\" decoding=\"async\" width=\"36\" height=\"36\" src=\"https:\/\/staging.fbt-avocats.ch\/wp-content\/plugins\/ej-search\/images\/article-publication-36.png\">\r\n                  <\/div>\r\n                <div class=\"ej-search-result-container\">\r\n                  <span class=\"ej-search-title\">Swiss new rules on marketing of collective investment schemes to qualified investors<\/span>\r\n                  <span class=\"ej-search-date-publication\">Mai 2014  <\/span>\r\n                  <span class=\"ej-search-competence\">  \/ Banking and Finance <\/span>\r\n                  <span class=\"ej-search-auteur\"> Fr\u00e9d\u00e9rique Bensahel , Michel Abt <\/span>\r\n                <\/div>\r\n            <\/a>            <div style=\"clear:both\"><\/div>\r\n          <\/div>\r\n               <div  class=\"ej-search-result-item\">\r\n            <a href=\"https:\/\/staging.fbt-avocats.ch\/en\/unabhangige-vermogensverwalter-haben-sie-ihren-verwaltungsauftrag-auf-den-1-januar-2014-angepasst\/\">                <!-- <div> -->\r\n                  <div class=\"ej-search-image\">\r\n                    <img loading=\"lazy\" decoding=\"async\" width=\"36\" height=\"36\" src=\"https:\/\/staging.fbt-avocats.ch\/wp-content\/plugins\/ej-search\/images\/article-publication-36.png\">\r\n                  <\/div>\r\n                <div class=\"ej-search-result-container\">\r\n                  <span class=\"ej-search-title\">Unabh\u00e4ngige Verm\u00f6gensverwalter, haben Sie ihren Verwaltungsauftrag auf den 1. Januar 2014 angepasst?<\/span>\r\n                  <span class=\"ej-search-date-publication\">Mars 2014  \/ InvestNews  <\/span>\r\n                  <span class=\"ej-search-competence\">  \/ Banking and Finance <\/span>\r\n                  <span class=\"ej-search-auteur\"> Fr\u00e9d\u00e9rique Bensahel <\/span>\r\n                <\/div>\r\n            <\/a>            <div style=\"clear:both\"><\/div>\r\n          <\/div>\r\n               <div  class=\"ej-search-result-item\">\r\n            <a href=\"https:\/\/staging.fbt-avocats.ch\/en\/gerants-independants-avez-vous-adapte-votre-mandat-de-gestion-au-1er-janvier-2014\/\">                <!-- <div> -->\r\n                  <div class=\"ej-search-image\">\r\n                    <img loading=\"lazy\" decoding=\"async\" width=\"36\" height=\"36\" src=\"https:\/\/staging.fbt-avocats.ch\/wp-content\/plugins\/ej-search\/images\/article-publication-36.png\">\r\n                  <\/div>\r\n                <div class=\"ej-search-result-container\">\r\n                  <span class=\"ej-search-title\">G\u00e9rants ind\u00e9pendants, avez-vous adapt\u00e9 votre mandat de gestion au 1er janvier 2014 ?<\/span>\r\n                  <span class=\"ej-search-date-publication\">Mars 2014  \/ InvestNews  <\/span>\r\n                  <span class=\"ej-search-competence\">  \/ Banking and Finance <\/span>\r\n                  <span class=\"ej-search-auteur\"> Fr\u00e9d\u00e9rique Bensahel <\/span>\r\n                <\/div>\r\n            <\/a>            <div style=\"clear:both\"><\/div>\r\n          <\/div>\r\n               <div  class=\"ej-search-result-item\">\r\n            <a href=\"https:\/\/staging.fbt-avocats.ch\/en\/new-legislation-on-financial-services-the-beginning-of-the-legislative-process\/\">                <!-- <div> -->\r\n                  <div class=\"ej-search-image\">\r\n                    <img loading=\"lazy\" decoding=\"async\" width=\"36\" height=\"36\" src=\"https:\/\/staging.fbt-avocats.ch\/wp-content\/plugins\/ej-search\/images\/article-publication-36.png\">\r\n                  <\/div>\r\n                <div class=\"ej-search-result-container\">\r\n                  <span class=\"ej-search-title\">New Legislation on financial services: the beginning of the legislative process<\/span>\r\n                  <span class=\"ej-search-date-publication\">F\u00e9vrier 2014  \/ International Bar Association &#8211; Banking Law Newsletter  <\/span>\r\n                  <span class=\"ej-search-competence\">  \/ Banking and Finance <\/span>\r\n                  <span class=\"ej-search-auteur\"> Fr\u00e9d\u00e9rique Bensahel , FBT Avocats <\/span>\r\n                <\/div>\r\n            <\/a>            <div style=\"clear:both\"><\/div>\r\n          <\/div>\r\n               <div  class=\"ej-search-result-item\">\r\n            <a href=\"https:\/\/staging.fbt-avocats.ch\/en\/marketing-vente-de-fonds-de-placement-gerants-independants-situez\/\">                <!-- <div> -->\r\n                  <div class=\"ej-search-image\">\r\n                    <img loading=\"lazy\" decoding=\"async\" width=\"36\" height=\"36\" src=\"https:\/\/staging.fbt-avocats.ch\/wp-content\/plugins\/ej-search\/images\/article-publication-36.png\">\r\n                  <\/div>\r\n                <div class=\"ej-search-result-container\">\r\n                  <span class=\"ej-search-title\">Marketing et vente de fonds de placement : g\u00e9rants ind\u00e9pendants o\u00f9 vous situez-vous ?<\/span>\r\n                  <span class=\"ej-search-date-publication\">Octobre 2013  <\/span>\r\n                  <span class=\"ej-search-competence\">  \/ Banking and Finance <\/span>\r\n                  <span class=\"ej-search-auteur\"> Fr\u00e9d\u00e9rique Bensahel , Michel Abt <\/span>\r\n                <\/div>\r\n            <\/a>            <div style=\"clear:both\"><\/div>\r\n          <\/div>\r\n               <div  class=\"ej-search-result-item\">\r\n            <a href=\"https:\/\/staging.fbt-avocats.ch\/en\/surveillance-prudentielle-changement-de-cap-vue\/\">                <!-- <div> -->\r\n                  <div class=\"ej-search-image\">\r\n                    <img loading=\"lazy\" decoding=\"async\" width=\"36\" height=\"36\" src=\"https:\/\/staging.fbt-avocats.ch\/wp-content\/plugins\/ej-search\/images\/article-publication-36.png\">\r\n                  <\/div>\r\n                <div class=\"ej-search-result-container\">\r\n                  <span class=\"ej-search-title\">Surveillance prudentielle, changement de cap en vue<\/span>\r\n                  <span class=\"ej-search-date-publication\">Septembre 2013  \/ Banque &amp; Finance  <\/span>\r\n                  <span class=\"ej-search-competence\">  \/ Banking and Finance <\/span>\r\n                  <span class=\"ej-search-auteur\"> Fr\u00e9d\u00e9rique Bensahel , FBT Avocats <\/span>\r\n                <\/div>\r\n            <\/a>            <div style=\"clear:both\"><\/div>\r\n          <\/div>\r\n               <div  class=\"ej-search-result-item\">\r\n            <a href=\"https:\/\/staging.fbt-avocats.ch\/en\/entree-vigueur-de-lpcc-consequences-gerants-independants\/\">                <!-- <div> -->\r\n                  <div class=\"ej-search-image\">\r\n                    <img loading=\"lazy\" decoding=\"async\" width=\"36\" height=\"36\" src=\"https:\/\/staging.fbt-avocats.ch\/wp-content\/plugins\/ej-search\/images\/article-publication-36.png\">\r\n                  <\/div>\r\n                <div class=\"ej-search-result-container\">\r\n                  <span class=\"ej-search-title\">Entr\u00e9e en vigueur de la LPCC - Quelles cons\u00e9quences pour les g\u00e9rants ind\u00e9pendants ?<\/span>\r\n                  <span class=\"ej-search-date-publication\">Mai 2013  <\/span>\r\n                  <span class=\"ej-search-competence\">  \/ Banking and Finance <\/span>\r\n                  <span class=\"ej-search-auteur\"> Fr\u00e9d\u00e9rique Bensahel <\/span>\r\n                <\/div>\r\n            <\/a>            <div style=\"clear:both\"><\/div>\r\n          <\/div>\r\n               <div  class=\"ej-search-result-item\">\r\n            <a href=\"https:\/\/staging.fbt-avocats.ch\/en\/eintreten-in-kraft-kag-welche-konsequenzen-hat-das-fur-unabhangige-vermogensverwalter\/\">                <!-- <div> -->\r\n                  <div class=\"ej-search-image\">\r\n                    <img loading=\"lazy\" decoding=\"async\" width=\"36\" height=\"36\" src=\"https:\/\/staging.fbt-avocats.ch\/wp-content\/plugins\/ej-search\/images\/article-publication-36.png\">\r\n                  <\/div>\r\n                <div class=\"ej-search-result-container\">\r\n                  <span class=\"ej-search-title\">Eintreten in Kraft des KAG - Welche Konsequenzen hat das f\u00fcr unabh\u00e4ngige Verm\u00f6gensverwalter?<\/span>\r\n                  <span class=\"ej-search-date-publication\">Mai 2013  <\/span>\r\n                  <span class=\"ej-search-competence\">  \/ Banking and Finance <\/span>\r\n                  <span class=\"ej-search-auteur\"> Fr\u00e9d\u00e9rique Bensahel <\/span>\r\n                <\/div>\r\n            <\/a>            <div style=\"clear:both\"><\/div>\r\n          <\/div>\r\n               <div  class=\"ej-search-result-item\">\r\n            <a href=\"https:\/\/staging.fbt-avocats.ch\/en\/retrocessions-consequences-de-levolution-reglementaire-recente-gerants-independants-2\/\">                <!-- <div> -->\r\n                  <div class=\"ej-search-image\">\r\n                    <img loading=\"lazy\" decoding=\"async\" width=\"36\" height=\"36\" src=\"https:\/\/staging.fbt-avocats.ch\/wp-content\/plugins\/ej-search\/images\/article-publication-36.png\">\r\n                  <\/div>\r\n                <div class=\"ej-search-result-container\">\r\n                  <span class=\"ej-search-title\">R\u00e9trocessions : les cons\u00e9quences de l&#039;\u00e9volution r\u00e9glementaire r\u00e9cente sur les g\u00e9rants ind\u00e9pendants<\/span>\r\n                  <span class=\"ej-search-date-publication\">D\u00e9cembre 2012  \/ InvestNews  <\/span>\r\n                  <span class=\"ej-search-competence\">  \/ Banking and Finance <\/span>\r\n                  <span class=\"ej-search-auteur\"> Fr\u00e9d\u00e9rique Bensahel <\/span>\r\n                <\/div>\r\n            <\/a>            <div style=\"clear:both\"><\/div>\r\n          <\/div>\r\n               <div  class=\"ej-search-result-item\">\r\n            <a href=\"https:\/\/staging.fbt-avocats.ch\/en\/loi-placements-collectifs-lpcc-loi-federale-23-juin-2006-placements-collectifs-de-capitaux\/\">                <!-- <div> -->\r\n                  <div class=\"ej-search-image\">\r\n                    <img loading=\"lazy\" decoding=\"async\" width=\"36\" height=\"36\" src=\"https:\/\/staging.fbt-avocats.ch\/wp-content\/plugins\/ej-search\/images\/article-publication-36.png\">\r\n                  <\/div>\r\n                <div class=\"ej-search-result-container\">\r\n                  <span class=\"ej-search-title\">Loi sur les placements collectifs (LPCC): loi f\u00e9d\u00e9rale du 23 juin 2006 sur les placements collectifs de capitaux<\/span>\r\n                  <span class=\"ej-search-date-publication\">Octobre 2012  \/ St\u00e4mpfli Editions (Berne)  <\/span>\r\n                  <span class=\"ej-search-competence\">  \/ Banking and Finance <\/span>\r\n                  <span class=\"ej-search-auteur\"> Fr\u00e9d\u00e9rique Bensahel , Marco Villa , Michel Abt , FBT Avocats <\/span>\r\n                <\/div>\r\n            <\/a>            <div style=\"clear:both\"><\/div>\r\n          <\/div>\r\n               <div  class=\"ej-search-result-item\">\r\n            <a href=\"https:\/\/staging.fbt-avocats.ch\/en\/retrocessions-tf-creee-surprise-chez-gerants\/\">                <!-- <div> -->\r\n                  <div class=\"ej-search-image\">\r\n                    <img loading=\"lazy\" decoding=\"async\" width=\"36\" height=\"36\" src=\"https:\/\/staging.fbt-avocats.ch\/wp-content\/plugins\/ej-search\/images\/article-publication-36.png\">\r\n                  <\/div>\r\n                <div class=\"ej-search-result-container\">\r\n                  <span class=\"ej-search-title\">R\u00e9trocessions : le TF cr\u00e9e la surprise chez les g\u00e9rants<\/span>\r\n                  <span class=\"ej-search-date-publication\">Janvier 2012  <\/span>\r\n                  <span class=\"ej-search-competence\">  \/ Banking and Finance <\/span>\r\n                  <span class=\"ej-search-auteur\"> Fr\u00e9d\u00e9rique Bensahel <\/span>\r\n                <\/div>\r\n            <\/a>            <div style=\"clear:both\"><\/div>\r\n          <\/div>\r\n               <div  class=\"ej-search-result-item\">\r\n            <a href=\"https:\/\/staging.fbt-avocats.ch\/en\/switzerland-new-federal-legislation-on-the-custody-and-transfer-of-securities\/\">                <!-- <div> -->\r\n                  <div class=\"ej-search-image\">\r\n                    <img loading=\"lazy\" decoding=\"async\" width=\"36\" height=\"36\" src=\"https:\/\/staging.fbt-avocats.ch\/wp-content\/plugins\/ej-search\/images\/article-publication-36.png\">\r\n                  <\/div>\r\n                <div class=\"ej-search-result-container\">\r\n                  <span class=\"ej-search-title\">Switzerland: new federal legislation on the custody and transfer of securities<\/span>\r\n                  <span class=\"ej-search-date-publication\">D\u00e9cembre 2009  <\/span>\r\n                  <span class=\"ej-search-competence\">  \/ Banking and Finance <\/span>\r\n                  <span class=\"ej-search-auteur\"> Fr\u00e9d\u00e9rique Bensahel , Marco Villa <\/span>\r\n                <\/div>\r\n            <\/a>            <div style=\"clear:both\"><\/div>\r\n          <\/div>\r\n               <div  class=\"ej-search-result-item\">\r\n            <a href=\"https:\/\/staging.fbt-avocats.ch\/en\/lobjet-rang-suretes-selon-loi-titres-intermedies-lti\/\">                <!-- <div> -->\r\n                  <div class=\"ej-search-image\">\r\n                    <img loading=\"lazy\" decoding=\"async\" width=\"36\" height=\"36\" src=\"https:\/\/staging.fbt-avocats.ch\/wp-content\/plugins\/ej-search\/images\/article-publication-36.png\">\r\n                  <\/div>\r\n                <div class=\"ej-search-result-container\">\r\n                  <span class=\"ej-search-title\">L&#039;objet et le rang des s\u00fbret\u00e9s selon la loi sur les titres interm\u00e9di\u00e9s (LTI)<\/span>\r\n                  <span class=\"ej-search-date-publication\">Novembre 2009  \/ Semaine judiciaire  <\/span>\r\n                  <span class=\"ej-search-competence\">  \/ Banking and Finance <\/span>\r\n                  <span class=\"ej-search-auteur\"> Fr\u00e9d\u00e9rique Bensahel , Marco Villa <\/span>\r\n                <\/div>\r\n            <\/a>            <div style=\"clear:both\"><\/div>\r\n          <\/div>\r\n               <div  class=\"ej-search-result-item\">\r\n            <a href=\"https:\/\/staging.fbt-avocats.ch\/en\/the-abolition-of-the-swiss-finish-and-side-pockets-under-swiss-law\/\">                <!-- <div> -->\r\n                  <div class=\"ej-search-image\">\r\n                    <img loading=\"lazy\" decoding=\"async\" width=\"36\" height=\"36\" src=\"https:\/\/staging.fbt-avocats.ch\/wp-content\/plugins\/ej-search\/images\/article-publication-36.png\">\r\n                  <\/div>\r\n                <div class=\"ej-search-result-container\">\r\n                  <span class=\"ej-search-title\">The abolition of the &quot;Swiss Finish&quot; and &quot;Side Pockets&quot; under Swiss law<\/span>\r\n                  <span class=\"ej-search-date-publication\">Ao\u00fbt 2009  <\/span>\r\n                  <span class=\"ej-search-competence\">  \/ Banking and Finance <\/span>\r\n                  <span class=\"ej-search-auteur\"> Fr\u00e9d\u00e9rique Bensahel , Michel Abt <\/span>\r\n                <\/div>\r\n            <\/a>            <div style=\"clear:both\"><\/div>\r\n          <\/div>\r\n               <div  class=\"ej-search-result-item\">\r\n            <a href=\"https:\/\/staging.fbt-avocats.ch\/en\/nouveautes-matiere-de-conseil-placements\/\">                <!-- <div> -->\r\n                  <div class=\"ej-search-image\">\r\n                    <img loading=\"lazy\" decoding=\"async\" width=\"36\" height=\"36\" src=\"https:\/\/staging.fbt-avocats.ch\/wp-content\/plugins\/ej-search\/images\/article-publication-36.png\">\r\n                  <\/div>\r\n                <div class=\"ej-search-result-container\">\r\n                  <span class=\"ej-search-title\">Nouveaut\u00e9s en mati\u00e8re de conseil en placements<\/span>\r\n                  <span class=\"ej-search-date-publication\">D\u00e9cembre 2008  \/ www.jusletter.ch  <\/span>\r\n                  <span class=\"ej-search-competence\">  \/ Banking and Finance <\/span>\r\n                  <span class=\"ej-search-auteur\"> Fr\u00e9d\u00e9rique Bensahel <\/span>\r\n                <\/div>\r\n            <\/a>            <div style=\"clear:both\"><\/div>\r\n          <\/div>\r\n               <div  class=\"ej-search-result-item\">\r\n            <a href=\"https:\/\/staging.fbt-avocats.ch\/en\/certains-aspects-dommage-gestion-de-fortune\/\">                <!-- <div> -->\r\n                  <div class=\"ej-search-image\">\r\n                    <img loading=\"lazy\" decoding=\"async\" width=\"36\" height=\"36\" src=\"https:\/\/staging.fbt-avocats.ch\/wp-content\/plugins\/ej-search\/images\/article-publication-36.png\">\r\n                  <\/div>\r\n                <div class=\"ej-search-result-container\">\r\n                  <span class=\"ej-search-title\">Certains aspects du dommage dans la gestion de fortune<\/span>\r\n                  <span class=\"ej-search-date-publication\">Octobre 2008  \/ Semaine judiciaire  <\/span>\r\n                  <span class=\"ej-search-competence\">  \/ Banking and Finance <\/span>\r\n                  <span class=\"ej-search-auteur\"> Fr\u00e9d\u00e9rique Bensahel <\/span>\r\n                <\/div>\r\n            <\/a>            <div style=\"clear:both\"><\/div>\r\n          <\/div>\r\n        <\/div> \r\n\n<\/div><\/div><\/section>\n<section class='av_tab_section av_tab_section av-3kmipq-5f47bea349f13e0782d79993b72a7cdf'  itemscope=\"itemscope\" itemtype=\"https:\/\/schema.org\/CreativeWork\" ><div id='tab-id-4-tab' class='tab' role='tab' aria-selected=\"false\" tabindex=\"0\" data-fake-id='#tab-id-4' aria-controls='tab-id-4-content'  itemprop=\"headline\" >Speaking Engagements<\/div><div id='tab-id-4-content' class='tab_content' role='tabpanel' aria-labelledby='tab-id-4-tab' aria-hidden=\"true\"><div class='tab_inner_content invers-color'  itemprop=\"text\" >    <div id=\"ej-search-result\">\r\n               <div  class=\"ej-search-result-item\">\r\n                            <!-- <div> -->\r\n                  <div class=\"ej-search-image\">\r\n                    <img loading=\"lazy\" decoding=\"async\" width=\"36\" height=\"36\" src=\"https:\/\/staging.fbt-avocats.ch\/wp-content\/plugins\/ej-search\/images\/conference-36.png\">\r\n                  <\/div>\r\n                <div class=\"ej-search-result-container\">\r\n                  <span class=\"ej-search-title\">2 June 2026 - Seminar - CDB Supervisory Committee<\/span>\r\n                  <span class=\"ej-search-date-publication\"> Swiss Banking Academy  <\/span>\r\n                  <span class=\"ej-search-competence\">  \/ Banking and Finance <\/span>\r\n                  <span class=\"ej-search-auteur\"> Fr\u00e9d\u00e9rique Bensahel <\/span>\r\n                <\/div>\r\n                        <div style=\"clear:both\"><\/div>\r\n          <\/div>\r\n               <div  class=\"ej-search-result-item\">\r\n                            <!-- <div> -->\r\n                  <div class=\"ej-search-image\">\r\n                    <img loading=\"lazy\" decoding=\"async\" width=\"36\" height=\"36\" src=\"https:\/\/staging.fbt-avocats.ch\/wp-content\/plugins\/ej-search\/images\/conference-36.png\">\r\n                  <\/div>\r\n                <div class=\"ej-search-result-container\">\r\n                  <span class=\"ej-search-title\">20 novembre 2025 - Webinar ASG - formation continue<\/span>\r\n                  <span class=\"ej-search-date-publication\"> ASG  <\/span>\r\n                  <span class=\"ej-search-competence\">  \/ Banking and Finance <\/span>\r\n                  <span class=\"ej-search-auteur\"> Fr\u00e9d\u00e9rique Bensahel , Marco Villa <\/span>\r\n                <\/div>\r\n                        <div style=\"clear:both\"><\/div>\r\n          <\/div>\r\n               <div  class=\"ej-search-result-item\">\r\n                            <!-- <div> -->\r\n                  <div class=\"ej-search-image\">\r\n                    <img loading=\"lazy\" decoding=\"async\" width=\"36\" height=\"36\" src=\"https:\/\/staging.fbt-avocats.ch\/wp-content\/plugins\/ej-search\/images\/conference-36.png\">\r\n                  <\/div>\r\n                <div class=\"ej-search-result-container\">\r\n                  <span class=\"ej-search-title\">30 octobre 2025 \u2013 Webinaire ASG et FBT Avocats SA \u2013 LSFin\/LEFin : Aspect de droit civil : Comment \u00e9viter les proc\u00e8s : effets de rayonnement des LSFin\/OSFin\/Circulaires FINMA<\/span>\r\n                  <span class=\"ej-search-date-publication\"> ASG  <\/span>\r\n                  <span class=\"ej-search-competence\">  \/ Banking and Finance <\/span>\r\n                  <span class=\"ej-search-auteur\"> Fr\u00e9d\u00e9rique Bensahel <\/span>\r\n                <\/div>\r\n                        <div style=\"clear:both\"><\/div>\r\n          <\/div>\r\n               <div  class=\"ej-search-result-item\">\r\n                            <!-- <div> -->\r\n                  <div class=\"ej-search-image\">\r\n                    <img loading=\"lazy\" decoding=\"async\" width=\"36\" height=\"36\" src=\"https:\/\/staging.fbt-avocats.ch\/wp-content\/plugins\/ej-search\/images\/conference-36.png\">\r\n                  <\/div>\r\n                <div class=\"ej-search-result-container\">\r\n                  <span class=\"ej-search-title\">18 septembre 2025 \u2013 S\u00e9minaire ASG \u2013 Int\u00e9gration d\u2019un nouvel actionnaire : questions choisies de droit commercial et de droit r\u00e9glementaire<\/span>\r\n                  <span class=\"ej-search-date-publication\"> ASG  <\/span>\r\n                  <span class=\"ej-search-competence\">  \/ Banking and Finance <\/span>\r\n                  <span class=\"ej-search-auteur\"> Fr\u00e9d\u00e9rique Bensahel , Marco Villa <\/span>\r\n                <\/div>\r\n                        <div style=\"clear:both\"><\/div>\r\n          <\/div>\r\n               <div  class=\"ej-search-result-item\">\r\n                            <!-- <div> -->\r\n                  <div class=\"ej-search-image\">\r\n                    <img loading=\"lazy\" decoding=\"async\" width=\"36\" height=\"36\" src=\"https:\/\/staging.fbt-avocats.ch\/wp-content\/plugins\/ej-search\/images\/conference-36.png\">\r\n                  <\/div>\r\n                <div class=\"ej-search-result-container\">\r\n                  <span class=\"ej-search-title\">28 novembre 2024 \u2013 Webinaire ASG \u2013 Veille r\u00e9glementaire<\/span>\r\n                  <span class=\"ej-search-date-publication\"> ASG  <\/span>\r\n                  <span class=\"ej-search-competence\">  \/ Banking and Finance <\/span>\r\n                  <span class=\"ej-search-auteur\"> Fr\u00e9d\u00e9rique Bensahel , Marco Villa <\/span>\r\n                <\/div>\r\n                        <div style=\"clear:both\"><\/div>\r\n          <\/div>\r\n               <div  class=\"ej-search-result-item\">\r\n                            <!-- <div> -->\r\n                  <div class=\"ej-search-image\">\r\n                    <img loading=\"lazy\" decoding=\"async\" width=\"36\" height=\"36\" src=\"https:\/\/staging.fbt-avocats.ch\/wp-content\/plugins\/ej-search\/images\/conference-36.png\">\r\n                  <\/div>\r\n                <div class=\"ej-search-result-container\">\r\n                  <span class=\"ej-search-title\">21 novembre 2024 \u2013 Webinaire ASG \u2013 Formation continue LBA\/LSFin\/LEFin<\/span>\r\n                  <span class=\"ej-search-date-publication\"> ASG  <\/span>\r\n                  <span class=\"ej-search-competence\">  \/ Banking and Finance <\/span>\r\n                  <span class=\"ej-search-auteur\"> Fr\u00e9d\u00e9rique Bensahel , Marco Villa <\/span>\r\n                <\/div>\r\n                        <div style=\"clear:both\"><\/div>\r\n          <\/div>\r\n               <div  class=\"ej-search-result-item\">\r\n                            <!-- <div> -->\r\n                  <div class=\"ej-search-image\">\r\n                    <img loading=\"lazy\" decoding=\"async\" width=\"36\" height=\"36\" src=\"https:\/\/staging.fbt-avocats.ch\/wp-content\/plugins\/ej-search\/images\/conference-36.png\">\r\n                  <\/div>\r\n                <div class=\"ej-search-result-container\">\r\n                  <span class=\"ej-search-title\">31 octobre 2024 \u2013 Webinaire ASG \u2013 Formation continue LBA\/LSFin\/LEFin<\/span>\r\n                  <span class=\"ej-search-date-publication\"> ASG  <\/span>\r\n                  <span class=\"ej-search-competence\">  \/ Banking and Finance <\/span>\r\n                  <span class=\"ej-search-auteur\"> Fr\u00e9d\u00e9rique Bensahel , Marco Villa <\/span>\r\n                <\/div>\r\n                        <div style=\"clear:both\"><\/div>\r\n          <\/div>\r\n               <div  class=\"ej-search-result-item\">\r\n                            <!-- <div> -->\r\n                  <div class=\"ej-search-image\">\r\n                    <img loading=\"lazy\" decoding=\"async\" width=\"36\" height=\"36\" src=\"https:\/\/staging.fbt-avocats.ch\/wp-content\/plugins\/ej-search\/images\/conference-36.png\">\r\n                  <\/div>\r\n                <div class=\"ej-search-result-container\">\r\n                  <span class=\"ej-search-title\">28 novembre 2023 \u2013 Webinaire ASG \u2013 Formation continue LBA\/LSFin\/LEFin<\/span>\r\n                  <span class=\"ej-search-date-publication\"> ASG  <\/span>\r\n                  <span class=\"ej-search-competence\">  \/ Banking and Finance <\/span>\r\n                  <span class=\"ej-search-auteur\"> Fr\u00e9d\u00e9rique Bensahel , Julien Le Fort <\/span>\r\n                <\/div>\r\n                        <div style=\"clear:both\"><\/div>\r\n          <\/div>\r\n               <div  class=\"ej-search-result-item\">\r\n                            <!-- <div> -->\r\n                  <div class=\"ej-search-image\">\r\n                    <img loading=\"lazy\" decoding=\"async\" width=\"36\" height=\"36\" src=\"https:\/\/staging.fbt-avocats.ch\/wp-content\/plugins\/ej-search\/images\/conference-36.png\">\r\n                  <\/div>\r\n                <div class=\"ej-search-result-container\">\r\n                  <span class=\"ej-search-title\">14 novembre 2023 \u2013 Webinaire ASG \u2013 Formation continue LBA\/LSFin\/LEFin<\/span>\r\n                  <span class=\"ej-search-date-publication\"> ASG  <\/span>\r\n                  <span class=\"ej-search-competence\">  \/ Banking and Finance <\/span>\r\n                  <span class=\"ej-search-auteur\"> Fr\u00e9d\u00e9rique Bensahel , Julien Le Fort <\/span>\r\n                <\/div>\r\n                        <div style=\"clear:both\"><\/div>\r\n          <\/div>\r\n               <div  class=\"ej-search-result-item\">\r\n                            <!-- <div> -->\r\n                  <div class=\"ej-search-image\">\r\n                    <img loading=\"lazy\" decoding=\"async\" width=\"36\" height=\"36\" src=\"https:\/\/staging.fbt-avocats.ch\/wp-content\/plugins\/ej-search\/images\/conference-36.png\">\r\n                  <\/div>\r\n                <div class=\"ej-search-result-container\">\r\n                  <span class=\"ej-search-title\">2 novembre 2023 \u2013 Webinaire ASG \u2013 Formation continue LBA\/LSFin\/LEFin<\/span>\r\n                  <span class=\"ej-search-date-publication\"> ASG  <\/span>\r\n                  <span class=\"ej-search-competence\">  \/ Banking and Finance <\/span>\r\n                  <span class=\"ej-search-auteur\"> Fr\u00e9d\u00e9rique Bensahel , Julien Le Fort <\/span>\r\n                <\/div>\r\n                        <div style=\"clear:both\"><\/div>\r\n          <\/div>\r\n               <div  class=\"ej-search-result-item\">\r\n                            <!-- <div> -->\r\n                  <div class=\"ej-search-image\">\r\n                    <img loading=\"lazy\" decoding=\"async\" width=\"36\" height=\"36\" src=\"https:\/\/staging.fbt-avocats.ch\/wp-content\/plugins\/ej-search\/images\/conference-36.png\">\r\n                  <\/div>\r\n                <div class=\"ej-search-result-container\">\r\n                  <span class=\"ej-search-title\">14 septembre 2023 \u2013 Webinaire ASG \u2013 Veille r\u00e9glementaire : Enforcement FINMA et litiges civils<\/span>\r\n                  <span class=\"ej-search-date-publication\"> ASG  <\/span>\r\n                  <span class=\"ej-search-competence\">  \/ Banking and Finance <\/span>\r\n                  <span class=\"ej-search-auteur\"> Fr\u00e9d\u00e9rique Bensahel <\/span>\r\n                <\/div>\r\n                        <div style=\"clear:both\"><\/div>\r\n          <\/div>\r\n               <div  class=\"ej-search-result-item\">\r\n                            <!-- <div> -->\r\n                  <div class=\"ej-search-image\">\r\n                    <img loading=\"lazy\" decoding=\"async\" width=\"36\" height=\"36\" src=\"https:\/\/staging.fbt-avocats.ch\/wp-content\/plugins\/ej-search\/images\/conference-36.png\">\r\n                  <\/div>\r\n                <div class=\"ej-search-result-container\">\r\n                  <span class=\"ej-search-title\">Navigating Global Disputes and Promoting Swiss Law: Insights from Leading General Counsels Across the Geneva Industry<\/span>\r\n                  <span class=\"ej-search-date-publication\"> GILA-GILW  <\/span>\r\n                  <span class=\"ej-search-competence\">  \/ Banking and Finance <\/span>\r\n                  <span class=\"ej-search-auteur\"> Fr\u00e9d\u00e9rique Bensahel <\/span>\r\n                <\/div>\r\n                        <div style=\"clear:both\"><\/div>\r\n          <\/div>\r\n               <div  class=\"ej-search-result-item\">\r\n                            <!-- <div> -->\r\n                  <div class=\"ej-search-image\">\r\n                    <img loading=\"lazy\" decoding=\"async\" width=\"36\" height=\"36\" src=\"https:\/\/staging.fbt-avocats.ch\/wp-content\/plugins\/ej-search\/images\/conference-36.png\">\r\n                  <\/div>\r\n                <div class=\"ej-search-result-container\">\r\n                  <span class=\"ej-search-title\">1er d\u00e9cembre 2022 - Webinar ASG - formation continue LBA\/LSFin\/LEFin<\/span>\r\n                  <span class=\"ej-search-date-publication\"> ASG  <\/span>\r\n                  <span class=\"ej-search-competence\">  \/ Banking and Finance <\/span>\r\n                  <span class=\"ej-search-auteur\"> Fr\u00e9d\u00e9rique Bensahel , Jean-Marie Kiener <\/span>\r\n                <\/div>\r\n                        <div style=\"clear:both\"><\/div>\r\n          <\/div>\r\n               <div  class=\"ej-search-result-item\">\r\n                            <!-- <div> -->\r\n                  <div class=\"ej-search-image\">\r\n                    <img loading=\"lazy\" decoding=\"async\" width=\"36\" height=\"36\" src=\"https:\/\/staging.fbt-avocats.ch\/wp-content\/plugins\/ej-search\/images\/conference-36.png\">\r\n                  <\/div>\r\n                <div class=\"ej-search-result-container\">\r\n                  <span class=\"ej-search-title\">3 novembre 2022 - Webinar ASG - formation continue LBA\/LSFin\/LEFin<\/span>\r\n                  <span class=\"ej-search-date-publication\"> ASG  <\/span>\r\n                  <span class=\"ej-search-competence\">  \/ Banking and Finance <\/span>\r\n                  <span class=\"ej-search-auteur\"> Fr\u00e9d\u00e9rique Bensahel , Jean-Marie Kiener <\/span>\r\n                <\/div>\r\n                        <div style=\"clear:both\"><\/div>\r\n          <\/div>\r\n               <div  class=\"ej-search-result-item\">\r\n                            <!-- <div> -->\r\n                  <div class=\"ej-search-image\">\r\n                    <img loading=\"lazy\" decoding=\"async\" width=\"36\" height=\"36\" src=\"https:\/\/staging.fbt-avocats.ch\/wp-content\/plugins\/ej-search\/images\/conference-36.png\">\r\n                  <\/div>\r\n                <div class=\"ej-search-result-container\">\r\n                  <span class=\"ej-search-title\">18 novembre 2021 - S\u00e9minaire ASG - formation continue LBA<\/span>\r\n                  <span class=\"ej-search-date-publication\"> ASG  <\/span>\r\n                  <span class=\"ej-search-competence\">  \/ Banking and Finance <\/span>\r\n                  <span class=\"ej-search-auteur\"> Fr\u00e9d\u00e9rique Bensahel , Jean-Marie Kiener <\/span>\r\n                <\/div>\r\n                        <div style=\"clear:both\"><\/div>\r\n          <\/div>\r\n               <div  class=\"ej-search-result-item\">\r\n                            <!-- <div> -->\r\n                  <div class=\"ej-search-image\">\r\n                    <img loading=\"lazy\" decoding=\"async\" width=\"36\" height=\"36\" src=\"https:\/\/staging.fbt-avocats.ch\/wp-content\/plugins\/ej-search\/images\/conference-36.png\">\r\n                  <\/div>\r\n                <div class=\"ej-search-result-container\">\r\n                  <span class=\"ej-search-title\">4 octobre 2021 - L&#039;offre d&#039;instruments financiers sous la LSFin<\/span>\r\n                  <span class=\"ej-search-date-publication\"> Groupement de r\u00e9viseurs bancaires  <\/span>\r\n                  <span class=\"ej-search-competence\">  \/ Banking and Finance <\/span>\r\n                  <span class=\"ej-search-auteur\"> Fr\u00e9d\u00e9rique Bensahel <\/span>\r\n                <\/div>\r\n                        <div style=\"clear:both\"><\/div>\r\n          <\/div>\r\n               <div  class=\"ej-search-result-item\">\r\n                            <!-- <div> -->\r\n                  <div class=\"ej-search-image\">\r\n                    <img loading=\"lazy\" decoding=\"async\" width=\"36\" height=\"36\" src=\"https:\/\/staging.fbt-avocats.ch\/wp-content\/plugins\/ej-search\/images\/conference-36.png\">\r\n                  <\/div>\r\n                <div class=\"ej-search-result-container\">\r\n                  <span class=\"ej-search-title\">29 septembre 2021 - Lois f\u00e9d\u00e9rales sur les services et \u00e9tablissements financiers : premi\u00e8res exp\u00e9riences<\/span>\r\n                  <span class=\"ej-search-date-publication\"> AGDA  <\/span>\r\n                  <span class=\"ej-search-competence\">  \/ Banking and Finance <\/span>\r\n                  <span class=\"ej-search-auteur\"> Fr\u00e9d\u00e9rique Bensahel <\/span>\r\n                <\/div>\r\n                        <div style=\"clear:both\"><\/div>\r\n          <\/div>\r\n               <div  class=\"ej-search-result-item\">\r\n                            <!-- <div> -->\r\n                  <div class=\"ej-search-image\">\r\n                    <img loading=\"lazy\" decoding=\"async\" width=\"36\" height=\"36\" src=\"https:\/\/staging.fbt-avocats.ch\/wp-content\/plugins\/ej-search\/images\/conference-36.png\">\r\n                  <\/div>\r\n                <div class=\"ej-search-result-container\">\r\n                  <span class=\"ej-search-title\">2 f\u00e9vrier 2021 -\u00a0Offering of financial products and legal implications for the portfolio manager<\/span>\r\n                  <span class=\"ej-search-date-publication\"> ASG  <\/span>\r\n                  <span class=\"ej-search-competence\">  \/ Banking and Finance <\/span>\r\n                  <span class=\"ej-search-auteur\"> Fr\u00e9d\u00e9rique Bensahel <\/span>\r\n                <\/div>\r\n                        <div style=\"clear:both\"><\/div>\r\n          <\/div>\r\n               <div  class=\"ej-search-result-item\">\r\n                            <!-- <div> -->\r\n                  <div class=\"ej-search-image\">\r\n                    <img loading=\"lazy\" decoding=\"async\" width=\"36\" height=\"36\" src=\"https:\/\/staging.fbt-avocats.ch\/wp-content\/plugins\/ej-search\/images\/conference-36.png\">\r\n                  <\/div>\r\n                <div class=\"ej-search-result-container\">\r\n                  <span class=\"ej-search-title\">6 f\u00e9vrier 2020 - S\u00e9minaire sur la LSFin et la LEFin<\/span>\r\n                  <span class=\"ej-search-date-publication\"> ODAGE  <\/span>\r\n                  <span class=\"ej-search-competence\">  \/ Banking and Finance <\/span>\r\n                  <span class=\"ej-search-auteur\"> Fr\u00e9d\u00e9rique Bensahel <\/span>\r\n                <\/div>\r\n                        <div style=\"clear:both\"><\/div>\r\n          <\/div>\r\n               <div  class=\"ej-search-result-item\">\r\n                            <!-- <div> -->\r\n                  <div class=\"ej-search-image\">\r\n                    <img loading=\"lazy\" decoding=\"async\" width=\"36\" height=\"36\" src=\"https:\/\/staging.fbt-avocats.ch\/wp-content\/plugins\/ej-search\/images\/conference-36.png\">\r\n                  <\/div>\r\n                <div class=\"ej-search-result-container\">\r\n                  <span class=\"ej-search-title\">2 d\u00e9cembre 2019 - LSFin \/ LEFin \u2013 aspects choisis<\/span>\r\n                  <span class=\"ej-search-date-publication\"> SGDL  <\/span>\r\n                  <span class=\"ej-search-competence\">  \/ Banking and Finance <\/span>\r\n                  <span class=\"ej-search-auteur\"> Fr\u00e9d\u00e9rique Bensahel <\/span>\r\n                <\/div>\r\n                        <div style=\"clear:both\"><\/div>\r\n          <\/div>\r\n               <div  class=\"ej-search-result-item\">\r\n                            <!-- <div> -->\r\n                  <div class=\"ej-search-image\">\r\n                    <img loading=\"lazy\" decoding=\"async\" width=\"36\" height=\"36\" src=\"https:\/\/staging.fbt-avocats.ch\/wp-content\/plugins\/ej-search\/images\/conference-36.png\">\r\n                  <\/div>\r\n                <div class=\"ej-search-result-container\">\r\n                  <span class=\"ej-search-title\">7 f\u00e9vrier 2019 - LSFin-LEFin, quels changements pour les acteurs financiers ?<\/span>\r\n                  <span class=\"ej-search-date-publication\"> Groupement de r\u00e9viseurs bancaires  <\/span>\r\n                  <span class=\"ej-search-competence\">  \/ Banking and Finance <\/span>\r\n                  <span class=\"ej-search-auteur\"> Fr\u00e9d\u00e9rique Bensahel <\/span>\r\n                <\/div>\r\n                        <div style=\"clear:both\"><\/div>\r\n          <\/div>\r\n               <div  class=\"ej-search-result-item\">\r\n                            <!-- <div> -->\r\n                  <div class=\"ej-search-image\">\r\n                    <img loading=\"lazy\" decoding=\"async\" width=\"36\" height=\"36\" src=\"https:\/\/staging.fbt-avocats.ch\/wp-content\/plugins\/ej-search\/images\/conference-36.png\">\r\n                  <\/div>\r\n                <div class=\"ej-search-result-container\">\r\n                  <span class=\"ej-search-title\">24 janvier 2019 - LSFin \/ LEFin - Impact sur la distribution de placements collectifs<\/span>\r\n                  <span class=\"ej-search-date-publication\"> Fund Academy  <\/span>\r\n                  <span class=\"ej-search-competence\">  \/ Banking and Finance <\/span>\r\n                  <span class=\"ej-search-auteur\"> Fr\u00e9d\u00e9rique Bensahel <\/span>\r\n                <\/div>\r\n                        <div style=\"clear:both\"><\/div>\r\n          <\/div>\r\n               <div  class=\"ej-search-result-item\">\r\n                            <!-- <div> -->\r\n                  <div class=\"ej-search-image\">\r\n                    <img loading=\"lazy\" decoding=\"async\" width=\"36\" height=\"36\" src=\"https:\/\/staging.fbt-avocats.ch\/wp-content\/plugins\/ej-search\/images\/conference-36.png\">\r\n                  <\/div>\r\n                <div class=\"ej-search-result-container\">\r\n                  <span class=\"ej-search-title\">12 d\u00e9cembre 2018 - Regulation of Trustees under FinIA \/ FinSA (in Zurich)<\/span>\r\n                  <span class=\"ej-search-date-publication\"> Academy et Finance  <\/span>\r\n                  <span class=\"ej-search-competence\">  \/ Banking and Finance <\/span>\r\n                  <span class=\"ej-search-auteur\"> Fr\u00e9d\u00e9rique Bensahel <\/span>\r\n                <\/div>\r\n                        <div style=\"clear:both\"><\/div>\r\n          <\/div>\r\n               <div  class=\"ej-search-result-item\">\r\n                            <!-- <div> -->\r\n                  <div class=\"ej-search-image\">\r\n                    <img loading=\"lazy\" decoding=\"async\" width=\"36\" height=\"36\" src=\"https:\/\/staging.fbt-avocats.ch\/wp-content\/plugins\/ej-search\/images\/conference-36.png\">\r\n                  <\/div>\r\n                <div class=\"ej-search-result-container\">\r\n                  <span class=\"ej-search-title\">3 d\u00e9cembre 2018 - Regulation of Trustees under FinIA \/ FinSA (in Geneva)<\/span>\r\n                  <span class=\"ej-search-date-publication\"> Academy et Finance  <\/span>\r\n                  <span class=\"ej-search-competence\">  \/ Banking and Finance <\/span>\r\n                  <span class=\"ej-search-auteur\"> Fr\u00e9d\u00e9rique Bensahel <\/span>\r\n                <\/div>\r\n                        <div style=\"clear:both\"><\/div>\r\n          <\/div>\r\n               <div  class=\"ej-search-result-item\">\r\n                            <!-- <div> -->\r\n                  <div class=\"ej-search-image\">\r\n                    <img loading=\"lazy\" decoding=\"async\" width=\"36\" height=\"36\" src=\"https:\/\/staging.fbt-avocats.ch\/wp-content\/plugins\/ej-search\/images\/conference-36.png\">\r\n                  <\/div>\r\n                <div class=\"ej-search-result-container\">\r\n                  <span class=\"ej-search-title\">9 novembre 2018 - LSFin et LEFin : comment vous pr\u00e9parer ?<\/span>\r\n                  <span class=\"ej-search-date-publication\"> Academy et Finance  <\/span>\r\n                  <span class=\"ej-search-competence\">  \/ Banking and Finance <\/span>\r\n                  <span class=\"ej-search-auteur\"> Fr\u00e9d\u00e9rique Bensahel <\/span>\r\n                <\/div>\r\n                        <div style=\"clear:both\"><\/div>\r\n          <\/div>\r\n               <div  class=\"ej-search-result-item\">\r\n                            <!-- <div> -->\r\n                  <div class=\"ej-search-image\">\r\n                    <img loading=\"lazy\" decoding=\"async\" width=\"36\" height=\"36\" src=\"https:\/\/staging.fbt-avocats.ch\/wp-content\/plugins\/ej-search\/images\/conference-36.png\">\r\n                  <\/div>\r\n                <div class=\"ej-search-result-container\">\r\n                  <span class=\"ej-search-title\">22 novembre 2017 - La place financi\u00e8re suisse 2018 - LSFin\/LEFin, MiFID et PRIIPS : nouveaux d\u00e9fis pour les banques et les g\u00e9rants ind\u00e9pendants<\/span>\r\n                  <span class=\"ej-search-date-publication\"> Academy et Finance  <\/span>\r\n                  <span class=\"ej-search-competence\">  \/ Banking and Finance <\/span>\r\n                  <span class=\"ej-search-auteur\"> Fr\u00e9d\u00e9rique Bensahel <\/span>\r\n                <\/div>\r\n                        <div style=\"clear:both\"><\/div>\r\n          <\/div>\r\n               <div  class=\"ej-search-result-item\">\r\n                            <!-- <div> -->\r\n                  <div class=\"ej-search-image\">\r\n                    <img loading=\"lazy\" decoding=\"async\" width=\"36\" height=\"36\" src=\"https:\/\/staging.fbt-avocats.ch\/wp-content\/plugins\/ej-search\/images\/conference-36.png\">\r\n                  <\/div>\r\n                <div class=\"ej-search-result-container\">\r\n                  <span class=\"ej-search-title\">7 novembre 2017 - Loi sur les services financiers (LSFin) et cat\u00e9gorisation des clients<\/span>\r\n                  <span class=\"ej-search-date-publication\"> FINIX Event  <\/span>\r\n                  <span class=\"ej-search-competence\">  \/ Banking and Finance <\/span>\r\n                  <span class=\"ej-search-auteur\"> Fr\u00e9d\u00e9rique Bensahel <\/span>\r\n                <\/div>\r\n                        <div style=\"clear:both\"><\/div>\r\n          <\/div>\r\n               <div  class=\"ej-search-result-item\">\r\n                            <!-- <div> -->\r\n                  <div class=\"ej-search-image\">\r\n                    <img loading=\"lazy\" decoding=\"async\" width=\"36\" height=\"36\" src=\"https:\/\/staging.fbt-avocats.ch\/wp-content\/plugins\/ej-search\/images\/conference-36.png\">\r\n                  <\/div>\r\n                <div class=\"ej-search-result-container\">\r\n                  <span class=\"ej-search-title\">24 janvier 2017 - Regulatory Update UK, EU and Switzerland and Brexit : A Few Months After the Vote \u2013 Foreign Funds Distribution<\/span>\r\n                  <span class=\"ej-search-date-publication\"> 100Women in Finance  <\/span>\r\n                  <span class=\"ej-search-competence\">  \/ Banking and Finance <\/span>\r\n                  <span class=\"ej-search-auteur\"> Fr\u00e9d\u00e9rique Bensahel <\/span>\r\n                <\/div>\r\n                        <div style=\"clear:both\"><\/div>\r\n          <\/div>\r\n               <div  class=\"ej-search-result-item\">\r\n                            <!-- <div> -->\r\n                  <div class=\"ej-search-image\">\r\n                    <img loading=\"lazy\" decoding=\"async\" width=\"36\" height=\"36\" src=\"https:\/\/staging.fbt-avocats.ch\/wp-content\/plugins\/ej-search\/images\/conference-36.png\">\r\n                  <\/div>\r\n                <div class=\"ej-search-result-container\">\r\n                  <span class=\"ej-search-title\">Janvier 2017 - Trustees Under the Swiss Financial Services Act (FSA) and Financial Institutions Act (FIA) \u2013 What to expect as we are still expecting?<\/span>\r\n                  <span class=\"ej-search-date-publication\"> STEP Federation Alpine Conference  <\/span>\r\n                  <span class=\"ej-search-competence\">  \/ Banking and Finance <\/span>\r\n                  <span class=\"ej-search-auteur\"> Fr\u00e9d\u00e9rique Bensahel <\/span>\r\n                <\/div>\r\n                        <div style=\"clear:both\"><\/div>\r\n          <\/div>\r\n               <div  class=\"ej-search-result-item\">\r\n                            <!-- <div> -->\r\n                  <div class=\"ej-search-image\">\r\n                    <img loading=\"lazy\" decoding=\"async\" width=\"36\" height=\"36\" src=\"https:\/\/staging.fbt-avocats.ch\/wp-content\/plugins\/ej-search\/images\/conference-36.png\">\r\n                  <\/div>\r\n                <div class=\"ej-search-result-container\">\r\n                  <span class=\"ej-search-title\">1er d\u00e9cembre 2016 - Transparence fiscale, toujours plus \u2013 Secret bancaire, toujours moins : LEFin, LSFin : Compliance fiscale et acc\u00e8s au march\u00e9 europ\u00e9en<\/span>\r\n                  <span class=\"ej-search-date-publication\"> Academy et Finance  <\/span>\r\n                  <span class=\"ej-search-competence\">  \/ Banking and Finance <\/span>\r\n                  <span class=\"ej-search-auteur\"> Fr\u00e9d\u00e9rique Bensahel <\/span>\r\n                <\/div>\r\n                        <div style=\"clear:both\"><\/div>\r\n          <\/div>\r\n               <div  class=\"ej-search-result-item\">\r\n                            <!-- <div> -->\r\n                  <div class=\"ej-search-image\">\r\n                    <img loading=\"lazy\" decoding=\"async\" width=\"36\" height=\"36\" src=\"https:\/\/staging.fbt-avocats.ch\/wp-content\/plugins\/ej-search\/images\/conference-36.png\">\r\n                  <\/div>\r\n                <div class=\"ej-search-result-container\">\r\n                  <span class=\"ej-search-title\">22 septembre 2019 - Panorama des risques juridiques li\u00e9s \u00e0 la gestion de fortune: aspects pratiques et tendances<\/span>\r\n                  <span class=\"ej-search-date-publication\"> Invest 16  <\/span>\r\n                  <span class=\"ej-search-competence\">  \/ Banking and Finance <\/span>\r\n                  <span class=\"ej-search-auteur\"> Fr\u00e9d\u00e9rique Bensahel <\/span>\r\n                <\/div>\r\n                        <div style=\"clear:both\"><\/div>\r\n          <\/div>\r\n               <div  class=\"ej-search-result-item\">\r\n                            <!-- <div> -->\r\n                  <div class=\"ej-search-image\">\r\n                    <img loading=\"lazy\" decoding=\"async\" width=\"36\" height=\"36\" src=\"https:\/\/staging.fbt-avocats.ch\/wp-content\/plugins\/ej-search\/images\/conference-36.png\">\r\n                  <\/div>\r\n                <div class=\"ej-search-result-container\">\r\n                  <span class=\"ej-search-title\">2 juin 2016 - Activit\u00e9s transfrontali\u00e8res \u2013 comment appliquer MiFID 2, LEFin et LSFin ? : LSFin-LEFIN : quels impacts sur les professionnels en Suisse ?<\/span>\r\n                  <span class=\"ej-search-date-publication\"> FINIX Event  <\/span>\r\n                  <span class=\"ej-search-competence\">  \/ Banking and Finance <\/span>\r\n                  <span class=\"ej-search-auteur\"> Fr\u00e9d\u00e9rique Bensahel <\/span>\r\n                <\/div>\r\n                        <div style=\"clear:both\"><\/div>\r\n          <\/div>\r\n               <div  class=\"ej-search-result-item\">\r\n                            <!-- <div> -->\r\n                  <div class=\"ej-search-image\">\r\n                    <img loading=\"lazy\" decoding=\"async\" width=\"36\" height=\"36\" src=\"https:\/\/staging.fbt-avocats.ch\/wp-content\/plugins\/ej-search\/images\/conference-36.png\">\r\n                  <\/div>\r\n                <div class=\"ej-search-result-container\">\r\n                  <span class=\"ej-search-title\">1er octobre 2015 - Transparence fiscale et lutte contre le blanchiment d\u2019argent : responsabilit\u00e9 et solidarit\u00e9 des g\u00e9rants ind\u00e9pendants \/ \u00e9volutions r\u00e9glementaires<\/span>\r\n                  <span class=\"ej-search-date-publication\"> Invest 15  <\/span>\r\n                  <span class=\"ej-search-competence\">  \/ Banking and Finance <\/span>\r\n                  <span class=\"ej-search-auteur\"> Alain Moreau , Fr\u00e9d\u00e9rique Bensahel , Jean-Luc Bochatay <\/span>\r\n                <\/div>\r\n                        <div style=\"clear:both\"><\/div>\r\n          <\/div>\r\n               <div  class=\"ej-search-result-item\">\r\n                            <!-- <div> -->\r\n                  <div class=\"ej-search-image\">\r\n                    <img loading=\"lazy\" decoding=\"async\" width=\"36\" height=\"36\" src=\"https:\/\/staging.fbt-avocats.ch\/wp-content\/plugins\/ej-search\/images\/conference-36.png\">\r\n                  <\/div>\r\n                <div class=\"ej-search-result-container\">\r\n                  <span class=\"ej-search-title\">14 au 18 septembre 2014 - LEFin, LSFin, LPCC, r\u00e9trocessions : changement de cap r\u00e9glementaire, prochaines \u00e9ch\u00e9ances et nouveaux d\u00e9fis<\/span>\r\n                  <span class=\"ej-search-date-publication\"> Invest 14  <\/span>\r\n                  <span class=\"ej-search-competence\">  \/ Banking and Finance <\/span>\r\n                  <span class=\"ej-search-auteur\"> Fr\u00e9d\u00e9rique Bensahel <\/span>\r\n                <\/div>\r\n                        <div style=\"clear:both\"><\/div>\r\n          <\/div>\r\n               <div  class=\"ej-search-result-item\">\r\n                            <!-- <div> -->\r\n                  <div class=\"ej-search-image\">\r\n                    <img loading=\"lazy\" decoding=\"async\" width=\"36\" height=\"36\" src=\"https:\/\/staging.fbt-avocats.ch\/wp-content\/plugins\/ej-search\/images\/conference-36.png\">\r\n                  <\/div>\r\n                <div class=\"ej-search-result-container\">\r\n                  <span class=\"ej-search-title\">11 juin 2014 - Navigating the New Swiss Distribution Landscape<\/span>\r\n                  <span class=\"ej-search-date-publication\"> 100 Women in Hedge Funds  <\/span>\r\n                  <span class=\"ej-search-competence\">  \/ Banking and Finance <\/span>\r\n                  <span class=\"ej-search-auteur\"> Fr\u00e9d\u00e9rique Bensahel <\/span>\r\n                <\/div>\r\n                        <div style=\"clear:both\"><\/div>\r\n          <\/div>\r\n               <div  class=\"ej-search-result-item\">\r\n                            <!-- <div> -->\r\n                  <div class=\"ej-search-image\">\r\n                    <img loading=\"lazy\" decoding=\"async\" width=\"36\" height=\"36\" src=\"https:\/\/staging.fbt-avocats.ch\/wp-content\/plugins\/ej-search\/images\/conference-36.png\">\r\n                  <\/div>\r\n                <div class=\"ej-search-result-container\">\r\n                  <span class=\"ej-search-title\">3 octobre 2013 - R\u00e9trocessions : \u00e9tats des lieux, \u00e9volutions, perspectives<\/span>\r\n                  <span class=\"ej-search-date-publication\"> Groupement des r\u00e9viseurs bancaires  <\/span>\r\n                  <span class=\"ej-search-competence\">  \/ Banking and Finance <\/span>\r\n                  <span class=\"ej-search-auteur\"> Fr\u00e9d\u00e9rique Bensahel <\/span>\r\n                <\/div>\r\n                        <div style=\"clear:both\"><\/div>\r\n          <\/div>\r\n               <div  class=\"ej-search-result-item\">\r\n                            <!-- <div> -->\r\n                  <div class=\"ej-search-image\">\r\n                    <img loading=\"lazy\" decoding=\"async\" width=\"36\" height=\"36\" src=\"https:\/\/staging.fbt-avocats.ch\/wp-content\/plugins\/ej-search\/images\/conference-36.png\">\r\n                  <\/div>\r\n                <div class=\"ej-search-result-container\">\r\n                  <span class=\"ej-search-title\">13 au 19 septembre 2013 - Distribution de placements collectifs de capitaux \/ projet de loi sur les services financiers : incidence sur les g\u00e9rants ind\u00e9pendants<\/span>\r\n                  <span class=\"ej-search-date-publication\"> Invest 13  <\/span>\r\n                  <span class=\"ej-search-competence\">  \/ Banking and Finance <\/span>\r\n                  <span class=\"ej-search-auteur\"> Fr\u00e9d\u00e9rique Bensahel , Michel Abt <\/span>\r\n                <\/div>\r\n                        <div style=\"clear:both\"><\/div>\r\n          <\/div>\r\n               <div  class=\"ej-search-result-item\">\r\n                            <!-- <div> -->\r\n                  <div class=\"ej-search-image\">\r\n                    <img loading=\"lazy\" decoding=\"async\" width=\"36\" height=\"36\" src=\"https:\/\/staging.fbt-avocats.ch\/wp-content\/plugins\/ej-search\/images\/conference-36.png\">\r\n                  <\/div>\r\n                <div class=\"ej-search-result-container\">\r\n                  <span class=\"ej-search-title\">16 avril 2013 - La distribution de placements collectifs de capitaux selon la LPPC r\u00e9vis\u00e9e<\/span>\r\n                  <span class=\"ej-search-date-publication\"> Academy et Finance  <\/span>\r\n                  <span class=\"ej-search-competence\">  \/ Banking and Finance <\/span>\r\n                  <span class=\"ej-search-auteur\"> Fr\u00e9d\u00e9rique Bensahel , Michel Abt <\/span>\r\n                <\/div>\r\n                        <div style=\"clear:both\"><\/div>\r\n          <\/div>\r\n               <div  class=\"ej-search-result-item\">\r\n                            <!-- <div> -->\r\n                  <div class=\"ej-search-image\">\r\n                    <img loading=\"lazy\" decoding=\"async\" width=\"36\" height=\"36\" src=\"https:\/\/staging.fbt-avocats.ch\/wp-content\/plugins\/ej-search\/images\/conference-36.png\">\r\n                  <\/div>\r\n                <div class=\"ej-search-result-container\">\r\n                  <span class=\"ej-search-title\">11 avril 2013 - R\u00e9vision de la loi sur les placements collectifs de capitaux<\/span>\r\n                  <span class=\"ej-search-date-publication\"> Conf\u00e9rence donn\u00e9e \u00e0 la demande d\u2019une banque priv\u00e9e  <\/span>\r\n                  <span class=\"ej-search-competence\">  \/ Banking and Finance <\/span>\r\n                  <span class=\"ej-search-auteur\"> Fr\u00e9d\u00e9rique Bensahel <\/span>\r\n                <\/div>\r\n                        <div style=\"clear:both\"><\/div>\r\n          <\/div>\r\n               <div  class=\"ej-search-result-item\">\r\n                            <!-- <div> -->\r\n                  <div class=\"ej-search-image\">\r\n                    <img loading=\"lazy\" decoding=\"async\" width=\"36\" height=\"36\" src=\"https:\/\/staging.fbt-avocats.ch\/wp-content\/plugins\/ej-search\/images\/conference-36.png\">\r\n                  <\/div>\r\n                <div class=\"ej-search-result-container\">\r\n                  <span class=\"ej-search-title\">12 mars 2013 - R\u00e9vision de la loi sur les placements collectifs de capitaux<\/span>\r\n                  <span class=\"ej-search-date-publication\"> Conf\u00e9rence donn\u00e9e \u00e0 la demande d\u2019une banque priv\u00e9e  <\/span>\r\n                  <span class=\"ej-search-competence\">  \/ Banking and Finance <\/span>\r\n                  <span class=\"ej-search-auteur\"> Fr\u00e9d\u00e9rique Bensahel , Michel Abt <\/span>\r\n                <\/div>\r\n                        <div style=\"clear:both\"><\/div>\r\n          <\/div>\r\n               <div  class=\"ej-search-result-item\">\r\n                            <!-- <div> -->\r\n                  <div class=\"ej-search-image\">\r\n                    <img loading=\"lazy\" decoding=\"async\" width=\"36\" height=\"36\" src=\"https:\/\/staging.fbt-avocats.ch\/wp-content\/plugins\/ej-search\/images\/conference-36.png\">\r\n                  <\/div>\r\n                <div class=\"ej-search-result-container\">\r\n                  <span class=\"ej-search-title\">5 mars 2013 - La distribution de placements collectifs de capitaux suisses et \u00e9trangers : quels changements pour les interm\u00e9diaires financiers \/ nouveaux effets du statut d\u2019investisseur qualifi\u00e9<\/span>\r\n                  <span class=\"ej-search-date-publication\"> CEDIDAC \u2013 Universit\u00e9 de Lausanne  <\/span>\r\n                  <span class=\"ej-search-competence\">  \/ Banking and Finance <\/span>\r\n                  <span class=\"ej-search-auteur\"> Fr\u00e9d\u00e9rique Bensahel <\/span>\r\n                <\/div>\r\n                        <div style=\"clear:both\"><\/div>\r\n          <\/div>\r\n               <div  class=\"ej-search-result-item\">\r\n                            <!-- <div> -->\r\n                  <div class=\"ej-search-image\">\r\n                    <img loading=\"lazy\" decoding=\"async\" width=\"36\" height=\"36\" src=\"https:\/\/staging.fbt-avocats.ch\/wp-content\/plugins\/ej-search\/images\/conference-36.png\">\r\n                  <\/div>\r\n                <div class=\"ej-search-result-container\">\r\n                  <span class=\"ej-search-title\">27 novembre 2012 - R\u00e9vision de la loi sur les placements collectifs de capitaux : quelle incidence pour les g\u00e9rants ind\u00e9pendants ?<\/span>\r\n                  <span class=\"ej-search-date-publication\"> Journ\u00e9e des g\u00e9rants ind\u00e9pendant d&#8217;une banque priv\u00e9e  <\/span>\r\n                  <span class=\"ej-search-competence\">  \/ Banking and Finance <\/span>\r\n                  <span class=\"ej-search-auteur\"> Fr\u00e9d\u00e9rique Bensahel <\/span>\r\n                <\/div>\r\n                        <div style=\"clear:both\"><\/div>\r\n          <\/div>\r\n               <div  class=\"ej-search-result-item\">\r\n                            <!-- <div> -->\r\n                  <div class=\"ej-search-image\">\r\n                    <img loading=\"lazy\" decoding=\"async\" width=\"36\" height=\"36\" src=\"https:\/\/staging.fbt-avocats.ch\/wp-content\/plugins\/ej-search\/images\/conference-36.png\">\r\n                  <\/div>\r\n                <div class=\"ej-search-result-container\">\r\n                  <span class=\"ej-search-title\">11 octobre 2012 - R\u00e9vision de la loi sur les placements collectifs de capitaux et r\u00e9trocessions : quelles perspectives pour les g\u00e9rants ind\u00e9pendants ?<\/span>\r\n                  <span class=\"ej-search-date-publication\"> Invest12  <\/span>\r\n                  <span class=\"ej-search-competence\">  \/ Banking and Finance <\/span>\r\n                  <span class=\"ej-search-auteur\"> Fr\u00e9d\u00e9rique Bensahel , Michel Abt <\/span>\r\n                <\/div>\r\n                        <div style=\"clear:both\"><\/div>\r\n          <\/div>\r\n               <div  class=\"ej-search-result-item\">\r\n                            <!-- <div> -->\r\n                  <div class=\"ej-search-image\">\r\n                    <img loading=\"lazy\" decoding=\"async\" width=\"36\" height=\"36\" src=\"https:\/\/staging.fbt-avocats.ch\/wp-content\/plugins\/ej-search\/images\/conference-36.png\">\r\n                  <\/div>\r\n                <div class=\"ej-search-result-container\">\r\n                  <span class=\"ej-search-title\">28 septembre 2012 - R\u00e9vision de la loi sur les placements collectifs de capitaux<\/span>\r\n                  <span class=\"ej-search-date-publication\"> Event LPCC  <\/span>\r\n                  <span class=\"ej-search-competence\">  \/ Banking and Finance <\/span>\r\n                  <span class=\"ej-search-auteur\"> Fr\u00e9d\u00e9rique Bensahel , Michel Abt <\/span>\r\n                <\/div>\r\n                        <div style=\"clear:both\"><\/div>\r\n          <\/div>\r\n               <div  class=\"ej-search-result-item\">\r\n                            <!-- <div> -->\r\n                  <div class=\"ej-search-image\">\r\n                    <img loading=\"lazy\" decoding=\"async\" width=\"36\" height=\"36\" src=\"https:\/\/staging.fbt-avocats.ch\/wp-content\/plugins\/ej-search\/images\/conference-36.png\">\r\n                  <\/div>\r\n                <div class=\"ej-search-result-container\">\r\n                  <span class=\"ej-search-title\">31 janvier 2012 - Comptes num\u00e9riques et protection des d\u00e9posants<\/span>\r\n                  <span class=\"ej-search-date-publication\"> Association des banques \u00e9trang\u00e8res en Suisse  <\/span>\r\n                  <span class=\"ej-search-competence\">  \/ Banking and Finance <\/span>\r\n                  <span class=\"ej-search-auteur\"> Fr\u00e9d\u00e9rique Bensahel <\/span>\r\n                <\/div>\r\n                        <div style=\"clear:both\"><\/div>\r\n          <\/div>\r\n               <div  class=\"ej-search-result-item\">\r\n                            <!-- <div> -->\r\n                  <div class=\"ej-search-image\">\r\n                    <img loading=\"lazy\" decoding=\"async\" width=\"36\" height=\"36\" src=\"https:\/\/staging.fbt-avocats.ch\/wp-content\/plugins\/ej-search\/images\/conference-36.png\">\r\n                  <\/div>\r\n                <div class=\"ej-search-result-container\">\r\n                  <span class=\"ej-search-title\">26 mai 2010 - Les nouveaux d\u00e9fis de la banque priv\u00e9e en Suisse<\/span>\r\n                  <span class=\"ej-search-date-publication\"> Conf\u00e9rence donn\u00e9e \u00e0 la demande d\u2019une banque priv\u00e9e  <\/span>\r\n                  <span class=\"ej-search-competence\">  \/ Banking and Finance <\/span>\r\n                  <span class=\"ej-search-auteur\"> Fr\u00e9d\u00e9rique Bensahel , Jean-Luc Bochatay <\/span>\r\n                <\/div>\r\n                        <div style=\"clear:both\"><\/div>\r\n          <\/div>\r\n               <div  class=\"ej-search-result-item\">\r\n                            <!-- <div> -->\r\n                  <div class=\"ej-search-image\">\r\n                    <img loading=\"lazy\" decoding=\"async\" width=\"36\" height=\"36\" src=\"https:\/\/staging.fbt-avocats.ch\/wp-content\/plugins\/ej-search\/images\/conference-36.png\">\r\n                  <\/div>\r\n                <div class=\"ej-search-result-container\">\r\n                  <span class=\"ej-search-title\">26 mars 2010 - New Law on Intermediated Securities<\/span>\r\n                  <span class=\"ej-search-date-publication\"> Conf\u00e9rence donn\u00e9e \u00e0 la demande de l\u2019Association des juristes d\u2019affaires internationaux  <\/span>\r\n                  <span class=\"ej-search-competence\">  \/ Banking and Finance <\/span>\r\n                  <span class=\"ej-search-auteur\"> Fr\u00e9d\u00e9rique Bensahel , Marco Villa <\/span>\r\n                <\/div>\r\n                        <div style=\"clear:both\"><\/div>\r\n          <\/div>\r\n               <div  class=\"ej-search-result-item\">\r\n                            <!-- <div> -->\r\n                  <div class=\"ej-search-image\">\r\n                    <img loading=\"lazy\" decoding=\"async\" width=\"36\" height=\"36\" src=\"https:\/\/staging.fbt-avocats.ch\/wp-content\/plugins\/ej-search\/images\/conference-36.png\">\r\n                  <\/div>\r\n                <div class=\"ej-search-result-container\">\r\n                  <span class=\"ej-search-title\">Mars 2010 - Swiss Banking Secrecy<\/span>\r\n                  <span class=\"ej-search-date-publication\"> Conf\u00e9rence donn\u00e9e \u00e0 la demande d\u2019une banque priv\u00e9e  <\/span>\r\n                  <span class=\"ej-search-competence\">  \/ Banking and Finance <\/span>\r\n                  <span class=\"ej-search-auteur\"> Fr\u00e9d\u00e9rique Bensahel <\/span>\r\n                <\/div>\r\n                        <div style=\"clear:both\"><\/div>\r\n          <\/div>\r\n               <div  class=\"ej-search-result-item\">\r\n                            <!-- <div> -->\r\n                  <div class=\"ej-search-image\">\r\n                    <img loading=\"lazy\" decoding=\"async\" width=\"36\" height=\"36\" src=\"https:\/\/staging.fbt-avocats.ch\/wp-content\/plugins\/ej-search\/images\/conference-36.png\">\r\n                  <\/div>\r\n                <div class=\"ej-search-result-container\">\r\n                  <span class=\"ej-search-title\">18 mai 2009 - Swiss judicial risks and remedies : Issues for trustees, protectors, custodian banks and investment managers<\/span>\r\n                  <span class=\"ej-search-date-publication\"> Conf\u00e9rence donn\u00e9e lors de la Conf\u00e9rence annuelle de STEP Suisse Romande  <\/span>\r\n                  <span class=\"ej-search-competence\">  \/ Banking and Finance <\/span>\r\n                  <span class=\"ej-search-auteur\"> Fr\u00e9d\u00e9rique Bensahel , Serge Fasel <\/span>\r\n                <\/div>\r\n                        <div style=\"clear:both\"><\/div>\r\n          <\/div>\r\n               <div  class=\"ej-search-result-item\">\r\n                            <!-- <div> -->\r\n                  <div class=\"ej-search-image\">\r\n                    <img loading=\"lazy\" decoding=\"async\" width=\"36\" height=\"36\" src=\"https:\/\/staging.fbt-avocats.ch\/wp-content\/plugins\/ej-search\/images\/conference-36.png\">\r\n                  <\/div>\r\n                <div class=\"ej-search-result-container\">\r\n                  <span class=\"ej-search-title\">25 janvier 2008 - Aspects juridiques des cautionnements solidaires<\/span>\r\n                  <span class=\"ej-search-date-publication\"> Conf\u00e9rence donn\u00e9e lors du Petit-d\u00e9jeuner des PME &amp; Start-up  <\/span>\r\n                  <span class=\"ej-search-competence\">  \/ Banking and Finance <\/span>\r\n                  <span class=\"ej-search-auteur\"> Fr\u00e9d\u00e9rique Bensahel <\/span>\r\n                <\/div>\r\n                        <div style=\"clear:both\"><\/div>\r\n          <\/div>\r\n               <div  class=\"ej-search-result-item\">\r\n                            <!-- <div> -->\r\n                  <div class=\"ej-search-image\">\r\n                    <img loading=\"lazy\" decoding=\"async\" width=\"36\" height=\"36\" src=\"https:\/\/staging.fbt-avocats.ch\/wp-content\/plugins\/ej-search\/images\/conference-36.png\">\r\n                  <\/div>\r\n                <div class=\"ej-search-result-container\">\r\n                  <span class=\"ej-search-title\">1er septembre 2006 - Duty of disclosure of bankers and judicial attachment of bank accounts in cases involving beneficial owners<\/span>\r\n                  <span class=\"ej-search-date-publication\"> Conf\u00e9rence donn\u00e9e \u00e0 la demande d\u2019une banque priv\u00e9e  <\/span>\r\n                  <span class=\"ej-search-competence\">  \/ Banking and Finance <\/span>\r\n                  <span class=\"ej-search-auteur\"> Fr\u00e9d\u00e9rique Bensahel <\/span>\r\n                <\/div>\r\n                        <div style=\"clear:both\"><\/div>\r\n          <\/div>\r\n               <div  class=\"ej-search-result-item\">\r\n                            <!-- <div> -->\r\n                  <div class=\"ej-search-image\">\r\n                    <img loading=\"lazy\" decoding=\"async\" width=\"36\" height=\"36\" src=\"https:\/\/staging.fbt-avocats.ch\/wp-content\/plugins\/ej-search\/images\/conference-36.png\">\r\n                  <\/div>\r\n                <div class=\"ej-search-result-container\">\r\n                  <span class=\"ej-search-title\">D\u00e9cembre 2006 - Trusts and Trustees in Switzerland : new perspectives<\/span>\r\n                  <span class=\"ej-search-date-publication\"> Conf\u00e9rence donn\u00e9e \u00e0 la demande d\u2019une banque priv\u00e9e  <\/span>\r\n                  <span class=\"ej-search-competence\">  \/ Banking and Finance <\/span>\r\n                  <span class=\"ej-search-auteur\"> Fr\u00e9d\u00e9rique Bensahel <\/span>\r\n                <\/div>\r\n                        <div style=\"clear:both\"><\/div>\r\n          <\/div>\r\n        <\/div> \r\n\n<\/div><\/div><\/section>\n<section class='av_tab_section av_tab_section av-2ao2j2-d920541776ac5698e45ca34988d1dda4'  itemscope=\"itemscope\" itemtype=\"https:\/\/schema.org\/CreativeWork\" ><div id='tab-id-5-tab' class='tab' role='tab' aria-selected=\"false\" tabindex=\"0\" data-fake-id='#tab-id-5' aria-controls='tab-id-5-content'  itemprop=\"headline\" >Media<\/div><div id='tab-id-5-content' class='tab_content' role='tabpanel' aria-labelledby='tab-id-5-tab' aria-hidden=\"true\"><div class='tab_inner_content invers-color'  itemprop=\"text\" >    <div id=\"ej-search-result\">\r\n               <div  class=\"ej-search-result-item\">\r\n            <a href=\"https:\/\/staging.fbt-avocats.ch\/en\/swiss-stablecoin-switzerland-is-playing-its-trump-card-in-the-race-for-regulation\/\">                <!-- <div> -->\r\n                  <div class=\"ej-search-image\">\r\n                    <img loading=\"lazy\" decoding=\"async\" width=\"36\" height=\"36\" src=\"https:\/\/staging.fbt-avocats.ch\/wp-content\/plugins\/ej-search\/images\/article-news-36.png\">\r\n                  <\/div>\r\n                <div class=\"ej-search-result-container\">\r\n                  <span class=\"ej-search-title\">Swiss stablecoin: Switzerland is playing its trump card in the race for regulation<\/span>\r\n                  <span class=\"ej-search-date-publication\">Avril 2026  \/ Allnews  <\/span>\r\n                  <span class=\"ej-search-competence\">  \/ Banking and Finance <\/span>\r\n                  <span class=\"ej-search-auteur\"> Fr\u00e9d\u00e9rique Bensahel <\/span>\r\n                <\/div>\r\n            <\/a>            <div style=\"clear:both\"><\/div>\r\n          <\/div>\r\n               <div  class=\"ej-search-result-item\">\r\n            <a href=\"https:\/\/staging.fbt-avocats.ch\/en\/fbt-avocats-is-proud-to-announce-its-recognition-as-a-recommended-firm-in-this-years-iflr1000-western-europe-rankings\/\">                <!-- <div> -->\r\n                  <div class=\"ej-search-image\">\r\n                    <img loading=\"lazy\" decoding=\"async\" width=\"36\" height=\"36\" src=\"https:\/\/staging.fbt-avocats.ch\/wp-content\/plugins\/ej-search\/images\/article-news-36.png\">\r\n                  <\/div>\r\n                <div class=\"ej-search-result-container\">\r\n                  <span class=\"ej-search-title\">FBT Avocats SA is proud to announce its recognition as a Recommended Firm in this year\u2019s IFLR1000 Western Europe rankings<\/span>\r\n                  <span class=\"ej-search-date-publication\">Octobre 2025  <\/span>\r\n                  <span class=\"ej-search-competence\">  \/ Banking and Finance <\/span>\r\n                  <span class=\"ej-search-auteur\"> Fr\u00e9d\u00e9rique Bensahel <\/span>\r\n                <\/div>\r\n            <\/a>            <div style=\"clear:both\"><\/div>\r\n          <\/div>\r\n               <div  class=\"ej-search-result-item\">\r\n            <a href=\"https:\/\/staging.fbt-avocats.ch\/en\/churning-practical-guidelines-for-portfolio-managers\/\">                <!-- <div> -->\r\n                  <div class=\"ej-search-image\">\r\n                    <img loading=\"lazy\" decoding=\"async\" width=\"36\" height=\"36\" src=\"https:\/\/staging.fbt-avocats.ch\/wp-content\/plugins\/ej-search\/images\/article-news-36.png\">\r\n                  <\/div>\r\n                <div class=\"ej-search-result-container\">\r\n                  <span class=\"ej-search-title\">Churning: practical guidelines for portfolio managers<\/span>\r\n                  <span class=\"ej-search-date-publication\">Septembre 2025  \/ ASG  <\/span>\r\n                  <span class=\"ej-search-competence\">  \/ Banking and Finance , White-collar crime <\/span>\r\n                  <span class=\"ej-search-auteur\"> Fr\u00e9d\u00e9rique Bensahel , Aur\u00e9lie Moyal-Azra <\/span>\r\n                <\/div>\r\n            <\/a>            <div style=\"clear:both\"><\/div>\r\n          <\/div>\r\n               <div  class=\"ej-search-result-item\">\r\n            <a href=\"https:\/\/staging.fbt-avocats.ch\/en\/lba-responsabilite-penale-de-lentreprise-cas-de-blanchiment\/\">                <!-- <div> -->\r\n                  <div class=\"ej-search-image\">\r\n                    <img loading=\"lazy\" decoding=\"async\" width=\"36\" height=\"36\" src=\"https:\/\/staging.fbt-avocats.ch\/wp-content\/plugins\/ej-search\/images\/article-news-36.png\">\r\n                  <\/div>\r\n                <div class=\"ej-search-result-container\">\r\n                  <span class=\"ej-search-title\">AMLA and criminal liability of companies in cases of money laundering<\/span>\r\n                  <span class=\"ej-search-date-publication\">Septembre 2025  \/ Allnews  <\/span>\r\n                  <span class=\"ej-search-competence\">  \/ Banking and Finance , White-collar crime <\/span>\r\n                  <span class=\"ej-search-auteur\"> Fr\u00e9d\u00e9rique Bensahel , Julien Le Fort <\/span>\r\n                <\/div>\r\n            <\/a>            <div style=\"clear:both\"><\/div>\r\n          <\/div>\r\n               <div  class=\"ej-search-result-item\">\r\n            <a href=\"https:\/\/staging.fbt-avocats.ch\/en\/the-fbt-avocats-team-has-been-distinguished-by-the-best-lawyers-in-switzerland-peer-review-2026-edition\/\">                <!-- <div> -->\r\n                  <div class=\"ej-search-image\">\r\n                    <img loading=\"lazy\" decoding=\"async\" width=\"36\" height=\"36\" src=\"https:\/\/staging.fbt-avocats.ch\/wp-content\/plugins\/ej-search\/images\/article-news-36.png\">\r\n                  <\/div>\r\n                <div class=\"ej-search-result-container\">\r\n                  <span class=\"ej-search-title\">The FBT Avocats SA team has been distinguished by The Best Lawyers in Switzerland Peer Review (2026 Edition)<\/span>\r\n                  <span class=\"ej-search-date-publication\">Juillet 2025  <\/span>\r\n                  <span class=\"ej-search-competence\">  \/ Banking and Finance , Corporate and Commercial , Litigation and Arbitration , Tax , Family Estate , Labour and social insurance <\/span>\r\n                  <span class=\"ej-search-auteur\"> Alain Moreau , Fr\u00e9d\u00e9rique Bensahel , Jean-Luc Bochatay , Marco Villa , Michel Abt , Serge Fasel <\/span>\r\n                <\/div>\r\n            <\/a>            <div style=\"clear:both\"><\/div>\r\n          <\/div>\r\n               <div  class=\"ej-search-result-item\">\r\n            <a href=\"https:\/\/staging.fbt-avocats.ch\/en\/fbt-avocats-is-pleased-to-announce-its-recognition-as-a-leading-firm-in-the-2025-edition-of-chambers-and-partners-europe-guide\/\">                <!-- <div> -->\r\n                  <div class=\"ej-search-image\">\r\n                    <img loading=\"lazy\" decoding=\"async\" width=\"36\" height=\"36\" src=\"https:\/\/staging.fbt-avocats.ch\/wp-content\/plugins\/ej-search\/images\/article-news-36.png\">\r\n                  <\/div>\r\n                <div class=\"ej-search-result-container\">\r\n                  <span class=\"ej-search-title\">FBT Avocats SA is pleased to announce its recognition as a Leading Firm in the 2025 edition of Chambers and Partners Europe Guide<\/span>\r\n                  <span class=\"ej-search-date-publication\">Avril 2025  <\/span>\r\n                  <span class=\"ej-search-competence\">  \/ Banking and Finance <\/span>\r\n                  <span class=\"ej-search-auteur\"> Fr\u00e9d\u00e9rique Bensahel , Michel Abt <\/span>\r\n                <\/div>\r\n            <\/a>            <div style=\"clear:both\"><\/div>\r\n          <\/div>\r\n               <div  class=\"ej-search-result-item\">\r\n            <a href=\"https:\/\/staging.fbt-avocats.ch\/en\/fbt-avocats-has-been-recognized-as-a-leading-firm-in-banking-and-finance-private-client-and-tax-categories-in-the-2025-edition-of-legal-500-emea\/\">                <!-- <div> -->\r\n                  <div class=\"ej-search-image\">\r\n                    <img loading=\"lazy\" decoding=\"async\" width=\"36\" height=\"36\" src=\"https:\/\/staging.fbt-avocats.ch\/wp-content\/plugins\/ej-search\/images\/article-news-36.png\">\r\n                  <\/div>\r\n                <div class=\"ej-search-result-container\">\r\n                  <span class=\"ej-search-title\">FBT Avocats SA has been recognized as a Leading Firm in Banking and Finance, Private Client, and Tax categories in the 2025 edition of Legal 500 EMEA.<\/span>\r\n                  <span class=\"ej-search-date-publication\">Avril 2025  <\/span>\r\n                  <span class=\"ej-search-competence\">  \/ Banking and Finance , Tax <\/span>\r\n                  <span class=\"ej-search-auteur\"> Fr\u00e9d\u00e9rique Bensahel , Jean-Marie Kiener , V\u00e9ronique Chatelain Gomez <\/span>\r\n                <\/div>\r\n            <\/a>            <div style=\"clear:both\"><\/div>\r\n          <\/div>\r\n               <div  class=\"ej-search-result-item\">\r\n            <a href=\"https:\/\/staging.fbt-avocats.ch\/en\/churning-objective-quelques-parametres-utiles\/\">                <!-- <div> -->\r\n                  <div class=\"ej-search-image\">\r\n                    <img loading=\"lazy\" decoding=\"async\" width=\"36\" height=\"36\" src=\"https:\/\/staging.fbt-avocats.ch\/wp-content\/plugins\/ej-search\/images\/article-news-36.png\">\r\n                  <\/div>\r\n                <div class=\"ej-search-result-container\">\r\n                  <span class=\"ej-search-title\">Churning objectivity: some useful parameters<\/span>\r\n                  <span class=\"ej-search-date-publication\">Mars 2025  \/ Allnews  <\/span>\r\n                  <span class=\"ej-search-competence\">  \/ Banking and Finance , White-collar crime <\/span>\r\n                  <span class=\"ej-search-auteur\"> Fr\u00e9d\u00e9rique Bensahel , Aur\u00e9lie Moyal-Azra <\/span>\r\n                <\/div>\r\n            <\/a>            <div style=\"clear:both\"><\/div>\r\n          <\/div>\r\n               <div  class=\"ej-search-result-item\">\r\n            <a href=\"https:\/\/staging.fbt-avocats.ch\/en\/chambers-and-partners-have-released-their-2025-rankings-and-fbt-avocats-has-been-distinguished-as-a-leading-law-firm\/\">                <!-- <div> -->\r\n                  <div class=\"ej-search-image\">\r\n                    <img loading=\"lazy\" decoding=\"async\" width=\"36\" height=\"36\" src=\"https:\/\/staging.fbt-avocats.ch\/wp-content\/plugins\/ej-search\/images\/article-news-36.png\">\r\n                  <\/div>\r\n                <div class=\"ej-search-result-container\">\r\n                  <span class=\"ej-search-title\">Chambers and Partners have released their 2025 rankings and FBT Avocats SA has been distinguished as a leading law firm<\/span>\r\n                  <span class=\"ej-search-date-publication\">Mars 2025  <\/span>\r\n                  <span class=\"ej-search-competence\">  \/ Banking and Finance , Tax <\/span>\r\n                  <span class=\"ej-search-auteur\"> Alain Moreau , Fr\u00e9d\u00e9rique Bensahel , Michel Abt <\/span>\r\n                <\/div>\r\n            <\/a>            <div style=\"clear:both\"><\/div>\r\n          <\/div>\r\n               <div  class=\"ej-search-result-item\">\r\n            <a href=\"https:\/\/staging.fbt-avocats.ch\/en\/retrocessions-in-advisory-and-execution-only-relationships-the-rules-are-becoming-clearer\/\">                <!-- <div> -->\r\n                  <div class=\"ej-search-image\">\r\n                    <img loading=\"lazy\" decoding=\"async\" width=\"36\" height=\"36\" src=\"https:\/\/staging.fbt-avocats.ch\/wp-content\/plugins\/ej-search\/images\/article-news-36.png\">\r\n                  <\/div>\r\n                <div class=\"ej-search-result-container\">\r\n                  <span class=\"ej-search-title\">Retrocessions in advisory and execution-only relationships: the rules are becoming clearer<\/span>\r\n                  <span class=\"ej-search-date-publication\">Septembre 2024  \/ ASG  <\/span>\r\n                  <span class=\"ej-search-competence\">  \/ Banking and Finance <\/span>\r\n                  <span class=\"ej-search-auteur\"> Fr\u00e9d\u00e9rique Bensahel <\/span>\r\n                <\/div>\r\n            <\/a>            <div style=\"clear:both\"><\/div>\r\n          <\/div>\r\n               <div  class=\"ej-search-result-item\">\r\n            <a href=\"https:\/\/staging.fbt-avocats.ch\/en\/developpements-recents-sur-les-retrocessions-dans-le-mandat-de-conseil\/\">                <!-- <div> -->\r\n                  <div class=\"ej-search-image\">\r\n                    <img loading=\"lazy\" decoding=\"async\" width=\"36\" height=\"36\" src=\"https:\/\/staging.fbt-avocats.ch\/wp-content\/plugins\/ej-search\/images\/article-news-36.png\">\r\n                  <\/div>\r\n                <div class=\"ej-search-result-container\">\r\n                  <span class=\"ej-search-title\">Recent developments on retrocessions in the advisory mandate<\/span>\r\n                  <span class=\"ej-search-date-publication\">Septembre 2024  \/ Allnews  <\/span>\r\n                  <span class=\"ej-search-competence\">  \/ Banking and Finance <\/span>\r\n                  <span class=\"ej-search-auteur\"> Fr\u00e9d\u00e9rique Bensahel <\/span>\r\n                <\/div>\r\n            <\/a>            <div style=\"clear:both\"><\/div>\r\n          <\/div>\r\n               <div  class=\"ej-search-result-item\">\r\n            <a href=\"https:\/\/staging.fbt-avocats.ch\/en\/suisse-royaume-uni-ont-signe-accord-de-reconnaissance-mutuelle\/\">                <!-- <div> -->\r\n                  <div class=\"ej-search-image\">\r\n                    <img loading=\"lazy\" decoding=\"async\" width=\"36\" height=\"36\" src=\"https:\/\/staging.fbt-avocats.ch\/wp-content\/plugins\/ej-search\/images\/article-news-36.png\">\r\n                  <\/div>\r\n                <div class=\"ej-search-result-container\">\r\n                  <span class=\"ej-search-title\">Switzerland and the United Kingdom have signed a mutual recognition agreement<\/span>\r\n                  <span class=\"ej-search-date-publication\">Mai 2024  \/ Allnews  <\/span>\r\n                  <span class=\"ej-search-competence\">  \/ Banking and Finance <\/span>\r\n                  <span class=\"ej-search-auteur\"> Fr\u00e9d\u00e9rique Bensahel <\/span>\r\n                <\/div>\r\n            <\/a>            <div style=\"clear:both\"><\/div>\r\n          <\/div>\r\n               <div  class=\"ej-search-result-item\">\r\n            <a href=\"https:\/\/staging.fbt-avocats.ch\/en\/fbt-distinguished-by-best-lawyers-peer-review-2023\/\">                <!-- <div> -->\r\n                  <div class=\"ej-search-image\">\r\n                    <img loading=\"lazy\" decoding=\"async\" width=\"36\" height=\"36\" src=\"https:\/\/staging.fbt-avocats.ch\/wp-content\/plugins\/ej-search\/images\/article-news-36.png\">\r\n                  <\/div>\r\n                <div class=\"ej-search-result-container\">\r\n                  <span class=\"ej-search-title\">FBT distinguished by Best Lawyers peer review<\/span>\r\n                  <span class=\"ej-search-date-publication\">Juin 2023  <\/span>\r\n                  <span class=\"ej-search-competence\">  \/ Banking and Finance , Litigation and Arbitration , Tax <\/span>\r\n                  <span class=\"ej-search-auteur\"> Fr\u00e9d\u00e9rique Bensahel , Michel Abt , Serge Fasel <\/span>\r\n                <\/div>\r\n            <\/a>            <div style=\"clear:both\"><\/div>\r\n          <\/div>\r\n               <div  class=\"ej-search-result-item\">\r\n            <a href=\"https:\/\/staging.fbt-avocats.ch\/en\/chambers-and-partners-have-published-their-2023-rankings-and-fbt-has-again-been-distinguished-as-a-leading-law-firm-for-its-banking-and-finance-and-investment-funds-in-both-the-global-and-europe-guide\/\">                <!-- <div> -->\r\n                  <div class=\"ej-search-image\">\r\n                    <img loading=\"lazy\" decoding=\"async\" width=\"36\" height=\"36\" src=\"https:\/\/staging.fbt-avocats.ch\/wp-content\/plugins\/ej-search\/images\/article-news-36.png\">\r\n                  <\/div>\r\n                <div class=\"ej-search-result-container\">\r\n                  <span class=\"ej-search-title\">Chambers and Partners have published their 2023 rankings and FBT has again been distinguished as a leading law firm for its Banking and Finance and Investment Funds in both the Global and Europe guides.<\/span>\r\n                  <span class=\"ej-search-date-publication\">Mars 2023  <\/span>\r\n                  <span class=\"ej-search-competence\">  \/ Banking and Finance , Tax <\/span>\r\n                  <span class=\"ej-search-auteur\"> Alain Moreau , Fr\u00e9d\u00e9rique Bensahel , Michel Abt <\/span>\r\n                <\/div>\r\n            <\/a>            <div style=\"clear:both\"><\/div>\r\n          <\/div>\r\n               <div  class=\"ej-search-result-item\">\r\n            <a href=\"https:\/\/staging.fbt-avocats.ch\/en\/fbt-ranked-in-leaders-league-last-edition\/\">                <!-- <div> -->\r\n                  <div class=\"ej-search-image\">\r\n                    <img loading=\"lazy\" decoding=\"async\" width=\"36\" height=\"36\" src=\"https:\/\/staging.fbt-avocats.ch\/wp-content\/plugins\/ej-search\/images\/article-news-36.png\">\r\n                  <\/div>\r\n                <div class=\"ej-search-result-container\">\r\n                  <span class=\"ej-search-title\">FBT ranked in Leaders League last edition<\/span>\r\n                  <span class=\"ej-search-date-publication\">Mars 2023  <\/span>\r\n                  <span class=\"ej-search-competence\">  \/ Banking and Finance , Corporate and Commercial , Tax , Family Estate <\/span>\r\n                  <span class=\"ej-search-auteur\"> Alain Moreau , Fr\u00e9d\u00e9rique Bensahel , Jean-Louis Tsimaratos , Jean-Luc Bochatay , Marco Villa , Michel Abt , St\u00e9phanie Barreira <\/span>\r\n                <\/div>\r\n            <\/a>            <div style=\"clear:both\"><\/div>\r\n          <\/div>\r\n               <div  class=\"ej-search-result-item\">\r\n            <a href=\"https:\/\/staging.fbt-avocats.ch\/en\/sanctions-intermediaires-financiers-cinquieme-volet\/\">                <!-- <div> -->\r\n                  <div class=\"ej-search-image\">\r\n                    <img loading=\"lazy\" decoding=\"async\" width=\"36\" height=\"36\" src=\"https:\/\/staging.fbt-avocats.ch\/wp-content\/plugins\/ej-search\/images\/article-news-36.png\">\r\n                  <\/div>\r\n                <div class=\"ej-search-result-container\">\r\n                  <span class=\"ej-search-title\">Sanctions et interm\u00e9diaires financiers (cinqui\u00e8me volet)<\/span>\r\n                  <span class=\"ej-search-date-publication\">Septembre 2022  \/ Allnews  <\/span>\r\n                  <span class=\"ej-search-competence\">  \/ Banking and Finance , White-collar crime <\/span>\r\n                  <span class=\"ej-search-auteur\"> Fr\u00e9d\u00e9rique Bensahel <\/span>\r\n                <\/div>\r\n            <\/a>            <div style=\"clear:both\"><\/div>\r\n          <\/div>\r\n               <div  class=\"ej-search-result-item\">\r\n            <a href=\"https:\/\/staging.fbt-avocats.ch\/en\/sanctions-et-intermediaires-financiers\/\">                <!-- <div> -->\r\n                  <div class=\"ej-search-image\">\r\n                    <img loading=\"lazy\" decoding=\"async\" width=\"36\" height=\"36\" src=\"https:\/\/staging.fbt-avocats.ch\/wp-content\/plugins\/ej-search\/images\/article-news-36.png\">\r\n                  <\/div>\r\n                <div class=\"ej-search-result-container\">\r\n                  <span class=\"ej-search-title\">Sanctions et interm\u00e9diaires financiers (premier volet)<\/span>\r\n                  <span class=\"ej-search-date-publication\">Juillet 2022  \/ Allnews  <\/span>\r\n                  <span class=\"ej-search-competence\">  \/ Banking and Finance , White-collar crime <\/span>\r\n                  <span class=\"ej-search-auteur\"> Fr\u00e9d\u00e9rique Bensahel <\/span>\r\n                <\/div>\r\n            <\/a>            <div style=\"clear:both\"><\/div>\r\n          <\/div>\r\n               <div  class=\"ej-search-result-item\">\r\n            <a href=\"https:\/\/staging.fbt-avocats.ch\/en\/fbt-ranked-in-the-iflr-1000-latest-edition\/\">                <!-- <div> -->\r\n                  <div class=\"ej-search-image\">\r\n                    <img loading=\"lazy\" decoding=\"async\" width=\"36\" height=\"36\" src=\"https:\/\/staging.fbt-avocats.ch\/wp-content\/plugins\/ej-search\/images\/article-news-36.png\">\r\n                  <\/div>\r\n                <div class=\"ej-search-result-container\">\r\n                  <span class=\"ej-search-title\">FBT ranked in the IFLR 1000 latest edition<\/span>\r\n                  <span class=\"ej-search-date-publication\">Juin 2022  <\/span>\r\n                  <span class=\"ej-search-competence\">  \/ Banking and Finance <\/span>\r\n                  <span class=\"ej-search-auteur\"> Fr\u00e9d\u00e9rique Bensahel <\/span>\r\n                <\/div>\r\n            <\/a>            <div style=\"clear:both\"><\/div>\r\n          <\/div>\r\n               <div  class=\"ej-search-result-item\">\r\n            <a href=\"https:\/\/staging.fbt-avocats.ch\/en\/fbt-distinguished-by-best-lawyers-peer-review-2022\/\">                <!-- <div> -->\r\n                  <div class=\"ej-search-image\">\r\n                    <img loading=\"lazy\" decoding=\"async\" width=\"36\" height=\"36\" src=\"https:\/\/staging.fbt-avocats.ch\/wp-content\/plugins\/ej-search\/images\/article-news-36.png\">\r\n                  <\/div>\r\n                <div class=\"ej-search-result-container\">\r\n                  <span class=\"ej-search-title\">FBT distinguished by Best Lawyers peer review<\/span>\r\n                  <span class=\"ej-search-date-publication\">Mars 2022  <\/span>\r\n                  <span class=\"ej-search-competence\">  \/ Banking and Finance , Tax <\/span>\r\n                  <span class=\"ej-search-auteur\"> Fr\u00e9d\u00e9rique Bensahel , Michel Abt <\/span>\r\n                <\/div>\r\n            <\/a>            <div style=\"clear:both\"><\/div>\r\n          <\/div>\r\n               <div  class=\"ej-search-result-item\">\r\n            <a href=\"https:\/\/staging.fbt-avocats.ch\/en\/fbt-ranked-in-chambers-global-2022\/\">                <!-- <div> -->\r\n                  <div class=\"ej-search-image\">\r\n                    <img loading=\"lazy\" decoding=\"async\" width=\"36\" height=\"36\" src=\"https:\/\/staging.fbt-avocats.ch\/wp-content\/plugins\/ej-search\/images\/article-news-36.png\">\r\n                  <\/div>\r\n                <div class=\"ej-search-result-container\">\r\n                  <span class=\"ej-search-title\">FBT ranked in Chambers Global 2022<\/span>\r\n                  <span class=\"ej-search-date-publication\">Mars 2022  <\/span>\r\n                  <span class=\"ej-search-competence\">  \/ Banking and Finance , Tax <\/span>\r\n                  <span class=\"ej-search-auteur\"> Alain Moreau , Fr\u00e9d\u00e9rique Bensahel , Michel Abt <\/span>\r\n                <\/div>\r\n            <\/a>            <div style=\"clear:both\"><\/div>\r\n          <\/div>\r\n               <div  class=\"ej-search-result-item\">\r\n            <a href=\"https:\/\/staging.fbt-avocats.ch\/en\/fbt-distinguished-by-best-lawyers-peer-review\/\">                <!-- <div> -->\r\n                  <div class=\"ej-search-image\">\r\n                    <img loading=\"lazy\" decoding=\"async\" width=\"36\" height=\"36\" src=\"https:\/\/staging.fbt-avocats.ch\/wp-content\/plugins\/ej-search\/images\/article-news-36.png\">\r\n                  <\/div>\r\n                <div class=\"ej-search-result-container\">\r\n                  <span class=\"ej-search-title\">FBT distinguished by Best Lawyers peer review<\/span>\r\n                  <span class=\"ej-search-date-publication\">Juillet 2021  <\/span>\r\n                  <span class=\"ej-search-competence\">  \/ Banking and Finance , Corporate and Commercial , Litigation and Arbitration , Tax <\/span>\r\n                  <span class=\"ej-search-auteur\"> Alain Moreau , Fr\u00e9d\u00e9rique Bensahel , Jean-Louis Tsimaratos , Jean-Luc Bochatay , Marco Villa , Michel Abt , Serge Fasel <\/span>\r\n                <\/div>\r\n            <\/a>            <div style=\"clear:both\"><\/div>\r\n          <\/div>\r\n               <div  class=\"ej-search-result-item\">\r\n            <a href=\"https:\/\/staging.fbt-avocats.ch\/en\/20907\/\">                <!-- <div> -->\r\n                  <div class=\"ej-search-image\">\r\n                    <img loading=\"lazy\" decoding=\"async\" width=\"36\" height=\"36\" src=\"https:\/\/staging.fbt-avocats.ch\/wp-content\/plugins\/ej-search\/images\/article-news-36.png\">\r\n                  <\/div>\r\n                <div class=\"ej-search-result-container\">\r\n                  <span class=\"ej-search-title\">LSFin: des starting-blocks \u00e0 la date butoir, deux tr\u00e8s courtes ann\u00e9es<\/span>\r\n                  <span class=\"ej-search-date-publication\">Juin 2021  \/ Allnews  <\/span>\r\n                  <span class=\"ej-search-competence\">  \/ Banking and Finance <\/span>\r\n                  <span class=\"ej-search-auteur\"> Fr\u00e9d\u00e9rique Bensahel <\/span>\r\n                <\/div>\r\n            <\/a>            <div style=\"clear:both\"><\/div>\r\n          <\/div>\r\n               <div  class=\"ej-search-result-item\">\r\n            <a href=\"https:\/\/staging.fbt-avocats.ch\/en\/fbt-ranked-in-iflr-1000-last-edition\/\">                <!-- <div> -->\r\n                  <div class=\"ej-search-image\">\r\n                    <img loading=\"lazy\" decoding=\"async\" width=\"36\" height=\"36\" src=\"https:\/\/staging.fbt-avocats.ch\/wp-content\/plugins\/ej-search\/images\/article-news-36.png\">\r\n                  <\/div>\r\n                <div class=\"ej-search-result-container\">\r\n                  <span class=\"ej-search-title\">FBT ranked in IFLR 1000 last edition<\/span>\r\n                  <span class=\"ej-search-date-publication\">Juin 2021  <\/span>\r\n                  <span class=\"ej-search-competence\">  \/ Banking and Finance <\/span>\r\n                  <span class=\"ej-search-auteur\"> Fr\u00e9d\u00e9rique Bensahel <\/span>\r\n                <\/div>\r\n            <\/a>            <div style=\"clear:both\"><\/div>\r\n          <\/div>\r\n               <div  class=\"ej-search-result-item\">\r\n            <a href=\"https:\/\/staging.fbt-avocats.ch\/en\/fbt-attorneys-at-law-continues-to-be-ranked-amongst-the-french-speaking-leading-firms-by-the-legal-500-emea-2021-guide\/\">                <!-- <div> -->\r\n                  <div class=\"ej-search-image\">\r\n                    <img loading=\"lazy\" decoding=\"async\" width=\"36\" height=\"36\" src=\"https:\/\/staging.fbt-avocats.ch\/wp-content\/plugins\/ej-search\/images\/article-news-36.png\">\r\n                  <\/div>\r\n                <div class=\"ej-search-result-container\">\r\n                  <span class=\"ej-search-title\">FBT Attorneys-at-Law continues to be ranked amongst the French-speaking Leading Firms by The Legal 500 EMEA 2021 Guide.<\/span>\r\n                  <span class=\"ej-search-date-publication\">Mai 2021  <\/span>\r\n                  <span class=\"ej-search-competence\">  \/ Banking and Finance , Tax <\/span>\r\n                  <span class=\"ej-search-auteur\"> Fr\u00e9d\u00e9rique Bensahel <\/span>\r\n                <\/div>\r\n            <\/a>            <div style=\"clear:both\"><\/div>\r\n          <\/div>\r\n               <div  class=\"ej-search-result-item\">\r\n            <a href=\"https:\/\/staging.fbt-avocats.ch\/en\/fbt-ranked-in-chambers-global-2021\/\">                <!-- <div> -->\r\n                  <div class=\"ej-search-image\">\r\n                    <img loading=\"lazy\" decoding=\"async\" width=\"36\" height=\"36\" src=\"https:\/\/staging.fbt-avocats.ch\/wp-content\/plugins\/ej-search\/images\/article-news-36.png\">\r\n                  <\/div>\r\n                <div class=\"ej-search-result-container\">\r\n                  <span class=\"ej-search-title\">FBT ranked in Chambers Global 2021<\/span>\r\n                  <span class=\"ej-search-date-publication\">Mars 2021  <\/span>\r\n                  <span class=\"ej-search-competence\">  \/ Banking and Finance , Tax <\/span>\r\n                  <span class=\"ej-search-auteur\"> Alain Moreau , Fr\u00e9d\u00e9rique Bensahel , Michel Abt <\/span>\r\n                <\/div>\r\n            <\/a>            <div style=\"clear:both\"><\/div>\r\n          <\/div>\r\n               <div  class=\"ej-search-result-item\">\r\n            <a href=\"https:\/\/staging.fbt-avocats.ch\/en\/fbt-ranked-in-chambers-europe-2021\/\">                <!-- <div> -->\r\n                  <div class=\"ej-search-image\">\r\n                    <img loading=\"lazy\" decoding=\"async\" width=\"36\" height=\"36\" src=\"https:\/\/staging.fbt-avocats.ch\/wp-content\/plugins\/ej-search\/images\/article-news-36.png\">\r\n                  <\/div>\r\n                <div class=\"ej-search-result-container\">\r\n                  <span class=\"ej-search-title\">FBT ranked in Chambers Europe 2021<\/span>\r\n                  <span class=\"ej-search-date-publication\">Mars 2021  <\/span>\r\n                  <span class=\"ej-search-competence\">  \/ Banking and Finance <\/span>\r\n                  <span class=\"ej-search-auteur\"> Fr\u00e9d\u00e9rique Bensahel , Michel Abt <\/span>\r\n                <\/div>\r\n            <\/a>            <div style=\"clear:both\"><\/div>\r\n          <\/div>\r\n               <div  class=\"ej-search-result-item\">\r\n            <a href=\"https:\/\/staging.fbt-avocats.ch\/en\/gerants-trustees-etrangers-quid-de-validation-de-finma\/\">                <!-- <div> -->\r\n                  <div class=\"ej-search-image\">\r\n                    <img loading=\"lazy\" decoding=\"async\" width=\"36\" height=\"36\" src=\"https:\/\/staging.fbt-avocats.ch\/wp-content\/plugins\/ej-search\/images\/article-news-36.png\">\r\n                  <\/div>\r\n                <div class=\"ej-search-result-container\">\r\n                  <span class=\"ej-search-title\">G\u00e9rants et trustees \u00e9trangers: quid de la validation de la Finma?<\/span>\r\n                  <span class=\"ej-search-date-publication\">Novembre 2020  \/ Allnews  <\/span>\r\n                  <span class=\"ej-search-competence\">  \/ Banking and Finance <\/span>\r\n                  <span class=\"ej-search-auteur\"> Fr\u00e9d\u00e9rique Bensahel <\/span>\r\n                <\/div>\r\n            <\/a>            <div style=\"clear:both\"><\/div>\r\n          <\/div>\r\n               <div  class=\"ej-search-result-item\">\r\n            <a href=\"https:\/\/staging.fbt-avocats.ch\/en\/cours-de-fund-academy-commercialisation-instruments-financiers-selon-lsfin\/\">                <!-- <div> -->\r\n                  <div class=\"ej-search-image\">\r\n                    <img loading=\"lazy\" decoding=\"async\" width=\"36\" height=\"36\" src=\"https:\/\/staging.fbt-avocats.ch\/wp-content\/plugins\/ej-search\/images\/article-news-36.png\">\r\n                  <\/div>\r\n                <div class=\"ej-search-result-container\">\r\n                  <span class=\"ej-search-title\">Cours de Fund Academy sur la commercialisation des instruments financiers selon la LSFin<\/span>\r\n                  <span class=\"ej-search-date-publication\">Octobre 2020  \/ LinkedIn  <\/span>\r\n                  <span class=\"ej-search-competence\">  \/ Banking and Finance <\/span>\r\n                  <span class=\"ej-search-auteur\"> Fr\u00e9d\u00e9rique Bensahel <\/span>\r\n                <\/div>\r\n            <\/a>            <div style=\"clear:both\"><\/div>\r\n          <\/div>\r\n               <div  class=\"ej-search-result-item\">\r\n            <a href=\"https:\/\/staging.fbt-avocats.ch\/en\/nouvelle-reglementation-pour-les-gerants-de-fortune-institutionnelle\/\">                <!-- <div> -->\r\n                  <div class=\"ej-search-image\">\r\n                    <img loading=\"lazy\" decoding=\"async\" width=\"36\" height=\"36\" src=\"https:\/\/staging.fbt-avocats.ch\/wp-content\/plugins\/ej-search\/images\/article-news-36.png\">\r\n                  <\/div>\r\n                <div class=\"ej-search-result-container\">\r\n                  <span class=\"ej-search-title\">Nouvelle r\u00e9glementation pour les g\u00e9rants de fortune institutionnelle<\/span>\r\n                  <span class=\"ej-search-date-publication\">D\u00e9cembre 2019  \/ Allnews  <\/span>\r\n                  <span class=\"ej-search-competence\">  \/ Banking and Finance <\/span>\r\n                  <span class=\"ej-search-auteur\"> Fr\u00e9d\u00e9rique Bensahel <\/span>\r\n                <\/div>\r\n            <\/a>            <div style=\"clear:both\"><\/div>\r\n          <\/div>\r\n               <div  class=\"ej-search-result-item\">\r\n            <a href=\"https:\/\/staging.fbt-avocats.ch\/en\/les-trustees-dans-lunivers-de-la-reglementation-prudentielle\/\">                <!-- <div> -->\r\n                  <div class=\"ej-search-image\">\r\n                    <img loading=\"lazy\" decoding=\"async\" width=\"36\" height=\"36\" src=\"https:\/\/staging.fbt-avocats.ch\/wp-content\/plugins\/ej-search\/images\/article-news-36.png\">\r\n                  <\/div>\r\n                <div class=\"ej-search-result-container\">\r\n                  <span class=\"ej-search-title\">Les trustees dans l\u2019univers de la r\u00e9glementation prudentielle<\/span>\r\n                  <span class=\"ej-search-date-publication\">Avril 2019  \/ Allnews  <\/span>\r\n                  <span class=\"ej-search-competence\">  \/ Banking and Finance <\/span>\r\n                  <span class=\"ej-search-auteur\"> Fr\u00e9d\u00e9rique Bensahel <\/span>\r\n                <\/div>\r\n            <\/a>            <div style=\"clear:both\"><\/div>\r\n          <\/div>\r\n               <div  class=\"ej-search-result-item\">\r\n            <a href=\"https:\/\/staging.fbt-avocats.ch\/en\/main-changes-introduced-by-the-newly-adopted-swiss-financial-services-regime-for-portfolio-managers\/\">                <!-- <div> -->\r\n                  <div class=\"ej-search-image\">\r\n                    <img loading=\"lazy\" decoding=\"async\" width=\"36\" height=\"36\" src=\"https:\/\/staging.fbt-avocats.ch\/wp-content\/plugins\/ej-search\/images\/article-news-36.png\">\r\n                  <\/div>\r\n                <div class=\"ej-search-result-container\">\r\n                  <span class=\"ej-search-title\">Main changes introduced by the newly adopted Swiss financial services regime for portfolio managers<\/span>\r\n                  <span class=\"ej-search-date-publication\">Septembre 2018  \/ IBA Banking Law Committee Newsletter  <\/span>\r\n                  <span class=\"ej-search-competence\">  \/ Banking and Finance <\/span>\r\n                  <span class=\"ej-search-auteur\"> Fr\u00e9d\u00e9rique Bensahel , Jean-Marie Kiener <\/span>\r\n                <\/div>\r\n            <\/a>            <div style=\"clear:both\"><\/div>\r\n          <\/div>\r\n               <div  class=\"ej-search-result-item\">\r\n            <a href=\"https:\/\/staging.fbt-avocats.ch\/en\/gerants-seront-surveilles-2019\/\">                <!-- <div> -->\r\n                  <div class=\"ej-search-image\">\r\n                    <img loading=\"lazy\" decoding=\"async\" width=\"36\" height=\"36\" src=\"https:\/\/staging.fbt-avocats.ch\/wp-content\/plugins\/ej-search\/images\/article-news-36.png\">\r\n                  <\/div>\r\n                <div class=\"ej-search-result-container\">\r\n                  <span class=\"ej-search-title\">Tous les g\u00e9rants seront surveill\u00e9s d\u00e8s 2019<\/span>\r\n                  <span class=\"ej-search-date-publication\">Septembre 2017  \/ Le Temps  <\/span>\r\n                  <span class=\"ej-search-competence\">  \/ Banking and Finance <\/span>\r\n                  <span class=\"ej-search-auteur\"> Fr\u00e9d\u00e9rique Bensahel <\/span>\r\n                <\/div>\r\n            <\/a>            <div style=\"clear:both\"><\/div>\r\n          <\/div>\r\n               <div  class=\"ej-search-result-item\">\r\n            <a href=\"https:\/\/staging.fbt-avocats.ch\/en\/les-effets-de-la-penalisation-des-regles-de-comportement\/\">                <!-- <div> -->\r\n                  <div class=\"ej-search-image\">\r\n                    <img loading=\"lazy\" decoding=\"async\" width=\"36\" height=\"36\" src=\"https:\/\/staging.fbt-avocats.ch\/wp-content\/plugins\/ej-search\/images\/article-news-36.png\">\r\n                  <\/div>\r\n                <div class=\"ej-search-result-container\">\r\n                  <span class=\"ej-search-title\">Les effets de la p\u00e9nalisation des r\u00e8gles de comportement<\/span>\r\n                  <span class=\"ej-search-date-publication\">Novembre 2015  \/ Le Temps  <\/span>\r\n                  <span class=\"ej-search-competence\">  \/ Banking and Finance <\/span>\r\n                  <span class=\"ej-search-auteur\"> Fr\u00e9d\u00e9rique Bensahel , FBT Avocats <\/span>\r\n                <\/div>\r\n            <\/a>            <div style=\"clear:both\"><\/div>\r\n          <\/div>\r\n               <div  class=\"ej-search-result-item\">\r\n            <a href=\"https:\/\/staging.fbt-avocats.ch\/en\/risques-accrus-pour-les-gerants\/\">                <!-- <div> -->\r\n                  <div class=\"ej-search-image\">\r\n                    <img loading=\"lazy\" decoding=\"async\" width=\"36\" height=\"36\" src=\"https:\/\/staging.fbt-avocats.ch\/wp-content\/plugins\/ej-search\/images\/article-news-36.png\">\r\n                  <\/div>\r\n                <div class=\"ej-search-result-container\">\r\n                  <span class=\"ej-search-title\">Risques accrus pour les g\u00e9rants<\/span>\r\n                  <span class=\"ej-search-date-publication\">Octobre 2015  \/ AGEFI  <\/span>\r\n                  <span class=\"ej-search-competence\">  \/ Banking and Finance <\/span>\r\n                  <span class=\"ej-search-auteur\"> Fr\u00e9d\u00e9rique Bensahel <\/span>\r\n                <\/div>\r\n            <\/a>            <div style=\"clear:both\"><\/div>\r\n          <\/div>\r\n               <div  class=\"ej-search-result-item\">\r\n            <a href=\"https:\/\/staging.fbt-avocats.ch\/en\/regulation-nouvelles-obligations-declaratives-des-societes-suisses-et-etrangeres-et-de-leurs-actionnaires\/\">                <!-- <div> -->\r\n                  <div class=\"ej-search-image\">\r\n                    <img loading=\"lazy\" decoding=\"async\" width=\"36\" height=\"36\" src=\"https:\/\/staging.fbt-avocats.ch\/wp-content\/plugins\/ej-search\/images\/article-news-36.png\">\r\n                  <\/div>\r\n                <div class=\"ej-search-result-container\">\r\n                  <span class=\"ej-search-title\">R\u00e9gulation - Nouvelles obligations d\u00e9claratives des soci\u00e9t\u00e9s suisses et \u00e9trang\u00e8res et de leurs actionnaires<\/span>\r\n                  <span class=\"ej-search-date-publication\">Octobre 2015  \/ BSL Banking in Switzerland and Liechstenstein  <\/span>\r\n                  <span class=\"ej-search-competence\">  \/ Banking and Finance <\/span>\r\n                  <span class=\"ej-search-auteur\"> Fr\u00e9d\u00e9rique Bensahel , FBT Avocats <\/span>\r\n                <\/div>\r\n            <\/a>            <div style=\"clear:both\"><\/div>\r\n          <\/div>\r\n               <div  class=\"ej-search-result-item\">\r\n            <a href=\"https:\/\/staging.fbt-avocats.ch\/en\/regulation-new-reporting-duties-of-swiss-and-foreign-companies-and-of-their-shareholders-effects-of-the-amendments-to-the-anti-money-laundering-provisions\/\">                <!-- <div> -->\r\n                  <div class=\"ej-search-image\">\r\n                    <img loading=\"lazy\" decoding=\"async\" width=\"36\" height=\"36\" src=\"https:\/\/staging.fbt-avocats.ch\/wp-content\/plugins\/ej-search\/images\/article-news-36.png\">\r\n                  <\/div>\r\n                <div class=\"ej-search-result-container\">\r\n                  <span class=\"ej-search-title\">Regulation - New reporting duties of Swiss and foreign companies and of their shareholders: effects of the amendments to the anti-money laundering provisions<\/span>\r\n                  <span class=\"ej-search-date-publication\">Octobre 2015  \/ BSL Banking in Switzerland and Liechstenstein  <\/span>\r\n                  <span class=\"ej-search-competence\">  \/ Banking and Finance <\/span>\r\n                  <span class=\"ej-search-auteur\"> Fr\u00e9d\u00e9rique Bensahel , FBT Avocats <\/span>\r\n                <\/div>\r\n            <\/a>            <div style=\"clear:both\"><\/div>\r\n          <\/div>\r\n               <div  class=\"ej-search-result-item\">\r\n            <a href=\"https:\/\/staging.fbt-avocats.ch\/en\/regulation-neue-meldepflichten-fur-schweizer-und-auslandische-unternehmen-sowie-ihre-aktionare\/\">                <!-- <div> -->\r\n                  <div class=\"ej-search-image\">\r\n                    <img loading=\"lazy\" decoding=\"async\" width=\"36\" height=\"36\" src=\"https:\/\/staging.fbt-avocats.ch\/wp-content\/plugins\/ej-search\/images\/article-news-36.png\">\r\n                  <\/div>\r\n                <div class=\"ej-search-result-container\">\r\n                  <span class=\"ej-search-title\">Regulation - Neue Meldepflichten f\u00fcr Schweizer und ausl\u00e4ndische Unternehmen sowie ihre Aktion\u00e4re<\/span>\r\n                  <span class=\"ej-search-date-publication\">Octobre 2015  \/ BSL Banking in Switzerland and Liechstenstein  <\/span>\r\n                  <span class=\"ej-search-competence\">  \/ Banking and Finance <\/span>\r\n                  <span class=\"ej-search-auteur\"> Fr\u00e9d\u00e9rique Bensahel , FBT Avocats <\/span>\r\n                <\/div>\r\n            <\/a>            <div style=\"clear:both\"><\/div>\r\n          <\/div>\r\n               <div  class=\"ej-search-result-item\">\r\n            <a href=\"https:\/\/staging.fbt-avocats.ch\/en\/des-projets-a-peaufiner\/\">                <!-- <div> -->\r\n                  <div class=\"ej-search-image\">\r\n                    <img loading=\"lazy\" decoding=\"async\" width=\"36\" height=\"36\" src=\"https:\/\/staging.fbt-avocats.ch\/wp-content\/plugins\/ej-search\/images\/article-news-36.png\">\r\n                  <\/div>\r\n                <div class=\"ej-search-result-container\">\r\n                  <span class=\"ej-search-title\">Des projets \u00e0 peaufiner<\/span>\r\n                  <span class=\"ej-search-date-publication\">D\u00e9cembre 2014  \/ BANCO  <\/span>\r\n                  <span class=\"ej-search-competence\">  \/ Banking and Finance <\/span>\r\n                  <span class=\"ej-search-auteur\"> Fr\u00e9d\u00e9rique Bensahel <\/span>\r\n                <\/div>\r\n            <\/a>            <div style=\"clear:both\"><\/div>\r\n          <\/div>\r\n               <div  class=\"ej-search-result-item\">\r\n            <a href=\"https:\/\/staging.fbt-avocats.ch\/en\/reglementation-des-services-financiers-implications-lourdes-pour-les-independants\/\">                <!-- <div> -->\r\n                  <div class=\"ej-search-image\">\r\n                    <img loading=\"lazy\" decoding=\"async\" width=\"36\" height=\"36\" src=\"https:\/\/staging.fbt-avocats.ch\/wp-content\/plugins\/ej-search\/images\/article-news-36.png\">\r\n                  <\/div>\r\n                <div class=\"ej-search-result-container\">\r\n                  <span class=\"ej-search-title\">R\u00e9glementation des services financiers - Implications lourdes pour les ind\u00e9pendants<\/span>\r\n                  <span class=\"ej-search-date-publication\">Septembre 2014  \/ AGEFI - Indices  <\/span>\r\n                  <span class=\"ej-search-competence\">  \/ Banking and Finance <\/span>\r\n                  <span class=\"ej-search-auteur\"> Fr\u00e9d\u00e9rique Bensahel , FBT Avocats <\/span>\r\n                <\/div>\r\n            <\/a>            <div style=\"clear:both\"><\/div>\r\n          <\/div>\r\n               <div  class=\"ej-search-result-item\">\r\n            <a href=\"https:\/\/staging.fbt-avocats.ch\/en\/la-profession-de-gerant-de-fortune-independant-face-a-un-cadre-reglementaire-en-pleine-mutation-etat-des-lieux-et-perspectives-davenir\/\">                <!-- <div> -->\r\n                  <div class=\"ej-search-image\">\r\n                    <img loading=\"lazy\" decoding=\"async\" width=\"36\" height=\"36\" src=\"https:\/\/staging.fbt-avocats.ch\/wp-content\/plugins\/ej-search\/images\/article-news-36.png\">\r\n                  <\/div>\r\n                <div class=\"ej-search-result-container\">\r\n                  <span class=\"ej-search-title\">R\u00e9gulation - La profession de g\u00e9rant de fortune ind\u00e9pendant face \u00e0 un cadre r\u00e9glementaire en pleine mutation : \u00e9tat des lieux et perspectives d&#039;avenir<\/span>\r\n                  <span class=\"ej-search-date-publication\">Septembre 2014  \/ BSL Banking in Switzerland and Liechstenstein  <\/span>\r\n                  <span class=\"ej-search-competence\">  \/ Banking and Finance <\/span>\r\n                  <span class=\"ej-search-auteur\"> Fr\u00e9d\u00e9rique Bensahel , FBT Avocats <\/span>\r\n                <\/div>\r\n            <\/a>            <div style=\"clear:both\"><\/div>\r\n          <\/div>\r\n               <div  class=\"ej-search-result-item\">\r\n            <a href=\"https:\/\/staging.fbt-avocats.ch\/en\/regulation-the-independent-asset-manager-profession-faced-with-a-changing-regulatory-environment-state-of-play-and-prospects\/\">                <!-- <div> -->\r\n                  <div class=\"ej-search-image\">\r\n                    <img loading=\"lazy\" decoding=\"async\" width=\"36\" height=\"36\" src=\"https:\/\/staging.fbt-avocats.ch\/wp-content\/plugins\/ej-search\/images\/article-news-36.png\">\r\n                  <\/div>\r\n                <div class=\"ej-search-result-container\">\r\n                  <span class=\"ej-search-title\">Regulation - The Independent Asset Manager profession faced with a changing regulatory environment: state of play and prospects<\/span>\r\n                  <span class=\"ej-search-date-publication\">Septembre 2014  \/ BSL Banking in Switzerland and Liechstenstein  <\/span>\r\n                  <span class=\"ej-search-competence\">  \/ Banking and Finance <\/span>\r\n                  <span class=\"ej-search-auteur\"> Fr\u00e9d\u00e9rique Bensahel , FBT Avocats <\/span>\r\n                <\/div>\r\n            <\/a>            <div style=\"clear:both\"><\/div>\r\n          <\/div>\r\n               <div  class=\"ej-search-result-item\">\r\n            <a href=\"https:\/\/staging.fbt-avocats.ch\/en\/der-berufsstand-der-unabhangigen-vermogensverwalter-und-der-umbruch-in-der-regulierung-bestandesaufnahme-und-perspektiven\/\">                <!-- <div> -->\r\n                  <div class=\"ej-search-image\">\r\n                    <img loading=\"lazy\" decoding=\"async\" width=\"36\" height=\"36\" src=\"https:\/\/staging.fbt-avocats.ch\/wp-content\/plugins\/ej-search\/images\/article-news-36.png\">\r\n                  <\/div>\r\n                <div class=\"ej-search-result-container\">\r\n                  <span class=\"ej-search-title\">Der Berufsstand der unabh\u00e4ngigen Verm\u00f6gensverwalter und der Umbruch in der Regulierung: Bestandesaufnahme und Perspektiven<\/span>\r\n                  <span class=\"ej-search-date-publication\">Septembre 2014  \/ BSL Banking in Switzerland and Liechstenstein  <\/span>\r\n                  <span class=\"ej-search-competence\">  \/ Banking and Finance <\/span>\r\n                  <span class=\"ej-search-auteur\"> Fr\u00e9d\u00e9rique Bensahel , FBT Avocats <\/span>\r\n                <\/div>\r\n            <\/a>            <div style=\"clear:both\"><\/div>\r\n          <\/div>\r\n               <div  class=\"ej-search-result-item\">\r\n            <a href=\"https:\/\/staging.fbt-avocats.ch\/en\/laffaire-qui-secoue-les-caisses-de-pension\/\">                <!-- <div> -->\r\n                  <div class=\"ej-search-image\">\r\n                    <img loading=\"lazy\" decoding=\"async\" width=\"36\" height=\"36\" src=\"https:\/\/staging.fbt-avocats.ch\/wp-content\/plugins\/ej-search\/images\/article-news-36.png\">\r\n                  <\/div>\r\n                <div class=\"ej-search-result-container\">\r\n                  <span class=\"ej-search-title\">L&#039;affaire qui secoue les caisses de pension<\/span>\r\n                  <span class=\"ej-search-date-publication\">Septembre 2014  \/ Le Temps  <\/span>\r\n                  <span class=\"ej-search-competence\">  \/ Banking and Finance , Litigation and Arbitration , Droit p\u00e9nal \u00e9conomique <\/span>\r\n                  <span class=\"ej-search-auteur\"> Fr\u00e9d\u00e9rique Bensahel , Serge Fasel <\/span>\r\n                <\/div>\r\n            <\/a>            <div style=\"clear:both\"><\/div>\r\n          <\/div>\r\n               <div  class=\"ej-search-result-item\">\r\n            <a href=\"https:\/\/staging.fbt-avocats.ch\/en\/gerants-independants-reveillez\/\">                <!-- <div> -->\r\n                  <div class=\"ej-search-image\">\r\n                    <img loading=\"lazy\" decoding=\"async\" width=\"36\" height=\"36\" src=\"https:\/\/staging.fbt-avocats.ch\/wp-content\/plugins\/ej-search\/images\/article-news-36.png\">\r\n                  <\/div>\r\n                <div class=\"ej-search-result-container\">\r\n                  <span class=\"ej-search-title\">G\u00e9rants ind\u00e9pendants r\u00e9veillez-vous !<\/span>\r\n                  <span class=\"ej-search-date-publication\">Septembre 2013  \/ AGEFI - Indices  <\/span>\r\n                  <span class=\"ej-search-competence\">  \/ Banking and Finance <\/span>\r\n                  <span class=\"ej-search-auteur\"> Fr\u00e9d\u00e9rique Bensahel , FBT Avocats <\/span>\r\n                <\/div>\r\n            <\/a>            <div style=\"clear:both\"><\/div>\r\n          <\/div>\r\n               <div  class=\"ej-search-result-item\">\r\n            <a href=\"https:\/\/staging.fbt-avocats.ch\/en\/regulation-gerants-de-fortune-independants-a-laube-de-changements-legislatifs-reglementaires-majeurs\/\">                <!-- <div> -->\r\n                  <div class=\"ej-search-image\">\r\n                    <img loading=\"lazy\" decoding=\"async\" width=\"36\" height=\"36\" src=\"https:\/\/staging.fbt-avocats.ch\/wp-content\/plugins\/ej-search\/images\/article-news-36.png\">\r\n                  <\/div>\r\n                <div class=\"ej-search-result-container\">\r\n                  <span class=\"ej-search-title\">R\u00e9gulation - Les g\u00e9rants de fortune ind\u00e9pendants \u00e0 l&#039;aube de changements l\u00e9gislatifs et r\u00e9glementaires majeurs<\/span>\r\n                  <span class=\"ej-search-date-publication\">Septembre 2013  \/ BSL Banking in Switzerland and Liechstenstein  <\/span>\r\n                  <span class=\"ej-search-competence\">  \/ Banking and Finance <\/span>\r\n                  <span class=\"ej-search-auteur\"> Fr\u00e9d\u00e9rique Bensahel , FBT Avocats <\/span>\r\n                <\/div>\r\n            <\/a>            <div style=\"clear:both\"><\/div>\r\n          <\/div>\r\n               <div  class=\"ej-search-result-item\">\r\n            <a href=\"https:\/\/staging.fbt-avocats.ch\/en\/regulation-independent-asset-managers-at-the-outset-of-major-legislative-and-regulatory-changes\/\">                <!-- <div> -->\r\n                  <div class=\"ej-search-image\">\r\n                    <img loading=\"lazy\" decoding=\"async\" width=\"36\" height=\"36\" src=\"https:\/\/staging.fbt-avocats.ch\/wp-content\/plugins\/ej-search\/images\/article-news-36.png\">\r\n                  <\/div>\r\n                <div class=\"ej-search-result-container\">\r\n                  <span class=\"ej-search-title\">Regulation - Independent asset managers at the outset of major legislative and regulatory changes<\/span>\r\n                  <span class=\"ej-search-date-publication\">Septembre 2013  \/ BSL Banking in Switzerland and Liechstenstein  <\/span>\r\n                  <span class=\"ej-search-competence\">  \/ Banking and Finance <\/span>\r\n                  <span class=\"ej-search-auteur\"> Fr\u00e9d\u00e9rique Bensahel , FBT Avocats <\/span>\r\n                <\/div>\r\n            <\/a>            <div style=\"clear:both\"><\/div>\r\n          <\/div>\r\n               <div  class=\"ej-search-result-item\">\r\n            <a href=\"https:\/\/staging.fbt-avocats.ch\/en\/regulation-unabhangige-vermogensverwalter-stehen-vor-grossen-gesetzgeberichen-und-regulatorischen-veranderungen\/\">                <!-- <div> -->\r\n                  <div class=\"ej-search-image\">\r\n                    <img loading=\"lazy\" decoding=\"async\" width=\"36\" height=\"36\" src=\"https:\/\/staging.fbt-avocats.ch\/wp-content\/plugins\/ej-search\/images\/article-news-36.png\">\r\n                  <\/div>\r\n                <div class=\"ej-search-result-container\">\r\n                  <span class=\"ej-search-title\">Regulation - Unabh\u00e4ngige Verm\u00f6gensverwalter stehen vor grossen gesetzgeberichen und regulatorischen Ver\u00e4nderungen<\/span>\r\n                  <span class=\"ej-search-date-publication\">Septembre 2013  \/ BSL Banking in Switzerland and Liechstenstein  <\/span>\r\n                  <span class=\"ej-search-competence\">  \/ Banking and Finance <\/span>\r\n                  <span class=\"ej-search-auteur\"> Fr\u00e9d\u00e9rique Bensahel , FBT Avocats <\/span>\r\n                <\/div>\r\n            <\/a>            <div style=\"clear:both\"><\/div>\r\n          <\/div>\r\n               <div  class=\"ej-search-result-item\">\r\n            <a href=\"https:\/\/staging.fbt-avocats.ch\/en\/lpcc-les-consequences-pratiques-de-la-revision-de-la-loi-sur-les-placements-collectifs-de-capitaux-les-explications-de-frederique-bensahel-de-fbt-avocats\/\">                <!-- <div> -->\r\n                  <div class=\"ej-search-image\">\r\n                    <img loading=\"lazy\" decoding=\"async\" width=\"36\" height=\"36\" src=\"https:\/\/staging.fbt-avocats.ch\/wp-content\/plugins\/ej-search\/images\/article-news-36.png\">\r\n                  <\/div>\r\n                <div class=\"ej-search-result-container\">\r\n                  <span class=\"ej-search-title\">LPCC : les cons\u00e9quences pratiques de la r\u00e9vision de la Loi sur les placements collectifs de capitaux. Les explications de Fr\u00e9d\u00e9rique Bensahel, de FBT Avocats<\/span>\r\n                  <span class=\"ej-search-date-publication\">Avril 2013  \/ AGEFI  <\/span>\r\n                  <span class=\"ej-search-competence\">  \/ Banking and Finance <\/span>\r\n                  <span class=\"ej-search-auteur\"> Fr\u00e9d\u00e9rique Bensahel <\/span>\r\n                <\/div>\r\n            <\/a>            <div style=\"clear:both\"><\/div>\r\n          <\/div>\r\n               <div  class=\"ej-search-result-item\">\r\n            <a href=\"https:\/\/staging.fbt-avocats.ch\/en\/la-lpcc-comme-vous-en-reviez\/\">                <!-- <div> -->\r\n                  <div class=\"ej-search-image\">\r\n                    <img loading=\"lazy\" decoding=\"async\" width=\"36\" height=\"36\" src=\"https:\/\/staging.fbt-avocats.ch\/wp-content\/plugins\/ej-search\/images\/article-news-36.png\">\r\n                  <\/div>\r\n                <div class=\"ej-search-result-container\">\r\n                  <span class=\"ej-search-title\">La LPCC, comme vous en r\u00eaviez<\/span>\r\n                  <span class=\"ej-search-date-publication\">D\u00e9cembre 2012  \/ BANCO  <\/span>\r\n                  <span class=\"ej-search-competence\">  <\/span>\r\n                  <span class=\"ej-search-auteur\"> Fr\u00e9d\u00e9rique Bensahel <\/span>\r\n                <\/div>\r\n            <\/a>            <div style=\"clear:both\"><\/div>\r\n          <\/div>\r\n               <div  class=\"ej-search-result-item\">\r\n            <a href=\"https:\/\/staging.fbt-avocats.ch\/en\/letau-se-resserre-sur-les-retrocessions\/\">                <!-- <div> -->\r\n                  <div class=\"ej-search-image\">\r\n                    <img loading=\"lazy\" decoding=\"async\" width=\"36\" height=\"36\" src=\"https:\/\/staging.fbt-avocats.ch\/wp-content\/plugins\/ej-search\/images\/article-news-36.png\">\r\n                  <\/div>\r\n                <div class=\"ej-search-result-container\">\r\n                  <span class=\"ej-search-title\">L&#039;\u00e9tau se resserre sur les r\u00e9trocessions<\/span>\r\n                  <span class=\"ej-search-date-publication\">Novembre 2012  \/ Le Temps  <\/span>\r\n                  <span class=\"ej-search-competence\">  \/ Banking and Finance <\/span>\r\n                  <span class=\"ej-search-auteur\"> Fr\u00e9d\u00e9rique Bensahel <\/span>\r\n                <\/div>\r\n            <\/a>            <div style=\"clear:both\"><\/div>\r\n          <\/div>\r\n               <div  class=\"ej-search-result-item\">\r\n            <a href=\"https:\/\/staging.fbt-avocats.ch\/en\/tour-de-vis-du-tribunal-federal-sur-les-commissions-des-banques\/\">                <!-- <div> -->\r\n                  <div class=\"ej-search-image\">\r\n                    <img loading=\"lazy\" decoding=\"async\" width=\"36\" height=\"36\" src=\"https:\/\/staging.fbt-avocats.ch\/wp-content\/plugins\/ej-search\/images\/article-news-36.png\">\r\n                  <\/div>\r\n                <div class=\"ej-search-result-container\">\r\n                  <span class=\"ej-search-title\">Tour de vis du Tribunal f\u00e9d\u00e9ral sur les commissions des banques<\/span>\r\n                  <span class=\"ej-search-date-publication\">Novembre 2012  \/ Le Temps  <\/span>\r\n                  <span class=\"ej-search-competence\">  \/ Banking and Finance <\/span>\r\n                  <span class=\"ej-search-auteur\"> Fr\u00e9d\u00e9rique Bensahel <\/span>\r\n                <\/div>\r\n            <\/a>            <div style=\"clear:both\"><\/div>\r\n          <\/div>\r\n               <div  class=\"ej-search-result-item\">\r\n            <a href=\"https:\/\/staging.fbt-avocats.ch\/en\/decryptage-de-la-loi-sur-les-placements-collectifs-lpcc\/\">                <!-- <div> -->\r\n                  <div class=\"ej-search-image\">\r\n                    <img loading=\"lazy\" decoding=\"async\" width=\"36\" height=\"36\" src=\"https:\/\/staging.fbt-avocats.ch\/wp-content\/plugins\/ej-search\/images\/article-news-36.png\">\r\n                  <\/div>\r\n                <div class=\"ej-search-result-container\">\r\n                  <span class=\"ej-search-title\">D\u00e9cryptage de la Loi sur les placements collectifs (LPCC)<\/span>\r\n                  <span class=\"ej-search-date-publication\">Novembre 2012  \/ AGEFI - Indices  <\/span>\r\n                  <span class=\"ej-search-competence\">  \/ Banking and Finance <\/span>\r\n                  <span class=\"ej-search-auteur\"> Fr\u00e9d\u00e9rique Bensahel , Michel Abt <\/span>\r\n                <\/div>\r\n            <\/a>            <div style=\"clear:both\"><\/div>\r\n          <\/div>\r\n               <div  class=\"ej-search-result-item\">\r\n            <a href=\"https:\/\/staging.fbt-avocats.ch\/en\/lpcc-nouveau-paradigme-distribution\/\">                <!-- <div> -->\r\n                  <div class=\"ej-search-image\">\r\n                    <img loading=\"lazy\" decoding=\"async\" width=\"36\" height=\"36\" src=\"https:\/\/staging.fbt-avocats.ch\/wp-content\/plugins\/ej-search\/images\/article-news-36.png\">\r\n                  <\/div>\r\n                <div class=\"ej-search-result-container\">\r\n                  <span class=\"ej-search-title\">LPCC : nouveau paradigme dans la distribution<\/span>\r\n                  <span class=\"ej-search-date-publication\">Octobre 2012  \/ AGEFI - Indices  <\/span>\r\n                  <span class=\"ej-search-competence\">  \/ Banking and Finance <\/span>\r\n                  <span class=\"ej-search-auteur\"> Fr\u00e9d\u00e9rique Bensahel , Michel Abt <\/span>\r\n                <\/div>\r\n            <\/a>            <div style=\"clear:both\"><\/div>\r\n          <\/div>\r\n               <div  class=\"ej-search-result-item\">\r\n            <a href=\"https:\/\/staging.fbt-avocats.ch\/en\/nouvelle-loi-fonds-de-placement-introduit-changements-significatifs\/\">                <!-- <div> -->\r\n                  <div class=\"ej-search-image\">\r\n                    <img loading=\"lazy\" decoding=\"async\" width=\"36\" height=\"36\" src=\"https:\/\/staging.fbt-avocats.ch\/wp-content\/plugins\/ej-search\/images\/article-news-36.png\">\r\n                  <\/div>\r\n                <div class=\"ej-search-result-container\">\r\n                  <span class=\"ej-search-title\">La nouvelle loi sur les fonds de placement introduit des changements significatifs<\/span>\r\n                  <span class=\"ej-search-date-publication\">Octobre 2012  \/ Le Temps  <\/span>\r\n                  <span class=\"ej-search-competence\">  \/ Banking and Finance <\/span>\r\n                  <span class=\"ej-search-auteur\"> Fr\u00e9d\u00e9rique Bensahel , Michel Abt <\/span>\r\n                <\/div>\r\n            <\/a>            <div style=\"clear:both\"><\/div>\r\n          <\/div>\r\n               <div  class=\"ej-search-result-item\">\r\n            <a href=\"https:\/\/staging.fbt-avocats.ch\/en\/nouveau-regime-applicable-aux-gestionnaires-suisses-de-placements-collectifs-etrangers-2\/\">                <!-- <div> -->\r\n                  <div class=\"ej-search-image\">\r\n                    <img loading=\"lazy\" decoding=\"async\" width=\"36\" height=\"36\" src=\"https:\/\/staging.fbt-avocats.ch\/wp-content\/plugins\/ej-search\/images\/article-news-36.png\">\r\n                  <\/div>\r\n                <div class=\"ej-search-result-container\">\r\n                  <span class=\"ej-search-title\">Le nouveau r\u00e9gime applicable aux gestionnaires suisses de placements collectifs \u00e9trangers<\/span>\r\n                  <span class=\"ej-search-date-publication\">Juillet 2012  \/ BSL Banking in Switzerland and Liechstenstein  <\/span>\r\n                  <span class=\"ej-search-competence\">  \/ Banking and Finance <\/span>\r\n                  <span class=\"ej-search-auteur\"> Fr\u00e9d\u00e9rique Bensahel , FBT Avocats <\/span>\r\n                <\/div>\r\n            <\/a>            <div style=\"clear:both\"><\/div>\r\n          <\/div>\r\n               <div  class=\"ej-search-result-item\">\r\n            <a href=\"https:\/\/staging.fbt-avocats.ch\/en\/nouveau-regime-applicable-aux-gestionnaires-suisses-de-placements-collectifs-etrangers\/\">                <!-- <div> -->\r\n                  <div class=\"ej-search-image\">\r\n                    <img loading=\"lazy\" decoding=\"async\" width=\"36\" height=\"36\" src=\"https:\/\/staging.fbt-avocats.ch\/wp-content\/plugins\/ej-search\/images\/article-news-36.png\">\r\n                  <\/div>\r\n                <div class=\"ej-search-result-container\">\r\n                  <span class=\"ej-search-title\">Le nouveau r\u00e9gime applicable aux gestionnaires suisses de placements collectifs \u00e9trangers<\/span>\r\n                  <span class=\"ej-search-date-publication\">Juillet 2012  \/ BSL Banking in Switzerland and Liechstenstein  <\/span>\r\n                  <span class=\"ej-search-competence\">  \/ Banking and Finance <\/span>\r\n                  <span class=\"ej-search-auteur\"> Fr\u00e9d\u00e9rique Bensahel , FBT Avocats <\/span>\r\n                <\/div>\r\n            <\/a>            <div style=\"clear:both\"><\/div>\r\n          <\/div>\r\n               <div  class=\"ej-search-result-item\">\r\n            <a href=\"https:\/\/staging.fbt-avocats.ch\/en\/the-new-regime-applicable-to-swiss-investment-managers-of-collective-investment-schemes\/\">                <!-- <div> -->\r\n                  <div class=\"ej-search-image\">\r\n                    <img loading=\"lazy\" decoding=\"async\" width=\"36\" height=\"36\" src=\"https:\/\/staging.fbt-avocats.ch\/wp-content\/plugins\/ej-search\/images\/article-news-36.png\">\r\n                  <\/div>\r\n                <div class=\"ej-search-result-container\">\r\n                  <span class=\"ej-search-title\">The new regime applicable to Swiss investment managers of collective investment schemes<\/span>\r\n                  <span class=\"ej-search-date-publication\">Juillet 2012  \/ BSL Banking in Switzerland and Liechstenstein  <\/span>\r\n                  <span class=\"ej-search-competence\">  \/ Banking and Finance <\/span>\r\n                  <span class=\"ej-search-auteur\"> Fr\u00e9d\u00e9rique Bensahel , FBT Avocats <\/span>\r\n                <\/div>\r\n            <\/a>            <div style=\"clear:both\"><\/div>\r\n          <\/div>\r\n               <div  class=\"ej-search-result-item\">\r\n            <a href=\"https:\/\/staging.fbt-avocats.ch\/en\/bbc-radio-4-business-news-with-simon-jack\/\">                <!-- <div> -->\r\n                  <div class=\"ej-search-image\">\r\n                    <img loading=\"lazy\" decoding=\"async\" width=\"36\" height=\"36\" src=\"https:\/\/staging.fbt-avocats.ch\/wp-content\/plugins\/ej-search\/images\/article-news-36.png\">\r\n                  <\/div>\r\n                <div class=\"ej-search-result-container\">\r\n                  <span class=\"ej-search-title\">BBC Radio 4 - April 17, 2012<\/span>\r\n                  <span class=\"ej-search-date-publication\">Avril 2012  \/ BBC Radio  <\/span>\r\n                  <span class=\"ej-search-competence\">  \/ Banking and Finance <\/span>\r\n                  <span class=\"ej-search-auteur\"> Fr\u00e9d\u00e9rique Bensahel <\/span>\r\n                <\/div>\r\n            <\/a>            <div style=\"clear:both\"><\/div>\r\n          <\/div>\r\n               <div  class=\"ej-search-result-item\">\r\n            <a href=\"https:\/\/staging.fbt-avocats.ch\/en\/swiss-lawmakers-to-debate-tougher-rules-for-hedge-fund-managers\/\">                <!-- <div> -->\r\n                  <div class=\"ej-search-image\">\r\n                    <img loading=\"lazy\" decoding=\"async\" width=\"36\" height=\"36\" src=\"https:\/\/staging.fbt-avocats.ch\/wp-content\/plugins\/ej-search\/images\/article-news-36.png\">\r\n                  <\/div>\r\n                <div class=\"ej-search-result-container\">\r\n                  <span class=\"ej-search-title\">Swiss Lawmakers to Debate Tougher Rules for Hedge Fund Managers<\/span>\r\n                  <span class=\"ej-search-date-publication\">Avril 2012  \/ Bloomberg  <\/span>\r\n                  <span class=\"ej-search-competence\">  \/ Banking and Finance <\/span>\r\n                  <span class=\"ej-search-auteur\"> Fr\u00e9d\u00e9rique Bensahel <\/span>\r\n                <\/div>\r\n            <\/a>            <div style=\"clear:both\"><\/div>\r\n          <\/div>\r\n               <div  class=\"ej-search-result-item\">\r\n            <a href=\"https:\/\/staging.fbt-avocats.ch\/en\/distribution-de-produits-de-services-financiers-toward-a-mifid-type-suitability-and-appropriateness\/\">                <!-- <div> -->\r\n                  <div class=\"ej-search-image\">\r\n                    <img loading=\"lazy\" decoding=\"async\" width=\"36\" height=\"36\" src=\"https:\/\/staging.fbt-avocats.ch\/wp-content\/plugins\/ej-search\/images\/article-news-36.png\">\r\n                  <\/div>\r\n                <div class=\"ej-search-result-container\">\r\n                  <span class=\"ej-search-title\">Distribution de produits et de services financiers - Toward a MiFID-type Suitability and Appropriateness<\/span>\r\n                  <span class=\"ej-search-date-publication\">Juillet 2011  \/ BSL Banking in Switzerland and Liechstenstein  <\/span>\r\n                  <span class=\"ej-search-competence\">  \/ Banking and Finance <\/span>\r\n                  <span class=\"ej-search-auteur\"> Fr\u00e9d\u00e9rique Bensahel , Jean-Louis Tsimaratos <\/span>\r\n                <\/div>\r\n            <\/a>            <div style=\"clear:both\"><\/div>\r\n          <\/div>\r\n               <div  class=\"ej-search-result-item\">\r\n            <a href=\"https:\/\/staging.fbt-avocats.ch\/en\/place-financiere-suisse-20-ans\/\">                <!-- <div> -->\r\n                  <div class=\"ej-search-image\">\r\n                    <img loading=\"lazy\" decoding=\"async\" width=\"36\" height=\"36\" src=\"https:\/\/staging.fbt-avocats.ch\/wp-content\/plugins\/ej-search\/images\/article-news-36.png\">\r\n                  <\/div>\r\n                <div class=\"ej-search-result-container\">\r\n                  <span class=\"ej-search-title\">La place financi\u00e8re suisse dans 20 ans<\/span>\r\n                  <span class=\"ej-search-date-publication\">Novembre 2010  \/ Private Banking  <\/span>\r\n                  <span class=\"ej-search-competence\">  \/ Banking and Finance <\/span>\r\n                  <span class=\"ej-search-auteur\"> Fr\u00e9d\u00e9rique Bensahel , Jean-Louis Tsimaratos <\/span>\r\n                <\/div>\r\n            <\/a>            <div style=\"clear:both\"><\/div>\r\n          <\/div>\r\n               <div  class=\"ej-search-result-item\">\r\n            <a href=\"https:\/\/staging.fbt-avocats.ch\/en\/de-dommages-interets-aux-contribuables-americains\/\">                <!-- <div> -->\r\n                  <div class=\"ej-search-image\">\r\n                    <img loading=\"lazy\" decoding=\"async\" width=\"36\" height=\"36\" src=\"https:\/\/staging.fbt-avocats.ch\/wp-content\/plugins\/ej-search\/images\/article-news-36.png\">\r\n                  <\/div>\r\n                <div class=\"ej-search-result-container\">\r\n                  <span class=\"ej-search-title\">Pas de dommages-int\u00e9r\u00eats aux contribuables am\u00e9ricains<\/span>\r\n                  <span class=\"ej-search-date-publication\">F\u00e9vrier 2010  \/ Le Temps  <\/span>\r\n                  <span class=\"ej-search-competence\">  \/ Banking and Finance , Litigation and Arbitration <\/span>\r\n                  <span class=\"ej-search-auteur\"> Fr\u00e9d\u00e9rique Bensahel , Serge Fasel <\/span>\r\n                <\/div>\r\n            <\/a>            <div style=\"clear:both\"><\/div>\r\n          <\/div>\r\n               <div  class=\"ej-search-result-item\">\r\n            <a href=\"https:\/\/staging.fbt-avocats.ch\/en\/switzerland-too-small-to-accommodate-bank-refugees\/\">                <!-- <div> -->\r\n                  <div class=\"ej-search-image\">\r\n                    <img loading=\"lazy\" decoding=\"async\" width=\"36\" height=\"36\" src=\"https:\/\/staging.fbt-avocats.ch\/wp-content\/plugins\/ej-search\/images\/article-news-36.png\">\r\n                  <\/div>\r\n                <div class=\"ej-search-result-container\">\r\n                  <span class=\"ej-search-title\">Switzerland &quot;too small&quot; to accommodate bank &quot;refugees&quot;<\/span>\r\n                  <span class=\"ej-search-date-publication\">D\u00e9cembre 2009  \/ Chinadaily.com.cn  <\/span>\r\n                  <span class=\"ej-search-competence\">  \/ Banking and Finance <\/span>\r\n                  <span class=\"ej-search-auteur\"> Fr\u00e9d\u00e9rique Bensahel <\/span>\r\n                <\/div>\r\n            <\/a>            <div style=\"clear:both\"><\/div>\r\n          <\/div>\r\n               <div  class=\"ej-search-result-item\">\r\n            <a href=\"https:\/\/staging.fbt-avocats.ch\/en\/london-exodus-to-geneva-runs-into-housing-school-shortages\/\">                <!-- <div> -->\r\n                  <div class=\"ej-search-image\">\r\n                    <img loading=\"lazy\" decoding=\"async\" width=\"36\" height=\"36\" src=\"https:\/\/staging.fbt-avocats.ch\/wp-content\/plugins\/ej-search\/images\/article-news-36.png\">\r\n                  <\/div>\r\n                <div class=\"ej-search-result-container\">\r\n                  <span class=\"ej-search-title\">London Exodus to Geneva Runs Into Housing, School Shortages<\/span>\r\n                  <span class=\"ej-search-date-publication\">D\u00e9cembre 2009  \/ Bloomberg  <\/span>\r\n                  <span class=\"ej-search-competence\">  \/ Banking and Finance <\/span>\r\n                  <span class=\"ej-search-auteur\"> Fr\u00e9d\u00e9rique Bensahel <\/span>\r\n                <\/div>\r\n            <\/a>            <div style=\"clear:both\"><\/div>\r\n          <\/div>\r\n               <div  class=\"ej-search-result-item\">\r\n            <a href=\"https:\/\/staging.fbt-avocats.ch\/en\/unigestion-opens-fund-in-france-as-secrecy-taints-swiss-image\/\">                <!-- <div> -->\r\n                  <div class=\"ej-search-image\">\r\n                    <img loading=\"lazy\" decoding=\"async\" width=\"36\" height=\"36\" src=\"https:\/\/staging.fbt-avocats.ch\/wp-content\/plugins\/ej-search\/images\/article-news-36.png\">\r\n                  <\/div>\r\n                <div class=\"ej-search-result-container\">\r\n                  <span class=\"ej-search-title\">Unigestion Opens Fund in France as Secrecy Taints Swiss Image<\/span>\r\n                  <span class=\"ej-search-date-publication\">Octobre 2009  \/ Bloomberg  <\/span>\r\n                  <span class=\"ej-search-competence\">  \/ Banking and Finance <\/span>\r\n                  <span class=\"ej-search-auteur\"> Fr\u00e9d\u00e9rique Bensahel <\/span>\r\n                <\/div>\r\n            <\/a>            <div style=\"clear:both\"><\/div>\r\n          <\/div>\r\n               <div  class=\"ej-search-result-item\">\r\n            <a href=\"https:\/\/staging.fbt-avocats.ch\/en\/voyage-initiatique-ruines-systeme-madoff\/\">                <!-- <div> -->\r\n                  <div class=\"ej-search-image\">\r\n                    <img loading=\"lazy\" decoding=\"async\" width=\"36\" height=\"36\" src=\"https:\/\/staging.fbt-avocats.ch\/wp-content\/plugins\/ej-search\/images\/article-news-36.png\">\r\n                  <\/div>\r\n                <div class=\"ej-search-result-container\">\r\n                  <span class=\"ej-search-title\">Voyage initiatique dans les ruines du syst\u00e8me Madoff<\/span>\r\n                  <span class=\"ej-search-date-publication\">Mars 2009  \/ AGEFI  <\/span>\r\n                  <span class=\"ej-search-competence\">  \/ Banking and Finance <\/span>\r\n                  <span class=\"ej-search-auteur\"> Fr\u00e9d\u00e9rique Bensahel , Jean-Louis Tsimaratos <\/span>\r\n                <\/div>\r\n            <\/a>            <div style=\"clear:both\"><\/div>\r\n          <\/div>\r\n               <div  class=\"ej-search-result-item\">\r\n            <a href=\"https:\/\/staging.fbt-avocats.ch\/en\/placement-madoff-a-montre-client-lese-reagir-rapidement\/\">                <!-- <div> -->\r\n                  <div class=\"ej-search-image\">\r\n                    <img loading=\"lazy\" decoding=\"async\" width=\"36\" height=\"36\" src=\"https:\/\/staging.fbt-avocats.ch\/wp-content\/plugins\/ej-search\/images\/article-news-36.png\">\r\n                  <\/div>\r\n                <div class=\"ej-search-result-container\">\r\n                  <span class=\"ej-search-title\">Le placement Madoff a montr\u00e9 que le client l\u00e9s\u00e9 doit r\u00e9agir rapidement<\/span>\r\n                  <span class=\"ej-search-date-publication\">Janvier 2009  \/ AGEFI  <\/span>\r\n                  <span class=\"ej-search-competence\">  \/ Banking and Finance <\/span>\r\n                  <span class=\"ej-search-auteur\"> Fr\u00e9d\u00e9rique Bensahel , Jean-Louis Tsimaratos <\/span>\r\n                <\/div>\r\n            <\/a>            <div style=\"clear:both\"><\/div>\r\n          <\/div>\r\n        <\/div> \r\n\n<\/div><\/div><\/section>\n<\/div><\/div>\n<style type=\"text\/css\" data-created_by=\"avia_inline_auto\" id=\"style-css-av-1ybsnc-508f8d1b31cfe2433b312317d188fc09\">\n.flex_column.av-1ybsnc-508f8d1b31cfe2433b312317d188fc09{\nborder-radius:0px 0px 0px 0px;\npadding:0px 0px 0px 0px;\n}\n<\/style>\n<div  class='flex_column av-1ybsnc-508f8d1b31cfe2433b312317d188fc09 av_one_third  avia-builder-el-23  el_after_av_one_full  avia-builder-el-last  first flex_column_div av-zero-column-padding  column-top-margin'     ><div  class='avia-slideshow av-ltyge8aq-318cf353f1f7d000ecffd7923fd619a5 avia-slideshow-no scaling av_slideshow avia-fade-slider  avia-builder-el-24  avia-builder-el-no-sibling  av-desktop-hide av-medium-hide av-small-hide av-slideshow-ui av-control-default av-slideshow-autoplay av-loop-endless av-loop-manual-endless av-default-height-applied avia-slideshow-5' data-slideshow-options=\"{&quot;animation&quot;:&quot;fade&quot;,&quot;autoplay&quot;:true,&quot;loop_autoplay&quot;:&quot;endless&quot;,&quot;interval&quot;:10,&quot;loop_manual&quot;:&quot;manual-endless&quot;,&quot;autoplay_stopper&quot;:false,&quot;noNavigation&quot;:false,&quot;bg_slider&quot;:false,&quot;keep_padding&quot;:false,&quot;hoverpause&quot;:false,&quot;show_slide_delay&quot;:0}\"  itemprop=\"image\" itemscope=\"itemscope\" itemtype=\"https:\/\/schema.org\/ImageObject\" ><ul class='avia-slideshow-inner ' style='padding-bottom: 125%;'><li  class='avia-slideshow-slide av-ltyge8aq-318cf353f1f7d000ecffd7923fd619a5__0  slide-1 slide-odd'><div data-rel='slideshow-5' class='avia-slide-wrap '   ><img fetchpriority=\"high\" class=\"wp-image-32243 avia-img-lazy-loading-not-32243\"  src='https:\/\/staging.fbt-avocats.ch\/wp-content\/uploads\/2026\/03\/Frederique-Bensahel-Chambers-2026.png' width='1200' height='1500' title='Frederique-Bensahel-Chambers-2026' alt=''  itemprop=\"thumbnailUrl\"   \/><\/div><\/li><li  class='avia-slideshow-slide av-ltyge8aq-318cf353f1f7d000ecffd7923fd619a5__1  slide-2 slide-even'><div data-rel='slideshow-5' class='avia-slide-wrap '   ><img fetchpriority=\"high\" class=\"wp-image-32066 avia-img-lazy-loading-not-32066\"  src='https:\/\/staging.fbt-avocats.ch\/wp-content\/uploads\/2026\/02\/Frederique-bensahel-chambers.png' width='1200' height='1500' title='Frederique-bensahel-chambers' alt=''  itemprop=\"thumbnailUrl\"   \/><\/div><\/li><li  class='avia-slideshow-slide av-ltyge8aq-318cf353f1f7d000ecffd7923fd619a5__2  slide-3 slide-odd'><div data-rel='slideshow-5' class='avia-slide-wrap '   ><img fetchpriority=\"high\" class=\"wp-image-28277 avia-img-lazy-loading-not-28277\"  src='https:\/\/staging.fbt-avocats.ch\/wp-content\/uploads\/2025\/03\/FBE1-1.png' width='1200' height='1500' title='FBE1' alt='Fr\u00e9d\u00e9rique Bensahel Chambers Global 2025'  itemprop=\"thumbnailUrl\"   \/><\/div><\/li><li  class='avia-slideshow-slide av-ltyge8aq-318cf353f1f7d000ecffd7923fd619a5__3  slide-4 slide-even'><div data-rel='slideshow-5' class='avia-slide-wrap '   ><img fetchpriority=\"high\" class=\"wp-image-28283 avia-img-lazy-loading-not-28283\"  src='https:\/\/staging.fbt-avocats.ch\/wp-content\/uploads\/2025\/03\/FBE1-1-1.png' width='1200' height='1500' title='FBE1 (1)' alt='Banking-1 FBT Chambers Global 2025'  itemprop=\"thumbnailUrl\"   \/><\/div><\/li><li  class='avia-slideshow-slide av-ltyge8aq-318cf353f1f7d000ecffd7923fd619a5__4  slide-5 slide-odd'><div data-rel='slideshow-5' class='avia-slide-wrap '   ><img fetchpriority=\"high\" class=\"wp-image-30378 avia-img-lazy-loading-not-30378\"  src='https:\/\/staging.fbt-avocats.ch\/wp-content\/uploads\/2025\/10\/FBE1-2.png' width='1200' height='1500' title='FBE1 (2)' alt=''  itemprop=\"thumbnailUrl\"   \/><\/div><\/li><li  class='avia-slideshow-slide av-ltyge8aq-318cf353f1f7d000ecffd7923fd619a5__5  slide-6 slide-even'><div data-rel='slideshow-5' class='avia-slide-wrap '   ><img fetchpriority=\"high\" class=\"wp-image-26155 avia-img-lazy-loading-not-26155\"  src='https:\/\/staging.fbt-avocats.ch\/wp-content\/uploads\/2024\/10\/FBE1.png' width='1200' height='1500' title='FBE1' alt=''  itemprop=\"thumbnailUrl\"   \/><\/div><\/li><li  class='avia-slideshow-slide av-ltyge8aq-318cf353f1f7d000ecffd7923fd619a5__6  slide-7 slide-odd'><div data-rel='slideshow-5' class='avia-slide-wrap '   ><img fetchpriority=\"high\" class=\"wp-image-26159 avia-img-lazy-loading-not-26159\"  src='https:\/\/staging.fbt-avocats.ch\/wp-content\/uploads\/2024\/10\/FBE3.png' width='1200' height='1500' title='FBE3' alt=''  itemprop=\"thumbnailUrl\"   \/><\/div><\/li><li  class='avia-slideshow-slide av-ltyge8aq-318cf353f1f7d000ecffd7923fd619a5__7  slide-8 slide-even'><div data-rel='slideshow-5' class='avia-slide-wrap '   ><img fetchpriority=\"high\" class=\"wp-image-26157 avia-img-lazy-loading-not-26157\"  src='https:\/\/staging.fbt-avocats.ch\/wp-content\/uploads\/2024\/10\/FBE2.png' width='1200' height='1500' title='FBE2' alt=''  itemprop=\"thumbnailUrl\"   \/><\/div><\/li><\/ul><div class='avia-slideshow-arrows avia-slideshow-controls' ><a href='#prev' class='prev-slide  avia-svg-icon avia-font-svg_entypo-fontello' data-av_svg_icon='left-open-big' data-av_iconset='svg_entypo-fontello' tabindex='-1' title=\"Previous\"><svg version=\"1.1\" xmlns=\"http:\/\/www.w3.org\/2000\/svg\" width=\"15\" height=\"32\" viewBox=\"0 0 15 32\" preserveAspectRatio=\"xMidYMid meet\" aria-labelledby='av-svg-title-3' aria-describedby='av-svg-desc-3' role=\"graphics-symbol\" aria-hidden=\"true\">\n<title id='av-svg-title-3'>Previous<\/title>\n<desc id='av-svg-desc-3'>Previous<\/desc>\n<path d=\"M14.464 27.84q0.832 0.832 0 1.536-0.832 0.832-1.536 0l-12.544-12.608q-0.768-0.768 0-1.6l12.544-12.608q0.704-0.832 1.536 0 0.832 0.704 0 1.536l-11.456 11.904z\"><\/path>\n<\/svg><span class='avia_hidden_link_text'>Previous<\/span><\/a><a href='#next' class='next-slide  avia-svg-icon avia-font-svg_entypo-fontello' data-av_svg_icon='right-open-big' data-av_iconset='svg_entypo-fontello' tabindex='-1' title=\"Next\"><svg version=\"1.1\" xmlns=\"http:\/\/www.w3.org\/2000\/svg\" width=\"15\" height=\"32\" viewBox=\"0 0 15 32\" preserveAspectRatio=\"xMidYMid meet\" aria-labelledby='av-svg-title-4' aria-describedby='av-svg-desc-4' role=\"graphics-symbol\" aria-hidden=\"true\">\n<title id='av-svg-title-4'>Next<\/title>\n<desc id='av-svg-desc-4'>Next<\/desc>\n<path d=\"M0.416 27.84l11.456-11.84-11.456-11.904q-0.832-0.832 0-1.536 0.832-0.832 1.536 0l12.544 12.608q0.768 0.832 0 1.6l-12.544 12.608q-0.704 0.832-1.536 0-0.832-0.704 0-1.536z\"><\/path>\n<\/svg><span class='avia_hidden_link_text'>Next<\/span><\/a><\/div><div class='avia-slideshow-dots avia-slideshow-controls'><a href='#1' class='goto-slide active' >1<\/a><a href='#2' class='goto-slide ' >2<\/a><a href='#3' class='goto-slide ' >3<\/a><a href='#4' class='goto-slide ' >4<\/a><a href='#5' class='goto-slide ' >5<\/a><a href='#6' class='goto-slide ' >6<\/a><a href='#7' class='goto-slide ' >7<\/a><a href='#8' class='goto-slide ' >8<\/a><\/div><\/div><\/div>\n\n","protected":false},"excerpt":{"rendered":"<p>Partner &#8211; Geneva<\/p>\n","protected":false},"author":18,"featured_media":29898,"comment_status":"closed","ping_status":"closed","template":"","meta":{"footnotes":""},"tags":[],"portfolio_entries":[70,630,631,629,2234],"class_list":["post-1534","portfolio","type-portfolio","status-publish","has-post-thumbnail","hentry","portfolio_entries-banking-and-finance","portfolio_entries-family-estate","portfolio_entries-geneve-en","portfolio_entries-partner","portfolio_entries-white-collar-crime"],"yoast_head":"<!-- This site is optimized with the Yoast SEO Premium plugin v27.4 (Yoast SEO v27.4) - https:\/\/yoast.com\/product\/yoast-seo-premium-wordpress\/ -->\n<title>Fr\u00e9d\u00e9rique Bensahel | FBT Avocats SA<\/title>\n<meta name=\"robots\" content=\"noindex, follow, max-snippet:-1, max-image-preview:large, max-video-preview:-1\" \/>\n<meta property=\"og:locale\" content=\"en_US\" \/>\n<meta property=\"og:type\" content=\"article\" \/>\n<meta property=\"og:title\" content=\"Fr\u00e9d\u00e9rique Bensahel\" \/>\n<meta property=\"og:description\" content=\"Partner - Geneva\" \/>\n<meta property=\"og:url\" content=\"https:\/\/staging.fbt-avocats.ch\/en\/portfolio-item\/frederique-bensahel\/\" \/>\n<meta property=\"og:site_name\" content=\"FBT Avocats SA\" \/>\n<meta property=\"article:modified_time\" content=\"2026-03-09T13:55:56+00:00\" \/>\n<meta property=\"og:image\" content=\"https:\/\/staging.fbt-avocats.ch\/wp-content\/uploads\/2025\/09\/Frederique-Bensahel.png\" \/>\n\t<meta property=\"og:image:width\" content=\"800\" \/>\n\t<meta property=\"og:image:height\" content=\"800\" \/>\n\t<meta property=\"og:image:type\" content=\"image\/png\" \/>\n<meta name=\"twitter:card\" content=\"summary_large_image\" \/>\n<meta name=\"twitter:label1\" content=\"Est. reading time\" \/>\n\t<meta name=\"twitter:data1\" content=\"19 minutes\" \/>\n<script type=\"application\/ld+json\" class=\"yoast-schema-graph\">{\"@context\":\"https:\\\/\\\/schema.org\",\"@graph\":[{\"@type\":\"WebPage\",\"@id\":\"https:\\\/\\\/staging.fbt-avocats.ch\\\/en\\\/portfolio-item\\\/frederique-bensahel\\\/\",\"url\":\"https:\\\/\\\/staging.fbt-avocats.ch\\\/en\\\/portfolio-item\\\/frederique-bensahel\\\/\",\"name\":\"Fr\u00e9d\u00e9rique Bensahel | FBT Avocats SA\",\"isPartOf\":{\"@id\":\"https:\\\/\\\/staging.fbt-avocats.ch\\\/en\\\/#website\"},\"primaryImageOfPage\":{\"@id\":\"https:\\\/\\\/staging.fbt-avocats.ch\\\/en\\\/portfolio-item\\\/frederique-bensahel\\\/#primaryimage\"},\"image\":{\"@id\":\"https:\\\/\\\/staging.fbt-avocats.ch\\\/en\\\/portfolio-item\\\/frederique-bensahel\\\/#primaryimage\"},\"thumbnailUrl\":\"https:\\\/\\\/staging.fbt-avocats.ch\\\/wp-content\\\/uploads\\\/2025\\\/09\\\/Frederique-Bensahel.png\",\"datePublished\":\"2016-04-05T12:37:59+00:00\",\"dateModified\":\"2026-03-09T13:55:56+00:00\",\"breadcrumb\":{\"@id\":\"https:\\\/\\\/staging.fbt-avocats.ch\\\/en\\\/portfolio-item\\\/frederique-bensahel\\\/#breadcrumb\"},\"inLanguage\":\"en-US\",\"potentialAction\":[{\"@type\":\"ReadAction\",\"target\":[\"https:\\\/\\\/staging.fbt-avocats.ch\\\/en\\\/portfolio-item\\\/frederique-bensahel\\\/\"]}]},{\"@type\":\"ImageObject\",\"inLanguage\":\"en-US\",\"@id\":\"https:\\\/\\\/staging.fbt-avocats.ch\\\/en\\\/portfolio-item\\\/frederique-bensahel\\\/#primaryimage\",\"url\":\"https:\\\/\\\/staging.fbt-avocats.ch\\\/wp-content\\\/uploads\\\/2025\\\/09\\\/Frederique-Bensahel.png\",\"contentUrl\":\"https:\\\/\\\/staging.fbt-avocats.ch\\\/wp-content\\\/uploads\\\/2025\\\/09\\\/Frederique-Bensahel.png\",\"width\":800,\"height\":800,\"caption\":\"Fr\u00e9d\u00e9rique Bensahel\"},{\"@type\":\"BreadcrumbList\",\"@id\":\"https:\\\/\\\/staging.fbt-avocats.ch\\\/en\\\/portfolio-item\\\/frederique-bensahel\\\/#breadcrumb\",\"itemListElement\":[{\"@type\":\"ListItem\",\"position\":1,\"name\":\"Home\",\"item\":\"https:\\\/\\\/staging.fbt-avocats.ch\\\/en\\\/\"},{\"@type\":\"ListItem\",\"position\":2,\"name\":\"Fr\u00e9d\u00e9rique Bensahel\"}]},{\"@type\":\"WebSite\",\"@id\":\"https:\\\/\\\/staging.fbt-avocats.ch\\\/en\\\/#website\",\"url\":\"https:\\\/\\\/staging.fbt-avocats.ch\\\/en\\\/\",\"name\":\"FBT Avocats SA\",\"description\":\"Etudes bas\u00e9es \u00e0 Gen\u00e8ve et Paris\",\"potentialAction\":[{\"@type\":\"SearchAction\",\"target\":{\"@type\":\"EntryPoint\",\"urlTemplate\":\"https:\\\/\\\/staging.fbt-avocats.ch\\\/en\\\/?s={search_term_string}\"},\"query-input\":{\"@type\":\"PropertyValueSpecification\",\"valueRequired\":true,\"valueName\":\"search_term_string\"}}],\"inLanguage\":\"en-US\"}]}<\/script>\n<!-- \/ Yoast SEO Premium plugin. -->","yoast_head_json":{"title":"Fr\u00e9d\u00e9rique Bensahel | FBT Avocats SA","robots":{"index":"noindex","follow":"follow","max-snippet":"max-snippet:-1","max-image-preview":"max-image-preview:large","max-video-preview":"max-video-preview:-1"},"og_locale":"en_US","og_type":"article","og_title":"Fr\u00e9d\u00e9rique Bensahel","og_description":"Partner - Geneva","og_url":"https:\/\/staging.fbt-avocats.ch\/en\/portfolio-item\/frederique-bensahel\/","og_site_name":"FBT Avocats SA","article_modified_time":"2026-03-09T13:55:56+00:00","og_image":[{"width":800,"height":800,"url":"https:\/\/staging.fbt-avocats.ch\/wp-content\/uploads\/2025\/09\/Frederique-Bensahel.png","type":"image\/png"}],"twitter_card":"summary_large_image","twitter_misc":{"Est. reading time":"19 minutes"},"schema":{"@context":"https:\/\/schema.org","@graph":[{"@type":"WebPage","@id":"https:\/\/staging.fbt-avocats.ch\/en\/portfolio-item\/frederique-bensahel\/","url":"https:\/\/staging.fbt-avocats.ch\/en\/portfolio-item\/frederique-bensahel\/","name":"Fr\u00e9d\u00e9rique Bensahel | FBT Avocats SA","isPartOf":{"@id":"https:\/\/staging.fbt-avocats.ch\/en\/#website"},"primaryImageOfPage":{"@id":"https:\/\/staging.fbt-avocats.ch\/en\/portfolio-item\/frederique-bensahel\/#primaryimage"},"image":{"@id":"https:\/\/staging.fbt-avocats.ch\/en\/portfolio-item\/frederique-bensahel\/#primaryimage"},"thumbnailUrl":"https:\/\/staging.fbt-avocats.ch\/wp-content\/uploads\/2025\/09\/Frederique-Bensahel.png","datePublished":"2016-04-05T12:37:59+00:00","dateModified":"2026-03-09T13:55:56+00:00","breadcrumb":{"@id":"https:\/\/staging.fbt-avocats.ch\/en\/portfolio-item\/frederique-bensahel\/#breadcrumb"},"inLanguage":"en-US","potentialAction":[{"@type":"ReadAction","target":["https:\/\/staging.fbt-avocats.ch\/en\/portfolio-item\/frederique-bensahel\/"]}]},{"@type":"ImageObject","inLanguage":"en-US","@id":"https:\/\/staging.fbt-avocats.ch\/en\/portfolio-item\/frederique-bensahel\/#primaryimage","url":"https:\/\/staging.fbt-avocats.ch\/wp-content\/uploads\/2025\/09\/Frederique-Bensahel.png","contentUrl":"https:\/\/staging.fbt-avocats.ch\/wp-content\/uploads\/2025\/09\/Frederique-Bensahel.png","width":800,"height":800,"caption":"Fr\u00e9d\u00e9rique Bensahel"},{"@type":"BreadcrumbList","@id":"https:\/\/staging.fbt-avocats.ch\/en\/portfolio-item\/frederique-bensahel\/#breadcrumb","itemListElement":[{"@type":"ListItem","position":1,"name":"Home","item":"https:\/\/staging.fbt-avocats.ch\/en\/"},{"@type":"ListItem","position":2,"name":"Fr\u00e9d\u00e9rique Bensahel"}]},{"@type":"WebSite","@id":"https:\/\/staging.fbt-avocats.ch\/en\/#website","url":"https:\/\/staging.fbt-avocats.ch\/en\/","name":"FBT Avocats SA","description":"Etudes bas\u00e9es \u00e0 Gen\u00e8ve et Paris","potentialAction":[{"@type":"SearchAction","target":{"@type":"EntryPoint","urlTemplate":"https:\/\/staging.fbt-avocats.ch\/en\/?s={search_term_string}"},"query-input":{"@type":"PropertyValueSpecification","valueRequired":true,"valueName":"search_term_string"}}],"inLanguage":"en-US"}]}},"_links":{"self":[{"href":"https:\/\/staging.fbt-avocats.ch\/en\/wp-json\/wp\/v2\/portfolio\/1534","targetHints":{"allow":["GET"]}}],"collection":[{"href":"https:\/\/staging.fbt-avocats.ch\/en\/wp-json\/wp\/v2\/portfolio"}],"about":[{"href":"https:\/\/staging.fbt-avocats.ch\/en\/wp-json\/wp\/v2\/types\/portfolio"}],"author":[{"embeddable":true,"href":"https:\/\/staging.fbt-avocats.ch\/en\/wp-json\/wp\/v2\/users\/18"}],"replies":[{"embeddable":true,"href":"https:\/\/staging.fbt-avocats.ch\/en\/wp-json\/wp\/v2\/comments?post=1534"}],"version-history":[{"count":0,"href":"https:\/\/staging.fbt-avocats.ch\/en\/wp-json\/wp\/v2\/portfolio\/1534\/revisions"}],"wp:featuredmedia":[{"embeddable":true,"href":"https:\/\/staging.fbt-avocats.ch\/en\/wp-json\/wp\/v2\/media\/29898"}],"wp:attachment":[{"href":"https:\/\/staging.fbt-avocats.ch\/en\/wp-json\/wp\/v2\/media?parent=1534"}],"wp:term":[{"taxonomy":"post_tag","embeddable":true,"href":"https:\/\/staging.fbt-avocats.ch\/en\/wp-json\/wp\/v2\/tags?post=1534"},{"taxonomy":"portfolio_entries","embeddable":true,"href":"https:\/\/staging.fbt-avocats.ch\/en\/wp-json\/wp\/v2\/portfolio_entries?post=1534"}],"curies":[{"name":"wp","href":"https:\/\/api.w.org\/{rel}","templated":true}]}}