{"id":1543,"date":"2016-04-09T08:34:15","date_gmt":"2016-04-09T07:34:15","guid":{"rendered":"http:\/\/fbt-avocats.ch\/en\/?post_type=portfolio&#038;p=1543"},"modified":"2026-03-09T12:42:13","modified_gmt":"2026-03-09T11:42:13","slug":"jean-luc-bochatay","status":"publish","type":"portfolio","link":"https:\/\/staging.fbt-avocats.ch\/en\/portfolio-item\/jean-luc-bochatay\/","title":{"rendered":"Jean-Luc Bochatay"},"content":{"rendered":"<div id='full_slider_1'  class='avia-fullwidth-slider main_color avia-shadow av-medium-hide av-small-hide av-mini-hide  avia-builder-el-0  el_before_av_slideshow_full  avia-builder-el-first   container_wrap fullsize'  >\n<style type=\"text\/css\" data-created_by=\"avia_inline_auto\" id=\"style-css-av-jzwm0b3n-5a1e7a923afe3ad94be65e88d938aec6\">\n#top #wrap_all .avia-slideshow .av-slideshow-caption.av-jzwm0b3n-5a1e7a923afe3ad94be65e88d938aec6__0 .avia-caption-title{\ncolor:#ffffff;\n}\n#top .avia-slideshow .av-slideshow-caption.av-jzwm0b3n-5a1e7a923afe3ad94be65e88d938aec6__0 .avia-caption-content{\ncolor:#ffffff;\n}\n<\/style>\n<div  class='avia-slideshow av-jzwm0b3n-5a1e7a923afe3ad94be65e88d938aec6 avia-slideshow-no scaling av_slideshow_full avia-fade-slider av-medium-hide av-small-hide av-mini-hide av-slideshow-ui av-control-hidden av-no-slider-navigation av-hide-nav-arrows av-slideshow-manual av-loop-once av-loop-manual-endless av-default-height-applied   avia-slideshow-1' data-slideshow-options=\"{&quot;animation&quot;:&quot;fade&quot;,&quot;autoplay&quot;:false,&quot;loop_autoplay&quot;:&quot;once&quot;,&quot;interval&quot;:5,&quot;loop_manual&quot;:&quot;manual-endless&quot;,&quot;autoplay_stopper&quot;:false,&quot;noNavigation&quot;:true,&quot;bg_slider&quot;:false,&quot;keep_padding&quot;:false,&quot;hoverpause&quot;:false,&quot;show_slide_delay&quot;:0}\"  itemprop=\"image\" itemscope=\"itemscope\" itemtype=\"https:\/\/schema.org\/ImageObject\" ><ul class='avia-slideshow-inner ' style='padding-bottom: 28.666666666667%;'><li  class='avia-slideshow-slide av-jzwm0b3n-5a1e7a923afe3ad94be65e88d938aec6__0  av-single-slide slide-1 slide-odd'><div data-rel='slideshow-1' class='avia-slide-wrap '   ><img fetchpriority=\"high\" class=\"wp-image-29019 avia-img-lazy-loading-not-29019\"  src='https:\/\/staging.fbt-avocats.ch\/wp-content\/uploads\/2025\/07\/JLB.png' width='2250' height='645' title='JLB' alt=''  itemprop=\"thumbnailUrl\"   \/><\/div><\/li><\/ul><div class='av-slideshow-caption av-jzwm0b3n-5a1e7a923afe3ad94be65e88d938aec6__0 caption_fullwidth caption_right'><div class=\"container caption_container\"><div class=\"slideshow_caption\"><div class=\"slideshow_inner_caption\"><div class=\"slideshow_align_caption\"><h2 class='avia-caption-title '  itemprop=\"name\" >Jean-Luc Bochatay<\/h2><div class='avia-caption-content av_inherit_color'  itemprop=\"description\" ><p>Partner | Geneva<br \/>\n+41 22 849 60 40<br \/>\njlbochatay@fbt.ch<\/p>\n<\/div><a href='mailto:jlbochatay@fbt.ch'  target=\"_blank\"  rel=\"noopener noreferrer\" class='avia-slideshow-button avia-button avia-color-theme-color-subtle avia-multi-slideshow-button' data-duration='800' data-easing='easeInOutQuad'>Send an email <\/a><a href='https:\/\/staging.fbt-avocats.ch\/en\/?id_contact=4&amp;download_vcard=1'  target=\"_blank\"  rel=\"noopener noreferrer\" class='avia-slideshow-button avia-button avia-color-theme-color-subtle avia-multi-slideshow-button avia-slideshow-button-2' data-duration='800' data-easing='easeInOutQuad'>Vcard<\/a><\/div><\/div><\/div><\/div><\/div><\/div><\/div>\n<div id='full_slider_2'  class='avia-fullwidth-slider main_color avia-shadow av-desktop-hide av-small-hide av-mini-hide  avia-builder-el-1  el_after_av_slideshow_full  el_before_av_slideshow_full   slider-not-first container_wrap fullsize'  ><div  class='avia-slideshow av-jzwm7iqn-89317b96335832e41ac3fc0da68e4022 avia-slideshow-no scaling av_slideshow_full avia-slide-slider av-desktop-hide av-small-hide av-mini-hide av-slideshow-ui av-control-default av-slideshow-manual av-loop-once av-loop-manual-endless av-default-height-applied   avia-slideshow-2' data-slideshow-options=\"{&quot;animation&quot;:&quot;slide&quot;,&quot;autoplay&quot;:false,&quot;loop_autoplay&quot;:&quot;once&quot;,&quot;interval&quot;:5,&quot;loop_manual&quot;:&quot;manual-endless&quot;,&quot;autoplay_stopper&quot;:false,&quot;noNavigation&quot;:false,&quot;bg_slider&quot;:false,&quot;keep_padding&quot;:false,&quot;hoverpause&quot;:false,&quot;show_slide_delay&quot;:0}\"  itemprop=\"image\" itemscope=\"itemscope\" itemtype=\"https:\/\/schema.org\/ImageObject\" ><ul class='avia-slideshow-inner ' style='padding-bottom: 75%;'><li  class='avia-slideshow-slide av-jzwm7iqn-89317b96335832e41ac3fc0da68e4022__0  av-single-slide slide-1 slide-odd'><div data-rel='slideshow-2' class='avia-slide-wrap '   ><img fetchpriority=\"high\" class=\"wp-image-30034 avia-img-lazy-loading-not-30034\"  src='https:\/\/staging.fbt-avocats.ch\/wp-content\/uploads\/2025\/09\/JLB.png' width='1000' height='750' title='JLB' alt=''  itemprop=\"thumbnailUrl\"   \/><\/div><\/li><\/ul><\/div><\/div>\n<div id='full_slider_3'  class='avia-fullwidth-slider main_color avia-shadow av-desktop-hide av-medium-hide  avia-builder-el-2  el_after_av_slideshow_full  el_before_av_submenu   slider-not-first container_wrap fullsize'  ><div  class='avia-slideshow av-jzwm7iqn-049d270737a7547828a296140101974a avia-slideshow-no scaling av_slideshow_full avia-slide-slider av-desktop-hide av-medium-hide av-slideshow-ui av-control-default av-slideshow-manual av-loop-once av-loop-manual-endless av-default-height-applied   avia-slideshow-3' data-slideshow-options=\"{&quot;animation&quot;:&quot;slide&quot;,&quot;autoplay&quot;:false,&quot;loop_autoplay&quot;:&quot;once&quot;,&quot;interval&quot;:5,&quot;loop_manual&quot;:&quot;manual-endless&quot;,&quot;autoplay_stopper&quot;:false,&quot;noNavigation&quot;:false,&quot;bg_slider&quot;:false,&quot;keep_padding&quot;:false,&quot;hoverpause&quot;:false,&quot;show_slide_delay&quot;:0}\"  itemprop=\"image\" itemscope=\"itemscope\" itemtype=\"https:\/\/schema.org\/ImageObject\" ><ul class='avia-slideshow-inner ' style='padding-bottom: 100%;'><li  class='avia-slideshow-slide av-jzwm7iqn-049d270737a7547828a296140101974a__0  av-single-slide slide-1 slide-odd'><div data-rel='slideshow-3' class='avia-slide-wrap '   ><img fetchpriority=\"high\" class=\"wp-image-29908 avia-img-lazy-loading-not-29908\"  src='https:\/\/staging.fbt-avocats.ch\/wp-content\/uploads\/2025\/09\/Jean-Luc-Bochatay.png' width='800' height='800' title='Jean-Luc-Bochatay' alt='Jean-Luc Bochatay'  itemprop=\"thumbnailUrl\"   \/><\/div><\/li><\/ul><\/div><\/div>\n<div class='clear'><\/div><div id='sub_menu1'  class='av-submenu-container av-m0m7w4j6-4da9a070cf77a9f89c6881fa7a132616 main_color  avia-builder-el-3  el_after_av_slideshow_full  el_before_av_heading  av-sticky-submenu submenu-not-first container_wrap fullsize' style='z-index:301' ><div class='container av-menu-mobile-disabled av-submenu-pos-center'><ul id='av-custom-submenu-1' class='av-subnav-menu' role='menu'>\n<li class='menu-item av-10rtvf7-0bd12b845d0346df1137e1ce7c41e0e5 menu-item-top-level menu-item-top-level-1' role='menuitem'><a href='#top'  ><span class='avia-bullet'><\/span><span class='avia-menu-text'>Contact<\/span><\/a><\/li>\n<li class='menu-item av-1qdvx2x-e813ff4b05dc59d050d5038fcb3f3237 menu-item-top-level menu-item-top-level-2' role='menuitem'><a href='#competence'  ><span class='avia-bullet'><\/span><span class='avia-menu-text'>Expertise<\/span><\/a><\/li>\n<li class='menu-item av-17f65p5-86c70a2d41d2841185144014814e1cb8 menu-item-top-level menu-item-top-level-3' role='menuitem'><a href='#cv'  ><span class='avia-bullet'><\/span><span class='avia-menu-text'>Resume<\/span><\/a><\/li>\n<li class='menu-item av-kqk0d5-097f1fd3eddc574c414861ec58e9a76b menu-item-top-level menu-item-top-level-4' role='menuitem'><a href='https:\/\/www.linkedin.com\/in\/jean-luc-bochatay-2a586514a\/'  target=\"_blank\"  rel=\"noopener noreferrer\" ><span class='avia-bullet'><\/span><span class='avia-menu-text'>LinkedIn<\/span><\/a><\/li>\n<\/ul><\/div><\/div><div class='sticky_placeholder'><\/div><div id='after_submenu_1'  class='main_color av_default_container_wrap container_wrap fullsize'  ><div class='container av-section-cont-open' ><div class='template-page content  av-content-full alpha units'><div class='post-entry post-entry-type-page post-entry-1543'><div class='entry-content-wrapper clearfix'>\n\n<style type=\"text\/css\" data-created_by=\"avia_inline_auto\" id=\"style-css-av-av_heading-a987bd87eabfdf6ed3e9fa9ecc5ac6a3\">\n#top .av-special-heading.av-av_heading-a987bd87eabfdf6ed3e9fa9ecc5ac6a3{\npadding-bottom:0;\n}\nbody .av-special-heading.av-av_heading-a987bd87eabfdf6ed3e9fa9ecc5ac6a3 .av-special-heading-tag .heading-char{\nfont-size:25px;\n}\n.av-special-heading.av-av_heading-a987bd87eabfdf6ed3e9fa9ecc5ac6a3 .av-subheading{\nfont-size:15px;\n}\n<\/style>\n<div  class='av-special-heading av-av_heading-a987bd87eabfdf6ed3e9fa9ecc5ac6a3 av-special-heading-h1 blockquote modern-quote modern-centered  avia-builder-el-4  el_after_av_submenu  el_before_av_hr  avia-builder-el-first  av-desktop-hide'><h1 class='av-special-heading-tag '  itemprop=\"headline\"  >Jean-Luc Bochatay<\/h1><div class='av-subheading av-subheading_below'><p>Partner | Geneva<\/p>\n<\/div><div class=\"special-heading-border\"><div class=\"special-heading-inner-border\"><\/div><\/div><\/div>\n\n<style type=\"text\/css\" data-created_by=\"avia_inline_auto\" id=\"style-css-av-jue2njy8-0d772e6fb08857b99e1ad5955fce63df\">\n#top .hr.hr-invisible.av-jue2njy8-0d772e6fb08857b99e1ad5955fce63df{\nheight:20px;\n}\n<\/style>\n<div  class='hr av-jue2njy8-0d772e6fb08857b99e1ad5955fce63df hr-invisible  avia-builder-el-5  el_after_av_heading  el_before_av_textblock  av-desktop-hide av-medium-hide av-small-hide'><span class='hr-inner '><span class=\"hr-inner-style\"><\/span><\/span><\/div>\n<section  class='av_textblock_section av-2ww7tt-44415773284c5e8bfae76f80ed858d1c '   itemscope=\"itemscope\" itemtype=\"https:\/\/schema.org\/CreativeWork\" ><div class='av-desktop-hide avia_textblock'  itemprop=\"text\" ><p style=\"text-align: center;\">+41 22 849 60 40<br \/>\n<a href=\"mailto:jlbochatay@fbt.ch\">jlbochatay@fbt.ch<\/a><\/p>\n<\/div><\/section>\n<div  class='avia-buttonrow-wrap av-k0pblb3u-67ad9170d91c8a10bc928dc155f879a9 avia-buttonrow-center  avia-builder-el-7  el_after_av_textblock  el_before_av_section  avia-builder-el-last  av-desktop-hide'>\n\n<style type=\"text\/css\" data-created_by=\"avia_inline_auto\" id=\"style-css-av-16pqy61-7b270024c08c47cf7ee264078972f986\">\n#top #wrap_all .avia-button.av-16pqy61-7b270024c08c47cf7ee264078972f986{\nmargin-bottom:5px;\nmargin-right:3px;\nmargin-left:3px;\n}\n<\/style>\n<a href='https:\/\/staging.fbt-avocats.ch\/en\/?id_contact=4&amp;download_vcard=1'  class='avia-button av-16pqy61-7b270024c08c47cf7ee264078972f986 avia-icon_select-yes-left-icon avia-size-medium av-icon-on-hover avia-color-dark'   aria-label=\"vCard\"><span class='avia_button_icon avia_button_icon_left avia-iconfont avia-font-entypo-fontello' data-av_icon='\ue840' data-av_iconfont='entypo-fontello' ><\/span><span class='avia_iconbox_title' >vCard<\/span><\/a>\n<\/div>\n<\/div><\/div><\/div><!-- close content main div --><\/div><\/div><div id='competence'  class='avia-section av-8hswd6-337bab2c9e8955ecfd633959396212b0 main_color avia-section-large avia-no-border-styling  avia-builder-el-8  el_after_av_buttonrow  el_before_av_section  avia-bg-style-scroll container_wrap fullsize'  ><div class='container av-section-cont-open' ><div class='template-page content  av-content-full alpha units'><div class='post-entry post-entry-type-page post-entry-1543'><div class='entry-content-wrapper clearfix'>\n\n<style type=\"text\/css\" data-created_by=\"avia_inline_auto\" id=\"style-css-av-jue2inuw-924e06d8df63b30a53f7c57be4b65d8a\">\n.flex_column.av-jue2inuw-924e06d8df63b30a53f7c57be4b65d8a{\nborder-radius:0px 0px 0px 0px;\npadding:0px 0px 0px 0px;\n}\n<\/style>\n<div  class='flex_column av-jue2inuw-924e06d8df63b30a53f7c57be4b65d8a av_one_full  avia-builder-el-9  el_before_av_two_third  avia-builder-el-first  first flex_column_div av-animated-generic top-to-bottom av-zero-column-padding  '     ><section  class='av_textblock_section av-2ww7tt-7875c39ba456370010ab510e8617a56e '   itemscope=\"itemscope\" itemtype=\"https:\/\/schema.org\/CreativeWork\" ><div class='avia_textblock'  itemprop=\"text\" ><p style=\"text-align: left;\"><strong>Practice areas:<\/strong>\u00a0<a href=\"https:\/\/staging.fbt-avocats.ch\/en\/competence\/family-estate\/\">Family Estate Law (Head of practice)<\/a>, <a href=\"https:\/\/staging.fbt-avocats.ch\/en\/competence\/tax-and-corporate-lawyers\/\">Tax<\/a>,\u00a0<a href=\"https:\/\/staging.fbt-avocats.ch\/en\/competence\/corporate-and-commercial-law\/\">Corporate and Commercial<\/a><\/p>\n<p style=\"text-align: left;\"><strong>Languages:<\/strong> French,\u00a0English,\u00a0German,\u00a0Italian<\/p>\n<\/div><\/section><\/div>\n<style type=\"text\/css\" data-created_by=\"avia_inline_auto\" id=\"style-css-av-18fvr6u-bacec399fc9d5769465d34dd8a941026\">\n.flex_column.av-18fvr6u-bacec399fc9d5769465d34dd8a941026{\nborder-radius:0px 0px 0px 0px;\npadding:30px 30px 30px 30px;\n}\n<\/style>\n<div  class='flex_column av-18fvr6u-bacec399fc9d5769465d34dd8a941026 av_two_third  avia-builder-el-11  el_after_av_one_full  el_before_av_one_third  first flex_column_div av-animated-generic top-to-bottom  column-top-margin'     ><section  class='av_textblock_section av-aetxu-7f1035c1649d91975d38daa9d5866b90 '   itemscope=\"itemscope\" itemtype=\"https:\/\/schema.org\/CreativeWork\" ><div class='avia_textblock'  itemprop=\"text\" ><h3 style=\"text-align: left;\">EXPERTISE<\/h3>\n<\/div><\/section><br \/>\n<section  class='av_textblock_section av-aetxu-7f1035c1649d91975d38daa9d5866b90 '   itemscope=\"itemscope\" itemtype=\"https:\/\/schema.org\/CreativeWork\" ><div class='avia_textblock'  itemprop=\"text\" ><p><strong>Jean-Luc Bochatay<\/strong> is co-founder and Chairman of the law firm FBT Avocats SA with offices in Geneva and Paris. He has broad experience in tax, finance and corporate commercial issues regarding Swiss and foreign corporations and their shareholders.<\/p>\n<p>He regularly advises individuals and corporate clients on complex domestic and cross-border matters.<\/p>\n<p>Jean-Luc Bochatay has extensive experience in handling and coordinating multi-jurisdictional projects. He is considered as a leading expert in Swiss-French regulatory and tax matters.<\/p>\n<\/div><\/section><\/p><\/div>\n<style type=\"text\/css\" data-created_by=\"avia_inline_auto\" id=\"style-css-av-1ybsnc-86493238b803b1ed967405a913b5cc87\">\n.flex_column.av-1ybsnc-86493238b803b1ed967405a913b5cc87{\nborder-radius:0px 0px 0px 0px;\npadding:0px 0px 0px 0px;\n}\n<\/style>\n<div  class='flex_column av-1ybsnc-86493238b803b1ed967405a913b5cc87 av_one_third  avia-builder-el-14  el_after_av_two_third  el_before_av_two_third  flex_column_div av-zero-column-padding  column-top-margin'     ><div  class='avia-slideshow av-ltyge8aq-8718526fd6f80626aa4e32cf90bfaf2a avia-slideshow-no scaling av_slideshow avia-fade-slider  avia-builder-el-15  avia-builder-el-no-sibling  av-mini-hide av-slideshow-ui av-control-default av-slideshow-autoplay av-loop-endless av-loop-manual-endless av-default-height-applied avia-slideshow-4' data-slideshow-options=\"{&quot;animation&quot;:&quot;fade&quot;,&quot;autoplay&quot;:true,&quot;loop_autoplay&quot;:&quot;endless&quot;,&quot;interval&quot;:10,&quot;loop_manual&quot;:&quot;manual-endless&quot;,&quot;autoplay_stopper&quot;:false,&quot;noNavigation&quot;:false,&quot;bg_slider&quot;:false,&quot;keep_padding&quot;:false,&quot;hoverpause&quot;:false,&quot;show_slide_delay&quot;:0}\"  itemprop=\"image\" itemscope=\"itemscope\" itemtype=\"https:\/\/schema.org\/ImageObject\" ><ul class='avia-slideshow-inner ' style='padding-bottom: 125%;'><li  class='avia-slideshow-slide av-ltyge8aq-8718526fd6f80626aa4e32cf90bfaf2a__0  slide-1 slide-odd'><div data-rel='slideshow-4' class='avia-slide-wrap '   ><img fetchpriority=\"high\" class=\"wp-image-26167 avia-img-lazy-loading-not-26167\"  src='https:\/\/staging.fbt-avocats.ch\/wp-content\/uploads\/2024\/10\/JLB1.png' width='1200' height='1500' title='JLB1' alt=''  itemprop=\"thumbnailUrl\"   \/><\/div><\/li><li  class='avia-slideshow-slide av-ltyge8aq-8718526fd6f80626aa4e32cf90bfaf2a__1  slide-2 slide-even'><div data-rel='slideshow-4' class='avia-slide-wrap '   ><img fetchpriority=\"high\" class=\"wp-image-26169 avia-img-lazy-loading-not-26169\"  src='https:\/\/staging.fbt-avocats.ch\/wp-content\/uploads\/2024\/10\/JLB2.png' width='1200' height='1500' title='JLB2' alt=''  itemprop=\"thumbnailUrl\"   \/><\/div><\/li><li  class='avia-slideshow-slide av-ltyge8aq-8718526fd6f80626aa4e32cf90bfaf2a__2  slide-3 slide-odd'><div data-rel='slideshow-4' class='avia-slide-wrap '   ><img fetchpriority=\"high\" class=\"wp-image-26171 avia-img-lazy-loading-not-26171\"  src='https:\/\/staging.fbt-avocats.ch\/wp-content\/uploads\/2024\/10\/JLB3.png' width='1200' height='1500' title='JLB3' alt=''  itemprop=\"thumbnailUrl\"   \/><\/div><\/li><\/ul><div class='avia-slideshow-arrows avia-slideshow-controls' ><a href='#prev' class='prev-slide  avia-svg-icon avia-font-svg_entypo-fontello' data-av_svg_icon='left-open-big' data-av_iconset='svg_entypo-fontello' tabindex='-1' title=\"Previous\"><svg version=\"1.1\" xmlns=\"http:\/\/www.w3.org\/2000\/svg\" width=\"15\" height=\"32\" viewBox=\"0 0 15 32\" preserveAspectRatio=\"xMidYMid meet\" aria-labelledby='av-svg-title-1' aria-describedby='av-svg-desc-1' role=\"graphics-symbol\" aria-hidden=\"true\">\n<title id='av-svg-title-1'>Previous<\/title>\n<desc id='av-svg-desc-1'>Previous<\/desc>\n<path d=\"M14.464 27.84q0.832 0.832 0 1.536-0.832 0.832-1.536 0l-12.544-12.608q-0.768-0.768 0-1.6l12.544-12.608q0.704-0.832 1.536 0 0.832 0.704 0 1.536l-11.456 11.904z\"><\/path>\n<\/svg><span class='avia_hidden_link_text'>Previous<\/span><\/a><a href='#next' class='next-slide  avia-svg-icon avia-font-svg_entypo-fontello' data-av_svg_icon='right-open-big' data-av_iconset='svg_entypo-fontello' tabindex='-1' title=\"Next\"><svg version=\"1.1\" xmlns=\"http:\/\/www.w3.org\/2000\/svg\" width=\"15\" height=\"32\" viewBox=\"0 0 15 32\" preserveAspectRatio=\"xMidYMid meet\" aria-labelledby='av-svg-title-2' aria-describedby='av-svg-desc-2' role=\"graphics-symbol\" aria-hidden=\"true\">\n<title id='av-svg-title-2'>Next<\/title>\n<desc id='av-svg-desc-2'>Next<\/desc>\n<path d=\"M0.416 27.84l11.456-11.84-11.456-11.904q-0.832-0.832 0-1.536 0.832-0.832 1.536 0l12.544 12.608q0.768 0.832 0 1.6l-12.544 12.608q-0.704 0.832-1.536 0-0.832-0.704 0-1.536z\"><\/path>\n<\/svg><span class='avia_hidden_link_text'>Next<\/span><\/a><\/div><div class='avia-slideshow-dots avia-slideshow-controls'><a href='#1' class='goto-slide active' >1<\/a><a href='#2' class='goto-slide ' >2<\/a><a href='#3' class='goto-slide ' >3<\/a><\/div><\/div><\/div>\n<style type=\"text\/css\" data-created_by=\"avia_inline_auto\" id=\"style-css-av-eft49-bcbca66d6b2f78014a024cd8089b7345\">\n.flex_column.av-eft49-bcbca66d6b2f78014a024cd8089b7345{\nborder-radius:5px 5px 30px 5px;\npadding:30px 30px 30px 30px;\nbackground-color:#f2f2f2;\n}\n<\/style>\n<div  class='flex_column av-eft49-bcbca66d6b2f78014a024cd8089b7345 av_two_third  avia-builder-el-16  el_after_av_one_third  avia-builder-el-last  first flex_column_div av-animated-generic bottom-to-top  column-top-margin'     ><section  class='av_textblock_section av-aetxu-7f1035c1649d91975d38daa9d5866b90 '   itemscope=\"itemscope\" itemtype=\"https:\/\/schema.org\/CreativeWork\" ><div class='avia_textblock'  itemprop=\"text\" ><h3>AREAS OF EXPERTISE<\/h3>\n<\/div><\/section><br \/>\n<div  class='avia-icon-list-container av-jue3hdvc-f74547ff59fa6245eae8229a0a325dec  avia-builder-el-18  el_after_av_textblock  avia-builder-el-last '><ul class='avia-icon-list avia_animate_when_almost_visible avia-icon-list-left av-iconlist-small av-jue3hdvc-f74547ff59fa6245eae8229a0a325dec avia-iconlist-animate'>\n<li><div class='iconlist_icon av-8g1oef-12adf284111fd16654b88603bb0528a5 avia-font-entypo-fontello avia-iconfont avia-font-entypo-fontello'><span class='av-icon-char' data-av_icon='\ue885' data-av_iconfont='entypo-fontello' aria-hidden=\"true\"><\/span><\/div><article class=\"article-icon-entry av-iconlist-empty\"  itemscope=\"itemscope\" itemtype=\"https:\/\/schema.org\/CreativeWork\" ><div class=\"iconlist_content_wrap\"><header class=\"entry-content-header\" aria-label=\"Icon: Swiss-French cross-border issues \"><div class='av_iconlist_title iconlist_title_small  '  itemprop=\"headline\" >Swiss-French cross-border issues <\/div><\/header><div class='iconlist_content '  itemprop=\"text\" ><\/div><\/div><footer class=\"entry-footer\"><\/footer><\/article><div class=\"iconlist-timeline\"><\/div><\/li>\n<li><div class='iconlist_icon av-7z4jdz-ced1944656e8692b7b9b3d3a0e2dcd53 avia-font-entypo-fontello avia-iconfont avia-font-entypo-fontello'><span class='av-icon-char' data-av_icon='\ue885' data-av_iconfont='entypo-fontello' aria-hidden=\"true\"><\/span><\/div><article class=\"article-icon-entry av-iconlist-empty\"  itemscope=\"itemscope\" itemtype=\"https:\/\/schema.org\/CreativeWork\" ><div class=\"iconlist_content_wrap\"><header class=\"entry-content-header\" aria-label=\"Icon: Tax disclosures \"><div class='av_iconlist_title iconlist_title_small  '  itemprop=\"headline\" >Tax disclosures <\/div><\/header><div class='iconlist_content '  itemprop=\"text\" ><\/div><\/div><footer class=\"entry-footer\"><\/footer><\/article><div class=\"iconlist-timeline\"><\/div><\/li>\n<li><div class='iconlist_icon av-6dcmuf-f52c043a2324a4e8808e826b8bf58384 avia-font-entypo-fontello avia-iconfont avia-font-entypo-fontello'><span class='av-icon-char' data-av_icon='\ue885' data-av_iconfont='entypo-fontello' aria-hidden=\"true\"><\/span><\/div><article class=\"article-icon-entry av-iconlist-empty\"  itemscope=\"itemscope\" itemtype=\"https:\/\/schema.org\/CreativeWork\" ><div class=\"iconlist_content_wrap\"><header class=\"entry-content-header\" aria-label=\"Icon: Administrative assistance in tax matters \"><div class='av_iconlist_title iconlist_title_small  '  itemprop=\"headline\" >Administrative assistance in tax matters <\/div><\/header><div class='iconlist_content '  itemprop=\"text\" ><\/div><\/div><footer class=\"entry-footer\"><\/footer><\/article><div class=\"iconlist-timeline\"><\/div><\/li>\n<li><div class='iconlist_icon av-4fa4nr-583b9456409d509f7c981cb052457cef avia-font-entypo-fontello avia-iconfont avia-font-entypo-fontello'><span class='av-icon-char' data-av_icon='\ue885' data-av_iconfont='entypo-fontello' aria-hidden=\"true\"><\/span><\/div><article class=\"article-icon-entry av-iconlist-empty\"  itemscope=\"itemscope\" itemtype=\"https:\/\/schema.org\/CreativeWork\" ><div class=\"iconlist_content_wrap\"><header class=\"entry-content-header\" aria-label=\"Icon: Commercial and contract law \"><div class='av_iconlist_title iconlist_title_small  '  itemprop=\"headline\" >Commercial and contract law <\/div><\/header><div class='iconlist_content '  itemprop=\"text\" ><\/div><\/div><footer class=\"entry-footer\"><\/footer><\/article><div class=\"iconlist-timeline\"><\/div><\/li>\n<li><div class='iconlist_icon av-9dmycn-44668238f047369224e97ec790148935 avia-font-entypo-fontello avia-iconfont avia-font-entypo-fontello'><span class='av-icon-char' data-av_icon='\ue885' data-av_iconfont='entypo-fontello' aria-hidden=\"true\"><\/span><\/div><article class=\"article-icon-entry av-iconlist-empty\"  itemscope=\"itemscope\" itemtype=\"https:\/\/schema.org\/CreativeWork\" ><div class=\"iconlist_content_wrap\"><header class=\"entry-content-header\" aria-label=\"Icon: Asset restructuring\"><div class='av_iconlist_title iconlist_title_small  '  itemprop=\"headline\" >Asset restructuring<\/div><\/header><div class='iconlist_content '  itemprop=\"text\" ><\/div><\/div><footer class=\"entry-footer\"><\/footer><\/article><div class=\"iconlist-timeline\"><\/div><\/li>\n<\/ul><\/div><\/p><\/div><\/div><\/div><\/div><!-- close content main div --><\/div><\/div><div id='av_section_2'  class='avia-section av-2mmcyh-3f261b9a72ca7fff44d60af4af22c347 main_color avia-section-default avia-no-border-styling  avia-builder-el-19  el_after_av_section  el_before_av_section  avia-bg-style-scroll container_wrap fullsize'  ><div class='container av-section-cont-open' ><div class='template-page content  av-content-full alpha units'><div class='post-entry post-entry-type-page post-entry-1543'><div class='entry-content-wrapper clearfix'><\/p>\n<\/div><\/div><\/div><!-- close content main div --><\/div><\/div><div id='cv'  class='avia-section av-7eyht-d543312c3427c98ff1b6b90335ef37de alternate_color avia-section-default avia-no-border-styling  avia-builder-el-20  el_after_av_section  avia-builder-el-last  avia-bg-style-scroll container_wrap fullsize'  ><div class='container av-section-cont-open' ><div class='template-page content  av-content-full alpha units'><div class='post-entry post-entry-type-page post-entry-1543'><div class='entry-content-wrapper clearfix'>\n\n<style type=\"text\/css\" data-created_by=\"avia_inline_auto\" id=\"style-css-av-jsl0pseh-6e04d322d315b3c37bf9f8a55b5a6eff\">\n.flex_column.av-jsl0pseh-6e04d322d315b3c37bf9f8a55b5a6eff{\nborder-radius:0px 0px 0px 0px;\npadding:50px 50px 50px 50px;\n}\n<\/style>\n<div  class='flex_column av-jsl0pseh-6e04d322d315b3c37bf9f8a55b5a6eff av_one_full  avia-builder-el-21  el_before_av_one_third  avia-builder-el-first  first flex_column_div  '     ><div  class='tabcontainer av-2gao7m-4bcdff530d5c611c3f96b01aa2b1cef8 sidebar_tab sidebar_tab_left  avia-builder-el-22  avia-builder-el-no-sibling  noborder_tabs'>\n<section class='av_tab_section av_tab_section av-22n5av-2b9f83acea33bf1365efe0b7036ac54b'  itemscope=\"itemscope\" itemtype=\"https:\/\/schema.org\/CreativeWork\" ><div id='tab-id-1-tab' class='tab active_tab' role='tab' aria-selected=\"true\" tabindex=\"0\" data-fake-id='#tab-id-1' aria-controls='tab-id-1-content'  itemprop=\"headline\" >Education and Professional Experience<\/div><div id='tab-id-1-content' class='tab_content active_tab_content' role='tabpanel' aria-labelledby='tab-id-1-tab' aria-hidden=\"false\"><div class='tab_inner_content invers-color'  itemprop=\"text\" ><p><strong>Since 1993<\/strong><br \/>\nPartner, FBT Avocats SA, Geneva<\/p>\n<p><strong>1992-1993<br \/>\n<\/strong>Associate, Pirenne, Python, Peter and Schifferli, Geneva<\/p>\n<p><strong>1992<br \/>\n<\/strong>Admission to the Geneva Bar<\/p>\n<p><strong>1988-1990<br \/>\n<\/strong>Head of Legal Department, Foncia Group, Paris<\/p>\n<p><strong>1989<br \/>\n<\/strong>Law degree, University of Lausanne<\/p>\n<\/div><\/div><\/section>\n<section class='av_tab_section av_tab_section av-5b8gp3-df13a43dd25a7ab57d8c659c559f6cdf'  itemscope=\"itemscope\" itemtype=\"https:\/\/schema.org\/CreativeWork\" ><div id='tab-id-2-tab' class='tab' role='tab' aria-selected=\"false\" tabindex=\"0\" data-fake-id='#tab-id-2' aria-controls='tab-id-2-content'  itemprop=\"headline\" >Memberships<\/div><div id='tab-id-2-content' class='tab_content' role='tabpanel' aria-labelledby='tab-id-2-tab' aria-hidden=\"true\"><div class='tab_inner_content invers-color'  itemprop=\"text\" ><p>Geneva Bar Association<\/p>\n<p>Swiss Bar Association<\/p>\n<p>International Bar Association (IBA)<\/p>\n<p>Business Club Dun &amp; Bradstreet (Suisse) SA<\/p>\n<\/div><\/div><\/section>\n<section class='av_tab_section av_tab_section av-j24rn-aaf66c49188becd19e64730b1e5a1218'  itemscope=\"itemscope\" itemtype=\"https:\/\/schema.org\/CreativeWork\" ><div id='tab-id-3-tab' class='tab' role='tab' aria-selected=\"false\" tabindex=\"0\" data-fake-id='#tab-id-3' aria-controls='tab-id-3-content'  itemprop=\"headline\" >Publications<\/div><div id='tab-id-3-content' class='tab_content' role='tabpanel' aria-labelledby='tab-id-3-tab' aria-hidden=\"true\"><div class='tab_inner_content invers-color'  itemprop=\"text\" >    <div id=\"ej-search-result\">\r\n               <div  class=\"ej-search-result-item\">\r\n            <a href=\"https:\/\/staging.fbt-avocats.ch\/en\/mesures-prendre-face-a-lincertitude-fiscale-france\/\">                <!-- <div> -->\r\n                  <div class=\"ej-search-image\">\r\n                    <img loading=\"lazy\" decoding=\"async\" width=\"36\" height=\"36\" src=\"https:\/\/staging.fbt-avocats.ch\/wp-content\/plugins\/ej-search\/images\/article-publication-36.png\">\r\n                  <\/div>\r\n                <div class=\"ej-search-result-container\">\r\n                  <span class=\"ej-search-title\">What measures can be taken to deal with tax uncertainty in France?<\/span>\r\n                  <span class=\"ej-search-date-publication\">Janvier 2025  \/ BSL Banking in Switzerland and Liechstenstein  <\/span>\r\n                  <span class=\"ej-search-competence\">  \/ Tax <\/span>\r\n                  <span class=\"ej-search-auteur\"> Alain Moreau , Jean-Luc Bochatay <\/span>\r\n                <\/div>\r\n            <\/a>            <div style=\"clear:both\"><\/div>\r\n          <\/div>\r\n               <div  class=\"ej-search-result-item\">\r\n            <a href=\"https:\/\/staging.fbt-avocats.ch\/en\/the-dutreil-pact-in-an-international-context-a-precautionary-measure-to-effectively-reduce-the-french-tax-cost-of-a-company-transfer\/\">                <!-- <div> -->\r\n                  <div class=\"ej-search-image\">\r\n                    <img loading=\"lazy\" decoding=\"async\" width=\"36\" height=\"36\" src=\"https:\/\/staging.fbt-avocats.ch\/wp-content\/plugins\/ej-search\/images\/article-publication-36.png\">\r\n                  <\/div>\r\n                <div class=\"ej-search-result-container\">\r\n                  <span class=\"ej-search-title\">The \u00ab Dutreil \u00bb pact in an international context: a precautionary measure to effectively reduce the French tax cost of a company transfer<\/span>\r\n                  <span class=\"ej-search-date-publication\">D\u00e9cembre 2023  \/ BSL Banking in Switzerland and Liechstenstein  <\/span>\r\n                  <span class=\"ej-search-competence\">  \/ Tax , Family Estate <\/span>\r\n                  <span class=\"ej-search-auteur\"> Jean-Luc Bochatay , J\u00e9r\u00f4me Bissardon <\/span>\r\n                <\/div>\r\n            <\/a>            <div style=\"clear:both\"><\/div>\r\n          <\/div>\r\n               <div  class=\"ej-search-result-item\">\r\n            <a href=\"https:\/\/staging.fbt-avocats.ch\/en\/investissements-suisse-france-residents-emirats-arabes-unis-opportunites-contraintes\/\">                <!-- <div> -->\r\n                  <div class=\"ej-search-image\">\r\n                    <img loading=\"lazy\" decoding=\"async\" width=\"36\" height=\"36\" src=\"https:\/\/staging.fbt-avocats.ch\/wp-content\/plugins\/ej-search\/images\/article-publication-36.png\">\r\n                  <\/div>\r\n                <div class=\"ej-search-result-container\">\r\n                  <span class=\"ej-search-title\">Investissements en Suisse et en France par des r\u00e9sidents des Emirats Arabes Unis : opportunit\u00e9s et contraintes<\/span>\r\n                  <span class=\"ej-search-date-publication\">Novembre 2022  \/ BSL Banking in Switzerland and Liechstenstein  <\/span>\r\n                  <span class=\"ej-search-competence\">  \/ Tax <\/span>\r\n                  <span class=\"ej-search-auteur\"> Alain Moreau , Jean-Luc Bochatay <\/span>\r\n                <\/div>\r\n            <\/a>            <div style=\"clear:both\"><\/div>\r\n          <\/div>\r\n               <div  class=\"ej-search-result-item\">\r\n            <a href=\"https:\/\/staging.fbt-avocats.ch\/en\/transfer-of-residence-to-france-or-switzerland-opportunities-and-tax-risks\/\">                <!-- <div> -->\r\n                  <div class=\"ej-search-image\">\r\n                    <img loading=\"lazy\" decoding=\"async\" width=\"36\" height=\"36\" src=\"https:\/\/staging.fbt-avocats.ch\/wp-content\/plugins\/ej-search\/images\/article-publication-36.png\">\r\n                  <\/div>\r\n                <div class=\"ej-search-result-container\">\r\n                  <span class=\"ej-search-title\">Transfer of residence to France or Switzerland: opportunities and tax risks<\/span>\r\n                  <span class=\"ej-search-date-publication\">D\u00e9cembre 2021  \/ BSL Banking in Switzerland and Luxembourg  <\/span>\r\n                  <span class=\"ej-search-competence\">  \/ Tax <\/span>\r\n                  <span class=\"ej-search-auteur\"> Alain Moreau , Jean-Luc Bochatay <\/span>\r\n                <\/div>\r\n            <\/a>            <div style=\"clear:both\"><\/div>\r\n          <\/div>\r\n               <div  class=\"ej-search-result-item\">\r\n            <a href=\"https:\/\/staging.fbt-avocats.ch\/en\/franco-swiss-tax-considerations-for-foreigners-wishing-to-invest-in-one-of-these-two-countries\/\">                <!-- <div> -->\r\n                  <div class=\"ej-search-image\">\r\n                    <img loading=\"lazy\" decoding=\"async\" width=\"36\" height=\"36\" src=\"https:\/\/staging.fbt-avocats.ch\/wp-content\/plugins\/ej-search\/images\/article-publication-36.png\">\r\n                  <\/div>\r\n                <div class=\"ej-search-result-container\">\r\n                  <span class=\"ej-search-title\">Franco-Swiss Tax Considerations for Foreigners Wishing to Invest in One of These Two Countries<\/span>\r\n                  <span class=\"ej-search-date-publication\">Novembre 2020  \/ BSL Banking in Switzerland and Luxembourg  <\/span>\r\n                  <span class=\"ej-search-competence\">  \/ Tax <\/span>\r\n                  <span class=\"ej-search-auteur\"> Alain Moreau , Jean-Luc Bochatay <\/span>\r\n                <\/div>\r\n            <\/a>            <div style=\"clear:both\"><\/div>\r\n          <\/div>\r\n               <div  class=\"ej-search-result-item\">\r\n            <a href=\"https:\/\/staging.fbt-avocats.ch\/en\/entraide-fiscale-suisse-france-le-compte-rebours-commence-pour-certains-des-40000-titulaires-de-comptes-concernes-par-laffaire-ubs\/\">                <!-- <div> -->\r\n                  <div class=\"ej-search-image\">\r\n                    <img loading=\"lazy\" decoding=\"async\" width=\"36\" height=\"36\" src=\"https:\/\/staging.fbt-avocats.ch\/wp-content\/plugins\/ej-search\/images\/article-publication-36.png\">\r\n                  <\/div>\r\n                <div class=\"ej-search-result-container\">\r\n                  <span class=\"ej-search-title\">Entraide fiscale Suisse-France : le compte \u00e0 rebours a commenc\u00e9 pour certains des 40&#039;000 titulaires de comptes concern\u00e9s par l&#039;affaire UBS<\/span>\r\n                  <span class=\"ej-search-date-publication\">Mai 2020  <\/span>\r\n                  <span class=\"ej-search-competence\">  \/ Tax <\/span>\r\n                  <span class=\"ej-search-auteur\"> Alain Moreau , Jean-Luc Bochatay <\/span>\r\n                <\/div>\r\n            <\/a>            <div style=\"clear:both\"><\/div>\r\n          <\/div>\r\n               <div  class=\"ej-search-result-item\">\r\n            <a href=\"https:\/\/staging.fbt-avocats.ch\/en\/like-many-countries-france-easing-tax-regimen-attract-candidates-impatriation\/\">                <!-- <div> -->\r\n                  <div class=\"ej-search-image\">\r\n                    <img loading=\"lazy\" decoding=\"async\" width=\"36\" height=\"36\" src=\"https:\/\/staging.fbt-avocats.ch\/wp-content\/plugins\/ej-search\/images\/article-publication-36.png\">\r\n                  <\/div>\r\n                <div class=\"ej-search-result-container\">\r\n                  <span class=\"ej-search-title\">Like many other countries, France is easing its tax regimen to attract candidates for impatriation<\/span>\r\n                  <span class=\"ej-search-date-publication\">Novembre 2019  \/ BSL Banking in Switzerland and Liechstenstein  <\/span>\r\n                  <span class=\"ej-search-competence\">  \/ Tax <\/span>\r\n                  <span class=\"ej-search-auteur\"> Alain Moreau , Jean-Luc Bochatay <\/span>\r\n                <\/div>\r\n            <\/a>            <div style=\"clear:both\"><\/div>\r\n          <\/div>\r\n               <div  class=\"ej-search-result-item\">\r\n            <a href=\"https:\/\/staging.fbt-avocats.ch\/en\/tax-assistance-accorded-switzerland-new-dangers\/\">                <!-- <div> -->\r\n                  <div class=\"ej-search-image\">\r\n                    <img loading=\"lazy\" decoding=\"async\" width=\"36\" height=\"36\" src=\"https:\/\/staging.fbt-avocats.ch\/wp-content\/plugins\/ej-search\/images\/article-publication-36.png\">\r\n                  <\/div>\r\n                <div class=\"ej-search-result-container\">\r\n                  <span class=\"ej-search-title\">Tax Assistance Accorded by Switzerland: the (New) Dangers<\/span>\r\n                  <span class=\"ej-search-date-publication\">Novembre 2019  \/ BSL Banking in Switzerland and Liechstenstein  <\/span>\r\n                  <span class=\"ej-search-competence\">  \/ Tax <\/span>\r\n                  <span class=\"ej-search-auteur\"> Jean-Luc Bochatay , Michel Abt <\/span>\r\n                <\/div>\r\n            <\/a>            <div style=\"clear:both\"><\/div>\r\n          <\/div>\r\n               <div  class=\"ej-search-result-item\">\r\n            <a href=\"https:\/\/staging.fbt-avocats.ch\/en\/subtilites-de-lifi-non-residents-de-france\/\">                <!-- <div> -->\r\n                  <div class=\"ej-search-image\">\r\n                    <img loading=\"lazy\" decoding=\"async\" width=\"36\" height=\"36\" src=\"https:\/\/staging.fbt-avocats.ch\/wp-content\/plugins\/ej-search\/images\/article-publication-36.png\">\r\n                  <\/div>\r\n                <div class=\"ej-search-result-container\">\r\n                  <span class=\"ej-search-title\">Les subtilit\u00e9s de l&#039;IFI pour les non-r\u00e9sidents de France<\/span>\r\n                  <span class=\"ej-search-date-publication\">Novembre 2018  \/ BSL Banking in Switzerland and Liechstenstein  <\/span>\r\n                  <span class=\"ej-search-competence\">  \/ Tax <\/span>\r\n                  <span class=\"ej-search-auteur\"> Alain Moreau , Jean-Luc Bochatay <\/span>\r\n                <\/div>\r\n            <\/a>            <div style=\"clear:both\"><\/div>\r\n          <\/div>\r\n               <div  class=\"ej-search-result-item\">\r\n            <a href=\"https:\/\/staging.fbt-avocats.ch\/en\/die-instrumente-informationsaustausches-als-ausloser-von-steuerstrafrechtlichen-verfahren\/\">                <!-- <div> -->\r\n                  <div class=\"ej-search-image\">\r\n                    <img loading=\"lazy\" decoding=\"async\" width=\"36\" height=\"36\" src=\"https:\/\/staging.fbt-avocats.ch\/wp-content\/plugins\/ej-search\/images\/article-publication-36.png\">\r\n                  <\/div>\r\n                <div class=\"ej-search-result-container\">\r\n                  <span class=\"ej-search-title\">Regulation - Die Instrumente des Informationsaustausches als Ausl\u00f6ser von steuerstrafrechtlichen Verfahren<\/span>\r\n                  <span class=\"ej-search-date-publication\">Octobre 2017  \/ BSL Banking in Switzerland and Liechstenstein  <\/span>\r\n                  <span class=\"ej-search-competence\">  \/ Tax <\/span>\r\n                  <span class=\"ej-search-auteur\"> Jean-Luc Bochatay <\/span>\r\n                <\/div>\r\n            <\/a>            <div style=\"clear:both\"><\/div>\r\n          <\/div>\r\n               <div  class=\"ej-search-result-item\">\r\n            <a href=\"https:\/\/staging.fbt-avocats.ch\/en\/exchange-of-information-instruments-as-potential-triggers-for-the-opening-of-criminal-tax-proceedings\/\">                <!-- <div> -->\r\n                  <div class=\"ej-search-image\">\r\n                    <img loading=\"lazy\" decoding=\"async\" width=\"36\" height=\"36\" src=\"https:\/\/staging.fbt-avocats.ch\/wp-content\/plugins\/ej-search\/images\/article-publication-36.png\">\r\n                  <\/div>\r\n                <div class=\"ej-search-result-container\">\r\n                  <span class=\"ej-search-title\">Regulation - Exchange of Information Instruments as potential triggers for the opening of Criminal Tax Proceedings<\/span>\r\n                  <span class=\"ej-search-date-publication\">Octobre 2017  \/ BSL Banking in Switzerland and Liechstenstein  <\/span>\r\n                  <span class=\"ej-search-competence\">  \/ Tax <\/span>\r\n                  <span class=\"ej-search-auteur\"> Jean-Luc Bochatay <\/span>\r\n                <\/div>\r\n            <\/a>            <div style=\"clear:both\"><\/div>\r\n          <\/div>\r\n               <div  class=\"ej-search-result-item\">\r\n            <a href=\"https:\/\/staging.fbt-avocats.ch\/en\/octobre-2017-outils-dechange-de-renseignements-facteurs-declencheurs-de-procedures-penales-fiscales\/\">                <!-- <div> -->\r\n                  <div class=\"ej-search-image\">\r\n                    <img loading=\"lazy\" decoding=\"async\" width=\"36\" height=\"36\" src=\"https:\/\/staging.fbt-avocats.ch\/wp-content\/plugins\/ej-search\/images\/article-publication-36.png\">\r\n                  <\/div>\r\n                <div class=\"ej-search-result-container\">\r\n                  <span class=\"ej-search-title\">Regulation - Les outils d\u2019\u00e9change de renseignements comme facteurs d\u00e9clencheurs de proc\u00e9dures p\u00e9nales fiscales<\/span>\r\n                  <span class=\"ej-search-date-publication\">Octobre 2017  \/ BSL Banking in Switzerland and Liechstenstein  <\/span>\r\n                  <span class=\"ej-search-competence\">  \/ Tax <\/span>\r\n                  <span class=\"ej-search-auteur\"> Jean-Luc Bochatay <\/span>\r\n                <\/div>\r\n            <\/a>            <div style=\"clear:both\"><\/div>\r\n          <\/div>\r\n               <div  class=\"ej-search-result-item\">\r\n            <a href=\"https:\/\/staging.fbt-avocats.ch\/en\/standard-bearers\/\">                <!-- <div> -->\r\n                  <div class=\"ej-search-image\">\r\n                    <img loading=\"lazy\" decoding=\"async\" width=\"36\" height=\"36\" src=\"https:\/\/staging.fbt-avocats.ch\/wp-content\/plugins\/ej-search\/images\/article-publication-36.png\">\r\n                  <\/div>\r\n                <div class=\"ej-search-result-container\">\r\n                  <span class=\"ej-search-title\">Standard-bearers<\/span>\r\n                  <span class=\"ej-search-date-publication\">Juin 2017  \/ STEP Journal  <\/span>\r\n                  <span class=\"ej-search-competence\">  \/ Banking and Finance , Tax <\/span>\r\n                  <span class=\"ej-search-auteur\"> Jean-Luc Bochatay <\/span>\r\n                <\/div>\r\n            <\/a>            <div style=\"clear:both\"><\/div>\r\n          <\/div>\r\n               <div  class=\"ej-search-result-item\">\r\n            <a href=\"https:\/\/staging.fbt-avocats.ch\/en\/gerant-de-fortune-independant-face-a-lutte-contre-levasion-fiscale\/\">                <!-- <div> -->\r\n                  <div class=\"ej-search-image\">\r\n                    <img loading=\"lazy\" decoding=\"async\" width=\"36\" height=\"36\" src=\"https:\/\/staging.fbt-avocats.ch\/wp-content\/plugins\/ej-search\/images\/article-publication-36.png\">\r\n                  <\/div>\r\n                <div class=\"ej-search-result-container\">\r\n                  <span class=\"ej-search-title\">R\u00e9gulation - Le g\u00e9rant de fortune ind\u00e9pendant face \u00e0 la lutte contre l\u2019\u00e9vasion fiscale<\/span>\r\n                  <span class=\"ej-search-date-publication\">Octobre 2016  \/ BSL Banking in Switzerland and Liechstenstein  <\/span>\r\n                  <span class=\"ej-search-competence\">  \/ Banking and Finance , Tax <\/span>\r\n                  <span class=\"ej-search-auteur\"> Jean-Luc Bochatay , FBT Avocats <\/span>\r\n                <\/div>\r\n            <\/a>            <div style=\"clear:both\"><\/div>\r\n          <\/div>\r\n               <div  class=\"ej-search-result-item\">\r\n            <a href=\"https:\/\/staging.fbt-avocats.ch\/en\/reforme-de-fiscalite-entreprises-vraie-bonne-nouvelle\/\">                <!-- <div> -->\r\n                  <div class=\"ej-search-image\">\r\n                    <img loading=\"lazy\" decoding=\"async\" width=\"36\" height=\"36\" src=\"https:\/\/staging.fbt-avocats.ch\/wp-content\/plugins\/ej-search\/images\/article-publication-36.png\">\r\n                  <\/div>\r\n                <div class=\"ej-search-result-container\">\r\n                  <span class=\"ej-search-title\">La r\u00e9forme de la fiscalit\u00e9 des entreprises : une vraie bonne nouvelle !<\/span>\r\n                  <span class=\"ej-search-date-publication\">Mai 2016  \/ InvestNews  <\/span>\r\n                  <span class=\"ej-search-competence\">  \/ Tax <\/span>\r\n                  <span class=\"ej-search-auteur\"> Jean-Luc Bochatay <\/span>\r\n                <\/div>\r\n            <\/a>            <div style=\"clear:both\"><\/div>\r\n          <\/div>\r\n               <div  class=\"ej-search-result-item\">\r\n            <a href=\"https:\/\/staging.fbt-avocats.ch\/en\/unternehmenssteuerreform-eine-wirklich-gute-nachricht\/\">                <!-- <div> -->\r\n                  <div class=\"ej-search-image\">\r\n                    <img loading=\"lazy\" decoding=\"async\" width=\"36\" height=\"36\" src=\"https:\/\/staging.fbt-avocats.ch\/wp-content\/plugins\/ej-search\/images\/article-publication-36.png\">\r\n                  <\/div>\r\n                <div class=\"ej-search-result-container\">\r\n                  <span class=\"ej-search-title\">Unternehmenssteuerreform : eine wirklich gute Nachricht!<\/span>\r\n                  <span class=\"ej-search-date-publication\">Mai 2016  <\/span>\r\n                  <span class=\"ej-search-competence\">  <\/span>\r\n                  <span class=\"ej-search-auteur\"> Jean-Luc Bochatay <\/span>\r\n                <\/div>\r\n            <\/a>            <div style=\"clear:both\"><\/div>\r\n          <\/div>\r\n               <div  class=\"ej-search-result-item\">\r\n            <a href=\"https:\/\/staging.fbt-avocats.ch\/en\/la-responsabilite-des-conseillers\/\">                <!-- <div> -->\r\n                  <div class=\"ej-search-image\">\r\n                    <img loading=\"lazy\" decoding=\"async\" width=\"36\" height=\"36\" src=\"https:\/\/staging.fbt-avocats.ch\/wp-content\/plugins\/ej-search\/images\/article-publication-36.png\">\r\n                  <\/div>\r\n                <div class=\"ej-search-result-container\">\r\n                  <span class=\"ej-search-title\">La responsabilit\u00e9 des conseillers<\/span>\r\n                  <span class=\"ej-search-date-publication\">Septembre 2015  <\/span>\r\n                  <span class=\"ej-search-competence\">  \/ Tax <\/span>\r\n                  <span class=\"ej-search-auteur\"> Alain Moreau , Jean-Luc Bochatay <\/span>\r\n                <\/div>\r\n            <\/a>            <div style=\"clear:both\"><\/div>\r\n          <\/div>\r\n               <div  class=\"ej-search-result-item\">\r\n            <a href=\"https:\/\/staging.fbt-avocats.ch\/en\/an-entente-cordiale-with-the-taxman\/\">                <!-- <div> -->\r\n                  <div class=\"ej-search-image\">\r\n                    <img loading=\"lazy\" decoding=\"async\" width=\"36\" height=\"36\" src=\"https:\/\/staging.fbt-avocats.ch\/wp-content\/plugins\/ej-search\/images\/article-publication-36.png\">\r\n                  <\/div>\r\n                <div class=\"ej-search-result-container\">\r\n                  <span class=\"ej-search-title\">An entente cordiale with the taxman<\/span>\r\n                  <span class=\"ej-search-date-publication\">Janvier 2015  <\/span>\r\n                  <span class=\"ej-search-competence\">  \/ Tax <\/span>\r\n                  <span class=\"ej-search-auteur\"> Alain Moreau , Jean-Luc Bochatay <\/span>\r\n                <\/div>\r\n            <\/a>            <div style=\"clear:both\"><\/div>\r\n          <\/div>\r\n               <div  class=\"ej-search-result-item\">\r\n            <a href=\"https:\/\/staging.fbt-avocats.ch\/en\/revolution\/\">                <!-- <div> -->\r\n                  <div class=\"ej-search-image\">\r\n                    <img loading=\"lazy\" decoding=\"async\" width=\"36\" height=\"36\" src=\"https:\/\/staging.fbt-avocats.ch\/wp-content\/plugins\/ej-search\/images\/article-publication-36.png\">\r\n                  <\/div>\r\n                <div class=\"ej-search-result-container\">\r\n                  <span class=\"ej-search-title\">(R)evolution ?<\/span>\r\n                  <span class=\"ej-search-date-publication\">Janvier 2013  \/ STEP Journal  <\/span>\r\n                  <span class=\"ej-search-competence\">  \/ Tax <\/span>\r\n                  <span class=\"ej-search-auteur\"> Alain Moreau , Jean-Luc Bochatay <\/span>\r\n                <\/div>\r\n            <\/a>            <div style=\"clear:both\"><\/div>\r\n          <\/div>\r\n               <div  class=\"ej-search-result-item\">\r\n            <a href=\"https:\/\/staging.fbt-avocats.ch\/en\/the-new-french-rules-of-taxation-for-trusts-wide-scope-heavy-tax-and-severe-penalty\/\">                <!-- <div> -->\r\n                  <div class=\"ej-search-image\">\r\n                    <img loading=\"lazy\" decoding=\"async\" width=\"36\" height=\"36\" src=\"https:\/\/staging.fbt-avocats.ch\/wp-content\/plugins\/ej-search\/images\/article-publication-36.png\">\r\n                  <\/div>\r\n                <div class=\"ej-search-result-container\">\r\n                  <span class=\"ej-search-title\">The new French rules of taxation for trusts : wide (scope), heavy (tax) and severe (penalty)<\/span>\r\n                  <span class=\"ej-search-date-publication\">F\u00e9vrier 2012  <\/span>\r\n                  <span class=\"ej-search-competence\">  \/ Tax <\/span>\r\n                  <span class=\"ej-search-auteur\"> Alain Moreau , Jean-Luc Bochatay <\/span>\r\n                <\/div>\r\n            <\/a>            <div style=\"clear:both\"><\/div>\r\n          <\/div>\r\n               <div  class=\"ej-search-result-item\">\r\n            <a href=\"https:\/\/staging.fbt-avocats.ch\/en\/lentraide-administrative-selon-standards-de-locde\/\">                <!-- <div> -->\r\n                  <div class=\"ej-search-image\">\r\n                    <img loading=\"lazy\" decoding=\"async\" width=\"36\" height=\"36\" src=\"https:\/\/staging.fbt-avocats.ch\/wp-content\/plugins\/ej-search\/images\/article-publication-36.png\">\r\n                  <\/div>\r\n                <div class=\"ej-search-result-container\">\r\n                  <span class=\"ej-search-title\">L&#039;entraide administrative selon les standards de l&#039;OCDE<\/span>\r\n                  <span class=\"ej-search-date-publication\">Avril 2010  \/ L&#039;Expert-Comptable Suisse  <\/span>\r\n                  <span class=\"ej-search-competence\">  \/ Tax <\/span>\r\n                  <span class=\"ej-search-auteur\"> Jean-Luc Bochatay <\/span>\r\n                <\/div>\r\n            <\/a>            <div style=\"clear:both\"><\/div>\r\n          <\/div>\r\n        <\/div> \r\n\n<\/div><\/div><\/section>\n<section class='av_tab_section av_tab_section av-3rn087-68cb83f8a0976400b50800d3a998f0bc'  itemscope=\"itemscope\" itemtype=\"https:\/\/schema.org\/CreativeWork\" ><div id='tab-id-4-tab' class='tab' role='tab' aria-selected=\"false\" tabindex=\"0\" data-fake-id='#tab-id-4' aria-controls='tab-id-4-content'  itemprop=\"headline\" >Speaking Engagements<\/div><div id='tab-id-4-content' class='tab_content' role='tabpanel' aria-labelledby='tab-id-4-tab' aria-hidden=\"true\"><div class='tab_inner_content invers-color'  itemprop=\"text\" >    <div id=\"ej-search-result\">\r\n               <div  class=\"ej-search-result-item\">\r\n                            <!-- <div> -->\r\n                  <div class=\"ej-search-image\">\r\n                    <img loading=\"lazy\" decoding=\"async\" width=\"36\" height=\"36\" src=\"https:\/\/staging.fbt-avocats.ch\/wp-content\/plugins\/ej-search\/images\/conference-36.png\">\r\n                  <\/div>\r\n                <div class=\"ej-search-result-container\">\r\n                  <span class=\"ej-search-title\">8 novembre 2018 - Fiscalit\u00e9 fran\u00e7aise et non r\u00e9sidents : les nouveaux d\u00e9fis<\/span>\r\n                  <span class=\"ej-search-date-publication\"> Academy et Finance  <\/span>\r\n                  <span class=\"ej-search-competence\">  \/ Tax <\/span>\r\n                  <span class=\"ej-search-auteur\"> Alain Moreau , Jean-Luc Bochatay <\/span>\r\n                <\/div>\r\n                        <div style=\"clear:both\"><\/div>\r\n          <\/div>\r\n               <div  class=\"ej-search-result-item\">\r\n                            <!-- <div> -->\r\n                  <div class=\"ej-search-image\">\r\n                    <img loading=\"lazy\" decoding=\"async\" width=\"36\" height=\"36\" src=\"https:\/\/staging.fbt-avocats.ch\/wp-content\/plugins\/ej-search\/images\/conference-36.png\">\r\n                  <\/div>\r\n                <div class=\"ej-search-result-container\">\r\n                  <span class=\"ej-search-title\">1er octobre 2015 - Transparence fiscale et lutte contre le blanchiment d\u2019argent : responsabilit\u00e9 et solidarit\u00e9 des g\u00e9rants ind\u00e9pendants \/ \u00e9volutions r\u00e9glementaires<\/span>\r\n                  <span class=\"ej-search-date-publication\"> Invest 15  <\/span>\r\n                  <span class=\"ej-search-competence\">  \/ Banking and Finance <\/span>\r\n                  <span class=\"ej-search-auteur\"> Alain Moreau , Fr\u00e9d\u00e9rique Bensahel , Jean-Luc Bochatay <\/span>\r\n                <\/div>\r\n                        <div style=\"clear:both\"><\/div>\r\n          <\/div>\r\n               <div  class=\"ej-search-result-item\">\r\n                            <!-- <div> -->\r\n                  <div class=\"ej-search-image\">\r\n                    <img loading=\"lazy\" decoding=\"async\" width=\"36\" height=\"36\" src=\"https:\/\/staging.fbt-avocats.ch\/wp-content\/plugins\/ej-search\/images\/conference-36.png\">\r\n                  <\/div>\r\n                <div class=\"ej-search-result-container\">\r\n                  <span class=\"ej-search-title\">17 janvier 2013 - R\u00e9gularisation fiscale en France, le processus et les enjeux, l\u2019avenir et les interrogations<\/span>\r\n                  <span class=\"ej-search-date-publication\"> Conf\u00e9rence donn\u00e9e aupr\u00e8s d\u2019un \u00e9tablissement bancaire  <\/span>\r\n                  <span class=\"ej-search-competence\">  <\/span>\r\n                  <span class=\"ej-search-auteur\"> Alain Moreau , Jean-Luc Bochatay <\/span>\r\n                <\/div>\r\n                        <div style=\"clear:both\"><\/div>\r\n          <\/div>\r\n               <div  class=\"ej-search-result-item\">\r\n                            <!-- <div> -->\r\n                  <div class=\"ej-search-image\">\r\n                    <img loading=\"lazy\" decoding=\"async\" width=\"36\" height=\"36\" src=\"https:\/\/staging.fbt-avocats.ch\/wp-content\/plugins\/ej-search\/images\/conference-36.png\">\r\n                  <\/div>\r\n                <div class=\"ej-search-result-container\">\r\n                  <span class=\"ej-search-title\">17 janvier 2013 - Actualit\u00e9s franco-suisses<\/span>\r\n                  <span class=\"ej-search-date-publication\"> Conf\u00e9rence donn\u00e9e aupr\u00e8s d\u2019un \u00e9tablissement bancaire  <\/span>\r\n                  <span class=\"ej-search-competence\">  <\/span>\r\n                  <span class=\"ej-search-auteur\"> Alain Moreau , Jean-Luc Bochatay <\/span>\r\n                <\/div>\r\n                        <div style=\"clear:both\"><\/div>\r\n          <\/div>\r\n               <div  class=\"ej-search-result-item\">\r\n                            <!-- <div> -->\r\n                  <div class=\"ej-search-image\">\r\n                    <img loading=\"lazy\" decoding=\"async\" width=\"36\" height=\"36\" src=\"https:\/\/staging.fbt-avocats.ch\/wp-content\/plugins\/ej-search\/images\/conference-36.png\">\r\n                  <\/div>\r\n                <div class=\"ej-search-result-container\">\r\n                  <span class=\"ej-search-title\">5 d\u00e9cembre 2012 - Convention franco-suisse sur les successions<\/span>\r\n                  <span class=\"ej-search-date-publication\"> Academy et Finance  <\/span>\r\n                  <span class=\"ej-search-competence\">  <\/span>\r\n                  <span class=\"ej-search-auteur\"> Alain Moreau , Jean-Luc Bochatay <\/span>\r\n                <\/div>\r\n                        <div style=\"clear:both\"><\/div>\r\n          <\/div>\r\n               <div  class=\"ej-search-result-item\">\r\n                            <!-- <div> -->\r\n                  <div class=\"ej-search-image\">\r\n                    <img loading=\"lazy\" decoding=\"async\" width=\"36\" height=\"36\" src=\"https:\/\/staging.fbt-avocats.ch\/wp-content\/plugins\/ej-search\/images\/conference-36.png\">\r\n                  <\/div>\r\n                <div class=\"ej-search-result-container\">\r\n                  <span class=\"ej-search-title\">6 novembre 2012 - Mise en conformit\u00e9 fiscale en France<\/span>\r\n                  <span class=\"ej-search-date-publication\"> Conf\u00e9rence donn\u00e9e aupr\u00e8s d\u2019un \u00e9tablissement bancaire  <\/span>\r\n                  <span class=\"ej-search-competence\">  <\/span>\r\n                  <span class=\"ej-search-auteur\"> Alain Moreau , Jean-Luc Bochatay <\/span>\r\n                <\/div>\r\n                        <div style=\"clear:both\"><\/div>\r\n          <\/div>\r\n               <div  class=\"ej-search-result-item\">\r\n                            <!-- <div> -->\r\n                  <div class=\"ej-search-image\">\r\n                    <img loading=\"lazy\" decoding=\"async\" width=\"36\" height=\"36\" src=\"https:\/\/staging.fbt-avocats.ch\/wp-content\/plugins\/ej-search\/images\/conference-36.png\">\r\n                  <\/div>\r\n                <div class=\"ej-search-result-container\">\r\n                  <span class=\"ej-search-title\">30 octobre 2012 - Convention franco-suisses en mati\u00e8re de succession<\/span>\r\n                  <span class=\"ej-search-date-publication\"> Conf\u00e9rence Lombard Assurance  <\/span>\r\n                  <span class=\"ej-search-competence\">  <\/span>\r\n                  <span class=\"ej-search-auteur\"> Alain Moreau , Jean-Luc Bochatay <\/span>\r\n                <\/div>\r\n                        <div style=\"clear:both\"><\/div>\r\n          <\/div>\r\n               <div  class=\"ej-search-result-item\">\r\n                            <!-- <div> -->\r\n                  <div class=\"ej-search-image\">\r\n                    <img loading=\"lazy\" decoding=\"async\" width=\"36\" height=\"36\" src=\"https:\/\/staging.fbt-avocats.ch\/wp-content\/plugins\/ej-search\/images\/conference-36.png\">\r\n                  <\/div>\r\n                <div class=\"ej-search-result-container\">\r\n                  <span class=\"ej-search-title\">10 octobre 2012 - De la R\u00e9gularisation \u00e0 la Mise en conformit\u00e9 fiscale en France, Le processus, les enjeux et l\u2019avenir<\/span>\r\n                  <span class=\"ej-search-date-publication\"> Conf\u00e9rence BFM Invest 12  <\/span>\r\n                  <span class=\"ej-search-competence\">  <\/span>\r\n                  <span class=\"ej-search-auteur\"> Alain Moreau , Jean-Luc Bochatay <\/span>\r\n                <\/div>\r\n                        <div style=\"clear:both\"><\/div>\r\n          <\/div>\r\n               <div  class=\"ej-search-result-item\">\r\n                            <!-- <div> -->\r\n                  <div class=\"ej-search-image\">\r\n                    <img loading=\"lazy\" decoding=\"async\" width=\"36\" height=\"36\" src=\"https:\/\/staging.fbt-avocats.ch\/wp-content\/plugins\/ej-search\/images\/conference-36.png\">\r\n                  <\/div>\r\n                <div class=\"ej-search-result-container\">\r\n                  <span class=\"ej-search-title\">19 avril 2012 - De la R\u00e9gularisation \u00e0 la Mise en conformit\u00e9 fiscale en France<\/span>\r\n                  <span class=\"ej-search-date-publication\"> Conf\u00e9rence donn\u00e9s aupr\u00e8s d\u2019un \u00e9tablissement bancaire \u2013 Tiers G\u00e9rants  <\/span>\r\n                  <span class=\"ej-search-competence\">  <\/span>\r\n                  <span class=\"ej-search-auteur\"> Alain Moreau , Jean-Luc Bochatay <\/span>\r\n                <\/div>\r\n                        <div style=\"clear:both\"><\/div>\r\n          <\/div>\r\n               <div  class=\"ej-search-result-item\">\r\n                            <!-- <div> -->\r\n                  <div class=\"ej-search-image\">\r\n                    <img loading=\"lazy\" decoding=\"async\" width=\"36\" height=\"36\" src=\"https:\/\/staging.fbt-avocats.ch\/wp-content\/plugins\/ej-search\/images\/conference-36.png\">\r\n                  <\/div>\r\n                <div class=\"ej-search-result-container\">\r\n                  <span class=\"ej-search-title\">23 f\u00e9vrier 2012 - Transfert de domicile vers la Suisse<\/span>\r\n                  <span class=\"ej-search-date-publication\"> Conf\u00e9rence donn\u00e9s aupr\u00e8s d\u2019un \u00e9tablissement bancaire  <\/span>\r\n                  <span class=\"ej-search-competence\">  <\/span>\r\n                  <span class=\"ej-search-auteur\"> Jean-Luc Bochatay <\/span>\r\n                <\/div>\r\n                        <div style=\"clear:both\"><\/div>\r\n          <\/div>\r\n               <div  class=\"ej-search-result-item\">\r\n                            <!-- <div> -->\r\n                  <div class=\"ej-search-image\">\r\n                    <img loading=\"lazy\" decoding=\"async\" width=\"36\" height=\"36\" src=\"https:\/\/staging.fbt-avocats.ch\/wp-content\/plugins\/ej-search\/images\/conference-36.png\">\r\n                  <\/div>\r\n                <div class=\"ej-search-result-container\">\r\n                  <span class=\"ej-search-title\">26 mai 2010 - Les nouveaux d\u00e9fis de la banque priv\u00e9e en Suisse<\/span>\r\n                  <span class=\"ej-search-date-publication\"> Conf\u00e9rence donn\u00e9e \u00e0 la demande d\u2019une banque priv\u00e9e  <\/span>\r\n                  <span class=\"ej-search-competence\">  \/ Banking and Finance <\/span>\r\n                  <span class=\"ej-search-auteur\"> Fr\u00e9d\u00e9rique Bensahel , Jean-Luc Bochatay <\/span>\r\n                <\/div>\r\n                        <div style=\"clear:both\"><\/div>\r\n          <\/div>\r\n        <\/div> \r\n\n<\/div><\/div><\/section>\n<section class='av_tab_section av_tab_section av-2t7q13-23249cabe19fdbcda1eed6320047c81e'  itemscope=\"itemscope\" itemtype=\"https:\/\/schema.org\/CreativeWork\" ><div id='tab-id-5-tab' class='tab' role='tab' aria-selected=\"false\" tabindex=\"0\" data-fake-id='#tab-id-5' aria-controls='tab-id-5-content'  itemprop=\"headline\" >Media<\/div><div id='tab-id-5-content' class='tab_content' role='tabpanel' aria-labelledby='tab-id-5-tab' aria-hidden=\"true\"><div class='tab_inner_content invers-color'  itemprop=\"text\" >    <div id=\"ej-search-result\">\r\n               <div  class=\"ej-search-result-item\">\r\n            <a href=\"https:\/\/staging.fbt-avocats.ch\/en\/the-fbt-avocats-team-has-been-distinguished-by-the-best-lawyers-in-switzerland-peer-review-2026-edition\/\">                <!-- <div> -->\r\n                  <div class=\"ej-search-image\">\r\n                    <img loading=\"lazy\" decoding=\"async\" width=\"36\" height=\"36\" src=\"https:\/\/staging.fbt-avocats.ch\/wp-content\/plugins\/ej-search\/images\/article-news-36.png\">\r\n                  <\/div>\r\n                <div class=\"ej-search-result-container\">\r\n                  <span class=\"ej-search-title\">The FBT Avocats SA team has been distinguished by The Best Lawyers in Switzerland Peer Review (2026 Edition)<\/span>\r\n                  <span class=\"ej-search-date-publication\">Juillet 2025  <\/span>\r\n                  <span class=\"ej-search-competence\">  \/ Banking and Finance , Corporate and Commercial , Litigation and Arbitration , Tax , Family Estate , Labour and social insurance <\/span>\r\n                  <span class=\"ej-search-auteur\"> Alain Moreau , Fr\u00e9d\u00e9rique Bensahel , Jean-Luc Bochatay , Marco Villa , Michel Abt , Serge Fasel <\/span>\r\n                <\/div>\r\n            <\/a>            <div style=\"clear:both\"><\/div>\r\n          <\/div>\r\n               <div  class=\"ej-search-result-item\">\r\n            <a href=\"https:\/\/staging.fbt-avocats.ch\/en\/reduire-efficacement-cout-fiscal-francais-dune-transmission-dentreprise\/\">                <!-- <div> -->\r\n                  <div class=\"ej-search-image\">\r\n                    <img loading=\"lazy\" decoding=\"async\" width=\"36\" height=\"36\" src=\"https:\/\/staging.fbt-avocats.ch\/wp-content\/plugins\/ej-search\/images\/article-news-36.png\">\r\n                  <\/div>\r\n                <div class=\"ej-search-result-container\">\r\n                  <span class=\"ej-search-title\">R\u00e9duire efficacement le co\u00fbt fiscal fran\u00e7ais d&#039;une transmission d&#039;entreprise<\/span>\r\n                  <span class=\"ej-search-date-publication\">Septembre 2023  \/ Allnews  <\/span>\r\n                  <span class=\"ej-search-competence\">  \/ Tax <\/span>\r\n                  <span class=\"ej-search-auteur\"> Jean-Luc Bochatay , J\u00e9r\u00f4me Bissardon <\/span>\r\n                <\/div>\r\n            <\/a>            <div style=\"clear:both\"><\/div>\r\n          <\/div>\r\n               <div  class=\"ej-search-result-item\">\r\n            <a href=\"https:\/\/staging.fbt-avocats.ch\/en\/the-dutreil-pact-in-a-french-swiss-context-aprecautionary-measure-to-effectively-reduce-the-french-tax-cost-of-a-company-transfer\/\">                <!-- <div> -->\r\n                  <div class=\"ej-search-image\">\r\n                    <img loading=\"lazy\" decoding=\"async\" width=\"36\" height=\"36\" src=\"https:\/\/staging.fbt-avocats.ch\/wp-content\/plugins\/ej-search\/images\/article-news-36.png\">\r\n                  <\/div>\r\n                <div class=\"ej-search-result-container\">\r\n                  <span class=\"ej-search-title\">The &quot;Dutreil&quot; pact in a French-Swiss context: aprecautionary measure to effectively reduce the French tax cost of a company transfer<\/span>\r\n                  <span class=\"ej-search-date-publication\">Juin 2023  \/ ASG  <\/span>\r\n                  <span class=\"ej-search-competence\">  \/ Tax , Family Estate <\/span>\r\n                  <span class=\"ej-search-auteur\"> Jean-Luc Bochatay , J\u00e9r\u00f4me Bissardon <\/span>\r\n                <\/div>\r\n            <\/a>            <div style=\"clear:both\"><\/div>\r\n          <\/div>\r\n               <div  class=\"ej-search-result-item\">\r\n            <a href=\"https:\/\/staging.fbt-avocats.ch\/en\/fbt-ranked-in-leaders-league-last-edition\/\">                <!-- <div> -->\r\n                  <div class=\"ej-search-image\">\r\n                    <img loading=\"lazy\" decoding=\"async\" width=\"36\" height=\"36\" src=\"https:\/\/staging.fbt-avocats.ch\/wp-content\/plugins\/ej-search\/images\/article-news-36.png\">\r\n                  <\/div>\r\n                <div class=\"ej-search-result-container\">\r\n                  <span class=\"ej-search-title\">FBT ranked in Leaders League last edition<\/span>\r\n                  <span class=\"ej-search-date-publication\">Mars 2023  <\/span>\r\n                  <span class=\"ej-search-competence\">  \/ Banking and Finance , Corporate and Commercial , Tax , Family Estate <\/span>\r\n                  <span class=\"ej-search-auteur\"> Alain Moreau , Fr\u00e9d\u00e9rique Bensahel , Jean-Louis Tsimaratos , Jean-Luc Bochatay , Marco Villa , Michel Abt , St\u00e9phanie Barreira <\/span>\r\n                <\/div>\r\n            <\/a>            <div style=\"clear:both\"><\/div>\r\n          <\/div>\r\n               <div  class=\"ej-search-result-item\">\r\n            <a href=\"https:\/\/staging.fbt-avocats.ch\/en\/fbt-distinguished-by-best-lawyers-peer-review\/\">                <!-- <div> -->\r\n                  <div class=\"ej-search-image\">\r\n                    <img loading=\"lazy\" decoding=\"async\" width=\"36\" height=\"36\" src=\"https:\/\/staging.fbt-avocats.ch\/wp-content\/plugins\/ej-search\/images\/article-news-36.png\">\r\n                  <\/div>\r\n                <div class=\"ej-search-result-container\">\r\n                  <span class=\"ej-search-title\">FBT distinguished by Best Lawyers peer review<\/span>\r\n                  <span class=\"ej-search-date-publication\">Juillet 2021  <\/span>\r\n                  <span class=\"ej-search-competence\">  \/ Banking and Finance , Corporate and Commercial , Litigation and Arbitration , Tax <\/span>\r\n                  <span class=\"ej-search-auteur\"> Alain Moreau , Fr\u00e9d\u00e9rique Bensahel , Jean-Louis Tsimaratos , Jean-Luc Bochatay , Marco Villa , Michel Abt , Serge Fasel <\/span>\r\n                <\/div>\r\n            <\/a>            <div style=\"clear:both\"><\/div>\r\n          <\/div>\r\n               <div  class=\"ej-search-result-item\">\r\n            <a href=\"https:\/\/staging.fbt-avocats.ch\/en\/clients-francais-dubs-compte-a-rebours-a-debute\/\">                <!-- <div> -->\r\n                  <div class=\"ej-search-image\">\r\n                    <img loading=\"lazy\" decoding=\"async\" width=\"36\" height=\"36\" src=\"https:\/\/staging.fbt-avocats.ch\/wp-content\/plugins\/ej-search\/images\/article-news-36.png\">\r\n                  <\/div>\r\n                <div class=\"ej-search-result-container\">\r\n                  <span class=\"ej-search-title\">Clients fran\u00e7ais d\u2019UBS : le compte \u00e0 rebours a d\u00e9but\u00e9<\/span>\r\n                  <span class=\"ej-search-date-publication\">Ao\u00fbt 2019  \/ Le Temps  <\/span>\r\n                  <span class=\"ej-search-competence\">  \/ Tax <\/span>\r\n                  <span class=\"ej-search-auteur\"> Alain Moreau , Jean-Luc Bochatay <\/span>\r\n                <\/div>\r\n            <\/a>            <div style=\"clear:both\"><\/div>\r\n          <\/div>\r\n               <div  class=\"ej-search-result-item\">\r\n            <a href=\"https:\/\/staging.fbt-avocats.ch\/en\/la-suisse-peut-transmettre-au-fisc-francais-40-000-numeros-de-compte-dubs\/\">                <!-- <div> -->\r\n                  <div class=\"ej-search-image\">\r\n                    <img loading=\"lazy\" decoding=\"async\" width=\"36\" height=\"36\" src=\"https:\/\/staging.fbt-avocats.ch\/wp-content\/plugins\/ej-search\/images\/article-news-36.png\">\r\n                  <\/div>\r\n                <div class=\"ej-search-result-container\">\r\n                  <span class=\"ej-search-title\">La Suisse peut transmettre au fisc fran\u00e7ais 40 000 num\u00e9ros de compte d\u2019UBS<\/span>\r\n                  <span class=\"ej-search-date-publication\">Ao\u00fbt 2019  \/ Le Monde  <\/span>\r\n                  <span class=\"ej-search-competence\">  \/ Tax <\/span>\r\n                  <span class=\"ej-search-auteur\"> Alain Moreau , Jean-Luc Bochatay <\/span>\r\n                <\/div>\r\n            <\/a>            <div style=\"clear:both\"><\/div>\r\n          <\/div>\r\n               <div  class=\"ej-search-result-item\">\r\n            <a href=\"https:\/\/staging.fbt-avocats.ch\/en\/donnees-a-transmettre-dans-laffaire-ubs-consequences-en-france\/\">                <!-- <div> -->\r\n                  <div class=\"ej-search-image\">\r\n                    <img loading=\"lazy\" decoding=\"async\" width=\"36\" height=\"36\" src=\"https:\/\/staging.fbt-avocats.ch\/wp-content\/plugins\/ej-search\/images\/article-news-36.png\">\r\n                  <\/div>\r\n                <div class=\"ej-search-result-container\">\r\n                  <span class=\"ej-search-title\">Donn\u00e9es \u00e0 transmettre dans l&#039;affaire UBS : cons\u00e9quences en France<\/span>\r\n                  <span class=\"ej-search-date-publication\">Ao\u00fbt 2019  \/ Allnews  <\/span>\r\n                  <span class=\"ej-search-competence\">  \/ Tax <\/span>\r\n                  <span class=\"ej-search-auteur\"> Alain Moreau , Jean-Luc Bochatay <\/span>\r\n                <\/div>\r\n            <\/a>            <div style=\"clear:both\"><\/div>\r\n          <\/div>\r\n               <div  class=\"ej-search-result-item\">\r\n            <a href=\"https:\/\/staging.fbt-avocats.ch\/en\/13479\/\">                <!-- <div> -->\r\n                  <div class=\"ej-search-image\">\r\n                    <img loading=\"lazy\" decoding=\"async\" width=\"36\" height=\"36\" src=\"https:\/\/staging.fbt-avocats.ch\/wp-content\/plugins\/ej-search\/images\/article-news-36.png\">\r\n                  <\/div>\r\n                <div class=\"ej-search-result-container\">\r\n                  <span class=\"ej-search-title\">Transfert de r\u00e9sidence en Suisse \u2013 Fiscalit\u00e9 fran\u00e7aise discriminante<\/span>\r\n                  <span class=\"ej-search-date-publication\">Juin 2019  \/ Allnews  <\/span>\r\n                  <span class=\"ej-search-competence\">  \/ Tax , Family Estate <\/span>\r\n                  <span class=\"ej-search-auteur\"> Jean-Luc Bochatay <\/span>\r\n                <\/div>\r\n            <\/a>            <div style=\"clear:both\"><\/div>\r\n          <\/div>\r\n               <div  class=\"ej-search-result-item\">\r\n            <a href=\"https:\/\/staging.fbt-avocats.ch\/en\/the-subtleties-of-the-real-estate-tax-ifi-for-non-residents-of-france\/\">                <!-- <div> -->\r\n                  <div class=\"ej-search-image\">\r\n                    <img loading=\"lazy\" decoding=\"async\" width=\"36\" height=\"36\" src=\"https:\/\/staging.fbt-avocats.ch\/wp-content\/plugins\/ej-search\/images\/article-news-36.png\">\r\n                  <\/div>\r\n                <div class=\"ej-search-result-container\">\r\n                  <span class=\"ej-search-title\">The Subtleties of the Real Estate Tax (IFI) for Non-Residents of France<\/span>\r\n                  <span class=\"ej-search-date-publication\">Novembre 2018  \/ BSL Banking in Switzerland and Liechstenstein  <\/span>\r\n                  <span class=\"ej-search-competence\">  \/ Banking and Finance <\/span>\r\n                  <span class=\"ej-search-auteur\"> Alain Moreau , Jean-Luc Bochatay <\/span>\r\n                <\/div>\r\n            <\/a>            <div style=\"clear:both\"><\/div>\r\n          <\/div>\r\n               <div  class=\"ej-search-result-item\">\r\n            <a href=\"https:\/\/staging.fbt-avocats.ch\/en\/tf-protege-donnees-employes-de-banque\/\">                <!-- <div> -->\r\n                  <div class=\"ej-search-image\">\r\n                    <img loading=\"lazy\" decoding=\"async\" width=\"36\" height=\"36\" src=\"https:\/\/staging.fbt-avocats.ch\/wp-content\/plugins\/ej-search\/images\/article-news-36.png\">\r\n                  <\/div>\r\n                <div class=\"ej-search-result-container\">\r\n                  <span class=\"ej-search-title\">Le TF prot\u00e8ge les donn\u00e9es des employ\u00e9s de banque<\/span>\r\n                  <span class=\"ej-search-date-publication\">F\u00e9vrier 2018  \/ Allnews  <\/span>\r\n                  <span class=\"ej-search-competence\">  \/ Tax <\/span>\r\n                  <span class=\"ej-search-auteur\"> Jean-Luc Bochatay <\/span>\r\n                <\/div>\r\n            <\/a>            <div style=\"clear:both\"><\/div>\r\n          <\/div>\r\n               <div  class=\"ej-search-result-item\">\r\n            <a href=\"https:\/\/staging.fbt-avocats.ch\/en\/the-independent-asset-manager-faced-with-the-fight-against-tax-evasion\/\">                <!-- <div> -->\r\n                  <div class=\"ej-search-image\">\r\n                    <img loading=\"lazy\" decoding=\"async\" width=\"36\" height=\"36\" src=\"https:\/\/staging.fbt-avocats.ch\/wp-content\/plugins\/ej-search\/images\/article-news-36.png\">\r\n                  <\/div>\r\n                <div class=\"ej-search-result-container\">\r\n                  <span class=\"ej-search-title\">Regulation - The Independent Asset Manager faced with the fight against tax evasion<\/span>\r\n                  <span class=\"ej-search-date-publication\">Octobre 2016  \/ BSL Banking in Switzerland and Liechstenstein  <\/span>\r\n                  <span class=\"ej-search-competence\">  \/ Banking and Finance , Tax <\/span>\r\n                  <span class=\"ej-search-auteur\"> Jean-Luc Bochatay , FBT Avocats <\/span>\r\n                <\/div>\r\n            <\/a>            <div style=\"clear:both\"><\/div>\r\n          <\/div>\r\n               <div  class=\"ej-search-result-item\">\r\n            <a href=\"https:\/\/staging.fbt-avocats.ch\/en\/der-unabhangige-vermogensverwalter-mit-fokus-auf-die-bekampfung-der-steuerflucht\/\">                <!-- <div> -->\r\n                  <div class=\"ej-search-image\">\r\n                    <img loading=\"lazy\" decoding=\"async\" width=\"36\" height=\"36\" src=\"https:\/\/staging.fbt-avocats.ch\/wp-content\/plugins\/ej-search\/images\/article-news-36.png\">\r\n                  <\/div>\r\n                <div class=\"ej-search-result-container\">\r\n                  <span class=\"ej-search-title\">Der unabh\u00e4ngige Verm\u00f6gensverwalter mit Fokus auf die Bek\u00e4mpfung der Steuerflucht<\/span>\r\n                  <span class=\"ej-search-date-publication\">Octobre 2016  \/ BSL Banking in Switzerland and Liechstenstein  <\/span>\r\n                  <span class=\"ej-search-competence\">  \/ Banking and Finance , Tax <\/span>\r\n                  <span class=\"ej-search-auteur\"> Jean-Luc Bochatay , FBT Avocats <\/span>\r\n                <\/div>\r\n            <\/a>            <div style=\"clear:both\"><\/div>\r\n          <\/div>\r\n               <div  class=\"ej-search-result-item\">\r\n            <a href=\"https:\/\/staging.fbt-avocats.ch\/en\/porte-ouverte-a-justice-privee\/\">                <!-- <div> -->\r\n                  <div class=\"ej-search-image\">\r\n                    <img loading=\"lazy\" decoding=\"async\" width=\"36\" height=\"36\" src=\"https:\/\/staging.fbt-avocats.ch\/wp-content\/plugins\/ej-search\/images\/article-news-36.png\">\r\n                  <\/div>\r\n                <div class=\"ej-search-result-container\">\r\n                  <span class=\"ej-search-title\">La porte ouverte \u00e0 la justice priv\u00e9e<\/span>\r\n                  <span class=\"ej-search-date-publication\">Avril 2016  \/ AGEFI  <\/span>\r\n                  <span class=\"ej-search-competence\">  <\/span>\r\n                  <span class=\"ej-search-auteur\"> Jean-Luc Bochatay <\/span>\r\n                <\/div>\r\n            <\/a>            <div style=\"clear:both\"><\/div>\r\n          <\/div>\r\n               <div  class=\"ej-search-result-item\">\r\n            <a href=\"https:\/\/staging.fbt-avocats.ch\/en\/vannes-de-lassistance-administrative-ouvertes\/\">                <!-- <div> -->\r\n                  <div class=\"ej-search-image\">\r\n                    <img loading=\"lazy\" decoding=\"async\" width=\"36\" height=\"36\" src=\"https:\/\/staging.fbt-avocats.ch\/wp-content\/plugins\/ej-search\/images\/article-news-36.png\">\r\n                  <\/div>\r\n                <div class=\"ej-search-result-container\">\r\n                  <span class=\"ej-search-title\">Les vannes de l&#039;assistance administrative sont ouvertes<\/span>\r\n                  <span class=\"ej-search-date-publication\">Avril 2016  \/ Le Temps  <\/span>\r\n                  <span class=\"ej-search-competence\">  \/ Tax <\/span>\r\n                  <span class=\"ej-search-auteur\"> Jean-Luc Bochatay <\/span>\r\n                <\/div>\r\n            <\/a>            <div style=\"clear:both\"><\/div>\r\n          <\/div>\r\n               <div  class=\"ej-search-result-item\">\r\n            <a href=\"https:\/\/staging.fbt-avocats.ch\/en\/la-fin-de-la-protection-de-la-sphere-privee\/\">                <!-- <div> -->\r\n                  <div class=\"ej-search-image\">\r\n                    <img loading=\"lazy\" decoding=\"async\" width=\"36\" height=\"36\" src=\"https:\/\/staging.fbt-avocats.ch\/wp-content\/plugins\/ej-search\/images\/article-news-36.png\">\r\n                  <\/div>\r\n                <div class=\"ej-search-result-container\">\r\n                  <span class=\"ej-search-title\">La fin de la protection de la sph\u00e8re priv\u00e9e<\/span>\r\n                  <span class=\"ej-search-date-publication\">Novembre 2015  \/ AGEFI - Indices  <\/span>\r\n                  <span class=\"ej-search-competence\">  <\/span>\r\n                  <span class=\"ej-search-auteur\"> Jean-Luc Bochatay <\/span>\r\n                <\/div>\r\n            <\/a>            <div style=\"clear:both\"><\/div>\r\n          <\/div>\r\n               <div  class=\"ej-search-result-item\">\r\n            <a href=\"https:\/\/staging.fbt-avocats.ch\/en\/taxation-la-montee-en-force-du-risque-penal-fiscal-en-france-et-en-suisse\/\">                <!-- <div> -->\r\n                  <div class=\"ej-search-image\">\r\n                    <img loading=\"lazy\" decoding=\"async\" width=\"36\" height=\"36\" src=\"https:\/\/staging.fbt-avocats.ch\/wp-content\/plugins\/ej-search\/images\/article-news-36.png\">\r\n                  <\/div>\r\n                <div class=\"ej-search-result-container\">\r\n                  <span class=\"ej-search-title\">Taxation - La mont\u00e9e en force du risque p\u00e9nal fiscal en France et en Suisse<\/span>\r\n                  <span class=\"ej-search-date-publication\">Octobre 2015  \/ BSL Banking in Switzerland and Liechstenstein  <\/span>\r\n                  <span class=\"ej-search-competence\">  \/ Tax <\/span>\r\n                  <span class=\"ej-search-auteur\"> Alain Moreau , Jean-Luc Bochatay <\/span>\r\n                <\/div>\r\n            <\/a>            <div style=\"clear:both\"><\/div>\r\n          <\/div>\r\n               <div  class=\"ej-search-result-item\">\r\n            <a href=\"https:\/\/staging.fbt-avocats.ch\/en\/taxation-anstieg-des-strafrisikos-in-steuerfragen-in-frankreich-und-in-der-schweiz\/\">                <!-- <div> -->\r\n                  <div class=\"ej-search-image\">\r\n                    <img loading=\"lazy\" decoding=\"async\" width=\"36\" height=\"36\" src=\"https:\/\/staging.fbt-avocats.ch\/wp-content\/plugins\/ej-search\/images\/article-news-36.png\">\r\n                  <\/div>\r\n                <div class=\"ej-search-result-container\">\r\n                  <span class=\"ej-search-title\">Taxation - Anstieg des Strafrisikos in Steuerfragen in Frankreich und in der Schweiz<\/span>\r\n                  <span class=\"ej-search-date-publication\">Octobre 2015  \/ BSL Banking in Switzerland and Liechstenstein  <\/span>\r\n                  <span class=\"ej-search-competence\">  \/ Tax <\/span>\r\n                  <span class=\"ej-search-auteur\"> Alain Moreau , Jean-Luc Bochatay <\/span>\r\n                <\/div>\r\n            <\/a>            <div style=\"clear:both\"><\/div>\r\n          <\/div>\r\n               <div  class=\"ej-search-result-item\">\r\n            <a href=\"https:\/\/staging.fbt-avocats.ch\/en\/une-entraide-fiscale-inquisitrice\/\">                <!-- <div> -->\r\n                  <div class=\"ej-search-image\">\r\n                    <img loading=\"lazy\" decoding=\"async\" width=\"36\" height=\"36\" src=\"https:\/\/staging.fbt-avocats.ch\/wp-content\/plugins\/ej-search\/images\/article-news-36.png\">\r\n                  <\/div>\r\n                <div class=\"ej-search-result-container\">\r\n                  <span class=\"ej-search-title\">Une entraide fiscale inquisitrice<\/span>\r\n                  <span class=\"ej-search-date-publication\">Septembre 2015  \/ Le Temps  <\/span>\r\n                  <span class=\"ej-search-competence\">  \/ Tax <\/span>\r\n                  <span class=\"ej-search-auteur\"> Jean-Luc Bochatay <\/span>\r\n                <\/div>\r\n            <\/a>            <div style=\"clear:both\"><\/div>\r\n          <\/div>\r\n               <div  class=\"ej-search-result-item\">\r\n            <a href=\"https:\/\/staging.fbt-avocats.ch\/en\/regularisation-fiscale-pour-les-francais-le-seul-moyen-deviter-le-risque-penal\/\">                <!-- <div> -->\r\n                  <div class=\"ej-search-image\">\r\n                    <img loading=\"lazy\" decoding=\"async\" width=\"36\" height=\"36\" src=\"https:\/\/staging.fbt-avocats.ch\/wp-content\/plugins\/ej-search\/images\/article-news-36.png\">\r\n                  <\/div>\r\n                <div class=\"ej-search-result-container\">\r\n                  <span class=\"ej-search-title\">R\u00e9gularisation fiscale pour les Fran\u00e7ais : le seul moyen d&#039;\u00e9viter le risque p\u00e9nal<\/span>\r\n                  <span class=\"ej-search-date-publication\">Septembre 2015  \/ AGEFI - Indices  <\/span>\r\n                  <span class=\"ej-search-competence\">  \/ Tax <\/span>\r\n                  <span class=\"ej-search-auteur\"> Alain Moreau , Jean-Luc Bochatay <\/span>\r\n                <\/div>\r\n            <\/a>            <div style=\"clear:both\"><\/div>\r\n          <\/div>\r\n               <div  class=\"ej-search-result-item\">\r\n            <a href=\"https:\/\/staging.fbt-avocats.ch\/en\/les-contribuables-desormais-contraints-a-la-plus-grande-transparence\/\">                <!-- <div> -->\r\n                  <div class=\"ej-search-image\">\r\n                    <img loading=\"lazy\" decoding=\"async\" width=\"36\" height=\"36\" src=\"https:\/\/staging.fbt-avocats.ch\/wp-content\/plugins\/ej-search\/images\/article-news-36.png\">\r\n                  <\/div>\r\n                <div class=\"ej-search-result-container\">\r\n                  <span class=\"ej-search-title\">Les contribuables d\u00e9sormais contraints \u00e0 la plus grande transparence<\/span>\r\n                  <span class=\"ej-search-date-publication\">D\u00e9cembre 2014  \/ AGEFI TV  <\/span>\r\n                  <span class=\"ej-search-competence\">  \/ Tax <\/span>\r\n                  <span class=\"ej-search-auteur\"> Alain Moreau , Jean-Luc Bochatay <\/span>\r\n                <\/div>\r\n            <\/a>            <div style=\"clear:both\"><\/div>\r\n          <\/div>\r\n               <div  class=\"ej-search-result-item\">\r\n            <a href=\"https:\/\/staging.fbt-avocats.ch\/en\/linquietant-futur-paysage-fiscal\/\">                <!-- <div> -->\r\n                  <div class=\"ej-search-image\">\r\n                    <img loading=\"lazy\" decoding=\"async\" width=\"36\" height=\"36\" src=\"https:\/\/staging.fbt-avocats.ch\/wp-content\/plugins\/ej-search\/images\/article-news-36.png\">\r\n                  <\/div>\r\n                <div class=\"ej-search-result-container\">\r\n                  <span class=\"ej-search-title\">L&#039;inqui\u00e9tant futur paysage fiscal<\/span>\r\n                  <span class=\"ej-search-date-publication\">Septembre 2014  \/ AGEFI  <\/span>\r\n                  <span class=\"ej-search-competence\">  \/ Tax <\/span>\r\n                  <span class=\"ej-search-auteur\"> Jean-Luc Bochatay , Michel Abt <\/span>\r\n                <\/div>\r\n            <\/a>            <div style=\"clear:both\"><\/div>\r\n          <\/div>\r\n               <div  class=\"ej-search-result-item\">\r\n            <a href=\"https:\/\/staging.fbt-avocats.ch\/en\/le-recouvrement-des-impots-etrangers-sur-le-territoire-suisse-plus-quune-simple-hypothese-collection-of-foreign-taxes-in-switzerland-more-than-a-mere-supposition\/\">                <!-- <div> -->\r\n                  <div class=\"ej-search-image\">\r\n                    <img loading=\"lazy\" decoding=\"async\" width=\"36\" height=\"36\" src=\"https:\/\/staging.fbt-avocats.ch\/wp-content\/plugins\/ej-search\/images\/article-news-36.png\">\r\n                  <\/div>\r\n                <div class=\"ej-search-result-container\">\r\n                  <span class=\"ej-search-title\">Le recouvrement des imp\u00f4ts \u00e9trangers sur le territoire suisse : plus qu&#039;une simple hypoth\u00e8se \/ Collection of foreign taxes in Switzerland: more than a mere supposition<\/span>\r\n                  <span class=\"ej-search-date-publication\">Septembre 2014  \/ BSL Banking in Switzerland and Liechstenstein  <\/span>\r\n                  <span class=\"ej-search-competence\">  \/ Tax <\/span>\r\n                  <span class=\"ej-search-auteur\"> Jean-Luc Bochatay <\/span>\r\n                <\/div>\r\n            <\/a>            <div style=\"clear:both\"><\/div>\r\n          <\/div>\r\n               <div  class=\"ej-search-result-item\">\r\n            <a href=\"https:\/\/staging.fbt-avocats.ch\/en\/die-durchsetzung-auslandischer-steuerforderungen-auf-schweizer-boden-nicht-langer-eine-fiktion\/\">                <!-- <div> -->\r\n                  <div class=\"ej-search-image\">\r\n                    <img loading=\"lazy\" decoding=\"async\" width=\"36\" height=\"36\" src=\"https:\/\/staging.fbt-avocats.ch\/wp-content\/plugins\/ej-search\/images\/article-news-36.png\">\r\n                  <\/div>\r\n                <div class=\"ej-search-result-container\">\r\n                  <span class=\"ej-search-title\">Die Durchsetzung ausl\u00e4ndischer Steuerforderungen auf schweizer Boden: nicht l\u00e4nger eine Fiktion<\/span>\r\n                  <span class=\"ej-search-date-publication\">Septembre 2014  \/ BSL Banking in Switzerland and Liechstenstein  <\/span>\r\n                  <span class=\"ej-search-competence\">  \/ Tax <\/span>\r\n                  <span class=\"ej-search-auteur\"> Jean-Luc Bochatay <\/span>\r\n                <\/div>\r\n            <\/a>            <div style=\"clear:both\"><\/div>\r\n          <\/div>\r\n               <div  class=\"ej-search-result-item\">\r\n            <a href=\"https:\/\/staging.fbt-avocats.ch\/en\/gestion-davoirs-non-declares-risque-penal-realite-fiction\/\">                <!-- <div> -->\r\n                  <div class=\"ej-search-image\">\r\n                    <img loading=\"lazy\" decoding=\"async\" width=\"36\" height=\"36\" src=\"https:\/\/staging.fbt-avocats.ch\/wp-content\/plugins\/ej-search\/images\/article-news-36.png\">\r\n                  <\/div>\r\n                <div class=\"ej-search-result-container\">\r\n                  <span class=\"ej-search-title\">Gestion d&#039;avoirs non d\u00e9clar\u00e9s et risque p\u00e9nal : r\u00e9alit\u00e9 ou fiction ?<\/span>\r\n                  <span class=\"ej-search-date-publication\">Octobre 2012  \/ InvestNews  <\/span>\r\n                  <span class=\"ej-search-competence\">  \/ Tax <\/span>\r\n                  <span class=\"ej-search-auteur\"> Jean-Luc Bochatay <\/span>\r\n                <\/div>\r\n            <\/a>            <div style=\"clear:both\"><\/div>\r\n          <\/div>\r\n               <div  class=\"ej-search-result-item\">\r\n            <a href=\"https:\/\/staging.fbt-avocats.ch\/en\/gestion-davoirs-non-declares-risque-dinfraction-penale\/\">                <!-- <div> -->\r\n                  <div class=\"ej-search-image\">\r\n                    <img loading=\"lazy\" decoding=\"async\" width=\"36\" height=\"36\" src=\"https:\/\/staging.fbt-avocats.ch\/wp-content\/plugins\/ej-search\/images\/article-news-36.png\">\r\n                  <\/div>\r\n                <div class=\"ej-search-result-container\">\r\n                  <span class=\"ej-search-title\">Gestion d&#039;avoirs non d\u00e9clar\u00e9s : Quel est le risque d&#039;infraction p\u00e9nale?<\/span>\r\n                  <span class=\"ej-search-date-publication\">Septembre 2012  \/ AGEFI - Indices  <\/span>\r\n                  <span class=\"ej-search-competence\">  \/ Tax <\/span>\r\n                  <span class=\"ej-search-auteur\"> Jean-Luc Bochatay <\/span>\r\n                <\/div>\r\n            <\/a>            <div style=\"clear:both\"><\/div>\r\n          <\/div>\r\n               <div  class=\"ej-search-result-item\">\r\n            <a href=\"https:\/\/staging.fbt-avocats.ch\/en\/droits-de-succession-france-suisse\/\">                <!-- <div> -->\r\n                  <div class=\"ej-search-image\">\r\n                    <img loading=\"lazy\" decoding=\"async\" width=\"36\" height=\"36\" src=\"https:\/\/staging.fbt-avocats.ch\/wp-content\/plugins\/ej-search\/images\/article-news-36.png\">\r\n                  <\/div>\r\n                <div class=\"ej-search-result-container\">\r\n                  <span class=\"ej-search-title\">Droits de succession en France et en Suisse<\/span>\r\n                  <span class=\"ej-search-date-publication\">Juillet 2012  \/ BSL Banking in Switzerland and Liechstenstein  <\/span>\r\n                  <span class=\"ej-search-competence\">  \/ Tax <\/span>\r\n                  <span class=\"ej-search-auteur\"> Alain Moreau , Jean-Luc Bochatay <\/span>\r\n                <\/div>\r\n            <\/a>            <div style=\"clear:both\"><\/div>\r\n          <\/div>\r\n               <div  class=\"ej-search-result-item\">\r\n            <a href=\"https:\/\/staging.fbt-avocats.ch\/en\/mutual-assistance-in-tax-and-financial-matters\/\">                <!-- <div> -->\r\n                  <div class=\"ej-search-image\">\r\n                    <img loading=\"lazy\" decoding=\"async\" width=\"36\" height=\"36\" src=\"https:\/\/staging.fbt-avocats.ch\/wp-content\/plugins\/ej-search\/images\/article-news-36.png\">\r\n                  <\/div>\r\n                <div class=\"ej-search-result-container\">\r\n                  <span class=\"ej-search-title\">Mutual Assistance in Tax and Financial Matters<\/span>\r\n                  <span class=\"ej-search-date-publication\">Juillet 2011  \/ BSL Banking in Switzerland and Liechstenstein  <\/span>\r\n                  <span class=\"ej-search-competence\">  \/ Tax <\/span>\r\n                  <span class=\"ej-search-auteur\"> Jean-Luc Bochatay <\/span>\r\n                <\/div>\r\n            <\/a>            <div style=\"clear:both\"><\/div>\r\n          <\/div>\r\n               <div  class=\"ej-search-result-item\">\r\n            <a href=\"https:\/\/staging.fbt-avocats.ch\/en\/fusions-acquisitions\/\">                <!-- <div> -->\r\n                  <div class=\"ej-search-image\">\r\n                    <img loading=\"lazy\" decoding=\"async\" width=\"36\" height=\"36\" src=\"https:\/\/staging.fbt-avocats.ch\/wp-content\/plugins\/ej-search\/images\/article-news-36.png\">\r\n                  <\/div>\r\n                <div class=\"ej-search-result-container\">\r\n                  <span class=\"ej-search-title\">Fusions-Acquisitions<\/span>\r\n                  <span class=\"ej-search-date-publication\">Octobre 2009  \/ Les Echos.fr  <\/span>\r\n                  <span class=\"ej-search-competence\">  \/ Corporate and Commercial <\/span>\r\n                  <span class=\"ej-search-auteur\"> Jean-Luc Bochatay <\/span>\r\n                <\/div>\r\n            <\/a>            <div style=\"clear:both\"><\/div>\r\n          <\/div>\r\n        <\/div> \r\n\n<\/div><\/div><\/section>\n<\/div><\/div>\n<style type=\"text\/css\" data-created_by=\"avia_inline_auto\" id=\"style-css-av-1ybsnc-508f8d1b31cfe2433b312317d188fc09\">\n.flex_column.av-1ybsnc-508f8d1b31cfe2433b312317d188fc09{\nborder-radius:0px 0px 0px 0px;\npadding:0px 0px 0px 0px;\n}\n<\/style>\n<div  class='flex_column av-1ybsnc-508f8d1b31cfe2433b312317d188fc09 av_one_third  avia-builder-el-23  el_after_av_one_full  avia-builder-el-last  first flex_column_div av-zero-column-padding  column-top-margin'     ><div  class='avia-slideshow av-ltyge8aq-318cf353f1f7d000ecffd7923fd619a5 avia-slideshow-no scaling av_slideshow avia-fade-slider  avia-builder-el-24  avia-builder-el-no-sibling  av-desktop-hide av-medium-hide av-small-hide av-slideshow-ui av-control-default av-slideshow-autoplay av-loop-endless av-loop-manual-endless av-default-height-applied avia-slideshow-5' data-slideshow-options=\"{&quot;animation&quot;:&quot;fade&quot;,&quot;autoplay&quot;:true,&quot;loop_autoplay&quot;:&quot;endless&quot;,&quot;interval&quot;:10,&quot;loop_manual&quot;:&quot;manual-endless&quot;,&quot;autoplay_stopper&quot;:false,&quot;noNavigation&quot;:false,&quot;bg_slider&quot;:false,&quot;keep_padding&quot;:false,&quot;hoverpause&quot;:false,&quot;show_slide_delay&quot;:0}\"  itemprop=\"image\" itemscope=\"itemscope\" itemtype=\"https:\/\/schema.org\/ImageObject\" ><ul class='avia-slideshow-inner ' style='padding-bottom: 125%;'><li  class='avia-slideshow-slide av-ltyge8aq-318cf353f1f7d000ecffd7923fd619a5__0  slide-1 slide-odd'><div data-rel='slideshow-5' class='avia-slide-wrap '   ><img fetchpriority=\"high\" class=\"wp-image-26167 avia-img-lazy-loading-not-26167\"  src='https:\/\/staging.fbt-avocats.ch\/wp-content\/uploads\/2024\/10\/JLB1.png' width='1200' height='1500' title='JLB1' alt=''  itemprop=\"thumbnailUrl\"   \/><\/div><\/li><li  class='avia-slideshow-slide av-ltyge8aq-318cf353f1f7d000ecffd7923fd619a5__1  slide-2 slide-even'><div data-rel='slideshow-5' class='avia-slide-wrap '   ><img fetchpriority=\"high\" class=\"wp-image-26169 avia-img-lazy-loading-not-26169\"  src='https:\/\/staging.fbt-avocats.ch\/wp-content\/uploads\/2024\/10\/JLB2.png' width='1200' height='1500' title='JLB2' alt=''  itemprop=\"thumbnailUrl\"   \/><\/div><\/li><li  class='avia-slideshow-slide av-ltyge8aq-318cf353f1f7d000ecffd7923fd619a5__2  slide-3 slide-odd'><div data-rel='slideshow-5' class='avia-slide-wrap '   ><img fetchpriority=\"high\" class=\"wp-image-26171 avia-img-lazy-loading-not-26171\"  src='https:\/\/staging.fbt-avocats.ch\/wp-content\/uploads\/2024\/10\/JLB3.png' width='1200' height='1500' title='JLB3' alt=''  itemprop=\"thumbnailUrl\"   \/><\/div><\/li><\/ul><div class='avia-slideshow-arrows avia-slideshow-controls' ><a href='#prev' class='prev-slide  avia-svg-icon avia-font-svg_entypo-fontello' data-av_svg_icon='left-open-big' data-av_iconset='svg_entypo-fontello' tabindex='-1' title=\"Previous\"><svg version=\"1.1\" xmlns=\"http:\/\/www.w3.org\/2000\/svg\" width=\"15\" height=\"32\" viewBox=\"0 0 15 32\" preserveAspectRatio=\"xMidYMid meet\" aria-labelledby='av-svg-title-3' aria-describedby='av-svg-desc-3' role=\"graphics-symbol\" aria-hidden=\"true\">\n<title id='av-svg-title-3'>Previous<\/title>\n<desc id='av-svg-desc-3'>Previous<\/desc>\n<path d=\"M14.464 27.84q0.832 0.832 0 1.536-0.832 0.832-1.536 0l-12.544-12.608q-0.768-0.768 0-1.6l12.544-12.608q0.704-0.832 1.536 0 0.832 0.704 0 1.536l-11.456 11.904z\"><\/path>\n<\/svg><span class='avia_hidden_link_text'>Previous<\/span><\/a><a href='#next' class='next-slide  avia-svg-icon avia-font-svg_entypo-fontello' data-av_svg_icon='right-open-big' data-av_iconset='svg_entypo-fontello' tabindex='-1' title=\"Next\"><svg version=\"1.1\" xmlns=\"http:\/\/www.w3.org\/2000\/svg\" width=\"15\" height=\"32\" viewBox=\"0 0 15 32\" preserveAspectRatio=\"xMidYMid meet\" aria-labelledby='av-svg-title-4' aria-describedby='av-svg-desc-4' role=\"graphics-symbol\" aria-hidden=\"true\">\n<title id='av-svg-title-4'>Next<\/title>\n<desc id='av-svg-desc-4'>Next<\/desc>\n<path d=\"M0.416 27.84l11.456-11.84-11.456-11.904q-0.832-0.832 0-1.536 0.832-0.832 1.536 0l12.544 12.608q0.768 0.832 0 1.6l-12.544 12.608q-0.704 0.832-1.536 0-0.832-0.704 0-1.536z\"><\/path>\n<\/svg><span class='avia_hidden_link_text'>Next<\/span><\/a><\/div><div class='avia-slideshow-dots avia-slideshow-controls'><a href='#1' class='goto-slide active' >1<\/a><a href='#2' class='goto-slide ' >2<\/a><a href='#3' class='goto-slide ' >3<\/a><\/div><\/div><\/div>\n\n","protected":false},"excerpt":{"rendered":"<p>Partner &#8211; Geneva<\/p>\n","protected":false},"author":18,"featured_media":29908,"comment_status":"closed","ping_status":"closed","template":"","meta":{"footnotes":""},"tags":[],"portfolio_entries":[71,630,631,629,72],"class_list":["post-1543","portfolio","type-portfolio","status-publish","has-post-thumbnail","hentry","portfolio_entries-corporate-and-commercial","portfolio_entries-family-estate","portfolio_entries-geneve-en","portfolio_entries-partner","portfolio_entries-tax"],"yoast_head":"<!-- This site is optimized with the Yoast SEO Premium plugin v27.4 (Yoast SEO v27.4) - https:\/\/yoast.com\/product\/yoast-seo-premium-wordpress\/ -->\n<title>Jean-Luc Bochatay | FBT Avocats SA<\/title>\n<meta name=\"robots\" content=\"noindex, follow, max-snippet:-1, max-image-preview:large, max-video-preview:-1\" \/>\n<meta property=\"og:locale\" content=\"en_US\" \/>\n<meta property=\"og:type\" content=\"article\" \/>\n<meta property=\"og:title\" content=\"Jean-Luc Bochatay\" \/>\n<meta property=\"og:description\" content=\"Partner - Geneva\" \/>\n<meta property=\"og:url\" content=\"https:\/\/staging.fbt-avocats.ch\/en\/portfolio-item\/jean-luc-bochatay\/\" \/>\n<meta property=\"og:site_name\" content=\"FBT Avocats SA\" \/>\n<meta property=\"article:modified_time\" content=\"2026-03-09T11:42:13+00:00\" \/>\n<meta property=\"og:image\" content=\"https:\/\/staging.fbt-avocats.ch\/wp-content\/uploads\/2025\/09\/Jean-Luc-Bochatay.png\" \/>\n\t<meta property=\"og:image:width\" content=\"800\" \/>\n\t<meta property=\"og:image:height\" content=\"800\" \/>\n\t<meta property=\"og:image:type\" content=\"image\/png\" \/>\n<meta name=\"twitter:card\" content=\"summary_large_image\" \/>\n<meta name=\"twitter:label1\" content=\"Est. reading time\" \/>\n\t<meta name=\"twitter:data1\" content=\"15 minutes\" \/>\n<script type=\"application\/ld+json\" class=\"yoast-schema-graph\">{\"@context\":\"https:\\\/\\\/schema.org\",\"@graph\":[{\"@type\":\"WebPage\",\"@id\":\"https:\\\/\\\/staging.fbt-avocats.ch\\\/en\\\/portfolio-item\\\/jean-luc-bochatay\\\/\",\"url\":\"https:\\\/\\\/staging.fbt-avocats.ch\\\/en\\\/portfolio-item\\\/jean-luc-bochatay\\\/\",\"name\":\"Jean-Luc Bochatay | FBT Avocats SA\",\"isPartOf\":{\"@id\":\"https:\\\/\\\/staging.fbt-avocats.ch\\\/en\\\/#website\"},\"primaryImageOfPage\":{\"@id\":\"https:\\\/\\\/staging.fbt-avocats.ch\\\/en\\\/portfolio-item\\\/jean-luc-bochatay\\\/#primaryimage\"},\"image\":{\"@id\":\"https:\\\/\\\/staging.fbt-avocats.ch\\\/en\\\/portfolio-item\\\/jean-luc-bochatay\\\/#primaryimage\"},\"thumbnailUrl\":\"https:\\\/\\\/staging.fbt-avocats.ch\\\/wp-content\\\/uploads\\\/2025\\\/09\\\/Jean-Luc-Bochatay.png\",\"datePublished\":\"2016-04-09T07:34:15+00:00\",\"dateModified\":\"2026-03-09T11:42:13+00:00\",\"breadcrumb\":{\"@id\":\"https:\\\/\\\/staging.fbt-avocats.ch\\\/en\\\/portfolio-item\\\/jean-luc-bochatay\\\/#breadcrumb\"},\"inLanguage\":\"en-US\",\"potentialAction\":[{\"@type\":\"ReadAction\",\"target\":[\"https:\\\/\\\/staging.fbt-avocats.ch\\\/en\\\/portfolio-item\\\/jean-luc-bochatay\\\/\"]}]},{\"@type\":\"ImageObject\",\"inLanguage\":\"en-US\",\"@id\":\"https:\\\/\\\/staging.fbt-avocats.ch\\\/en\\\/portfolio-item\\\/jean-luc-bochatay\\\/#primaryimage\",\"url\":\"https:\\\/\\\/staging.fbt-avocats.ch\\\/wp-content\\\/uploads\\\/2025\\\/09\\\/Jean-Luc-Bochatay.png\",\"contentUrl\":\"https:\\\/\\\/staging.fbt-avocats.ch\\\/wp-content\\\/uploads\\\/2025\\\/09\\\/Jean-Luc-Bochatay.png\",\"width\":800,\"height\":800,\"caption\":\"Jean-Luc Bochatay\"},{\"@type\":\"BreadcrumbList\",\"@id\":\"https:\\\/\\\/staging.fbt-avocats.ch\\\/en\\\/portfolio-item\\\/jean-luc-bochatay\\\/#breadcrumb\",\"itemListElement\":[{\"@type\":\"ListItem\",\"position\":1,\"name\":\"Home\",\"item\":\"https:\\\/\\\/staging.fbt-avocats.ch\\\/en\\\/\"},{\"@type\":\"ListItem\",\"position\":2,\"name\":\"Jean-Luc Bochatay\"}]},{\"@type\":\"WebSite\",\"@id\":\"https:\\\/\\\/staging.fbt-avocats.ch\\\/en\\\/#website\",\"url\":\"https:\\\/\\\/staging.fbt-avocats.ch\\\/en\\\/\",\"name\":\"FBT Avocats SA\",\"description\":\"Etudes bas\u00e9es \u00e0 Gen\u00e8ve et Paris\",\"potentialAction\":[{\"@type\":\"SearchAction\",\"target\":{\"@type\":\"EntryPoint\",\"urlTemplate\":\"https:\\\/\\\/staging.fbt-avocats.ch\\\/en\\\/?s={search_term_string}\"},\"query-input\":{\"@type\":\"PropertyValueSpecification\",\"valueRequired\":true,\"valueName\":\"search_term_string\"}}],\"inLanguage\":\"en-US\"}]}<\/script>\n<!-- \/ Yoast SEO Premium plugin. -->","yoast_head_json":{"title":"Jean-Luc Bochatay | FBT Avocats SA","robots":{"index":"noindex","follow":"follow","max-snippet":"max-snippet:-1","max-image-preview":"max-image-preview:large","max-video-preview":"max-video-preview:-1"},"og_locale":"en_US","og_type":"article","og_title":"Jean-Luc Bochatay","og_description":"Partner - Geneva","og_url":"https:\/\/staging.fbt-avocats.ch\/en\/portfolio-item\/jean-luc-bochatay\/","og_site_name":"FBT Avocats SA","article_modified_time":"2026-03-09T11:42:13+00:00","og_image":[{"width":800,"height":800,"url":"https:\/\/staging.fbt-avocats.ch\/wp-content\/uploads\/2025\/09\/Jean-Luc-Bochatay.png","type":"image\/png"}],"twitter_card":"summary_large_image","twitter_misc":{"Est. reading time":"15 minutes"},"schema":{"@context":"https:\/\/schema.org","@graph":[{"@type":"WebPage","@id":"https:\/\/staging.fbt-avocats.ch\/en\/portfolio-item\/jean-luc-bochatay\/","url":"https:\/\/staging.fbt-avocats.ch\/en\/portfolio-item\/jean-luc-bochatay\/","name":"Jean-Luc Bochatay | FBT Avocats SA","isPartOf":{"@id":"https:\/\/staging.fbt-avocats.ch\/en\/#website"},"primaryImageOfPage":{"@id":"https:\/\/staging.fbt-avocats.ch\/en\/portfolio-item\/jean-luc-bochatay\/#primaryimage"},"image":{"@id":"https:\/\/staging.fbt-avocats.ch\/en\/portfolio-item\/jean-luc-bochatay\/#primaryimage"},"thumbnailUrl":"https:\/\/staging.fbt-avocats.ch\/wp-content\/uploads\/2025\/09\/Jean-Luc-Bochatay.png","datePublished":"2016-04-09T07:34:15+00:00","dateModified":"2026-03-09T11:42:13+00:00","breadcrumb":{"@id":"https:\/\/staging.fbt-avocats.ch\/en\/portfolio-item\/jean-luc-bochatay\/#breadcrumb"},"inLanguage":"en-US","potentialAction":[{"@type":"ReadAction","target":["https:\/\/staging.fbt-avocats.ch\/en\/portfolio-item\/jean-luc-bochatay\/"]}]},{"@type":"ImageObject","inLanguage":"en-US","@id":"https:\/\/staging.fbt-avocats.ch\/en\/portfolio-item\/jean-luc-bochatay\/#primaryimage","url":"https:\/\/staging.fbt-avocats.ch\/wp-content\/uploads\/2025\/09\/Jean-Luc-Bochatay.png","contentUrl":"https:\/\/staging.fbt-avocats.ch\/wp-content\/uploads\/2025\/09\/Jean-Luc-Bochatay.png","width":800,"height":800,"caption":"Jean-Luc Bochatay"},{"@type":"BreadcrumbList","@id":"https:\/\/staging.fbt-avocats.ch\/en\/portfolio-item\/jean-luc-bochatay\/#breadcrumb","itemListElement":[{"@type":"ListItem","position":1,"name":"Home","item":"https:\/\/staging.fbt-avocats.ch\/en\/"},{"@type":"ListItem","position":2,"name":"Jean-Luc Bochatay"}]},{"@type":"WebSite","@id":"https:\/\/staging.fbt-avocats.ch\/en\/#website","url":"https:\/\/staging.fbt-avocats.ch\/en\/","name":"FBT Avocats SA","description":"Etudes bas\u00e9es \u00e0 Gen\u00e8ve et Paris","potentialAction":[{"@type":"SearchAction","target":{"@type":"EntryPoint","urlTemplate":"https:\/\/staging.fbt-avocats.ch\/en\/?s={search_term_string}"},"query-input":{"@type":"PropertyValueSpecification","valueRequired":true,"valueName":"search_term_string"}}],"inLanguage":"en-US"}]}},"_links":{"self":[{"href":"https:\/\/staging.fbt-avocats.ch\/en\/wp-json\/wp\/v2\/portfolio\/1543","targetHints":{"allow":["GET"]}}],"collection":[{"href":"https:\/\/staging.fbt-avocats.ch\/en\/wp-json\/wp\/v2\/portfolio"}],"about":[{"href":"https:\/\/staging.fbt-avocats.ch\/en\/wp-json\/wp\/v2\/types\/portfolio"}],"author":[{"embeddable":true,"href":"https:\/\/staging.fbt-avocats.ch\/en\/wp-json\/wp\/v2\/users\/18"}],"replies":[{"embeddable":true,"href":"https:\/\/staging.fbt-avocats.ch\/en\/wp-json\/wp\/v2\/comments?post=1543"}],"version-history":[{"count":0,"href":"https:\/\/staging.fbt-avocats.ch\/en\/wp-json\/wp\/v2\/portfolio\/1543\/revisions"}],"wp:featuredmedia":[{"embeddable":true,"href":"https:\/\/staging.fbt-avocats.ch\/en\/wp-json\/wp\/v2\/media\/29908"}],"wp:attachment":[{"href":"https:\/\/staging.fbt-avocats.ch\/en\/wp-json\/wp\/v2\/media?parent=1543"}],"wp:term":[{"taxonomy":"post_tag","embeddable":true,"href":"https:\/\/staging.fbt-avocats.ch\/en\/wp-json\/wp\/v2\/tags?post=1543"},{"taxonomy":"portfolio_entries","embeddable":true,"href":"https:\/\/staging.fbt-avocats.ch\/en\/wp-json\/wp\/v2\/portfolio_entries?post=1543"}],"curies":[{"name":"wp","href":"https:\/\/api.w.org\/{rel}","templated":true}]}}