{"id":1566,"date":"2016-04-18T07:56:50","date_gmt":"2016-04-18T06:56:50","guid":{"rendered":"http:\/\/fbt-avocats.ch\/en\/?post_type=portfolio&#038;p=1566"},"modified":"2025-12-02T10:41:11","modified_gmt":"2025-12-02T09:41:11","slug":"serge-fasel","status":"publish","type":"portfolio","link":"https:\/\/staging.fbt-avocats.ch\/en\/portfolio-item\/serge-fasel\/","title":{"rendered":"Serge Fasel"},"content":{"rendered":"<div id='full_slider_1'  class='avia-fullwidth-slider main_color avia-shadow av-medium-hide av-small-hide av-mini-hide  avia-builder-el-0  el_before_av_slideshow_full  avia-builder-el-first   container_wrap fullsize'  >\n<style type=\"text\/css\" data-created_by=\"avia_inline_auto\" id=\"style-css-av-jzwm0b3n-5a1e7a923afe3ad94be65e88d938aec6\">\n#top #wrap_all .avia-slideshow .av-slideshow-caption.av-jzwm0b3n-5a1e7a923afe3ad94be65e88d938aec6__0 .avia-caption-title{\ncolor:#ffffff;\n}\n#top .avia-slideshow .av-slideshow-caption.av-jzwm0b3n-5a1e7a923afe3ad94be65e88d938aec6__0 .avia-caption-content{\ncolor:#ffffff;\n}\n<\/style>\n<div  class='avia-slideshow av-jzwm0b3n-5a1e7a923afe3ad94be65e88d938aec6 avia-slideshow-no scaling av_slideshow_full avia-fade-slider av-medium-hide av-small-hide av-mini-hide av-slideshow-ui av-control-hidden av-no-slider-navigation av-hide-nav-arrows av-slideshow-manual av-loop-once av-loop-manual-endless av-default-height-applied   avia-slideshow-1' data-slideshow-options=\"{&quot;animation&quot;:&quot;fade&quot;,&quot;autoplay&quot;:false,&quot;loop_autoplay&quot;:&quot;once&quot;,&quot;interval&quot;:5,&quot;loop_manual&quot;:&quot;manual-endless&quot;,&quot;autoplay_stopper&quot;:false,&quot;noNavigation&quot;:true,&quot;bg_slider&quot;:false,&quot;keep_padding&quot;:false,&quot;hoverpause&quot;:false,&quot;show_slide_delay&quot;:0}\"  itemprop=\"image\" itemscope=\"itemscope\" itemtype=\"https:\/\/schema.org\/ImageObject\" ><ul class='avia-slideshow-inner ' style='padding-bottom: 28.666666666667%;'><li  class='avia-slideshow-slide av-jzwm0b3n-5a1e7a923afe3ad94be65e88d938aec6__0  av-single-slide slide-1 slide-odd'><div data-rel='slideshow-1' class='avia-slide-wrap '   ><img fetchpriority=\"high\" class=\"wp-image-30829 avia-img-lazy-loading-not-30829\"  src='https:\/\/staging.fbt-avocats.ch\/wp-content\/uploads\/2025\/11\/SFA.png' width='2250' height='645' title='SFA' alt=''  itemprop=\"thumbnailUrl\"   \/><\/div><\/li><\/ul><div class='av-slideshow-caption av-jzwm0b3n-5a1e7a923afe3ad94be65e88d938aec6__0 caption_fullwidth caption_right'><div class=\"container caption_container\"><div class=\"slideshow_caption\"><div class=\"slideshow_inner_caption\"><div class=\"slideshow_align_caption\"><h2 class='avia-caption-title '  itemprop=\"name\" >Serge Fasel<\/h2><div class='avia-caption-content av_inherit_color'  itemprop=\"description\" ><p>Partner | Geneva<br \/>\n+41 22 849 60 40<br \/>\nsfasel@fbt.ch<\/p>\n<\/div><a href='mailto:sfasel@fbt.ch'  target=\"_blank\"  rel=\"noopener noreferrer\" class='avia-slideshow-button avia-button avia-color-theme-color-subtle avia-multi-slideshow-button' data-duration='800' data-easing='easeInOutQuad'>Send an email <\/a><a href='https:\/\/staging.fbt-avocats.ch\/en\/?id_contact=9&amp;download_vcard=1'  target=\"_blank\"  rel=\"noopener noreferrer\" class='avia-slideshow-button avia-button avia-color-theme-color-subtle avia-multi-slideshow-button avia-slideshow-button-2' data-duration='800' data-easing='easeInOutQuad'>Vcard<\/a><\/div><\/div><\/div><\/div><\/div><\/div><\/div>\n<div id='full_slider_2'  class='avia-fullwidth-slider main_color avia-shadow av-desktop-hide av-small-hide av-mini-hide  avia-builder-el-1  el_after_av_slideshow_full  el_before_av_slideshow_full   slider-not-first container_wrap fullsize'  ><div  class='avia-slideshow av-jzwmplx4-d00e2082cf4063d46e33f04b1d6daace avia-slideshow-no scaling av_slideshow_full avia-slide-slider av-desktop-hide av-small-hide av-mini-hide av-slideshow-ui av-control-default av-slideshow-manual av-loop-once av-loop-manual-endless av-default-height-applied   avia-slideshow-2' data-slideshow-options=\"{&quot;animation&quot;:&quot;slide&quot;,&quot;autoplay&quot;:false,&quot;loop_autoplay&quot;:&quot;once&quot;,&quot;interval&quot;:5,&quot;loop_manual&quot;:&quot;manual-endless&quot;,&quot;autoplay_stopper&quot;:false,&quot;noNavigation&quot;:false,&quot;bg_slider&quot;:false,&quot;keep_padding&quot;:false,&quot;hoverpause&quot;:false,&quot;show_slide_delay&quot;:0}\"  itemprop=\"image\" itemscope=\"itemscope\" itemtype=\"https:\/\/schema.org\/ImageObject\" ><ul class='avia-slideshow-inner ' style='padding-bottom: 75%;'><li  class='avia-slideshow-slide av-jzwmplx4-d00e2082cf4063d46e33f04b1d6daace__0  av-single-slide slide-1 slide-odd'><div data-rel='slideshow-2' class='avia-slide-wrap '   ><img fetchpriority=\"high\" class=\"wp-image-30064 avia-img-lazy-loading-not-30064\"  src='https:\/\/staging.fbt-avocats.ch\/wp-content\/uploads\/2025\/09\/SFA.png' width='1000' height='750' title='SFA' alt=''  itemprop=\"thumbnailUrl\"   \/><\/div><\/li><\/ul><\/div><\/div>\n<div id='full_slider_3'  class='avia-fullwidth-slider main_color avia-shadow av-desktop-hide av-medium-hide  avia-builder-el-2  el_after_av_slideshow_full  el_before_av_submenu   slider-not-first container_wrap fullsize'  ><div  class='avia-slideshow av-jzwmplx4-a25a26178c12cd636eb840a40b88ab41 avia-slideshow-no scaling av_slideshow_full avia-slide-slider av-desktop-hide av-medium-hide av-slideshow-ui av-control-default av-slideshow-manual av-loop-once av-loop-manual-endless av-default-height-applied   avia-slideshow-3' data-slideshow-options=\"{&quot;animation&quot;:&quot;slide&quot;,&quot;autoplay&quot;:false,&quot;loop_autoplay&quot;:&quot;once&quot;,&quot;interval&quot;:5,&quot;loop_manual&quot;:&quot;manual-endless&quot;,&quot;autoplay_stopper&quot;:false,&quot;noNavigation&quot;:false,&quot;bg_slider&quot;:false,&quot;keep_padding&quot;:false,&quot;hoverpause&quot;:false,&quot;show_slide_delay&quot;:0}\"  itemprop=\"image\" itemscope=\"itemscope\" itemtype=\"https:\/\/schema.org\/ImageObject\" ><ul class='avia-slideshow-inner ' style='padding-bottom: 100%;'><li  class='avia-slideshow-slide av-jzwmplx4-a25a26178c12cd636eb840a40b88ab41__0  av-single-slide slide-1 slide-odd'><div data-rel='slideshow-3' class='avia-slide-wrap '   ><img fetchpriority=\"high\" class=\"wp-image-29939 avia-img-lazy-loading-not-29939\"  src='https:\/\/staging.fbt-avocats.ch\/wp-content\/uploads\/2025\/09\/Serge-Fasel.png' width='800' height='800' title='Serge-Fasel' alt='Serge Fasel'  itemprop=\"thumbnailUrl\"   \/><\/div><\/li><\/ul><\/div><\/div>\n<div class='clear'><\/div><div id='sub_menu1'  class='av-submenu-container av-m0m7w4j6-4da9a070cf77a9f89c6881fa7a132616 main_color  avia-builder-el-3  el_after_av_slideshow_full  el_before_av_heading  av-sticky-submenu submenu-not-first container_wrap fullsize' style='z-index:301' ><div class='container av-menu-mobile-disabled av-submenu-pos-center'><ul id='av-custom-submenu-1' class='av-subnav-menu' role='menu'>\n<li class='menu-item av-10rtvf7-0bd12b845d0346df1137e1ce7c41e0e5 menu-item-top-level menu-item-top-level-1' role='menuitem'><a href='#top'  ><span class='avia-bullet'><\/span><span class='avia-menu-text'>Contact<\/span><\/a><\/li>\n<li class='menu-item av-190i79c-63b815819db45df41974826d105f1a79 menu-item-top-level menu-item-top-level-2' role='menuitem'><a href='#competence'  ><span class='avia-bullet'><\/span><span class='avia-menu-text'>Expertise<\/span><\/a><\/li>\n<li class='menu-item av-183ccv4-b290dfd78cd6f93cdf0838a7f8c45c03 menu-item-top-level menu-item-top-level-3' role='menuitem'><a href='#cv'  ><span class='avia-bullet'><\/span><span class='avia-menu-text'>Resume<\/span><\/a><\/li>\n<li class='menu-item av-j28ssg-061cd967e74ff8b64ac5d241e40aa302 menu-item-top-level menu-item-top-level-4' role='menuitem'><a href='https:\/\/www.linkedin.com\/in\/serge-fasel-799a8a41\/'  target=\"_blank\"  rel=\"noopener noreferrer\" ><span class='avia-bullet'><\/span><span class='avia-menu-text'>LinkedIn<\/span><\/a><\/li>\n<\/ul><\/div><\/div><div class='sticky_placeholder'><\/div><div id='after_submenu_1'  class='main_color av_default_container_wrap container_wrap fullsize'  ><div class='container av-section-cont-open' ><div class='template-page content  av-content-full alpha units'><div class='post-entry post-entry-type-page post-entry-1566'><div class='entry-content-wrapper clearfix'>\n\n<style type=\"text\/css\" data-created_by=\"avia_inline_auto\" id=\"style-css-av-av_heading-a10a2f84cc5bd57fa5f406fe0c42e155\">\n#top .av-special-heading.av-av_heading-a10a2f84cc5bd57fa5f406fe0c42e155{\npadding-bottom:0;\n}\nbody .av-special-heading.av-av_heading-a10a2f84cc5bd57fa5f406fe0c42e155 .av-special-heading-tag .heading-char{\nfont-size:25px;\n}\n.av-special-heading.av-av_heading-a10a2f84cc5bd57fa5f406fe0c42e155 .av-subheading{\nfont-size:15px;\n}\n<\/style>\n<div  class='av-special-heading av-av_heading-a10a2f84cc5bd57fa5f406fe0c42e155 av-special-heading-h1 blockquote modern-quote modern-centered  avia-builder-el-4  el_after_av_submenu  el_before_av_hr  avia-builder-el-first  av-desktop-hide'><h1 class='av-special-heading-tag '  itemprop=\"headline\"  >Serge Fasel<\/h1><div class='av-subheading av-subheading_below'><p>Partner | Geneva<\/p>\n<\/div><div class=\"special-heading-border\"><div class=\"special-heading-inner-border\"><\/div><\/div><\/div>\n\n<style type=\"text\/css\" data-created_by=\"avia_inline_auto\" id=\"style-css-av-jue2njy8-0d772e6fb08857b99e1ad5955fce63df\">\n#top .hr.hr-invisible.av-jue2njy8-0d772e6fb08857b99e1ad5955fce63df{\nheight:20px;\n}\n<\/style>\n<div  class='hr av-jue2njy8-0d772e6fb08857b99e1ad5955fce63df hr-invisible  avia-builder-el-5  el_after_av_heading  el_before_av_textblock  av-desktop-hide av-medium-hide av-small-hide'><span class='hr-inner '><span class=\"hr-inner-style\"><\/span><\/span><\/div>\n<section  class='av_textblock_section av-2ww7tt-44415773284c5e8bfae76f80ed858d1c '   itemscope=\"itemscope\" itemtype=\"https:\/\/schema.org\/CreativeWork\" ><div class='av-desktop-hide avia_textblock'  itemprop=\"text\" ><p style=\"text-align: center;\">+41 22 849 60 40<br \/>\n<a href=\"mailto:sfasel@fbt.ch\">sfasel@fbt.ch<\/a><\/p>\n<\/div><\/section>\n<div  class='avia-buttonrow-wrap av-k0pblb3u-67ad9170d91c8a10bc928dc155f879a9 avia-buttonrow-center  avia-builder-el-7  el_after_av_textblock  el_before_av_section  avia-builder-el-last  av-desktop-hide'>\n\n<style type=\"text\/css\" data-created_by=\"avia_inline_auto\" id=\"style-css-av-zngppc-be6656779fd1001ae33c55b19b959be5\">\n#top #wrap_all .avia-button.av-zngppc-be6656779fd1001ae33c55b19b959be5{\nmargin-bottom:5px;\nmargin-right:3px;\nmargin-left:3px;\n}\n<\/style>\n<a href='https:\/\/staging.fbt-avocats.ch\/en\/?id_contact=9&amp;download_vcard=1'  class='avia-button av-zngppc-be6656779fd1001ae33c55b19b959be5 avia-icon_select-yes-left-icon avia-size-medium av-icon-on-hover avia-color-dark'   aria-label=\"vCard\"><span class='avia_button_icon avia_button_icon_left avia-iconfont avia-font-entypo-fontello' data-av_icon='\ue840' data-av_iconfont='entypo-fontello' ><\/span><span class='avia_iconbox_title' >vCard<\/span><\/a>\n<\/div>\n<\/div><\/div><\/div><!-- close content main div --><\/div><\/div><div id='competence'  class='avia-section av-8hswd6-337bab2c9e8955ecfd633959396212b0 main_color avia-section-large avia-no-border-styling  avia-builder-el-8  el_after_av_buttonrow  el_before_av_section  avia-bg-style-scroll container_wrap fullsize'  ><div class='container av-section-cont-open' ><div class='template-page content  av-content-full alpha units'><div class='post-entry post-entry-type-page post-entry-1566'><div class='entry-content-wrapper clearfix'>\n\n<style type=\"text\/css\" data-created_by=\"avia_inline_auto\" id=\"style-css-av-jue2inuw-924e06d8df63b30a53f7c57be4b65d8a\">\n.flex_column.av-jue2inuw-924e06d8df63b30a53f7c57be4b65d8a{\nborder-radius:0px 0px 0px 0px;\npadding:0px 0px 0px 0px;\n}\n<\/style>\n<div  class='flex_column av-jue2inuw-924e06d8df63b30a53f7c57be4b65d8a av_one_full  avia-builder-el-9  el_before_av_two_third  avia-builder-el-first  first flex_column_div av-animated-generic top-to-bottom av-zero-column-padding  '     ><section  class='av_textblock_section av-2ww7tt-7875c39ba456370010ab510e8617a56e '   itemscope=\"itemscope\" itemtype=\"https:\/\/schema.org\/CreativeWork\" ><div class='avia_textblock'  itemprop=\"text\" ><p style=\"text-align: left;\"><strong>Practice areas: <\/strong><a href=\"https:\/\/staging.fbt-avocats.ch\/en\/competence\/litigation-and-arbitration\/\">Litigation and Arbitration (Head\u00a0of\u00a0practice)<\/a><\/p>\n<p style=\"text-align: left;\"><strong>Languages:<\/strong> French,\u00a0English,\u00a0German<\/p>\n<\/div><\/section><\/div>\n<style type=\"text\/css\" data-created_by=\"avia_inline_auto\" id=\"style-css-av-18fvr6u-bacec399fc9d5769465d34dd8a941026\">\n.flex_column.av-18fvr6u-bacec399fc9d5769465d34dd8a941026{\nborder-radius:0px 0px 0px 0px;\npadding:30px 30px 30px 30px;\n}\n<\/style>\n<div  class='flex_column av-18fvr6u-bacec399fc9d5769465d34dd8a941026 av_two_third  avia-builder-el-11  el_after_av_one_full  el_before_av_one_third  first flex_column_div av-animated-generic top-to-bottom  column-top-margin'     ><section  class='av_textblock_section av-aetxu-7f1035c1649d91975d38daa9d5866b90 '   itemscope=\"itemscope\" itemtype=\"https:\/\/schema.org\/CreativeWork\" ><div class='avia_textblock'  itemprop=\"text\" ><h3 style=\"text-align: left;\">EXPERTISE<\/h3>\n<\/div><\/section><br \/>\n<section  class='av_textblock_section av-aetxu-7f1035c1649d91975d38daa9d5866b90 '   itemscope=\"itemscope\" itemtype=\"https:\/\/schema.org\/CreativeWork\" ><div class='avia_textblock'  itemprop=\"text\" ><p><strong>Serge Fasel<\/strong> is a Partner with FBT and head of its Litigation and Arbitration group. He has extensive experience both in Swiss and international court litigation and arbitration. His fields of activities cover all forms of commercial disputes, particularly in the financial sector.<\/p>\n<p>Serge Fasel is also active in the areas of insolvency law, employment law and economic crime. He has a vast knowledge of the Swiss judicial environment. He is recommended by Legal500 for his expertise in dispute resolution and, in particular, disputes involving banks (\u201cSerge Fasel is an experienced litigator with deep knowledge of the banking industry\u201d, Legal500 2016).<\/p>\n<p>Serge Fasel is a Deputy Judge with the Geneva Appeal Court after having served for several years as Deputy Judge with the Court of First Instance.<\/p>\n<p>He has also achieved a course in the Military Justice, his last two responsibilities having been Deputy Chief Auditor with the Swiss Army and then Judge with the Federal Military Court of Cassation.<\/p>\n<\/div><\/section><\/p><\/div>\n<style type=\"text\/css\" data-created_by=\"avia_inline_auto\" id=\"style-css-av-1ybsnc-86493238b803b1ed967405a913b5cc87\">\n.flex_column.av-1ybsnc-86493238b803b1ed967405a913b5cc87{\nborder-radius:0px 0px 0px 0px;\npadding:0px 0px 0px 0px;\n}\n<\/style>\n<div  class='flex_column av-1ybsnc-86493238b803b1ed967405a913b5cc87 av_one_third  avia-builder-el-14  el_after_av_two_third  avia-builder-el-last  flex_column_div av-zero-column-padding  column-top-margin'     ><div  class='avia-slideshow av-ltyge8aq-8718526fd6f80626aa4e32cf90bfaf2a avia-slideshow-no scaling av_slideshow avia-fade-slider  avia-builder-el-15  avia-builder-el-no-sibling  av-mini-hide av-slideshow-ui av-control-default av-slideshow-autoplay av-loop-endless av-loop-manual-endless av-default-height-applied avia-slideshow-4' data-slideshow-options=\"{&quot;animation&quot;:&quot;fade&quot;,&quot;autoplay&quot;:true,&quot;loop_autoplay&quot;:&quot;endless&quot;,&quot;interval&quot;:10,&quot;loop_manual&quot;:&quot;manual-endless&quot;,&quot;autoplay_stopper&quot;:false,&quot;noNavigation&quot;:false,&quot;bg_slider&quot;:false,&quot;keep_padding&quot;:false,&quot;hoverpause&quot;:false,&quot;show_slide_delay&quot;:0}\"  itemprop=\"image\" itemscope=\"itemscope\" itemtype=\"https:\/\/schema.org\/ImageObject\" ><ul class='avia-slideshow-inner ' style='padding-bottom: 125%;'><li  class='avia-slideshow-slide av-ltyge8aq-8718526fd6f80626aa4e32cf90bfaf2a__0  slide-1 slide-odd'><div data-rel='slideshow-4' class='avia-slide-wrap '   ><img fetchpriority=\"high\" class=\"wp-image-30376 avia-img-lazy-loading-not-30376\"  src='https:\/\/staging.fbt-avocats.ch\/wp-content\/uploads\/2025\/10\/SFA1.png' width='1200' height='1500' title='SFA1' alt=''  itemprop=\"thumbnailUrl\"   \/><\/div><\/li><li  class='avia-slideshow-slide av-ltyge8aq-8718526fd6f80626aa4e32cf90bfaf2a__1  slide-2 slide-even'><div data-rel='slideshow-4' class='avia-slide-wrap '   ><img fetchpriority=\"high\" class=\"wp-image-26117 avia-img-lazy-loading-not-26117\"  src='https:\/\/staging.fbt-avocats.ch\/wp-content\/uploads\/2024\/10\/SFA1.png' width='1200' height='1500' title='SFA1' alt=''  itemprop=\"thumbnailUrl\"   \/><\/div><\/li><li  class='avia-slideshow-slide av-ltyge8aq-8718526fd6f80626aa4e32cf90bfaf2a__2  slide-3 slide-odd'><div data-rel='slideshow-4' class='avia-slide-wrap '   ><img fetchpriority=\"high\" class=\"wp-image-26119 avia-img-lazy-loading-not-26119\"  src='https:\/\/staging.fbt-avocats.ch\/wp-content\/uploads\/2024\/10\/SFA2.png' width='1200' height='1500' title='SFA2' alt=''  itemprop=\"thumbnailUrl\"   \/><\/div><\/li><li  class='avia-slideshow-slide av-ltyge8aq-8718526fd6f80626aa4e32cf90bfaf2a__3  slide-4 slide-even'><div data-rel='slideshow-4' class='avia-slide-wrap '   ><img fetchpriority=\"high\" class=\"wp-image-26121 avia-img-lazy-loading-not-26121\"  src='https:\/\/staging.fbt-avocats.ch\/wp-content\/uploads\/2024\/10\/SFA3.png' width='1200' height='1500' title='SFA3' alt=''  itemprop=\"thumbnailUrl\"   \/><\/div><\/li><\/ul><div class='avia-slideshow-arrows avia-slideshow-controls' ><a href='#prev' class='prev-slide  avia-svg-icon avia-font-svg_entypo-fontello' data-av_svg_icon='left-open-big' data-av_iconset='svg_entypo-fontello' tabindex='-1' title=\"Previous\"><svg version=\"1.1\" xmlns=\"http:\/\/www.w3.org\/2000\/svg\" width=\"15\" height=\"32\" viewBox=\"0 0 15 32\" preserveAspectRatio=\"xMidYMid meet\" aria-labelledby='av-svg-title-1' aria-describedby='av-svg-desc-1' role=\"graphics-symbol\" aria-hidden=\"true\">\n<title id='av-svg-title-1'>Previous<\/title>\n<desc id='av-svg-desc-1'>Previous<\/desc>\n<path d=\"M14.464 27.84q0.832 0.832 0 1.536-0.832 0.832-1.536 0l-12.544-12.608q-0.768-0.768 0-1.6l12.544-12.608q0.704-0.832 1.536 0 0.832 0.704 0 1.536l-11.456 11.904z\"><\/path>\n<\/svg><span class='avia_hidden_link_text'>Previous<\/span><\/a><a href='#next' class='next-slide  avia-svg-icon avia-font-svg_entypo-fontello' data-av_svg_icon='right-open-big' data-av_iconset='svg_entypo-fontello' tabindex='-1' title=\"Next\"><svg version=\"1.1\" xmlns=\"http:\/\/www.w3.org\/2000\/svg\" width=\"15\" height=\"32\" viewBox=\"0 0 15 32\" preserveAspectRatio=\"xMidYMid meet\" aria-labelledby='av-svg-title-2' aria-describedby='av-svg-desc-2' role=\"graphics-symbol\" aria-hidden=\"true\">\n<title id='av-svg-title-2'>Next<\/title>\n<desc id='av-svg-desc-2'>Next<\/desc>\n<path d=\"M0.416 27.84l11.456-11.84-11.456-11.904q-0.832-0.832 0-1.536 0.832-0.832 1.536 0l12.544 12.608q0.768 0.832 0 1.6l-12.544 12.608q-0.704 0.832-1.536 0-0.832-0.704 0-1.536z\"><\/path>\n<\/svg><span class='avia_hidden_link_text'>Next<\/span><\/a><\/div><div class='avia-slideshow-dots avia-slideshow-controls'><a href='#1' class='goto-slide active' >1<\/a><a href='#2' class='goto-slide ' >2<\/a><a href='#3' class='goto-slide ' >3<\/a><a href='#4' class='goto-slide ' >4<\/a><\/div><\/div><\/div>\n\n<\/div><\/div><\/div><!-- close content main div --><\/div><\/div><div id='cv'  class='avia-section av-7eyht-d543312c3427c98ff1b6b90335ef37de alternate_color avia-section-default avia-no-border-styling  avia-builder-el-16  el_after_av_section  avia-builder-el-last  avia-bg-style-scroll container_wrap fullsize'  ><div class='container av-section-cont-open' ><div class='template-page content  av-content-full alpha units'><div class='post-entry post-entry-type-page post-entry-1566'><div class='entry-content-wrapper clearfix'>\n\n<style type=\"text\/css\" data-created_by=\"avia_inline_auto\" id=\"style-css-av-jsl0pseh-6e04d322d315b3c37bf9f8a55b5a6eff\">\n.flex_column.av-jsl0pseh-6e04d322d315b3c37bf9f8a55b5a6eff{\nborder-radius:0px 0px 0px 0px;\npadding:50px 50px 50px 50px;\n}\n<\/style>\n<div  class='flex_column av-jsl0pseh-6e04d322d315b3c37bf9f8a55b5a6eff av_one_full  avia-builder-el-17  el_before_av_one_third  avia-builder-el-first  first flex_column_div  '     ><div  class='tabcontainer av-2gao7m-4bcdff530d5c611c3f96b01aa2b1cef8 sidebar_tab sidebar_tab_left  avia-builder-el-18  avia-builder-el-no-sibling  noborder_tabs'>\n<section class='av_tab_section av_tab_section av-uwn7y-0208d485f0c7d2a3c03851c9ec2dd119'  itemscope=\"itemscope\" itemtype=\"https:\/\/schema.org\/CreativeWork\" ><div id='tab-id-1-tab' class='tab active_tab' role='tab' aria-selected=\"true\" tabindex=\"0\" data-fake-id='#tab-id-1' aria-controls='tab-id-1-content'  itemprop=\"headline\" >Education and Professional Experience<\/div><div id='tab-id-1-content' class='tab_content active_tab_content' role='tabpanel' aria-labelledby='tab-id-1-tab' aria-hidden=\"false\"><div class='tab_inner_content invers-color'  itemprop=\"text\" ><p><strong>Since 1993<br \/>\n<\/strong>Partner, FBT Avocats SA, Geneva<\/p>\n<p><strong>1985-1993<\/strong><br \/>\nAssociate with a Swiss law firm<\/p>\n<p><strong>1985<\/strong><br \/>\nAdmission to the Geneva Bar<\/p>\n<p><strong>1983<br \/>\n<\/strong>Law degree, University of Fribourg<\/p>\n<\/div><\/div><\/section>\n<section class='av_tab_section av_tab_section av-85p5xa-d40cb02767f1b0e389a57325b9edffcf'  itemscope=\"itemscope\" itemtype=\"https:\/\/schema.org\/CreativeWork\" ><div id='tab-id-2-tab' class='tab' role='tab' aria-selected=\"false\" tabindex=\"0\" data-fake-id='#tab-id-2' aria-controls='tab-id-2-content'  itemprop=\"headline\" >Memberships<\/div><div id='tab-id-2-content' class='tab_content' role='tabpanel' aria-labelledby='tab-id-2-tab' aria-hidden=\"true\"><div class='tab_inner_content invers-color'  itemprop=\"text\" ><p>Geneva Bar Association<\/p>\n<p>Swiss Bar Association<\/p>\n<p>Geneva Business Law Association<\/p>\n<p>International Bar Association (IBA)<\/p>\n<p>Soci\u00e9t\u00e9 genevoise de droit et de l\u00e9gislation (SGDL)<\/p>\n<p>Swiss Arbitration Association (ASA)<\/p>\n<p>Debt Collection and Bankruptcy Law Association<\/p>\n<p>Lausanne University Centre for Business Law (CEDIDAC)<\/p>\n<\/div><\/div><\/section>\n<section class='av_tab_section av_tab_section av-topyk-ea42965051b308b48c467b72d5356567'  itemscope=\"itemscope\" itemtype=\"https:\/\/schema.org\/CreativeWork\" ><div id='tab-id-3-tab' class='tab' role='tab' aria-selected=\"false\" tabindex=\"0\" data-fake-id='#tab-id-3' aria-controls='tab-id-3-content'  itemprop=\"headline\" >Publications<\/div><div id='tab-id-3-content' class='tab_content' role='tabpanel' aria-labelledby='tab-id-3-tab' aria-hidden=\"true\"><div class='tab_inner_content invers-color'  itemprop=\"text\" >    <div id=\"ej-search-result\">\r\n               <div  class=\"ej-search-result-item\">\r\n            <a href=\"https:\/\/staging.fbt-avocats.ch\/en\/guide-pratique-en-droit-des-poursuites-mainlevee-et-effet-suspensif\/\">                <!-- <div> -->\r\n                  <div class=\"ej-search-image\">\r\n                    <img loading=\"lazy\" decoding=\"async\" width=\"36\" height=\"36\" src=\"https:\/\/staging.fbt-avocats.ch\/wp-content\/plugins\/ej-search\/images\/article-publication-36.png\">\r\n                  <\/div>\r\n                <div class=\"ej-search-result-container\">\r\n                  <span class=\"ej-search-title\">Practical guide to debt enforcement and bankruptcy law, release and suspensive effect<\/span>\r\n                  <span class=\"ej-search-date-publication\">Mars 2024  <\/span>\r\n                  <span class=\"ej-search-competence\">  \/ Litigation and Arbitration <\/span>\r\n                  <span class=\"ej-search-auteur\"> Serge Fasel , Rodrigo Domingos Da Silva <\/span>\r\n                <\/div>\r\n            <\/a>            <div style=\"clear:both\"><\/div>\r\n          <\/div>\r\n               <div  class=\"ej-search-result-item\">\r\n            <a href=\"https:\/\/staging.fbt-avocats.ch\/en\/avenir-coco-bonds\/\">                <!-- <div> -->\r\n                  <div class=\"ej-search-image\">\r\n                    <img loading=\"lazy\" decoding=\"async\" width=\"36\" height=\"36\" src=\"https:\/\/staging.fbt-avocats.ch\/wp-content\/plugins\/ej-search\/images\/article-publication-36.png\">\r\n                  <\/div>\r\n                <div class=\"ej-search-result-container\">\r\n                  <span class=\"ej-search-title\">Quel avenir pour les CoCo Bonds ?<\/span>\r\n                  <span class=\"ej-search-date-publication\">Ao\u00fbt 2023  <\/span>\r\n                  <span class=\"ej-search-competence\">  \/ Litigation and Arbitration <\/span>\r\n                  <span class=\"ej-search-auteur\"> Serge Fasel , Joanna Ybarra <\/span>\r\n                <\/div>\r\n            <\/a>            <div style=\"clear:both\"><\/div>\r\n          <\/div>\r\n               <div  class=\"ej-search-result-item\">\r\n            <a href=\"https:\/\/staging.fbt-avocats.ch\/en\/pratique-judiciaire-nuit-a-lintention-legislateur\/\">                <!-- <div> -->\r\n                  <div class=\"ej-search-image\">\r\n                    <img loading=\"lazy\" decoding=\"async\" width=\"36\" height=\"36\" src=\"https:\/\/staging.fbt-avocats.ch\/wp-content\/plugins\/ej-search\/images\/article-publication-36.png\">\r\n                  <\/div>\r\n                <div class=\"ej-search-result-container\">\r\n                  <span class=\"ej-search-title\">Quand la pratique judiciaire nuit \u00e0 l&#039;intention du l\u00e9gislateur<\/span>\r\n                  <span class=\"ej-search-date-publication\">Juillet 2023  <\/span>\r\n                  <span class=\"ej-search-competence\">  \/ Litigation and Arbitration <\/span>\r\n                  <span class=\"ej-search-auteur\"> Serge Fasel , Olivia de Weck <\/span>\r\n                <\/div>\r\n            <\/a>            <div style=\"clear:both\"><\/div>\r\n          <\/div>\r\n               <div  class=\"ej-search-result-item\">\r\n            <a href=\"https:\/\/staging.fbt-avocats.ch\/en\/limites-droit-dacces-aux-donnees-de-lart-8-lpd-situation-actuelle-droit-a-lavenir\/\">                <!-- <div> -->\r\n                  <div class=\"ej-search-image\">\r\n                    <img loading=\"lazy\" decoding=\"async\" width=\"36\" height=\"36\" src=\"https:\/\/staging.fbt-avocats.ch\/wp-content\/plugins\/ej-search\/images\/article-publication-36.png\">\r\n                  <\/div>\r\n                <div class=\"ej-search-result-container\">\r\n                  <span class=\"ej-search-title\">Les limites du droit d&#039;acc\u00e8s aux donn\u00e9es de l&#039;art. 8 LPD (Situation actuelle et droit \u00e0 l&#039;avenir)<\/span>\r\n                  <span class=\"ej-search-date-publication\">Mai 2023  <\/span>\r\n                  <span class=\"ej-search-competence\">  \/ Litigation and Arbitration <\/span>\r\n                  <span class=\"ej-search-auteur\"> Serge Fasel , Olivia de Weck <\/span>\r\n                <\/div>\r\n            <\/a>            <div style=\"clear:both\"><\/div>\r\n          <\/div>\r\n               <div  class=\"ej-search-result-item\">\r\n            <a href=\"https:\/\/staging.fbt-avocats.ch\/en\/teletravail-quelques-reflexions\/\">                <!-- <div> -->\r\n                  <div class=\"ej-search-image\">\r\n                    <img loading=\"lazy\" decoding=\"async\" width=\"36\" height=\"36\" src=\"https:\/\/staging.fbt-avocats.ch\/wp-content\/plugins\/ej-search\/images\/article-publication-36.png\">\r\n                  <\/div>\r\n                <div class=\"ej-search-result-container\">\r\n                  <span class=\"ej-search-title\">T\u00e9l\u00e9travail \u2013 Quelques R\u00e9flexions<\/span>\r\n                  <span class=\"ej-search-date-publication\">Mai 2022  <\/span>\r\n                  <span class=\"ej-search-competence\">  \/ Litigation and Arbitration <\/span>\r\n                  <span class=\"ej-search-auteur\"> Serge Fasel , Olivia de Weck <\/span>\r\n                <\/div>\r\n            <\/a>            <div style=\"clear:both\"><\/div>\r\n          <\/div>\r\n               <div  class=\"ej-search-result-item\">\r\n            <a href=\"https:\/\/staging.fbt-avocats.ch\/en\/no-jab-no-job\/\">                <!-- <div> -->\r\n                  <div class=\"ej-search-image\">\r\n                    <img loading=\"lazy\" decoding=\"async\" width=\"36\" height=\"36\" src=\"https:\/\/staging.fbt-avocats.ch\/wp-content\/plugins\/ej-search\/images\/article-publication-36.png\">\r\n                  <\/div>\r\n                <div class=\"ej-search-result-container\">\r\n                  <span class=\"ej-search-title\">No jab, no job.<\/span>\r\n                  <span class=\"ej-search-date-publication\">Juillet 2021  <\/span>\r\n                  <span class=\"ej-search-competence\">  \/ Litigation and Arbitration , Labour and social insurance <\/span>\r\n                  <span class=\"ej-search-auteur\"> Serge Fasel , Olivia de Weck <\/span>\r\n                <\/div>\r\n            <\/a>            <div style=\"clear:both\"><\/div>\r\n          <\/div>\r\n               <div  class=\"ej-search-result-item\">\r\n            <a href=\"https:\/\/staging.fbt-avocats.ch\/en\/appels-de-marge-la-crainte-dune-3eme-vague-confirmee\/\">                <!-- <div> -->\r\n                  <div class=\"ej-search-image\">\r\n                    <img loading=\"lazy\" decoding=\"async\" width=\"36\" height=\"36\" src=\"https:\/\/staging.fbt-avocats.ch\/wp-content\/plugins\/ej-search\/images\/article-publication-36.png\">\r\n                  <\/div>\r\n                <div class=\"ej-search-result-container\">\r\n                  <span class=\"ej-search-title\">Appels de marge : la crainte d\u2019une 3\u00e8me vague confirm\u00e9e<\/span>\r\n                  <span class=\"ej-search-date-publication\">Mai 2020  <\/span>\r\n                  <span class=\"ej-search-competence\">  \/ Banking and Finance <\/span>\r\n                  <span class=\"ej-search-auteur\"> Fr\u00e9d\u00e9rique Bensahel , Serge Fasel , Jean-Marie Kiener <\/span>\r\n                <\/div>\r\n            <\/a>            <div style=\"clear:both\"><\/div>\r\n          <\/div>\r\n               <div  class=\"ej-search-result-item\">\r\n            <a href=\"https:\/\/staging.fbt-avocats.ch\/en\/prescription-de-laction-penale-et-covid-19\/\">                <!-- <div> -->\r\n                  <div class=\"ej-search-image\">\r\n                    <img loading=\"lazy\" decoding=\"async\" width=\"36\" height=\"36\" src=\"https:\/\/staging.fbt-avocats.ch\/wp-content\/plugins\/ej-search\/images\/article-publication-36.png\">\r\n                  <\/div>\r\n                <div class=\"ej-search-result-container\">\r\n                  <span class=\"ej-search-title\">Prescription de l&#039;action p\u00e9nale et COVID-19<\/span>\r\n                  <span class=\"ej-search-date-publication\">Mai 2020  <\/span>\r\n                  <span class=\"ej-search-competence\">  \/ Litigation and Arbitration , White-collar crime , Droit p\u00e9nal \u00e9conomique <\/span>\r\n                  <span class=\"ej-search-auteur\"> Serge Fasel <\/span>\r\n                <\/div>\r\n            <\/a>            <div style=\"clear:both\"><\/div>\r\n          <\/div>\r\n               <div  class=\"ej-search-result-item\">\r\n            <a href=\"https:\/\/staging.fbt-avocats.ch\/en\/covid-19-et-entreprises-mesures-adoptees-pour-prevenir-les-faillites\/\">                <!-- <div> -->\r\n                  <div class=\"ej-search-image\">\r\n                    <img loading=\"lazy\" decoding=\"async\" width=\"36\" height=\"36\" src=\"https:\/\/staging.fbt-avocats.ch\/wp-content\/plugins\/ej-search\/images\/article-publication-36.png\">\r\n                  <\/div>\r\n                <div class=\"ej-search-result-container\">\r\n                  <span class=\"ej-search-title\">COVID-19 et entreprises : mesures adopt\u00e9es pour pr\u00e9venir les faillites<\/span>\r\n                  <span class=\"ej-search-date-publication\">Avril 2020  <\/span>\r\n                  <span class=\"ej-search-competence\">  \/ Litigation and Arbitration <\/span>\r\n                  <span class=\"ej-search-auteur\"> Serge Fasel , Romain Baume <\/span>\r\n                <\/div>\r\n            <\/a>            <div style=\"clear:both\"><\/div>\r\n          <\/div>\r\n               <div  class=\"ej-search-result-item\">\r\n            <a href=\"https:\/\/staging.fbt-avocats.ch\/en\/mise-jour-actes-legislatifs-federaux-adoptes-dans-le-contexte-de-la-pandemie-covid-19\/\">                <!-- <div> -->\r\n                  <div class=\"ej-search-image\">\r\n                    <img loading=\"lazy\" decoding=\"async\" width=\"36\" height=\"36\" src=\"https:\/\/staging.fbt-avocats.ch\/wp-content\/plugins\/ej-search\/images\/article-publication-36.png\">\r\n                  <\/div>\r\n                <div class=\"ej-search-result-container\">\r\n                  <span class=\"ej-search-title\">MISE \u00c0 JOUR - Actes l\u00e9gislatifs f\u00e9d\u00e9raux adopt\u00e9s dans le contexte de la pand\u00e9mie COVID-19<\/span>\r\n                  <span class=\"ej-search-date-publication\">Avril 2020  <\/span>\r\n                  <span class=\"ej-search-competence\">  \/ Litigation and Arbitration <\/span>\r\n                  <span class=\"ej-search-auteur\"> Serge Fasel , Romain Baume , Charlotte Andrey <\/span>\r\n                <\/div>\r\n            <\/a>            <div style=\"clear:both\"><\/div>\r\n          <\/div>\r\n               <div  class=\"ej-search-result-item\">\r\n            <a href=\"https:\/\/staging.fbt-avocats.ch\/en\/licenciements-collectifs-et-plans-sociaux-synthese\/\">                <!-- <div> -->\r\n                  <div class=\"ej-search-image\">\r\n                    <img loading=\"lazy\" decoding=\"async\" width=\"36\" height=\"36\" src=\"https:\/\/staging.fbt-avocats.ch\/wp-content\/plugins\/ej-search\/images\/article-publication-36.png\">\r\n                  <\/div>\r\n                <div class=\"ej-search-result-container\">\r\n                  <span class=\"ej-search-title\">Licenciements collectifs et plans sociaux : synth\u00e8se<\/span>\r\n                  <span class=\"ej-search-date-publication\">Avril 2020  <\/span>\r\n                  <span class=\"ej-search-competence\">  \/ Litigation and Arbitration <\/span>\r\n                  <span class=\"ej-search-auteur\"> Serge Fasel , Romain Baume <\/span>\r\n                <\/div>\r\n            <\/a>            <div style=\"clear:both\"><\/div>\r\n          <\/div>\r\n               <div  class=\"ej-search-result-item\">\r\n            <a href=\"https:\/\/staging.fbt-avocats.ch\/en\/le-droit-de-lemployeur-dimposer-des-vacances\/\">                <!-- <div> -->\r\n                  <div class=\"ej-search-image\">\r\n                    <img loading=\"lazy\" decoding=\"async\" width=\"36\" height=\"36\" src=\"https:\/\/staging.fbt-avocats.ch\/wp-content\/plugins\/ej-search\/images\/article-publication-36.png\">\r\n                  <\/div>\r\n                <div class=\"ej-search-result-container\">\r\n                  <span class=\"ej-search-title\">Le droit de l&#039;employeur d&#039;imposer des vacances<\/span>\r\n                  <span class=\"ej-search-date-publication\">Avril 2020  <\/span>\r\n                  <span class=\"ej-search-competence\">  \/ Litigation and Arbitration <\/span>\r\n                  <span class=\"ej-search-auteur\"> Serge Fasel , Th\u00e9o Goetschin , Charlotte Andrey <\/span>\r\n                <\/div>\r\n            <\/a>            <div style=\"clear:both\"><\/div>\r\n          <\/div>\r\n               <div  class=\"ej-search-result-item\">\r\n            <a href=\"https:\/\/staging.fbt-avocats.ch\/en\/actes-legislatifs-federaux-adoptes-dans-le-contexte-de-la-pandemie-covid-19\/\">                <!-- <div> -->\r\n                  <div class=\"ej-search-image\">\r\n                    <img loading=\"lazy\" decoding=\"async\" width=\"36\" height=\"36\" src=\"https:\/\/staging.fbt-avocats.ch\/wp-content\/plugins\/ej-search\/images\/article-publication-36.png\">\r\n                  <\/div>\r\n                <div class=\"ej-search-result-container\">\r\n                  <span class=\"ej-search-title\">Actes l\u00e9gislatifs f\u00e9d\u00e9raux adopt\u00e9s dans le contexte de la pand\u00e9mie COVID-19<\/span>\r\n                  <span class=\"ej-search-date-publication\">Avril 2020  <\/span>\r\n                  <span class=\"ej-search-competence\">  \/ Litigation and Arbitration <\/span>\r\n                  <span class=\"ej-search-auteur\"> Serge Fasel , Romain Baume , Charlotte Andrey <\/span>\r\n                <\/div>\r\n            <\/a>            <div style=\"clear:both\"><\/div>\r\n          <\/div>\r\n               <div  class=\"ej-search-result-item\">\r\n            <a href=\"https:\/\/staging.fbt-avocats.ch\/en\/travailleur-senior-qui-nexecute-plus-ses-taches-de-maniere-satisfaisante\/\">                <!-- <div> -->\r\n                  <div class=\"ej-search-image\">\r\n                    <img loading=\"lazy\" decoding=\"async\" width=\"36\" height=\"36\" src=\"https:\/\/staging.fbt-avocats.ch\/wp-content\/plugins\/ej-search\/images\/article-publication-36.png\">\r\n                  <\/div>\r\n                <div class=\"ej-search-result-container\">\r\n                  <span class=\"ej-search-title\">Travailleur senior qui n\u2019ex\u00e9cute plus ses t\u00e2ches de mani\u00e8re satisfaisante<\/span>\r\n                  <span class=\"ej-search-date-publication\">Avril 2020  <\/span>\r\n                  <span class=\"ej-search-competence\">  \/ Litigation and Arbitration <\/span>\r\n                  <span class=\"ej-search-auteur\"> Serge Fasel <\/span>\r\n                <\/div>\r\n            <\/a>            <div style=\"clear:both\"><\/div>\r\n          <\/div>\r\n               <div  class=\"ej-search-result-item\">\r\n            <a href=\"https:\/\/staging.fbt-avocats.ch\/en\/covid-19-mise-jour-des-delais-judiciaire-avril-2020\/\">                <!-- <div> -->\r\n                  <div class=\"ej-search-image\">\r\n                    <img loading=\"lazy\" decoding=\"async\" width=\"36\" height=\"36\" src=\"https:\/\/staging.fbt-avocats.ch\/wp-content\/plugins\/ej-search\/images\/article-publication-36.png\">\r\n                  <\/div>\r\n                <div class=\"ej-search-result-container\">\r\n                  <span class=\"ej-search-title\">COVID-19 \u2013 Mise \u00e0 jour des d\u00e9lais judiciaires - Avril 2020<\/span>\r\n                  <span class=\"ej-search-date-publication\">Avril 2020  <\/span>\r\n                  <span class=\"ej-search-competence\">  \/ Litigation and Arbitration <\/span>\r\n                  <span class=\"ej-search-auteur\"> Serge Fasel , Romain Baume <\/span>\r\n                <\/div>\r\n            <\/a>            <div style=\"clear:both\"><\/div>\r\n          <\/div>\r\n               <div  class=\"ej-search-result-item\">\r\n            <a href=\"https:\/\/staging.fbt-avocats.ch\/en\/licenciement-economique-et-travailleurs-seniors\/\">                <!-- <div> -->\r\n                  <div class=\"ej-search-image\">\r\n                    <img loading=\"lazy\" decoding=\"async\" width=\"36\" height=\"36\" src=\"https:\/\/staging.fbt-avocats.ch\/wp-content\/plugins\/ej-search\/images\/article-publication-36.png\">\r\n                  <\/div>\r\n                <div class=\"ej-search-result-container\">\r\n                  <span class=\"ej-search-title\">Licenciement \u00e9conomique et travailleurs seniors<\/span>\r\n                  <span class=\"ej-search-date-publication\">Avril 2020  <\/span>\r\n                  <span class=\"ej-search-competence\">  \/ Labour and social insurance <\/span>\r\n                  <span class=\"ej-search-auteur\"> Serge Fasel <\/span>\r\n                <\/div>\r\n            <\/a>            <div style=\"clear:both\"><\/div>\r\n          <\/div>\r\n               <div  class=\"ej-search-result-item\">\r\n            <a href=\"https:\/\/staging.fbt-avocats.ch\/en\/covid-19-mise-jour-des-delais-judiciaire\/\">                <!-- <div> -->\r\n                  <div class=\"ej-search-image\">\r\n                    <img loading=\"lazy\" decoding=\"async\" width=\"36\" height=\"36\" src=\"https:\/\/staging.fbt-avocats.ch\/wp-content\/plugins\/ej-search\/images\/article-publication-36.png\">\r\n                  <\/div>\r\n                <div class=\"ej-search-result-container\">\r\n                  <span class=\"ej-search-title\">COVID-19 \u2013 Mise \u00e0 jour des d\u00e9lais judiciaires - Mars 2020<\/span>\r\n                  <span class=\"ej-search-date-publication\">Mars 2020  <\/span>\r\n                  <span class=\"ej-search-competence\">  \/ Litigation and Arbitration <\/span>\r\n                  <span class=\"ej-search-auteur\"> Serge Fasel , Romain Baume <\/span>\r\n                <\/div>\r\n            <\/a>            <div style=\"clear:both\"><\/div>\r\n          <\/div>\r\n               <div  class=\"ej-search-result-item\">\r\n            <a href=\"https:\/\/staging.fbt-avocats.ch\/en\/consequences-dune-crise-sur-linstitution-de-lexecution-forcee\/\">                <!-- <div> -->\r\n                  <div class=\"ej-search-image\">\r\n                    <img loading=\"lazy\" decoding=\"async\" width=\"36\" height=\"36\" src=\"https:\/\/staging.fbt-avocats.ch\/wp-content\/plugins\/ej-search\/images\/article-publication-36.png\">\r\n                  <\/div>\r\n                <div class=\"ej-search-result-container\">\r\n                  <span class=\"ej-search-title\">Cons\u00e9quences d\u2019une crise sur l\u2019institution de l\u2019ex\u00e9cution forc\u00e9e<\/span>\r\n                  <span class=\"ej-search-date-publication\">Mars 2020  <\/span>\r\n                  <span class=\"ej-search-competence\">  \/ Litigation and Arbitration <\/span>\r\n                  <span class=\"ej-search-auteur\"> Serge Fasel , Th\u00e9o Goetschin <\/span>\r\n                <\/div>\r\n            <\/a>            <div style=\"clear:both\"><\/div>\r\n          <\/div>\r\n        <\/div> \r\n\n<\/div><\/div><\/section>\n<section class='av_tab_section av_tab_section av-4to6da-9e512be85340a5ad1a5fe421d9447457'  itemscope=\"itemscope\" itemtype=\"https:\/\/schema.org\/CreativeWork\" ><div id='tab-id-4-tab' class='tab' role='tab' aria-selected=\"false\" tabindex=\"0\" data-fake-id='#tab-id-4' aria-controls='tab-id-4-content'  itemprop=\"headline\" >Media<\/div><div id='tab-id-4-content' class='tab_content' role='tabpanel' aria-labelledby='tab-id-4-tab' aria-hidden=\"true\"><div class='tab_inner_content invers-color'  itemprop=\"text\" >    <div id=\"ej-search-result\">\r\n               <div  class=\"ej-search-result-item\">\r\n            <a href=\"https:\/\/staging.fbt-avocats.ch\/en\/succession-information-bancaire-acces-heritiers\/\">                <!-- <div> -->\r\n                  <div class=\"ej-search-image\">\r\n                    <img loading=\"lazy\" decoding=\"async\" width=\"36\" height=\"36\" src=\"https:\/\/staging.fbt-avocats.ch\/wp-content\/plugins\/ej-search\/images\/article-news-36.png\">\r\n                  <\/div>\r\n                <div class=\"ej-search-result-container\">\r\n                  <span class=\"ej-search-title\">Inheritance and banking information: what access do heirs have?<\/span>\r\n                  <span class=\"ej-search-date-publication\">Octobre 2025  \/ Allnews  <\/span>\r\n                  <span class=\"ej-search-competence\">  \/ Litigation and Arbitration <\/span>\r\n                  <span class=\"ej-search-auteur\"> Serge Fasel , Th\u00e9o Goetschin <\/span>\r\n                <\/div>\r\n            <\/a>            <div style=\"clear:both\"><\/div>\r\n          <\/div>\r\n               <div  class=\"ej-search-result-item\">\r\n            <a href=\"https:\/\/staging.fbt-avocats.ch\/en\/the-fbt-avocats-team-has-been-distinguished-by-the-best-lawyers-in-switzerland-peer-review-2026-edition\/\">                <!-- <div> -->\r\n                  <div class=\"ej-search-image\">\r\n                    <img loading=\"lazy\" decoding=\"async\" width=\"36\" height=\"36\" src=\"https:\/\/staging.fbt-avocats.ch\/wp-content\/plugins\/ej-search\/images\/article-news-36.png\">\r\n                  <\/div>\r\n                <div class=\"ej-search-result-container\">\r\n                  <span class=\"ej-search-title\">The FBT Avocats SA team has been distinguished by The Best Lawyers in Switzerland Peer Review (2026 Edition)<\/span>\r\n                  <span class=\"ej-search-date-publication\">Juillet 2025  <\/span>\r\n                  <span class=\"ej-search-competence\">  \/ Banking and Finance , Corporate and Commercial , Litigation and Arbitration , Tax , Family Estate , Labour and social insurance <\/span>\r\n                  <span class=\"ej-search-auteur\"> Alain Moreau , Fr\u00e9d\u00e9rique Bensahel , Jean-Luc Bochatay , Marco Villa , Michel Abt , Serge Fasel <\/span>\r\n                <\/div>\r\n            <\/a>            <div style=\"clear:both\"><\/div>\r\n          <\/div>\r\n               <div  class=\"ej-search-result-item\">\r\n            <a href=\"https:\/\/staging.fbt-avocats.ch\/en\/impact-de-conclusion-dun-bail-gage-immobilier\/\">                <!-- <div> -->\r\n                  <div class=\"ej-search-image\">\r\n                    <img loading=\"lazy\" decoding=\"async\" width=\"36\" height=\"36\" src=\"https:\/\/staging.fbt-avocats.ch\/wp-content\/plugins\/ej-search\/images\/article-news-36.png\">\r\n                  <\/div>\r\n                <div class=\"ej-search-result-container\">\r\n                  <span class=\"ej-search-title\">Impact of the conclusion of a lease on property pledge<\/span>\r\n                  <span class=\"ej-search-date-publication\">Janvier 2025  \/ Allnews  <\/span>\r\n                  <span class=\"ej-search-competence\">  \/ Litigation and Arbitration <\/span>\r\n                  <span class=\"ej-search-auteur\"> Serge Fasel , Rodrigo Domingos Da Silva <\/span>\r\n                <\/div>\r\n            <\/a>            <div style=\"clear:both\"><\/div>\r\n          <\/div>\r\n               <div  class=\"ej-search-result-item\">\r\n            <a href=\"https:\/\/staging.fbt-avocats.ch\/en\/lheure-de-la-customisation-des-articles-de-luxe-a-t-elle-sonne\/\">                <!-- <div> -->\r\n                  <div class=\"ej-search-image\">\r\n                    <img loading=\"lazy\" decoding=\"async\" width=\"36\" height=\"36\" src=\"https:\/\/staging.fbt-avocats.ch\/wp-content\/plugins\/ej-search\/images\/article-news-36.png\">\r\n                  <\/div>\r\n                <div class=\"ej-search-result-container\">\r\n                  <span class=\"ej-search-title\">Has the time come for luxury goods to be customised?<\/span>\r\n                  <span class=\"ej-search-date-publication\">Juillet 2024  \/ Allnews  <\/span>\r\n                  <span class=\"ej-search-competence\">  \/ Litigation and Arbitration <\/span>\r\n                  <span class=\"ej-search-auteur\"> Serge Fasel <\/span>\r\n                <\/div>\r\n            <\/a>            <div style=\"clear:both\"><\/div>\r\n          <\/div>\r\n               <div  class=\"ej-search-result-item\">\r\n            <a href=\"https:\/\/staging.fbt-avocats.ch\/en\/fbt-distinguished-by-best-lawyers-peer-review-2023\/\">                <!-- <div> -->\r\n                  <div class=\"ej-search-image\">\r\n                    <img loading=\"lazy\" decoding=\"async\" width=\"36\" height=\"36\" src=\"https:\/\/staging.fbt-avocats.ch\/wp-content\/plugins\/ej-search\/images\/article-news-36.png\">\r\n                  <\/div>\r\n                <div class=\"ej-search-result-container\">\r\n                  <span class=\"ej-search-title\">FBT distinguished by Best Lawyers peer review<\/span>\r\n                  <span class=\"ej-search-date-publication\">Juin 2023  <\/span>\r\n                  <span class=\"ej-search-competence\">  \/ Banking and Finance , Litigation and Arbitration , Tax <\/span>\r\n                  <span class=\"ej-search-auteur\"> Fr\u00e9d\u00e9rique Bensahel , Michel Abt , Serge Fasel <\/span>\r\n                <\/div>\r\n            <\/a>            <div style=\"clear:both\"><\/div>\r\n          <\/div>\r\n               <div  class=\"ej-search-result-item\">\r\n            <a href=\"https:\/\/staging.fbt-avocats.ch\/en\/fairfield-actions-revocatoires-etat-lieux\/\">                <!-- <div> -->\r\n                  <div class=\"ej-search-image\">\r\n                    <img loading=\"lazy\" decoding=\"async\" width=\"36\" height=\"36\" src=\"https:\/\/staging.fbt-avocats.ch\/wp-content\/plugins\/ej-search\/images\/article-news-36.png\">\r\n                  <\/div>\r\n                <div class=\"ej-search-result-container\">\r\n                  <span class=\"ej-search-title\">Fairfield - Actions r\u00e9vocatoires: \u00e9tat des lieux<\/span>\r\n                  <span class=\"ej-search-date-publication\">Novembre 2022  \/ Allnews  <\/span>\r\n                  <span class=\"ej-search-competence\">  \/ Litigation and Arbitration <\/span>\r\n                  <span class=\"ej-search-auteur\"> Serge Fasel <\/span>\r\n                <\/div>\r\n            <\/a>            <div style=\"clear:both\"><\/div>\r\n          <\/div>\r\n               <div  class=\"ej-search-result-item\">\r\n            <a href=\"https:\/\/staging.fbt-avocats.ch\/en\/gestion-de-fortune-captation-de-clientele\/\">                <!-- <div> -->\r\n                  <div class=\"ej-search-image\">\r\n                    <img loading=\"lazy\" decoding=\"async\" width=\"36\" height=\"36\" src=\"https:\/\/staging.fbt-avocats.ch\/wp-content\/plugins\/ej-search\/images\/article-news-36.png\">\r\n                  <\/div>\r\n                <div class=\"ej-search-result-container\">\r\n                  <span class=\"ej-search-title\">Gestion de fortune: captation de client\u00e8le<\/span>\r\n                  <span class=\"ej-search-date-publication\">Avril 2022  \/ Allnews  <\/span>\r\n                  <span class=\"ej-search-competence\">  \/ Litigation and Arbitration <\/span>\r\n                  <span class=\"ej-search-auteur\"> Serge Fasel <\/span>\r\n                <\/div>\r\n            <\/a>            <div style=\"clear:both\"><\/div>\r\n          <\/div>\r\n               <div  class=\"ej-search-result-item\">\r\n            <a href=\"https:\/\/staging.fbt-avocats.ch\/en\/fbt-distinguished-by-best-lawyers-peer-review\/\">                <!-- <div> -->\r\n                  <div class=\"ej-search-image\">\r\n                    <img loading=\"lazy\" decoding=\"async\" width=\"36\" height=\"36\" src=\"https:\/\/staging.fbt-avocats.ch\/wp-content\/plugins\/ej-search\/images\/article-news-36.png\">\r\n                  <\/div>\r\n                <div class=\"ej-search-result-container\">\r\n                  <span class=\"ej-search-title\">FBT distinguished by Best Lawyers peer review<\/span>\r\n                  <span class=\"ej-search-date-publication\">Juillet 2021  <\/span>\r\n                  <span class=\"ej-search-competence\">  \/ Banking and Finance , Corporate and Commercial , Litigation and Arbitration , Tax <\/span>\r\n                  <span class=\"ej-search-auteur\"> Alain Moreau , Fr\u00e9d\u00e9rique Bensahel , Jean-Louis Tsimaratos , Jean-Luc Bochatay , Marco Villa , Michel Abt , Serge Fasel <\/span>\r\n                <\/div>\r\n            <\/a>            <div style=\"clear:both\"><\/div>\r\n          <\/div>\r\n               <div  class=\"ej-search-result-item\">\r\n            <a href=\"https:\/\/staging.fbt-avocats.ch\/en\/faillite-revendication-modernisation-dun-vieil-outil-2021\/\">                <!-- <div> -->\r\n                  <div class=\"ej-search-image\">\r\n                    <img loading=\"lazy\" decoding=\"async\" width=\"36\" height=\"36\" src=\"https:\/\/staging.fbt-avocats.ch\/wp-content\/plugins\/ej-search\/images\/article-news-36.png\">\r\n                  <\/div>\r\n                <div class=\"ej-search-result-container\">\r\n                  <span class=\"ej-search-title\">Faillite et revendication \u2013 modernisation d\u2019un vieil outil en 2021<\/span>\r\n                  <span class=\"ej-search-date-publication\">Janvier 2021  \/ Allnews  <\/span>\r\n                  <span class=\"ej-search-competence\">  \/ Litigation and Arbitration <\/span>\r\n                  <span class=\"ej-search-auteur\"> Serge Fasel <\/span>\r\n                <\/div>\r\n            <\/a>            <div style=\"clear:both\"><\/div>\r\n          <\/div>\r\n               <div  class=\"ej-search-result-item\">\r\n            <a href=\"https:\/\/staging.fbt-avocats.ch\/en\/appels-de-marge-la-crainte-dune-3e-vague-confirmee\/\">                <!-- <div> -->\r\n                  <div class=\"ej-search-image\">\r\n                    <img loading=\"lazy\" decoding=\"async\" width=\"36\" height=\"36\" src=\"https:\/\/staging.fbt-avocats.ch\/wp-content\/plugins\/ej-search\/images\/article-news-36.png\">\r\n                  <\/div>\r\n                <div class=\"ej-search-result-container\">\r\n                  <span class=\"ej-search-title\">Appels de marge: la crainte d\u2019une 3e vague confirm\u00e9e<\/span>\r\n                  <span class=\"ej-search-date-publication\">Mai 2020  \/ Allnews  <\/span>\r\n                  <span class=\"ej-search-competence\">  \/ Banking and Finance <\/span>\r\n                  <span class=\"ej-search-auteur\"> Serge Fasel , Jean-Marie Kiener <\/span>\r\n                <\/div>\r\n            <\/a>            <div style=\"clear:both\"><\/div>\r\n          <\/div>\r\n               <div  class=\"ej-search-result-item\">\r\n            <a href=\"https:\/\/staging.fbt-avocats.ch\/en\/le-droit-de-lemployeur-dimposer-des-vacances-2\/\">                <!-- <div> -->\r\n                  <div class=\"ej-search-image\">\r\n                    <img loading=\"lazy\" decoding=\"async\" width=\"36\" height=\"36\" src=\"https:\/\/staging.fbt-avocats.ch\/wp-content\/plugins\/ej-search\/images\/article-news-36.png\">\r\n                  <\/div>\r\n                <div class=\"ej-search-result-container\">\r\n                  <span class=\"ej-search-title\">Le droit de l\u2019employeur d\u2019imposer des vacances<\/span>\r\n                  <span class=\"ej-search-date-publication\">Mai 2020  \/ Allnews  <\/span>\r\n                  <span class=\"ej-search-competence\">  \/ Litigation and Arbitration <\/span>\r\n                  <span class=\"ej-search-auteur\"> Serge Fasel , Th\u00e9o Goetschin <\/span>\r\n                <\/div>\r\n            <\/a>            <div style=\"clear:both\"><\/div>\r\n          <\/div>\r\n               <div  class=\"ej-search-result-item\">\r\n            <a href=\"https:\/\/staging.fbt-avocats.ch\/en\/juges-assesseurs-detonnent\/\">                <!-- <div> -->\r\n                  <div class=\"ej-search-image\">\r\n                    <img loading=\"lazy\" decoding=\"async\" width=\"36\" height=\"36\" src=\"https:\/\/staging.fbt-avocats.ch\/wp-content\/plugins\/ej-search\/images\/article-news-36.png\">\r\n                  <\/div>\r\n                <div class=\"ej-search-result-container\">\r\n                  <span class=\"ej-search-title\">Ces juges assesseurs qui d\u00e9tonnent<\/span>\r\n                  <span class=\"ej-search-date-publication\">F\u00e9vrier 2019  \/ Le Temps  <\/span>\r\n                  <span class=\"ej-search-competence\">  \/ Litigation and Arbitration <\/span>\r\n                  <span class=\"ej-search-auteur\"> Serge Fasel <\/span>\r\n                <\/div>\r\n            <\/a>            <div style=\"clear:both\"><\/div>\r\n          <\/div>\r\n               <div  class=\"ej-search-result-item\">\r\n            <a href=\"https:\/\/staging.fbt-avocats.ch\/en\/serge-fasel-nomme-membre-conseil-dadministration-de-bcge\/\">                <!-- <div> -->\r\n                  <div class=\"ej-search-image\">\r\n                    <img loading=\"lazy\" decoding=\"async\" width=\"36\" height=\"36\" src=\"https:\/\/staging.fbt-avocats.ch\/wp-content\/plugins\/ej-search\/images\/article-news-36.png\">\r\n                  <\/div>\r\n                <div class=\"ej-search-result-container\">\r\n                  <span class=\"ej-search-title\">Le Temps - Serge Fasel nomm\u00e9 membre du conseil d&#039;administration de la BCGE<\/span>\r\n                  <span class=\"ej-search-date-publication\">Avril 2018  \/ Le Temps  <\/span>\r\n                  <span class=\"ej-search-competence\">  \/ Litigation and Arbitration <\/span>\r\n                  <span class=\"ej-search-auteur\"> Serge Fasel <\/span>\r\n                <\/div>\r\n            <\/a>            <div style=\"clear:both\"><\/div>\r\n          <\/div>\r\n               <div  class=\"ej-search-result-item\">\r\n            <a href=\"https:\/\/staging.fbt-avocats.ch\/en\/bcge-serge-fasel-nomme-membre-conseil-dadministration-de-bcge\/\">                <!-- <div> -->\r\n                  <div class=\"ej-search-image\">\r\n                    <img loading=\"lazy\" decoding=\"async\" width=\"36\" height=\"36\" src=\"https:\/\/staging.fbt-avocats.ch\/wp-content\/plugins\/ej-search\/images\/article-news-36.png\">\r\n                  <\/div>\r\n                <div class=\"ej-search-result-container\">\r\n                  <span class=\"ej-search-title\">BCGE - Serge Fasel nomm\u00e9 membre du conseil d&#039;administration de la BCGE<\/span>\r\n                  <span class=\"ej-search-date-publication\">Avril 2018  \/ BCGE  <\/span>\r\n                  <span class=\"ej-search-competence\">  \/ Litigation and Arbitration <\/span>\r\n                  <span class=\"ej-search-auteur\"> Serge Fasel <\/span>\r\n                <\/div>\r\n            <\/a>            <div style=\"clear:both\"><\/div>\r\n          <\/div>\r\n               <div  class=\"ej-search-result-item\">\r\n            <a href=\"https:\/\/staging.fbt-avocats.ch\/en\/allnews-serge-fasel-nomme-membre-conseil-dadministration-de-bcge\/\">                <!-- <div> -->\r\n                  <div class=\"ej-search-image\">\r\n                    <img loading=\"lazy\" decoding=\"async\" width=\"36\" height=\"36\" src=\"https:\/\/staging.fbt-avocats.ch\/wp-content\/plugins\/ej-search\/images\/article-news-36.png\">\r\n                  <\/div>\r\n                <div class=\"ej-search-result-container\">\r\n                  <span class=\"ej-search-title\">Allnews - Serge Fasel nomm\u00e9 membre du conseil d&#039;administration de la BCGE<\/span>\r\n                  <span class=\"ej-search-date-publication\">Avril 2018  \/ Allnews  <\/span>\r\n                  <span class=\"ej-search-competence\">  \/ Litigation and Arbitration <\/span>\r\n                  <span class=\"ej-search-auteur\"> Serge Fasel <\/span>\r\n                <\/div>\r\n            <\/a>            <div style=\"clear:both\"><\/div>\r\n          <\/div>\r\n               <div  class=\"ej-search-result-item\">\r\n            <a href=\"https:\/\/staging.fbt-avocats.ch\/en\/romandie-com-serge-fasel-nomme-membre-conseil-dadministration-de-bcge\/\">                <!-- <div> -->\r\n                  <div class=\"ej-search-image\">\r\n                    <img loading=\"lazy\" decoding=\"async\" width=\"36\" height=\"36\" src=\"https:\/\/staging.fbt-avocats.ch\/wp-content\/plugins\/ej-search\/images\/article-news-36.png\">\r\n                  <\/div>\r\n                <div class=\"ej-search-result-container\">\r\n                  <span class=\"ej-search-title\">Romandie.com - Serge Fasel nomm\u00e9 membre du conseil d&#039;administration de la BCGE<\/span>\r\n                  <span class=\"ej-search-date-publication\">Avril 2018  \/ Romandie.com  <\/span>\r\n                  <span class=\"ej-search-competence\">  \/ Litigation and Arbitration <\/span>\r\n                  <span class=\"ej-search-auteur\"> Serge Fasel <\/span>\r\n                <\/div>\r\n            <\/a>            <div style=\"clear:both\"><\/div>\r\n          <\/div>\r\n               <div  class=\"ej-search-result-item\">\r\n            <a href=\"https:\/\/staging.fbt-avocats.ch\/en\/finews-ch-serge-fasel-nomme-membre-conseil-dadministration-de-bcge\/\">                <!-- <div> -->\r\n                  <div class=\"ej-search-image\">\r\n                    <img loading=\"lazy\" decoding=\"async\" width=\"36\" height=\"36\" src=\"https:\/\/staging.fbt-avocats.ch\/wp-content\/plugins\/ej-search\/images\/article-news-36.png\">\r\n                  <\/div>\r\n                <div class=\"ej-search-result-container\">\r\n                  <span class=\"ej-search-title\">Finews.ch - Serge Fasel nomm\u00e9 membre du conseil d&#039;administration de la BCGE<\/span>\r\n                  <span class=\"ej-search-date-publication\">Avril 2018  \/ Finews.ch  <\/span>\r\n                  <span class=\"ej-search-competence\">  \/ Litigation and Arbitration <\/span>\r\n                  <span class=\"ej-search-auteur\"> Serge Fasel <\/span>\r\n                <\/div>\r\n            <\/a>            <div style=\"clear:both\"><\/div>\r\n          <\/div>\r\n               <div  class=\"ej-search-result-item\">\r\n            <a href=\"https:\/\/staging.fbt-avocats.ch\/en\/agefi-serge-fasel-nomme-membre-conseil-dadministration-de-bcge\/\">                <!-- <div> -->\r\n                  <div class=\"ej-search-image\">\r\n                    <img loading=\"lazy\" decoding=\"async\" width=\"36\" height=\"36\" src=\"https:\/\/staging.fbt-avocats.ch\/wp-content\/plugins\/ej-search\/images\/article-news-36.png\">\r\n                  <\/div>\r\n                <div class=\"ej-search-result-container\">\r\n                  <span class=\"ej-search-title\">AGEFI - Serge Fasel nomm\u00e9 membre du conseil d&#039;administration de la BCGE<\/span>\r\n                  <span class=\"ej-search-date-publication\">Avril 2018  \/ AGEFI  <\/span>\r\n                  <span class=\"ej-search-competence\">  \/ Litigation and Arbitration <\/span>\r\n                  <span class=\"ej-search-auteur\"> Serge Fasel <\/span>\r\n                <\/div>\r\n            <\/a>            <div style=\"clear:both\"><\/div>\r\n          <\/div>\r\n               <div  class=\"ej-search-result-item\">\r\n            <a href=\"https:\/\/staging.fbt-avocats.ch\/en\/bilan-serge-fasel-nomme-membre-conseil-dadministration-de-bcge\/\">                <!-- <div> -->\r\n                  <div class=\"ej-search-image\">\r\n                    <img loading=\"lazy\" decoding=\"async\" width=\"36\" height=\"36\" src=\"https:\/\/staging.fbt-avocats.ch\/wp-content\/plugins\/ej-search\/images\/article-news-36.png\">\r\n                  <\/div>\r\n                <div class=\"ej-search-result-container\">\r\n                  <span class=\"ej-search-title\">Bilan - Serge Fasel nomm\u00e9 membre du conseil d&#039;administration de la BCGE<\/span>\r\n                  <span class=\"ej-search-date-publication\">Avril 2018  \/ Bilan  <\/span>\r\n                  <span class=\"ej-search-competence\">  \/ Litigation and Arbitration <\/span>\r\n                  <span class=\"ej-search-auteur\"> Serge Fasel <\/span>\r\n                <\/div>\r\n            <\/a>            <div style=\"clear:both\"><\/div>\r\n          <\/div>\r\n               <div  class=\"ej-search-result-item\">\r\n            <a href=\"https:\/\/staging.fbt-avocats.ch\/en\/clawback-droit-de-gage-banques\/\">                <!-- <div> -->\r\n                  <div class=\"ej-search-image\">\r\n                    <img loading=\"lazy\" decoding=\"async\" width=\"36\" height=\"36\" src=\"https:\/\/staging.fbt-avocats.ch\/wp-content\/plugins\/ej-search\/images\/article-news-36.png\">\r\n                  <\/div>\r\n                <div class=\"ej-search-result-container\">\r\n                  <span class=\"ej-search-title\">Clawback et droit de gage des banques<\/span>\r\n                  <span class=\"ej-search-date-publication\">F\u00e9vrier 2017  \/ AGEFI - Indices  <\/span>\r\n                  <span class=\"ej-search-competence\">  \/ Litigation and Arbitration <\/span>\r\n                  <span class=\"ej-search-auteur\"> Serge Fasel <\/span>\r\n                <\/div>\r\n            <\/a>            <div style=\"clear:both\"><\/div>\r\n          <\/div>\r\n               <div  class=\"ej-search-result-item\">\r\n            <a href=\"https:\/\/staging.fbt-avocats.ch\/en\/laffaire-qui-secoue-les-caisses-de-pension\/\">                <!-- <div> -->\r\n                  <div class=\"ej-search-image\">\r\n                    <img loading=\"lazy\" decoding=\"async\" width=\"36\" height=\"36\" src=\"https:\/\/staging.fbt-avocats.ch\/wp-content\/plugins\/ej-search\/images\/article-news-36.png\">\r\n                  <\/div>\r\n                <div class=\"ej-search-result-container\">\r\n                  <span class=\"ej-search-title\">L&#039;affaire qui secoue les caisses de pension<\/span>\r\n                  <span class=\"ej-search-date-publication\">Septembre 2014  \/ Le Temps  <\/span>\r\n                  <span class=\"ej-search-competence\">  \/ Banking and Finance , Litigation and Arbitration , Droit p\u00e9nal \u00e9conomique <\/span>\r\n                  <span class=\"ej-search-auteur\"> Fr\u00e9d\u00e9rique Bensahel , Serge Fasel <\/span>\r\n                <\/div>\r\n            <\/a>            <div style=\"clear:both\"><\/div>\r\n          <\/div>\r\n               <div  class=\"ej-search-result-item\">\r\n            <a href=\"https:\/\/staging.fbt-avocats.ch\/en\/justice-militaire\/\">                <!-- <div> -->\r\n                  <div class=\"ej-search-image\">\r\n                    <img loading=\"lazy\" decoding=\"async\" width=\"36\" height=\"36\" src=\"https:\/\/staging.fbt-avocats.ch\/wp-content\/plugins\/ej-search\/images\/article-news-36.png\">\r\n                  <\/div>\r\n                <div class=\"ej-search-result-container\">\r\n                  <span class=\"ej-search-title\">Justice militaire<\/span>\r\n                  <span class=\"ej-search-date-publication\">Mars 2010  \/ Le Temps  <\/span>\r\n                  <span class=\"ej-search-competence\">  \/ Litigation and Arbitration <\/span>\r\n                  <span class=\"ej-search-auteur\"> Serge Fasel <\/span>\r\n                <\/div>\r\n            <\/a>            <div style=\"clear:both\"><\/div>\r\n          <\/div>\r\n               <div  class=\"ej-search-result-item\">\r\n            <a href=\"https:\/\/staging.fbt-avocats.ch\/en\/de-dommages-interets-aux-contribuables-americains\/\">                <!-- <div> -->\r\n                  <div class=\"ej-search-image\">\r\n                    <img loading=\"lazy\" decoding=\"async\" width=\"36\" height=\"36\" src=\"https:\/\/staging.fbt-avocats.ch\/wp-content\/plugins\/ej-search\/images\/article-news-36.png\">\r\n                  <\/div>\r\n                <div class=\"ej-search-result-container\">\r\n                  <span class=\"ej-search-title\">Pas de dommages-int\u00e9r\u00eats aux contribuables am\u00e9ricains<\/span>\r\n                  <span class=\"ej-search-date-publication\">F\u00e9vrier 2010  \/ Le Temps  <\/span>\r\n                  <span class=\"ej-search-competence\">  \/ Banking and Finance , Litigation and Arbitration <\/span>\r\n                  <span class=\"ej-search-auteur\"> Fr\u00e9d\u00e9rique Bensahel , Serge Fasel <\/span>\r\n                <\/div>\r\n            <\/a>            <div style=\"clear:both\"><\/div>\r\n          <\/div>\r\n        <\/div> \r\n\n<\/div><\/div><\/section>\n<section class='av_tab_section av_tab_section av-2r5zq6-434d8f439c5eeed5a1969afc1fb8ea4f'  itemscope=\"itemscope\" itemtype=\"https:\/\/schema.org\/CreativeWork\" ><div id='tab-id-5-tab' class='tab' role='tab' aria-selected=\"false\" tabindex=\"0\" data-fake-id='#tab-id-5' aria-controls='tab-id-5-content'  itemprop=\"headline\" >Other activities<\/div><div id='tab-id-5-content' class='tab_content' role='tabpanel' aria-labelledby='tab-id-5-tab' aria-hidden=\"true\"><div class='tab_inner_content invers-color'  itemprop=\"text\" ><p>Deputy Judge with the Geneva Appeal Court<\/p>\n<\/div><\/div><\/section>\n<\/div><\/div>\n<style type=\"text\/css\" data-created_by=\"avia_inline_auto\" id=\"style-css-av-1ybsnc-508f8d1b31cfe2433b312317d188fc09\">\n.flex_column.av-1ybsnc-508f8d1b31cfe2433b312317d188fc09{\nborder-radius:0px 0px 0px 0px;\npadding:0px 0px 0px 0px;\n}\n<\/style>\n<div  class='flex_column av-1ybsnc-508f8d1b31cfe2433b312317d188fc09 av_one_third  avia-builder-el-19  el_after_av_one_full  avia-builder-el-last  first flex_column_div av-zero-column-padding  column-top-margin'     ><div  class='avia-slideshow av-ltyge8aq-318cf353f1f7d000ecffd7923fd619a5 avia-slideshow-no scaling av_slideshow avia-fade-slider  avia-builder-el-20  avia-builder-el-no-sibling  av-desktop-hide av-medium-hide av-small-hide av-slideshow-ui av-control-default av-slideshow-autoplay av-loop-endless av-loop-manual-endless av-default-height-applied avia-slideshow-5' data-slideshow-options=\"{&quot;animation&quot;:&quot;fade&quot;,&quot;autoplay&quot;:true,&quot;loop_autoplay&quot;:&quot;endless&quot;,&quot;interval&quot;:10,&quot;loop_manual&quot;:&quot;manual-endless&quot;,&quot;autoplay_stopper&quot;:false,&quot;noNavigation&quot;:false,&quot;bg_slider&quot;:false,&quot;keep_padding&quot;:false,&quot;hoverpause&quot;:false,&quot;show_slide_delay&quot;:0}\"  itemprop=\"image\" itemscope=\"itemscope\" itemtype=\"https:\/\/schema.org\/ImageObject\" ><ul class='avia-slideshow-inner ' style='padding-bottom: 125%;'><li  class='avia-slideshow-slide av-ltyge8aq-318cf353f1f7d000ecffd7923fd619a5__0  slide-1 slide-odd'><div data-rel='slideshow-5' class='avia-slide-wrap '   ><img fetchpriority=\"high\" class=\"wp-image-30376 avia-img-lazy-loading-not-30376\"  src='https:\/\/staging.fbt-avocats.ch\/wp-content\/uploads\/2025\/10\/SFA1.png' width='1200' height='1500' title='SFA1' alt=''  itemprop=\"thumbnailUrl\"   \/><\/div><\/li><li  class='avia-slideshow-slide av-ltyge8aq-318cf353f1f7d000ecffd7923fd619a5__1  slide-2 slide-even'><div data-rel='slideshow-5' class='avia-slide-wrap '   ><img fetchpriority=\"high\" class=\"wp-image-26117 avia-img-lazy-loading-not-26117\"  src='https:\/\/staging.fbt-avocats.ch\/wp-content\/uploads\/2024\/10\/SFA1.png' width='1200' height='1500' title='SFA1' alt=''  itemprop=\"thumbnailUrl\"   \/><\/div><\/li><li  class='avia-slideshow-slide av-ltyge8aq-318cf353f1f7d000ecffd7923fd619a5__2  slide-3 slide-odd'><div data-rel='slideshow-5' class='avia-slide-wrap '   ><img fetchpriority=\"high\" class=\"wp-image-26119 avia-img-lazy-loading-not-26119\"  src='https:\/\/staging.fbt-avocats.ch\/wp-content\/uploads\/2024\/10\/SFA2.png' width='1200' height='1500' title='SFA2' alt=''  itemprop=\"thumbnailUrl\"   \/><\/div><\/li><li  class='avia-slideshow-slide av-ltyge8aq-318cf353f1f7d000ecffd7923fd619a5__3  slide-4 slide-even'><div data-rel='slideshow-5' class='avia-slide-wrap '   ><img fetchpriority=\"high\" class=\"wp-image-26121 avia-img-lazy-loading-not-26121\"  src='https:\/\/staging.fbt-avocats.ch\/wp-content\/uploads\/2024\/10\/SFA3.png' width='1200' height='1500' title='SFA3' alt=''  itemprop=\"thumbnailUrl\"   \/><\/div><\/li><\/ul><div class='avia-slideshow-arrows avia-slideshow-controls' ><a href='#prev' class='prev-slide  avia-svg-icon avia-font-svg_entypo-fontello' data-av_svg_icon='left-open-big' data-av_iconset='svg_entypo-fontello' tabindex='-1' title=\"Previous\"><svg version=\"1.1\" xmlns=\"http:\/\/www.w3.org\/2000\/svg\" width=\"15\" height=\"32\" viewBox=\"0 0 15 32\" preserveAspectRatio=\"xMidYMid meet\" aria-labelledby='av-svg-title-3' aria-describedby='av-svg-desc-3' role=\"graphics-symbol\" aria-hidden=\"true\">\n<title id='av-svg-title-3'>Previous<\/title>\n<desc id='av-svg-desc-3'>Previous<\/desc>\n<path d=\"M14.464 27.84q0.832 0.832 0 1.536-0.832 0.832-1.536 0l-12.544-12.608q-0.768-0.768 0-1.6l12.544-12.608q0.704-0.832 1.536 0 0.832 0.704 0 1.536l-11.456 11.904z\"><\/path>\n<\/svg><span class='avia_hidden_link_text'>Previous<\/span><\/a><a href='#next' class='next-slide  avia-svg-icon avia-font-svg_entypo-fontello' data-av_svg_icon='right-open-big' data-av_iconset='svg_entypo-fontello' tabindex='-1' title=\"Next\"><svg version=\"1.1\" xmlns=\"http:\/\/www.w3.org\/2000\/svg\" width=\"15\" height=\"32\" viewBox=\"0 0 15 32\" preserveAspectRatio=\"xMidYMid meet\" aria-labelledby='av-svg-title-4' aria-describedby='av-svg-desc-4' role=\"graphics-symbol\" aria-hidden=\"true\">\n<title id='av-svg-title-4'>Next<\/title>\n<desc id='av-svg-desc-4'>Next<\/desc>\n<path d=\"M0.416 27.84l11.456-11.84-11.456-11.904q-0.832-0.832 0-1.536 0.832-0.832 1.536 0l12.544 12.608q0.768 0.832 0 1.6l-12.544 12.608q-0.704 0.832-1.536 0-0.832-0.704 0-1.536z\"><\/path>\n<\/svg><span class='avia_hidden_link_text'>Next<\/span><\/a><\/div><div class='avia-slideshow-dots avia-slideshow-controls'><a href='#1' class='goto-slide active' >1<\/a><a href='#2' class='goto-slide ' >2<\/a><a href='#3' class='goto-slide ' >3<\/a><a href='#4' class='goto-slide ' >4<\/a><\/div><\/div><\/div>\n","protected":false},"excerpt":{"rendered":"<p>Partner &#8211; Geneva<\/p>\n","protected":false},"author":18,"featured_media":29939,"comment_status":"closed","ping_status":"closed","template":"","meta":{"footnotes":""},"tags":[],"portfolio_entries":[631,633,73,629],"class_list":["post-1566","portfolio","type-portfolio","status-publish","has-post-thumbnail","hentry","portfolio_entries-geneve-en","portfolio_entries-labour-and-social-insurance-law","portfolio_entries-litigation-and-arbitration","portfolio_entries-partner"],"yoast_head":"<!-- This site is optimized with the Yoast SEO Premium plugin v27.4 (Yoast SEO v27.4) - https:\/\/yoast.com\/product\/yoast-seo-premium-wordpress\/ -->\n<title>Serge Fasel | FBT Avocats SA<\/title>\n<meta name=\"robots\" content=\"noindex, follow, max-snippet:-1, max-image-preview:large, max-video-preview:-1\" \/>\n<meta property=\"og:locale\" content=\"en_US\" \/>\n<meta property=\"og:type\" content=\"article\" \/>\n<meta property=\"og:title\" content=\"Serge Fasel\" \/>\n<meta property=\"og:description\" content=\"Partner - Geneva\" \/>\n<meta property=\"og:url\" content=\"https:\/\/staging.fbt-avocats.ch\/en\/portfolio-item\/serge-fasel\/\" \/>\n<meta property=\"og:site_name\" content=\"FBT Avocats SA\" \/>\n<meta property=\"article:modified_time\" content=\"2025-12-02T09:41:11+00:00\" \/>\n<meta property=\"og:image\" content=\"https:\/\/staging.fbt-avocats.ch\/wp-content\/uploads\/2025\/09\/Serge-Fasel.png\" \/>\n\t<meta property=\"og:image:width\" content=\"800\" \/>\n\t<meta property=\"og:image:height\" content=\"800\" \/>\n\t<meta property=\"og:image:type\" content=\"image\/png\" \/>\n<meta name=\"twitter:card\" content=\"summary_large_image\" \/>\n<meta name=\"twitter:label1\" content=\"Est. reading time\" \/>\n\t<meta name=\"twitter:data1\" content=\"14 minutes\" \/>\n<script type=\"application\/ld+json\" class=\"yoast-schema-graph\">{\"@context\":\"https:\\\/\\\/schema.org\",\"@graph\":[{\"@type\":\"WebPage\",\"@id\":\"https:\\\/\\\/staging.fbt-avocats.ch\\\/en\\\/portfolio-item\\\/serge-fasel\\\/\",\"url\":\"https:\\\/\\\/staging.fbt-avocats.ch\\\/en\\\/portfolio-item\\\/serge-fasel\\\/\",\"name\":\"Serge Fasel | FBT Avocats SA\",\"isPartOf\":{\"@id\":\"https:\\\/\\\/staging.fbt-avocats.ch\\\/en\\\/#website\"},\"primaryImageOfPage\":{\"@id\":\"https:\\\/\\\/staging.fbt-avocats.ch\\\/en\\\/portfolio-item\\\/serge-fasel\\\/#primaryimage\"},\"image\":{\"@id\":\"https:\\\/\\\/staging.fbt-avocats.ch\\\/en\\\/portfolio-item\\\/serge-fasel\\\/#primaryimage\"},\"thumbnailUrl\":\"https:\\\/\\\/staging.fbt-avocats.ch\\\/wp-content\\\/uploads\\\/2025\\\/09\\\/Serge-Fasel.png\",\"datePublished\":\"2016-04-18T06:56:50+00:00\",\"dateModified\":\"2025-12-02T09:41:11+00:00\",\"breadcrumb\":{\"@id\":\"https:\\\/\\\/staging.fbt-avocats.ch\\\/en\\\/portfolio-item\\\/serge-fasel\\\/#breadcrumb\"},\"inLanguage\":\"en-US\",\"potentialAction\":[{\"@type\":\"ReadAction\",\"target\":[\"https:\\\/\\\/staging.fbt-avocats.ch\\\/en\\\/portfolio-item\\\/serge-fasel\\\/\"]}]},{\"@type\":\"ImageObject\",\"inLanguage\":\"en-US\",\"@id\":\"https:\\\/\\\/staging.fbt-avocats.ch\\\/en\\\/portfolio-item\\\/serge-fasel\\\/#primaryimage\",\"url\":\"https:\\\/\\\/staging.fbt-avocats.ch\\\/wp-content\\\/uploads\\\/2025\\\/09\\\/Serge-Fasel.png\",\"contentUrl\":\"https:\\\/\\\/staging.fbt-avocats.ch\\\/wp-content\\\/uploads\\\/2025\\\/09\\\/Serge-Fasel.png\",\"width\":800,\"height\":800,\"caption\":\"Serge Fasel\"},{\"@type\":\"BreadcrumbList\",\"@id\":\"https:\\\/\\\/staging.fbt-avocats.ch\\\/en\\\/portfolio-item\\\/serge-fasel\\\/#breadcrumb\",\"itemListElement\":[{\"@type\":\"ListItem\",\"position\":1,\"name\":\"Home\",\"item\":\"https:\\\/\\\/staging.fbt-avocats.ch\\\/en\\\/\"},{\"@type\":\"ListItem\",\"position\":2,\"name\":\"Serge Fasel\"}]},{\"@type\":\"WebSite\",\"@id\":\"https:\\\/\\\/staging.fbt-avocats.ch\\\/en\\\/#website\",\"url\":\"https:\\\/\\\/staging.fbt-avocats.ch\\\/en\\\/\",\"name\":\"FBT Avocats SA\",\"description\":\"Etudes bas\u00e9es \u00e0 Gen\u00e8ve et Paris\",\"potentialAction\":[{\"@type\":\"SearchAction\",\"target\":{\"@type\":\"EntryPoint\",\"urlTemplate\":\"https:\\\/\\\/staging.fbt-avocats.ch\\\/en\\\/?s={search_term_string}\"},\"query-input\":{\"@type\":\"PropertyValueSpecification\",\"valueRequired\":true,\"valueName\":\"search_term_string\"}}],\"inLanguage\":\"en-US\"}]}<\/script>\n<!-- \/ Yoast SEO Premium plugin. -->","yoast_head_json":{"title":"Serge Fasel | FBT Avocats SA","robots":{"index":"noindex","follow":"follow","max-snippet":"max-snippet:-1","max-image-preview":"max-image-preview:large","max-video-preview":"max-video-preview:-1"},"og_locale":"en_US","og_type":"article","og_title":"Serge Fasel","og_description":"Partner - Geneva","og_url":"https:\/\/staging.fbt-avocats.ch\/en\/portfolio-item\/serge-fasel\/","og_site_name":"FBT Avocats SA","article_modified_time":"2025-12-02T09:41:11+00:00","og_image":[{"width":800,"height":800,"url":"https:\/\/staging.fbt-avocats.ch\/wp-content\/uploads\/2025\/09\/Serge-Fasel.png","type":"image\/png"}],"twitter_card":"summary_large_image","twitter_misc":{"Est. reading time":"14 minutes"},"schema":{"@context":"https:\/\/schema.org","@graph":[{"@type":"WebPage","@id":"https:\/\/staging.fbt-avocats.ch\/en\/portfolio-item\/serge-fasel\/","url":"https:\/\/staging.fbt-avocats.ch\/en\/portfolio-item\/serge-fasel\/","name":"Serge Fasel | FBT Avocats SA","isPartOf":{"@id":"https:\/\/staging.fbt-avocats.ch\/en\/#website"},"primaryImageOfPage":{"@id":"https:\/\/staging.fbt-avocats.ch\/en\/portfolio-item\/serge-fasel\/#primaryimage"},"image":{"@id":"https:\/\/staging.fbt-avocats.ch\/en\/portfolio-item\/serge-fasel\/#primaryimage"},"thumbnailUrl":"https:\/\/staging.fbt-avocats.ch\/wp-content\/uploads\/2025\/09\/Serge-Fasel.png","datePublished":"2016-04-18T06:56:50+00:00","dateModified":"2025-12-02T09:41:11+00:00","breadcrumb":{"@id":"https:\/\/staging.fbt-avocats.ch\/en\/portfolio-item\/serge-fasel\/#breadcrumb"},"inLanguage":"en-US","potentialAction":[{"@type":"ReadAction","target":["https:\/\/staging.fbt-avocats.ch\/en\/portfolio-item\/serge-fasel\/"]}]},{"@type":"ImageObject","inLanguage":"en-US","@id":"https:\/\/staging.fbt-avocats.ch\/en\/portfolio-item\/serge-fasel\/#primaryimage","url":"https:\/\/staging.fbt-avocats.ch\/wp-content\/uploads\/2025\/09\/Serge-Fasel.png","contentUrl":"https:\/\/staging.fbt-avocats.ch\/wp-content\/uploads\/2025\/09\/Serge-Fasel.png","width":800,"height":800,"caption":"Serge Fasel"},{"@type":"BreadcrumbList","@id":"https:\/\/staging.fbt-avocats.ch\/en\/portfolio-item\/serge-fasel\/#breadcrumb","itemListElement":[{"@type":"ListItem","position":1,"name":"Home","item":"https:\/\/staging.fbt-avocats.ch\/en\/"},{"@type":"ListItem","position":2,"name":"Serge Fasel"}]},{"@type":"WebSite","@id":"https:\/\/staging.fbt-avocats.ch\/en\/#website","url":"https:\/\/staging.fbt-avocats.ch\/en\/","name":"FBT Avocats SA","description":"Etudes bas\u00e9es \u00e0 Gen\u00e8ve et Paris","potentialAction":[{"@type":"SearchAction","target":{"@type":"EntryPoint","urlTemplate":"https:\/\/staging.fbt-avocats.ch\/en\/?s={search_term_string}"},"query-input":{"@type":"PropertyValueSpecification","valueRequired":true,"valueName":"search_term_string"}}],"inLanguage":"en-US"}]}},"_links":{"self":[{"href":"https:\/\/staging.fbt-avocats.ch\/en\/wp-json\/wp\/v2\/portfolio\/1566","targetHints":{"allow":["GET"]}}],"collection":[{"href":"https:\/\/staging.fbt-avocats.ch\/en\/wp-json\/wp\/v2\/portfolio"}],"about":[{"href":"https:\/\/staging.fbt-avocats.ch\/en\/wp-json\/wp\/v2\/types\/portfolio"}],"author":[{"embeddable":true,"href":"https:\/\/staging.fbt-avocats.ch\/en\/wp-json\/wp\/v2\/users\/18"}],"replies":[{"embeddable":true,"href":"https:\/\/staging.fbt-avocats.ch\/en\/wp-json\/wp\/v2\/comments?post=1566"}],"version-history":[{"count":0,"href":"https:\/\/staging.fbt-avocats.ch\/en\/wp-json\/wp\/v2\/portfolio\/1566\/revisions"}],"wp:featuredmedia":[{"embeddable":true,"href":"https:\/\/staging.fbt-avocats.ch\/en\/wp-json\/wp\/v2\/media\/29939"}],"wp:attachment":[{"href":"https:\/\/staging.fbt-avocats.ch\/en\/wp-json\/wp\/v2\/media?parent=1566"}],"wp:term":[{"taxonomy":"post_tag","embeddable":true,"href":"https:\/\/staging.fbt-avocats.ch\/en\/wp-json\/wp\/v2\/tags?post=1566"},{"taxonomy":"portfolio_entries","embeddable":true,"href":"https:\/\/staging.fbt-avocats.ch\/en\/wp-json\/wp\/v2\/portfolio_entries?post=1566"}],"curies":[{"name":"wp","href":"https:\/\/api.w.org\/{rel}","templated":true}]}}