{"id":1578,"date":"2016-04-29T07:17:37","date_gmt":"2016-04-29T06:17:37","guid":{"rendered":"http:\/\/fbt-avocats.ch\/en\/?post_type=portfolio&#038;p=1578"},"modified":"2025-12-02T10:03:44","modified_gmt":"2025-12-02T09:03:44","slug":"marco-villa","status":"publish","type":"portfolio","link":"https:\/\/staging.fbt-avocats.ch\/en\/portfolio-item\/marco-villa\/","title":{"rendered":"Marco Villa"},"content":{"rendered":"<div id='full_slider_1'  class='avia-fullwidth-slider main_color avia-shadow av-medium-hide av-small-hide av-mini-hide  avia-builder-el-0  el_before_av_slideshow_full  avia-builder-el-first   container_wrap fullsize'  >\n<style type=\"text\/css\" data-created_by=\"avia_inline_auto\" id=\"style-css-av-jzwm0b3n-5a1e7a923afe3ad94be65e88d938aec6\">\n#top #wrap_all .avia-slideshow .av-slideshow-caption.av-jzwm0b3n-5a1e7a923afe3ad94be65e88d938aec6__0 .avia-caption-title{\ncolor:#ffffff;\n}\n#top .avia-slideshow .av-slideshow-caption.av-jzwm0b3n-5a1e7a923afe3ad94be65e88d938aec6__0 .avia-caption-content{\ncolor:#ffffff;\n}\n<\/style>\n<div  class='avia-slideshow av-jzwm0b3n-5a1e7a923afe3ad94be65e88d938aec6 avia-slideshow-no scaling av_slideshow_full avia-fade-slider av-medium-hide av-small-hide av-mini-hide av-slideshow-ui av-control-hidden av-no-slider-navigation av-hide-nav-arrows av-slideshow-manual av-loop-once av-loop-manual-endless av-default-height-applied   avia-slideshow-1' data-slideshow-options=\"{&quot;animation&quot;:&quot;fade&quot;,&quot;autoplay&quot;:false,&quot;loop_autoplay&quot;:&quot;once&quot;,&quot;interval&quot;:5,&quot;loop_manual&quot;:&quot;manual-endless&quot;,&quot;autoplay_stopper&quot;:false,&quot;noNavigation&quot;:true,&quot;bg_slider&quot;:false,&quot;keep_padding&quot;:false,&quot;hoverpause&quot;:false,&quot;show_slide_delay&quot;:0}\"  itemprop=\"image\" itemscope=\"itemscope\" itemtype=\"https:\/\/schema.org\/ImageObject\" ><ul class='avia-slideshow-inner ' style='padding-bottom: 28.666666666667%;'><li  class='avia-slideshow-slide av-jzwm0b3n-5a1e7a923afe3ad94be65e88d938aec6__0  av-single-slide slide-1 slide-odd'><div data-rel='slideshow-1' class='avia-slide-wrap '   ><img fetchpriority=\"high\" class=\"wp-image-29001 avia-img-lazy-loading-not-29001\"  src='https:\/\/staging.fbt-avocats.ch\/wp-content\/uploads\/2025\/07\/MVI.png' width='2250' height='645' title='MVI' alt=''  itemprop=\"thumbnailUrl\"   \/><\/div><\/li><\/ul><div class='av-slideshow-caption av-jzwm0b3n-5a1e7a923afe3ad94be65e88d938aec6__0 caption_fullwidth caption_right'><div class=\"container caption_container\"><div class=\"slideshow_caption\"><div class=\"slideshow_inner_caption\"><div class=\"slideshow_align_caption\"><h2 class='avia-caption-title '  itemprop=\"name\" >Marco Villa<\/h2><div class='avia-caption-content av_inherit_color'  itemprop=\"description\" ><p>Partner | Geneva<br \/>\n+41 22 849 60 40<br \/>\nmvilla@fbt.ch<\/p>\n<\/div><a href='mailto:mvilla@fbt.ch'  target=\"_blank\"  rel=\"noopener noreferrer\" class='avia-slideshow-button avia-button avia-color-theme-color-subtle avia-multi-slideshow-button' data-duration='800' data-easing='easeInOutQuad'>Send an email <\/a><a href='https:\/\/staging.fbt-avocats.ch\/en\/?id_contact=5&amp;download_vcard=1'  target=\"_blank\"  rel=\"noopener noreferrer\" class='avia-slideshow-button avia-button avia-color-theme-color-subtle avia-multi-slideshow-button avia-slideshow-button-2' data-duration='800' data-easing='easeInOutQuad'>Vcard<\/a><\/div><\/div><\/div><\/div><\/div><\/div><\/div>\n<div id='full_slider_2'  class='avia-fullwidth-slider main_color avia-shadow av-desktop-hide av-small-hide av-mini-hide  avia-builder-el-1  el_after_av_slideshow_full  el_before_av_slideshow_full   slider-not-first container_wrap fullsize'  ><div  class='avia-slideshow av-jzwmb651-b3c18f06fd8e2a521cf5ea29f0e023e9 avia-slideshow-no scaling av_slideshow_full avia-slide-slider av-desktop-hide av-small-hide av-mini-hide av-slideshow-ui av-control-default av-slideshow-manual av-loop-once av-loop-manual-endless av-default-height-applied   avia-slideshow-2' data-slideshow-options=\"{&quot;animation&quot;:&quot;slide&quot;,&quot;autoplay&quot;:false,&quot;loop_autoplay&quot;:&quot;once&quot;,&quot;interval&quot;:5,&quot;loop_manual&quot;:&quot;manual-endless&quot;,&quot;autoplay_stopper&quot;:false,&quot;noNavigation&quot;:false,&quot;bg_slider&quot;:false,&quot;keep_padding&quot;:false,&quot;hoverpause&quot;:false,&quot;show_slide_delay&quot;:0}\"  itemprop=\"image\" itemscope=\"itemscope\" itemtype=\"https:\/\/schema.org\/ImageObject\" ><ul class='avia-slideshow-inner ' style='padding-bottom: 75%;'><li  class='avia-slideshow-slide av-jzwmb651-b3c18f06fd8e2a521cf5ea29f0e023e9__0  av-single-slide slide-1 slide-odd'><div data-rel='slideshow-2' class='avia-slide-wrap '   ><img fetchpriority=\"high\" class=\"wp-image-30052 avia-img-lazy-loading-not-30052\"  src='https:\/\/staging.fbt-avocats.ch\/wp-content\/uploads\/2025\/09\/MVI.png' width='1000' height='750' title='MVI' alt=''  itemprop=\"thumbnailUrl\"   \/><\/div><\/li><\/ul><\/div><\/div>\n<div id='full_slider_3'  class='avia-fullwidth-slider main_color avia-shadow av-desktop-hide av-medium-hide  avia-builder-el-2  el_after_av_slideshow_full  el_before_av_submenu   slider-not-first container_wrap fullsize'  ><div  class='avia-slideshow av-jzwmb651-5c052cf66bd4fb194c3bd99fbaea45b3 avia-slideshow-no scaling av_slideshow_full avia-slide-slider av-desktop-hide av-medium-hide av-slideshow-ui av-control-default av-slideshow-manual av-loop-once av-loop-manual-endless av-default-height-applied   avia-slideshow-3' data-slideshow-options=\"{&quot;animation&quot;:&quot;slide&quot;,&quot;autoplay&quot;:false,&quot;loop_autoplay&quot;:&quot;once&quot;,&quot;interval&quot;:5,&quot;loop_manual&quot;:&quot;manual-endless&quot;,&quot;autoplay_stopper&quot;:false,&quot;noNavigation&quot;:false,&quot;bg_slider&quot;:false,&quot;keep_padding&quot;:false,&quot;hoverpause&quot;:false,&quot;show_slide_delay&quot;:0}\"  itemprop=\"image\" itemscope=\"itemscope\" itemtype=\"https:\/\/schema.org\/ImageObject\" ><ul class='avia-slideshow-inner ' style='padding-bottom: 100%;'><li  class='avia-slideshow-slide av-jzwmb651-5c052cf66bd4fb194c3bd99fbaea45b3__0  av-single-slide slide-1 slide-odd'><div data-rel='slideshow-3' class='avia-slide-wrap '   ><img fetchpriority=\"high\" class=\"wp-image-29921 avia-img-lazy-loading-not-29921\"  src='https:\/\/staging.fbt-avocats.ch\/wp-content\/uploads\/2025\/09\/Marco-Villa.png' width='800' height='800' title='Marco-Villa' alt='Marco Villa'  itemprop=\"thumbnailUrl\"   \/><\/div><\/li><\/ul><\/div><\/div>\n<div class='clear'><\/div><div id='sub_menu1'  class='av-submenu-container av-m0m7w4j6-4da9a070cf77a9f89c6881fa7a132616 main_color  avia-builder-el-3  el_after_av_slideshow_full  el_before_av_heading  av-sticky-submenu submenu-not-first container_wrap fullsize' style='z-index:301' ><div class='container av-menu-mobile-disabled av-submenu-pos-center'><ul id='av-custom-submenu-1' class='av-subnav-menu' role='menu'>\n<li class='menu-item av-10rtvf7-0bd12b845d0346df1137e1ce7c41e0e5 menu-item-top-level menu-item-top-level-1' role='menuitem'><a href='#top'  ><span class='avia-bullet'><\/span><span class='avia-menu-text'>Contact<\/span><\/a><\/li>\n<li class='menu-item av-tfnvex-24c924f64035f077704777a1d6394e3f menu-item-top-level menu-item-top-level-2' role='menuitem'><a href='#competence'  ><span class='avia-bullet'><\/span><span class='avia-menu-text'>Expertise<\/span><\/a><\/li>\n<li class='menu-item av-14f1u95-281e9bd013604412354a8be0bf54f4d0 menu-item-top-level menu-item-top-level-3' role='menuitem'><a href='#cv'  ><span class='avia-bullet'><\/span><span class='avia-menu-text'>Resume<\/span><\/a><\/li>\n<li class='menu-item av-mbh1t5-00e682ae219e3ddd7690523a775521e7 menu-item-top-level menu-item-top-level-4' role='menuitem'><a href='https:\/\/www.linkedin.com\/in\/marco-villa-a9baba176\/'  target=\"_blank\"  rel=\"noopener noreferrer\" ><span class='avia-bullet'><\/span><span class='avia-menu-text'>LinkedIn<\/span><\/a><\/li>\n<\/ul><\/div><\/div><div class='sticky_placeholder'><\/div><div id='after_submenu_1'  class='main_color av_default_container_wrap container_wrap fullsize'  ><div class='container av-section-cont-open' ><div class='template-page content  av-content-full alpha units'><div class='post-entry post-entry-type-page post-entry-1578'><div class='entry-content-wrapper clearfix'>\n\n<style type=\"text\/css\" data-created_by=\"avia_inline_auto\" id=\"style-css-av-av_heading-51edf296a6e40b20e3d9d4dce7a2a6f0\">\n#top .av-special-heading.av-av_heading-51edf296a6e40b20e3d9d4dce7a2a6f0{\npadding-bottom:0;\n}\nbody .av-special-heading.av-av_heading-51edf296a6e40b20e3d9d4dce7a2a6f0 .av-special-heading-tag .heading-char{\nfont-size:25px;\n}\n.av-special-heading.av-av_heading-51edf296a6e40b20e3d9d4dce7a2a6f0 .av-subheading{\nfont-size:15px;\n}\n<\/style>\n<div  class='av-special-heading av-av_heading-51edf296a6e40b20e3d9d4dce7a2a6f0 av-special-heading-h1 blockquote modern-quote modern-centered  avia-builder-el-4  el_after_av_submenu  el_before_av_hr  avia-builder-el-first  av-desktop-hide'><h1 class='av-special-heading-tag '  itemprop=\"headline\"  >Marco Villa<\/h1><div class='av-subheading av-subheading_below'><p>Partner | Geneva<\/p>\n<\/div><div class=\"special-heading-border\"><div class=\"special-heading-inner-border\"><\/div><\/div><\/div>\n\n<style type=\"text\/css\" data-created_by=\"avia_inline_auto\" id=\"style-css-av-jue2njy8-0d772e6fb08857b99e1ad5955fce63df\">\n#top .hr.hr-invisible.av-jue2njy8-0d772e6fb08857b99e1ad5955fce63df{\nheight:20px;\n}\n<\/style>\n<div  class='hr av-jue2njy8-0d772e6fb08857b99e1ad5955fce63df hr-invisible  avia-builder-el-5  el_after_av_heading  el_before_av_textblock  av-desktop-hide av-medium-hide av-small-hide'><span class='hr-inner '><span class=\"hr-inner-style\"><\/span><\/span><\/div>\n<section  class='av_textblock_section av-2ww7tt-44415773284c5e8bfae76f80ed858d1c '   itemscope=\"itemscope\" itemtype=\"https:\/\/schema.org\/CreativeWork\" ><div class='av-desktop-hide avia_textblock'  itemprop=\"text\" ><p style=\"text-align: center;\">+41 22 849 60 40<br \/>\n<a href=\"mailto:mvilla@fbt.ch\">mvilla@fbt.ch<\/a><\/p>\n<\/div><\/section>\n<div  class='avia-buttonrow-wrap av-k0pblb3u-67ad9170d91c8a10bc928dc155f879a9 avia-buttonrow-center  avia-builder-el-7  el_after_av_textblock  el_before_av_section  avia-builder-el-last  av-desktop-hide'>\n\n<style type=\"text\/css\" data-created_by=\"avia_inline_auto\" id=\"style-css-av-cthve-6d30f8fcf0613fbbe8f47875d000aff6\">\n#top #wrap_all .avia-button.av-cthve-6d30f8fcf0613fbbe8f47875d000aff6{\nmargin-bottom:5px;\nmargin-right:3px;\nmargin-left:3px;\n}\n<\/style>\n<a href='https:\/\/staging.fbt-avocats.ch\/en\/?id_contact=5&amp;download_vcard=1'  class='avia-button av-cthve-6d30f8fcf0613fbbe8f47875d000aff6 avia-icon_select-yes-left-icon avia-size-medium av-icon-on-hover avia-color-dark'   aria-label=\"vCard\"><span class='avia_button_icon avia_button_icon_left avia-iconfont avia-font-entypo-fontello' data-av_icon='\ue840' data-av_iconfont='entypo-fontello' ><\/span><span class='avia_iconbox_title' >vCard<\/span><\/a>\n<\/div>\n<\/div><\/div><\/div><!-- close content main div --><\/div><\/div><div id='competence'  class='avia-section av-8hswd6-337bab2c9e8955ecfd633959396212b0 main_color avia-section-large avia-no-border-styling  avia-builder-el-8  el_after_av_buttonrow  el_before_av_section  avia-bg-style-scroll container_wrap fullsize'  ><div class='container av-section-cont-open' ><div class='template-page content  av-content-full alpha units'><div class='post-entry post-entry-type-page post-entry-1578'><div class='entry-content-wrapper clearfix'>\n<section  class='av_textblock_section av-2ww7tt-7875c39ba456370010ab510e8617a56e '   itemscope=\"itemscope\" itemtype=\"https:\/\/schema.org\/CreativeWork\" ><div class='avia_textblock'  itemprop=\"text\" ><p style=\"text-align: left;\"><strong>Practice areas: <\/strong><a href=\"https:\/\/staging.fbt-avocats.ch\/en\/competence\/corporate-and-commercial-law\/\">Corporate and Commercial (Head of Practice), <\/a><a href=\"https:\/\/staging.fbt-avocats.ch\/en\/competence\/banking-and-finance\/\">Banking and Finance<\/a><\/p>\n<p style=\"text-align: left;\"><strong>Languages:<\/strong> French,\u00a0English,\u00a0Italian,\u00a0German<\/p>\n<\/div><\/section>\n\n<style type=\"text\/css\" data-created_by=\"avia_inline_auto\" id=\"style-css-av-18fvr6u-bacec399fc9d5769465d34dd8a941026\">\n.flex_column.av-18fvr6u-bacec399fc9d5769465d34dd8a941026{\nborder-radius:0px 0px 0px 0px;\npadding:30px 30px 30px 30px;\n}\n<\/style>\n<div  class='flex_column av-18fvr6u-bacec399fc9d5769465d34dd8a941026 av_two_third  avia-builder-el-10  el_after_av_textblock  el_before_av_one_third  first flex_column_div av-animated-generic top-to-bottom  column-top-margin'     ><section  class='av_textblock_section av-aetxu-7f1035c1649d91975d38daa9d5866b90 '   itemscope=\"itemscope\" itemtype=\"https:\/\/schema.org\/CreativeWork\" ><div class='avia_textblock'  itemprop=\"text\" ><h3 style=\"text-align: left;\">EXPERTISE<\/h3>\n<\/div><\/section><br \/>\n<section  class='av_textblock_section av-aetxu-7f1035c1649d91975d38daa9d5866b90 '   itemscope=\"itemscope\" itemtype=\"https:\/\/schema.org\/CreativeWork\" ><div class='avia_textblock'  itemprop=\"text\" ><p><strong>Marco Villa <\/strong>is a partner with FBT and a member of its Corporate and Banking and Finance groups. He is a leading contract and commercial law expert and specializes in corporate and commercial law. He is a former professor on contract and tort law at the University of Lausanne.<\/p>\n<p>He advises individuals and companies of different sizes on domestic as well as cross-border legal issues, namely on banking and finance agreements, mergers and acquisitions, agency and distribution agreements and cooperation agreements. He has a broad experience in the field of private equity as well as in real estate law (transactions, leases, etc.)<\/p>\n<p>Marco Villa is a frequent speaker at professional conferences on corporate and commercial law issues and the author of various publications in this field.<\/p>\n<\/div><\/section><\/p><\/div>\n<style type=\"text\/css\" data-created_by=\"avia_inline_auto\" id=\"style-css-av-1ybsnc-86493238b803b1ed967405a913b5cc87\">\n.flex_column.av-1ybsnc-86493238b803b1ed967405a913b5cc87{\nborder-radius:0px 0px 0px 0px;\npadding:0px 0px 0px 0px;\n}\n<\/style>\n<div  class='flex_column av-1ybsnc-86493238b803b1ed967405a913b5cc87 av_one_third  avia-builder-el-13  el_after_av_two_third  avia-builder-el-last  flex_column_div av-zero-column-padding  column-top-margin'     ><div  class='avia-slideshow av-ltyge8aq-8718526fd6f80626aa4e32cf90bfaf2a avia-slideshow-no scaling av_slideshow avia-fade-slider  avia-builder-el-14  avia-builder-el-no-sibling  av-mini-hide av-slideshow-ui av-control-default av-slideshow-autoplay av-loop-endless av-loop-manual-endless av-default-height-applied avia-slideshow-4' data-slideshow-options=\"{&quot;animation&quot;:&quot;fade&quot;,&quot;autoplay&quot;:true,&quot;loop_autoplay&quot;:&quot;endless&quot;,&quot;interval&quot;:10,&quot;loop_manual&quot;:&quot;manual-endless&quot;,&quot;autoplay_stopper&quot;:false,&quot;noNavigation&quot;:false,&quot;bg_slider&quot;:false,&quot;keep_padding&quot;:false,&quot;hoverpause&quot;:false,&quot;show_slide_delay&quot;:0}\"  itemprop=\"image\" itemscope=\"itemscope\" itemtype=\"https:\/\/schema.org\/ImageObject\" ><ul class='avia-slideshow-inner ' style='padding-bottom: 125%;'><li  class='avia-slideshow-slide av-ltyge8aq-8718526fd6f80626aa4e32cf90bfaf2a__0  slide-1 slide-odd'><div data-rel='slideshow-4' class='avia-slide-wrap '   ><img fetchpriority=\"high\" class=\"wp-image-26199 avia-img-lazy-loading-not-26199\"  src='https:\/\/staging.fbt-avocats.ch\/wp-content\/uploads\/2024\/10\/MVI1.png' width='1200' height='1500' title='MVI1' alt=''  itemprop=\"thumbnailUrl\"   \/><\/div><\/li><li  class='avia-slideshow-slide av-ltyge8aq-8718526fd6f80626aa4e32cf90bfaf2a__1  slide-2 slide-even'><div data-rel='slideshow-4' class='avia-slide-wrap '   ><img fetchpriority=\"high\" class=\"wp-image-26201 avia-img-lazy-loading-not-26201\"  src='https:\/\/staging.fbt-avocats.ch\/wp-content\/uploads\/2024\/10\/MVI2.png' width='1200' height='1500' title='MVI2' alt=''  itemprop=\"thumbnailUrl\"   \/><\/div><\/li><li  class='avia-slideshow-slide av-ltyge8aq-8718526fd6f80626aa4e32cf90bfaf2a__2  slide-3 slide-odd'><div data-rel='slideshow-4' class='avia-slide-wrap '   ><img fetchpriority=\"high\" class=\"wp-image-26203 avia-img-lazy-loading-not-26203\"  src='https:\/\/staging.fbt-avocats.ch\/wp-content\/uploads\/2024\/10\/MVI3.png' width='1200' height='1500' title='MVI3' alt=''  itemprop=\"thumbnailUrl\"   \/><\/div><\/li><\/ul><div class='avia-slideshow-arrows avia-slideshow-controls' ><a href='#prev' class='prev-slide  avia-svg-icon avia-font-svg_entypo-fontello' data-av_svg_icon='left-open-big' data-av_iconset='svg_entypo-fontello' tabindex='-1' title=\"Previous\"><svg version=\"1.1\" xmlns=\"http:\/\/www.w3.org\/2000\/svg\" width=\"15\" height=\"32\" viewBox=\"0 0 15 32\" preserveAspectRatio=\"xMidYMid meet\" aria-labelledby='av-svg-title-1' aria-describedby='av-svg-desc-1' role=\"graphics-symbol\" aria-hidden=\"true\">\n<title id='av-svg-title-1'>Previous<\/title>\n<desc id='av-svg-desc-1'>Previous<\/desc>\n<path d=\"M14.464 27.84q0.832 0.832 0 1.536-0.832 0.832-1.536 0l-12.544-12.608q-0.768-0.768 0-1.6l12.544-12.608q0.704-0.832 1.536 0 0.832 0.704 0 1.536l-11.456 11.904z\"><\/path>\n<\/svg><span class='avia_hidden_link_text'>Previous<\/span><\/a><a href='#next' class='next-slide  avia-svg-icon avia-font-svg_entypo-fontello' data-av_svg_icon='right-open-big' data-av_iconset='svg_entypo-fontello' tabindex='-1' title=\"Next\"><svg version=\"1.1\" xmlns=\"http:\/\/www.w3.org\/2000\/svg\" width=\"15\" height=\"32\" viewBox=\"0 0 15 32\" preserveAspectRatio=\"xMidYMid meet\" aria-labelledby='av-svg-title-2' aria-describedby='av-svg-desc-2' role=\"graphics-symbol\" aria-hidden=\"true\">\n<title id='av-svg-title-2'>Next<\/title>\n<desc id='av-svg-desc-2'>Next<\/desc>\n<path d=\"M0.416 27.84l11.456-11.84-11.456-11.904q-0.832-0.832 0-1.536 0.832-0.832 1.536 0l12.544 12.608q0.768 0.832 0 1.6l-12.544 12.608q-0.704 0.832-1.536 0-0.832-0.704 0-1.536z\"><\/path>\n<\/svg><span class='avia_hidden_link_text'>Next<\/span><\/a><\/div><div class='avia-slideshow-dots avia-slideshow-controls'><a href='#1' class='goto-slide active' >1<\/a><a href='#2' class='goto-slide ' >2<\/a><a href='#3' class='goto-slide ' >3<\/a><\/div><\/div><\/div><\/div><\/div><\/div><!-- close content main div --><\/div><\/div><div id='cv'  class='avia-section av-7eyht-d543312c3427c98ff1b6b90335ef37de alternate_color avia-section-default avia-no-border-styling  avia-builder-el-15  el_after_av_section  avia-builder-el-last  avia-bg-style-scroll container_wrap fullsize'  ><div class='container av-section-cont-open' ><div class='template-page content  av-content-full alpha units'><div class='post-entry post-entry-type-page post-entry-1578'><div class='entry-content-wrapper clearfix'>\n\n<style type=\"text\/css\" data-created_by=\"avia_inline_auto\" id=\"style-css-av-jsl0pseh-6e04d322d315b3c37bf9f8a55b5a6eff\">\n.flex_column.av-jsl0pseh-6e04d322d315b3c37bf9f8a55b5a6eff{\nborder-radius:0px 0px 0px 0px;\npadding:50px 50px 50px 50px;\n}\n<\/style>\n<div  class='flex_column av-jsl0pseh-6e04d322d315b3c37bf9f8a55b5a6eff av_one_full  avia-builder-el-16  el_before_av_one_third  avia-builder-el-first  first flex_column_div  '     ><div  class='tabcontainer av-2gao7m-4bcdff530d5c611c3f96b01aa2b1cef8 sidebar_tab sidebar_tab_left  avia-builder-el-17  avia-builder-el-no-sibling  noborder_tabs'>\n<section class='av_tab_section av_tab_section av-2bl2u2-ca112c15c1e03242ae011239b8c41fe0'  itemscope=\"itemscope\" itemtype=\"https:\/\/schema.org\/CreativeWork\" ><div id='tab-id-1-tab' class='tab active_tab' role='tab' aria-selected=\"true\" tabindex=\"0\" data-fake-id='#tab-id-1' aria-controls='tab-id-1-content'  itemprop=\"headline\" >Education and Professional Experience<\/div><div id='tab-id-1-content' class='tab_content active_tab_content' role='tabpanel' aria-labelledby='tab-id-1-tab' aria-hidden=\"false\"><div class='tab_inner_content invers-color'  itemprop=\"text\" ><p><strong>Since 2004<br \/>\n<\/strong>Partner, FBT Avocats SA, Geneva<\/p>\n<p><strong>2000-2004<\/strong><br \/>\nProfessor, University of Lausanne<\/p>\n<p><strong>1999<\/strong><br \/>\nAdmission to the New York Bar<\/p>\n<p><strong>1999<br \/>\n<\/strong>LL.M., University of Columbia, New York<\/p>\n<p><strong>1997<br \/>\n<\/strong>Admission to the Geneva Bar<\/p>\n<p><strong>1995-1997<br \/>\n<\/strong>Trainee Lawyer, Fasel Bochatay Tsimaratos, Geneva<\/p>\n<p><strong>1995<br \/>\n<\/strong>Ph. D., University of Lausanne<\/p>\n<p><strong>1994-1995<br \/>\n<\/strong>Court Clerk, Canton de Vaud Tribunals<\/p>\n<p><strong>1988-1993<\/strong><br \/>\nResearch Assistant, CEDIDAC, Corporate Law Department, University of Lausanne<\/p>\n<p><strong>1988<\/strong><br \/>\nLaw degree, University of Lausanne<\/p>\n<\/div><\/div><\/section>\n<section class='av_tab_section av_tab_section av-4gds5m-3c88628038f5bf1466d6139b51e10e5f'  itemscope=\"itemscope\" itemtype=\"https:\/\/schema.org\/CreativeWork\" ><div id='tab-id-2-tab' class='tab' role='tab' aria-selected=\"false\" tabindex=\"0\" data-fake-id='#tab-id-2' aria-controls='tab-id-2-content'  itemprop=\"headline\" >Memberships<\/div><div id='tab-id-2-content' class='tab_content' role='tabpanel' aria-labelledby='tab-id-2-tab' aria-hidden=\"true\"><div class='tab_inner_content invers-color'  itemprop=\"text\" ><p>Geneva Bar Association<\/p>\n<p>Swiss Bar Association<\/p>\n<p>Association genevoise du droit des affaires (AGDA)<\/p>\n<p>Centre du droit de l\u2019entreprise (CEDIDAC)<\/p>\n<\/div><\/div><\/section>\n<section class='av_tab_section av_tab_section av-1blx1-12af00623d630cd2c94182253d66d032'  itemscope=\"itemscope\" itemtype=\"https:\/\/schema.org\/CreativeWork\" ><div id='tab-id-3-tab' class='tab' role='tab' aria-selected=\"false\" tabindex=\"0\" data-fake-id='#tab-id-3' aria-controls='tab-id-3-content'  itemprop=\"headline\" >Publications<\/div><div id='tab-id-3-content' class='tab_content' role='tabpanel' aria-labelledby='tab-id-3-tab' aria-hidden=\"true\"><div class='tab_inner_content invers-color'  itemprop=\"text\" >    <div id=\"ej-search-result\">\r\n               <div  class=\"ej-search-result-item\">\r\n            <a href=\"https:\/\/staging.fbt-avocats.ch\/en\/covid-19-et-societes-quid-des-assemblees-generales\/\">                <!-- <div> -->\r\n                  <div class=\"ej-search-image\">\r\n                    <img loading=\"lazy\" decoding=\"async\" width=\"36\" height=\"36\" src=\"https:\/\/staging.fbt-avocats.ch\/wp-content\/plugins\/ej-search\/images\/article-publication-36.png\">\r\n                  <\/div>\r\n                <div class=\"ej-search-result-container\">\r\n                  <span class=\"ej-search-title\">COVID-19 et soci\u00e9t\u00e9s : quid des assembl\u00e9es g\u00e9n\u00e9rales ?<\/span>\r\n                  <span class=\"ej-search-date-publication\">Mai 2020  <\/span>\r\n                  <span class=\"ej-search-competence\">  \/ Corporate and Commercial <\/span>\r\n                  <span class=\"ej-search-auteur\"> Marco Villa , Romain Baume , Julien Le Fort <\/span>\r\n                <\/div>\r\n            <\/a>            <div style=\"clear:both\"><\/div>\r\n          <\/div>\r\n               <div  class=\"ej-search-result-item\">\r\n            <a href=\"https:\/\/staging.fbt-avocats.ch\/en\/the-initial-coin-offerings-icos-regulations-in-switzerland\/\">                <!-- <div> -->\r\n                  <div class=\"ej-search-image\">\r\n                    <img loading=\"lazy\" decoding=\"async\" width=\"36\" height=\"36\" src=\"https:\/\/staging.fbt-avocats.ch\/wp-content\/plugins\/ej-search\/images\/article-publication-36.png\">\r\n                  <\/div>\r\n                <div class=\"ej-search-result-container\">\r\n                  <span class=\"ej-search-title\">The Initial Coin Offerings (ICOs) regulations in Switzerland<\/span>\r\n                  <span class=\"ej-search-date-publication\">Novembre 2018  \/ BSL Banking in Switzerland and Liechstenstein  <\/span>\r\n                  <span class=\"ej-search-competence\">  \/ Banking and Finance <\/span>\r\n                  <span class=\"ej-search-auteur\"> Marco Villa <\/span>\r\n                <\/div>\r\n            <\/a>            <div style=\"clear:both\"><\/div>\r\n          <\/div>\r\n               <div  class=\"ej-search-result-item\">\r\n            <a href=\"https:\/\/staging.fbt-avocats.ch\/en\/reglementation-initial-coin-offerings-icos-suisse\/\">                <!-- <div> -->\r\n                  <div class=\"ej-search-image\">\r\n                    <img loading=\"lazy\" decoding=\"async\" width=\"36\" height=\"36\" src=\"https:\/\/staging.fbt-avocats.ch\/wp-content\/plugins\/ej-search\/images\/article-publication-36.png\">\r\n                  <\/div>\r\n                <div class=\"ej-search-result-container\">\r\n                  <span class=\"ej-search-title\">R\u00e9glementation des Initial Coin Offerings (ICOs) en Suisse<\/span>\r\n                  <span class=\"ej-search-date-publication\">Novembre 2018  \/ BSL Banking in Switzerland and Liechstenstein  <\/span>\r\n                  <span class=\"ej-search-competence\">  \/ Banking and Finance <\/span>\r\n                  <span class=\"ej-search-auteur\"> Marco Villa <\/span>\r\n                <\/div>\r\n            <\/a>            <div style=\"clear:both\"><\/div>\r\n          <\/div>\r\n               <div  class=\"ej-search-result-item\">\r\n            <a href=\"https:\/\/staging.fbt-avocats.ch\/en\/reglementierung-der-initial-coin-offerings-icos-in-der-schweiz\/\">                <!-- <div> -->\r\n                  <div class=\"ej-search-image\">\r\n                    <img loading=\"lazy\" decoding=\"async\" width=\"36\" height=\"36\" src=\"https:\/\/staging.fbt-avocats.ch\/wp-content\/plugins\/ej-search\/images\/article-publication-36.png\">\r\n                  <\/div>\r\n                <div class=\"ej-search-result-container\">\r\n                  <span class=\"ej-search-title\">Reglementierung der Initial Coin Offerings (ICOs) in der Schweiz<\/span>\r\n                  <span class=\"ej-search-date-publication\">Novembre 2018  \/ BSL Banking in Switzerland and Liechstenstein  <\/span>\r\n                  <span class=\"ej-search-competence\">  \/ Banking and Finance <\/span>\r\n                  <span class=\"ej-search-auteur\"> Marco Villa <\/span>\r\n                <\/div>\r\n            <\/a>            <div style=\"clear:both\"><\/div>\r\n          <\/div>\r\n               <div  class=\"ej-search-result-item\">\r\n            <a href=\"https:\/\/staging.fbt-avocats.ch\/en\/oursourcing-et-traitement-des-donnees-electroniques-des-clients\/\">                <!-- <div> -->\r\n                  <div class=\"ej-search-image\">\r\n                    <img loading=\"lazy\" decoding=\"async\" width=\"36\" height=\"36\" src=\"https:\/\/staging.fbt-avocats.ch\/wp-content\/plugins\/ej-search\/images\/article-publication-36.png\">\r\n                  <\/div>\r\n                <div class=\"ej-search-result-container\">\r\n                  <span class=\"ej-search-title\">Outsourcing et traitement des donn\u00e9es \u00e9lectroniques des clients<\/span>\r\n                  <span class=\"ej-search-date-publication\">Mars 2015  <\/span>\r\n                  <span class=\"ej-search-competence\">  \/ Banking and Finance <\/span>\r\n                  <span class=\"ej-search-auteur\"> Marco Villa <\/span>\r\n                <\/div>\r\n            <\/a>            <div style=\"clear:both\"><\/div>\r\n          <\/div>\r\n               <div  class=\"ej-search-result-item\">\r\n            <a href=\"https:\/\/staging.fbt-avocats.ch\/en\/loi-placements-collectifs-lpcc-loi-federale-23-juin-2006-placements-collectifs-de-capitaux\/\">                <!-- <div> -->\r\n                  <div class=\"ej-search-image\">\r\n                    <img loading=\"lazy\" decoding=\"async\" width=\"36\" height=\"36\" src=\"https:\/\/staging.fbt-avocats.ch\/wp-content\/plugins\/ej-search\/images\/article-publication-36.png\">\r\n                  <\/div>\r\n                <div class=\"ej-search-result-container\">\r\n                  <span class=\"ej-search-title\">Loi sur les placements collectifs (LPCC): loi f\u00e9d\u00e9rale du 23 juin 2006 sur les placements collectifs de capitaux<\/span>\r\n                  <span class=\"ej-search-date-publication\">Octobre 2012  \/ St\u00e4mpfli Editions (Berne)  <\/span>\r\n                  <span class=\"ej-search-competence\">  \/ Banking and Finance <\/span>\r\n                  <span class=\"ej-search-auteur\"> Fr\u00e9d\u00e9rique Bensahel , Marco Villa , Michel Abt , FBT Avocats <\/span>\r\n                <\/div>\r\n            <\/a>            <div style=\"clear:both\"><\/div>\r\n          <\/div>\r\n               <div  class=\"ej-search-result-item\">\r\n            <a href=\"https:\/\/staging.fbt-avocats.ch\/en\/fonds-immobiliers-fausse-bonne-idee-investisseurs-etrangers\/\">                <!-- <div> -->\r\n                  <div class=\"ej-search-image\">\r\n                    <img loading=\"lazy\" decoding=\"async\" width=\"36\" height=\"36\" src=\"https:\/\/staging.fbt-avocats.ch\/wp-content\/plugins\/ej-search\/images\/article-publication-36.png\">\r\n                  <\/div>\r\n                <div class=\"ej-search-result-container\">\r\n                  <span class=\"ej-search-title\">Fonds immobiliers : Une fausse bonne id\u00e9e pour les investisseurs \u00e9trangers ?<\/span>\r\n                  <span class=\"ej-search-date-publication\">Octobre 2010  <\/span>\r\n                  <span class=\"ej-search-competence\">  \/ Banking and Finance , Tax <\/span>\r\n                  <span class=\"ej-search-auteur\"> Marco Villa , Michel Abt <\/span>\r\n                <\/div>\r\n            <\/a>            <div style=\"clear:both\"><\/div>\r\n          <\/div>\r\n               <div  class=\"ej-search-result-item\">\r\n            <a href=\"https:\/\/staging.fbt-avocats.ch\/en\/switzerland-new-federal-legislation-on-the-custody-and-transfer-of-securities\/\">                <!-- <div> -->\r\n                  <div class=\"ej-search-image\">\r\n                    <img loading=\"lazy\" decoding=\"async\" width=\"36\" height=\"36\" src=\"https:\/\/staging.fbt-avocats.ch\/wp-content\/plugins\/ej-search\/images\/article-publication-36.png\">\r\n                  <\/div>\r\n                <div class=\"ej-search-result-container\">\r\n                  <span class=\"ej-search-title\">Switzerland: new federal legislation on the custody and transfer of securities<\/span>\r\n                  <span class=\"ej-search-date-publication\">D\u00e9cembre 2009  <\/span>\r\n                  <span class=\"ej-search-competence\">  \/ Banking and Finance <\/span>\r\n                  <span class=\"ej-search-auteur\"> Fr\u00e9d\u00e9rique Bensahel , Marco Villa <\/span>\r\n                <\/div>\r\n            <\/a>            <div style=\"clear:both\"><\/div>\r\n          <\/div>\r\n               <div  class=\"ej-search-result-item\">\r\n            <a href=\"https:\/\/staging.fbt-avocats.ch\/en\/lobjet-rang-suretes-selon-loi-titres-intermedies-lti\/\">                <!-- <div> -->\r\n                  <div class=\"ej-search-image\">\r\n                    <img loading=\"lazy\" decoding=\"async\" width=\"36\" height=\"36\" src=\"https:\/\/staging.fbt-avocats.ch\/wp-content\/plugins\/ej-search\/images\/article-publication-36.png\">\r\n                  <\/div>\r\n                <div class=\"ej-search-result-container\">\r\n                  <span class=\"ej-search-title\">L&#039;objet et le rang des s\u00fbret\u00e9s selon la loi sur les titres interm\u00e9di\u00e9s (LTI)<\/span>\r\n                  <span class=\"ej-search-date-publication\">Novembre 2009  \/ Semaine judiciaire  <\/span>\r\n                  <span class=\"ej-search-competence\">  \/ Banking and Finance <\/span>\r\n                  <span class=\"ej-search-auteur\"> Fr\u00e9d\u00e9rique Bensahel , Marco Villa <\/span>\r\n                <\/div>\r\n            <\/a>            <div style=\"clear:both\"><\/div>\r\n          <\/div>\r\n               <div  class=\"ej-search-result-item\">\r\n            <a href=\"https:\/\/staging.fbt-avocats.ch\/en\/responsabilite-civile-vue-langle-chef-dentreprise\/\">                <!-- <div> -->\r\n                  <div class=\"ej-search-image\">\r\n                    <img loading=\"lazy\" decoding=\"async\" width=\"36\" height=\"36\" src=\"https:\/\/staging.fbt-avocats.ch\/wp-content\/plugins\/ej-search\/images\/article-publication-36.png\">\r\n                  <\/div>\r\n                <div class=\"ej-search-result-container\">\r\n                  <span class=\"ej-search-title\">La responsabilit\u00e9 civile vue sous l&#039;angle du chef d&#039;entreprise<\/span>\r\n                  <span class=\"ej-search-date-publication\">Octobre 2005  <\/span>\r\n                  <span class=\"ej-search-competence\">  \/ Corporate and Commercial <\/span>\r\n                  <span class=\"ej-search-auteur\"> Marco Villa <\/span>\r\n                <\/div>\r\n            <\/a>            <div style=\"clear:both\"><\/div>\r\n          <\/div>\r\n               <div  class=\"ej-search-result-item\">\r\n            <a href=\"https:\/\/staging.fbt-avocats.ch\/en\/invalidation-dune-souscription-dactions-vice-consentement\/\">                <!-- <div> -->\r\n                  <div class=\"ej-search-image\">\r\n                    <img loading=\"lazy\" decoding=\"async\" width=\"36\" height=\"36\" src=\"https:\/\/staging.fbt-avocats.ch\/wp-content\/plugins\/ej-search\/images\/article-publication-36.png\">\r\n                  <\/div>\r\n                <div class=\"ej-search-result-container\">\r\n                  <span class=\"ej-search-title\">Invalidation d&#039;une souscription d&#039;actions pour vice du consentement<\/span>\r\n                  <span class=\"ej-search-date-publication\">Octobre 2005  <\/span>\r\n                  <span class=\"ej-search-competence\">  \/ Corporate and Commercial <\/span>\r\n                  <span class=\"ej-search-auteur\"> Marco Villa <\/span>\r\n                <\/div>\r\n            <\/a>            <div style=\"clear:both\"><\/div>\r\n          <\/div>\r\n               <div  class=\"ej-search-result-item\">\r\n            <a href=\"https:\/\/staging.fbt-avocats.ch\/en\/organes-de-organes-apparents\/\">                <!-- <div> -->\r\n                  <div class=\"ej-search-image\">\r\n                    <img loading=\"lazy\" decoding=\"async\" width=\"36\" height=\"36\" src=\"https:\/\/staging.fbt-avocats.ch\/wp-content\/plugins\/ej-search\/images\/article-publication-36.png\">\r\n                  <\/div>\r\n                <div class=\"ej-search-result-container\">\r\n                  <span class=\"ej-search-title\">Organes de fait et organes apparents<\/span>\r\n                  <span class=\"ej-search-date-publication\">Octobre 2004  \/ CEDIDAC  <\/span>\r\n                  <span class=\"ej-search-competence\">  <\/span>\r\n                  <span class=\"ej-search-auteur\"> Marco Villa <\/span>\r\n                <\/div>\r\n            <\/a>            <div style=\"clear:both\"><\/div>\r\n          <\/div>\r\n               <div  class=\"ej-search-result-item\">\r\n            <a href=\"https:\/\/staging.fbt-avocats.ch\/en\/overview-of-banking-laws-and-regulatory-bodies-in-switzerland\/\">                <!-- <div> -->\r\n                  <div class=\"ej-search-image\">\r\n                    <img loading=\"lazy\" decoding=\"async\" width=\"36\" height=\"36\" src=\"https:\/\/staging.fbt-avocats.ch\/wp-content\/plugins\/ej-search\/images\/article-publication-36.png\">\r\n                  <\/div>\r\n                <div class=\"ej-search-result-container\">\r\n                  <span class=\"ej-search-title\">Overview of Banking Laws and Regulatory Bodies in Switzerland<\/span>\r\n                  <span class=\"ej-search-date-publication\">Octobre 2001  <\/span>\r\n                  <span class=\"ej-search-competence\">  \/ Corporate and Commercial <\/span>\r\n                  <span class=\"ej-search-auteur\"> Marco Villa <\/span>\r\n                <\/div>\r\n            <\/a>            <div style=\"clear:both\"><\/div>\r\n          <\/div>\r\n               <div  class=\"ej-search-result-item\">\r\n            <a href=\"https:\/\/staging.fbt-avocats.ch\/en\/accords-de-distribution-selective\/\">                <!-- <div> -->\r\n                  <div class=\"ej-search-image\">\r\n                    <img loading=\"lazy\" decoding=\"async\" width=\"36\" height=\"36\" src=\"https:\/\/staging.fbt-avocats.ch\/wp-content\/plugins\/ej-search\/images\/article-publication-36.png\">\r\n                  <\/div>\r\n                <div class=\"ej-search-result-container\">\r\n                  <span class=\"ej-search-title\">Les accords de distribution s\u00e9lective<\/span>\r\n                  <span class=\"ej-search-date-publication\">Octobre 1998  <\/span>\r\n                  <span class=\"ej-search-competence\">  \/ Corporate and Commercial <\/span>\r\n                  <span class=\"ej-search-auteur\"> Marco Villa <\/span>\r\n                <\/div>\r\n            <\/a>            <div style=\"clear:both\"><\/div>\r\n          <\/div>\r\n               <div  class=\"ej-search-result-item\">\r\n            <a href=\"https:\/\/staging.fbt-avocats.ch\/en\/reglementation-de-lorigine-marchandises-etude-de-droit-suisse-de-droit-communautaire\/\">                <!-- <div> -->\r\n                  <div class=\"ej-search-image\">\r\n                    <img loading=\"lazy\" decoding=\"async\" width=\"36\" height=\"36\" src=\"https:\/\/staging.fbt-avocats.ch\/wp-content\/plugins\/ej-search\/images\/article-publication-36.png\">\r\n                  <\/div>\r\n                <div class=\"ej-search-result-container\">\r\n                  <span class=\"ej-search-title\">La r\u00e9glementation de l&#039;origine des marchandises, \u00e9tude de droit suisse et de droit communautaire<\/span>\r\n                  <span class=\"ej-search-date-publication\">Ao\u00fbt 1998  <\/span>\r\n                  <span class=\"ej-search-competence\">  <\/span>\r\n                  <span class=\"ej-search-auteur\"> Marco Villa <\/span>\r\n                <\/div>\r\n            <\/a>            <div style=\"clear:both\"><\/div>\r\n          <\/div>\r\n               <div  class=\"ej-search-result-item\">\r\n            <a href=\"https:\/\/staging.fbt-avocats.ch\/en\/contrats-de-services-repertoire-arrets-tribunal-federal\/\">                <!-- <div> -->\r\n                  <div class=\"ej-search-image\">\r\n                    <img loading=\"lazy\" decoding=\"async\" width=\"36\" height=\"36\" src=\"https:\/\/staging.fbt-avocats.ch\/wp-content\/plugins\/ej-search\/images\/article-publication-36.png\">\r\n                  <\/div>\r\n                <div class=\"ej-search-result-container\">\r\n                  <span class=\"ej-search-title\">Les contrats de services: R\u00e9pertoire des arr\u00eats du Tribunal f\u00e9d\u00e9ral<\/span>\r\n                  <span class=\"ej-search-date-publication\">Octobre 1993  \/ CEDIDAC  <\/span>\r\n                  <span class=\"ej-search-competence\">  <\/span>\r\n                  <span class=\"ej-search-auteur\"> Marco Villa <\/span>\r\n                <\/div>\r\n            <\/a>            <div style=\"clear:both\"><\/div>\r\n          <\/div>\r\n               <div  class=\"ej-search-result-item\">\r\n            <a href=\"https:\/\/staging.fbt-avocats.ch\/en\/loi-federale-lacquisition-immeubles-personnes-domiciliees-a-letranger-documentation\/\">                <!-- <div> -->\r\n                  <div class=\"ej-search-image\">\r\n                    <img loading=\"lazy\" decoding=\"async\" width=\"36\" height=\"36\" src=\"https:\/\/staging.fbt-avocats.ch\/wp-content\/plugins\/ej-search\/images\/article-publication-36.png\">\r\n                  <\/div>\r\n                <div class=\"ej-search-result-container\">\r\n                  <span class=\"ej-search-title\">Loi f\u00e9d\u00e9rale sur l&#039;acquisition des immeubles par des personnes domicili\u00e9es \u00e0 l&#039;\u00e9tranger: documentation<\/span>\r\n                  <span class=\"ej-search-date-publication\">Octobre 1989  \/ CEDIDAC  <\/span>\r\n                  <span class=\"ej-search-competence\">  \/ Corporate and Commercial <\/span>\r\n                  <span class=\"ej-search-auteur\"> Marco Villa <\/span>\r\n                <\/div>\r\n            <\/a>            <div style=\"clear:both\"><\/div>\r\n          <\/div>\r\n        <\/div> \r\n\n<\/div><\/div><\/section>\n<section class='av_tab_section av_tab_section av-2d75vu-0ebaa36f06c2763d1a5d25713b53c14e'  itemscope=\"itemscope\" itemtype=\"https:\/\/schema.org\/CreativeWork\" ><div id='tab-id-4-tab' class='tab' role='tab' aria-selected=\"false\" tabindex=\"0\" data-fake-id='#tab-id-4' aria-controls='tab-id-4-content'  itemprop=\"headline\" >Speaking Engagements<\/div><div id='tab-id-4-content' class='tab_content' role='tabpanel' aria-labelledby='tab-id-4-tab' aria-hidden=\"true\"><div class='tab_inner_content invers-color'  itemprop=\"text\" >    <div id=\"ej-search-result\">\r\n               <div  class=\"ej-search-result-item\">\r\n                            <!-- <div> -->\r\n                  <div class=\"ej-search-image\">\r\n                    <img loading=\"lazy\" decoding=\"async\" width=\"36\" height=\"36\" src=\"https:\/\/staging.fbt-avocats.ch\/wp-content\/plugins\/ej-search\/images\/conference-36.png\">\r\n                  <\/div>\r\n                <div class=\"ej-search-result-container\">\r\n                  <span class=\"ej-search-title\">20 novembre 2025 - Webinar ASG - formation continue<\/span>\r\n                  <span class=\"ej-search-date-publication\"> ASG  <\/span>\r\n                  <span class=\"ej-search-competence\">  \/ Banking and Finance <\/span>\r\n                  <span class=\"ej-search-auteur\"> Fr\u00e9d\u00e9rique Bensahel , Marco Villa <\/span>\r\n                <\/div>\r\n                        <div style=\"clear:both\"><\/div>\r\n          <\/div>\r\n               <div  class=\"ej-search-result-item\">\r\n                            <!-- <div> -->\r\n                  <div class=\"ej-search-image\">\r\n                    <img loading=\"lazy\" decoding=\"async\" width=\"36\" height=\"36\" src=\"https:\/\/staging.fbt-avocats.ch\/wp-content\/plugins\/ej-search\/images\/conference-36.png\">\r\n                  <\/div>\r\n                <div class=\"ej-search-result-container\">\r\n                  <span class=\"ej-search-title\">18 septembre 2025 \u2013 S\u00e9minaire ASG \u2013 Int\u00e9gration d\u2019un nouvel actionnaire : questions choisies de droit commercial et de droit r\u00e9glementaire<\/span>\r\n                  <span class=\"ej-search-date-publication\"> ASG  <\/span>\r\n                  <span class=\"ej-search-competence\">  \/ Banking and Finance <\/span>\r\n                  <span class=\"ej-search-auteur\"> Fr\u00e9d\u00e9rique Bensahel , Marco Villa <\/span>\r\n                <\/div>\r\n                        <div style=\"clear:both\"><\/div>\r\n          <\/div>\r\n               <div  class=\"ej-search-result-item\">\r\n                            <!-- <div> -->\r\n                  <div class=\"ej-search-image\">\r\n                    <img loading=\"lazy\" decoding=\"async\" width=\"36\" height=\"36\" src=\"https:\/\/staging.fbt-avocats.ch\/wp-content\/plugins\/ej-search\/images\/conference-36.png\">\r\n                  <\/div>\r\n                <div class=\"ej-search-result-container\">\r\n                  <span class=\"ej-search-title\">28 novembre 2024 \u2013 Webinaire ASG \u2013 Veille r\u00e9glementaire<\/span>\r\n                  <span class=\"ej-search-date-publication\"> ASG  <\/span>\r\n                  <span class=\"ej-search-competence\">  \/ Banking and Finance <\/span>\r\n                  <span class=\"ej-search-auteur\"> Fr\u00e9d\u00e9rique Bensahel , Marco Villa <\/span>\r\n                <\/div>\r\n                        <div style=\"clear:both\"><\/div>\r\n          <\/div>\r\n               <div  class=\"ej-search-result-item\">\r\n                            <!-- <div> -->\r\n                  <div class=\"ej-search-image\">\r\n                    <img loading=\"lazy\" decoding=\"async\" width=\"36\" height=\"36\" src=\"https:\/\/staging.fbt-avocats.ch\/wp-content\/plugins\/ej-search\/images\/conference-36.png\">\r\n                  <\/div>\r\n                <div class=\"ej-search-result-container\">\r\n                  <span class=\"ej-search-title\">21 novembre 2024 \u2013 Webinaire ASG \u2013 Formation continue LBA\/LSFin\/LEFin<\/span>\r\n                  <span class=\"ej-search-date-publication\"> ASG  <\/span>\r\n                  <span class=\"ej-search-competence\">  \/ Banking and Finance <\/span>\r\n                  <span class=\"ej-search-auteur\"> Fr\u00e9d\u00e9rique Bensahel , Marco Villa <\/span>\r\n                <\/div>\r\n                        <div style=\"clear:both\"><\/div>\r\n          <\/div>\r\n               <div  class=\"ej-search-result-item\">\r\n                            <!-- <div> -->\r\n                  <div class=\"ej-search-image\">\r\n                    <img loading=\"lazy\" decoding=\"async\" width=\"36\" height=\"36\" src=\"https:\/\/staging.fbt-avocats.ch\/wp-content\/plugins\/ej-search\/images\/conference-36.png\">\r\n                  <\/div>\r\n                <div class=\"ej-search-result-container\">\r\n                  <span class=\"ej-search-title\">31 octobre 2024 \u2013 Webinaire ASG \u2013 Formation continue LBA\/LSFin\/LEFin<\/span>\r\n                  <span class=\"ej-search-date-publication\"> ASG  <\/span>\r\n                  <span class=\"ej-search-competence\">  \/ Banking and Finance <\/span>\r\n                  <span class=\"ej-search-auteur\"> Fr\u00e9d\u00e9rique Bensahel , Marco Villa <\/span>\r\n                <\/div>\r\n                        <div style=\"clear:both\"><\/div>\r\n          <\/div>\r\n               <div  class=\"ej-search-result-item\">\r\n                            <!-- <div> -->\r\n                  <div class=\"ej-search-image\">\r\n                    <img loading=\"lazy\" decoding=\"async\" width=\"36\" height=\"36\" src=\"https:\/\/staging.fbt-avocats.ch\/wp-content\/plugins\/ej-search\/images\/conference-36.png\">\r\n                  <\/div>\r\n                <div class=\"ej-search-result-container\">\r\n                  <span class=\"ej-search-title\">26 septembre 2024 \u2013 S\u00e9minaire ASG \u2013 Mandat de Gestion et de conseil : Pertinence des dispositions contractuelles \u2013 Protection du g\u00e9rant<\/span>\r\n                  <span class=\"ej-search-date-publication\"> ASG  <\/span>\r\n                  <span class=\"ej-search-competence\">  \/ Corporate and Commercial <\/span>\r\n                  <span class=\"ej-search-auteur\"> Marco Villa <\/span>\r\n                <\/div>\r\n                        <div style=\"clear:both\"><\/div>\r\n          <\/div>\r\n               <div  class=\"ej-search-result-item\">\r\n                            <!-- <div> -->\r\n                  <div class=\"ej-search-image\">\r\n                    <img loading=\"lazy\" decoding=\"async\" width=\"36\" height=\"36\" src=\"https:\/\/staging.fbt-avocats.ch\/wp-content\/plugins\/ej-search\/images\/conference-36.png\">\r\n                  <\/div>\r\n                <div class=\"ej-search-result-container\">\r\n                  <span class=\"ej-search-title\">4 avril 2023 - Webinaire fiscal ASG et FBT Avocats SA - Conseil fiscal aux clients<\/span>\r\n                  <span class=\"ej-search-date-publication\"> ASG  <\/span>\r\n                  <span class=\"ej-search-competence\">  \/ Corporate and Commercial , Tax <\/span>\r\n                  <span class=\"ej-search-auteur\"> Marco Villa , St\u00e9phanie Barreira <\/span>\r\n                <\/div>\r\n                        <div style=\"clear:both\"><\/div>\r\n          <\/div>\r\n               <div  class=\"ej-search-result-item\">\r\n                            <!-- <div> -->\r\n                  <div class=\"ej-search-image\">\r\n                    <img loading=\"lazy\" decoding=\"async\" width=\"36\" height=\"36\" src=\"https:\/\/staging.fbt-avocats.ch\/wp-content\/plugins\/ej-search\/images\/conference-36.png\">\r\n                  <\/div>\r\n                <div class=\"ej-search-result-container\">\r\n                  <span class=\"ej-search-title\">14 f\u00e9vrier 2011 - Droit de la SA : quoi de neuf \u00e0 l\u2019horizon ?<\/span>\r\n                  <span class=\"ej-search-date-publication\"> Conf\u00e9rence donn\u00e9e dans le cadre du cycle de pr\u00e9sentations juridiques du Jeune barreau  <\/span>\r\n                  <span class=\"ej-search-competence\">  <\/span>\r\n                  <span class=\"ej-search-auteur\"> Marco Villa <\/span>\r\n                <\/div>\r\n                        <div style=\"clear:both\"><\/div>\r\n          <\/div>\r\n               <div  class=\"ej-search-result-item\">\r\n                            <!-- <div> -->\r\n                  <div class=\"ej-search-image\">\r\n                    <img loading=\"lazy\" decoding=\"async\" width=\"36\" height=\"36\" src=\"https:\/\/staging.fbt-avocats.ch\/wp-content\/plugins\/ej-search\/images\/conference-36.png\">\r\n                  <\/div>\r\n                <div class=\"ej-search-result-container\">\r\n                  <span class=\"ej-search-title\">26 mars 2010 - New Law on Intermediated Securities<\/span>\r\n                  <span class=\"ej-search-date-publication\"> Conf\u00e9rence donn\u00e9e \u00e0 la demande de l\u2019Association des juristes d\u2019affaires internationaux  <\/span>\r\n                  <span class=\"ej-search-competence\">  \/ Banking and Finance <\/span>\r\n                  <span class=\"ej-search-auteur\"> Fr\u00e9d\u00e9rique Bensahel , Marco Villa <\/span>\r\n                <\/div>\r\n                        <div style=\"clear:both\"><\/div>\r\n          <\/div>\r\n               <div  class=\"ej-search-result-item\">\r\n                            <!-- <div> -->\r\n                  <div class=\"ej-search-image\">\r\n                    <img loading=\"lazy\" decoding=\"async\" width=\"36\" height=\"36\" src=\"https:\/\/staging.fbt-avocats.ch\/wp-content\/plugins\/ej-search\/images\/conference-36.png\">\r\n                  <\/div>\r\n                <div class=\"ej-search-result-container\">\r\n                  <span class=\"ej-search-title\">3 f\u00e9vrier 2010 - Pratiques de l\u2019assembl\u00e9e g\u00e9n\u00e9rale : pi\u00e8ges et formalit\u00e9s<\/span>\r\n                  <span class=\"ej-search-date-publication\"> Journ\u00e9e CEDIDAC consacr\u00e9e au droit de l\u2019entreprise  <\/span>\r\n                  <span class=\"ej-search-competence\">  <\/span>\r\n                  <span class=\"ej-search-auteur\"> Marco Villa <\/span>\r\n                <\/div>\r\n                        <div style=\"clear:both\"><\/div>\r\n          <\/div>\r\n               <div  class=\"ej-search-result-item\">\r\n                            <!-- <div> -->\r\n                  <div class=\"ej-search-image\">\r\n                    <img loading=\"lazy\" decoding=\"async\" width=\"36\" height=\"36\" src=\"https:\/\/staging.fbt-avocats.ch\/wp-content\/plugins\/ej-search\/images\/conference-36.png\">\r\n                  <\/div>\r\n                <div class=\"ej-search-result-container\">\r\n                  <span class=\"ej-search-title\">17 septembre 2007 - L\u2019indemnisation de la perte d\u2019une chance \u2013 \u00e0 propos d\u2019un r\u00e9cent arr\u00eat du Tribunal f\u00e9d\u00e9ral ?<\/span>\r\n                  <span class=\"ej-search-date-publication\"> Conf\u00e9rence donn\u00e9e dans le cadre du cycle de pr\u00e9sentations juridiques du Jeune barreau  <\/span>\r\n                  <span class=\"ej-search-competence\">  <\/span>\r\n                  <span class=\"ej-search-auteur\"> Marco Villa <\/span>\r\n                <\/div>\r\n                        <div style=\"clear:both\"><\/div>\r\n          <\/div>\r\n               <div  class=\"ej-search-result-item\">\r\n                            <!-- <div> -->\r\n                  <div class=\"ej-search-image\">\r\n                    <img loading=\"lazy\" decoding=\"async\" width=\"36\" height=\"36\" src=\"https:\/\/staging.fbt-avocats.ch\/wp-content\/plugins\/ej-search\/images\/conference-36.png\">\r\n                  <\/div>\r\n                <div class=\"ej-search-result-container\">\r\n                  <span class=\"ej-search-title\">12 mai 2015 - Les contrats de distribution<\/span>\r\n                  <span class=\"ej-search-date-publication\">  <\/span>\r\n                  <span class=\"ej-search-competence\">  \/ Corporate and Commercial <\/span>\r\n                  <span class=\"ej-search-auteur\"> Marco Villa <\/span>\r\n                <\/div>\r\n                        <div style=\"clear:both\"><\/div>\r\n          <\/div>\r\n               <div  class=\"ej-search-result-item\">\r\n                            <!-- <div> -->\r\n                  <div class=\"ej-search-image\">\r\n                    <img loading=\"lazy\" decoding=\"async\" width=\"36\" height=\"36\" src=\"https:\/\/staging.fbt-avocats.ch\/wp-content\/plugins\/ej-search\/images\/conference-36.png\">\r\n                  <\/div>\r\n                <div class=\"ej-search-result-container\">\r\n                  <span class=\"ej-search-title\">25 novembre 2004 - Secret bancaire et cession de cr\u00e9ances<\/span>\r\n                  <span class=\"ej-search-date-publication\"> Conf\u00e9rence donn\u00e9e dans le cadre du cycle de pr\u00e9sentations juridiques du Jeune barreau  <\/span>\r\n                  <span class=\"ej-search-competence\">  <\/span>\r\n                  <span class=\"ej-search-auteur\"> Marco Villa <\/span>\r\n                <\/div>\r\n                        <div style=\"clear:both\"><\/div>\r\n          <\/div>\r\n               <div  class=\"ej-search-result-item\">\r\n                            <!-- <div> -->\r\n                  <div class=\"ej-search-image\">\r\n                    <img loading=\"lazy\" decoding=\"async\" width=\"36\" height=\"36\" src=\"https:\/\/staging.fbt-avocats.ch\/wp-content\/plugins\/ej-search\/images\/conference-36.png\">\r\n                  <\/div>\r\n                <div class=\"ej-search-result-container\">\r\n                  <span class=\"ej-search-title\">28 mai 2004 - Responsabilit\u00e9 civile sous l\u2019angle du chef d\u2019entreprise<\/span>\r\n                  <span class=\"ej-search-date-publication\"> Colloque IRAL (Assurance sociale \u2013 responsabilit\u00e9 de l\u2019entreprise \u2013 assurance priv\u00e9e)  <\/span>\r\n                  <span class=\"ej-search-competence\">  <\/span>\r\n                  <span class=\"ej-search-auteur\"> Marco Villa <\/span>\r\n                <\/div>\r\n                        <div style=\"clear:both\"><\/div>\r\n          <\/div>\r\n               <div  class=\"ej-search-result-item\">\r\n                            <!-- <div> -->\r\n                  <div class=\"ej-search-image\">\r\n                    <img loading=\"lazy\" decoding=\"async\" width=\"36\" height=\"36\" src=\"https:\/\/staging.fbt-avocats.ch\/wp-content\/plugins\/ej-search\/images\/conference-36.png\">\r\n                  <\/div>\r\n                <div class=\"ej-search-result-container\">\r\n                  <span class=\"ej-search-title\">19 mars 2003 - La responsabilit\u00e9 civile de l\u2019entreprise pour la conclusion des contrats : aspects choisis<\/span>\r\n                  <span class=\"ej-search-date-publication\"> Journ\u00e9e CEDIDAC consacr\u00e9e au droit de la responsabilit\u00e9 civile de l\u2019entreprise  <\/span>\r\n                  <span class=\"ej-search-competence\">  <\/span>\r\n                  <span class=\"ej-search-auteur\"> Marco Villa <\/span>\r\n                <\/div>\r\n                        <div style=\"clear:both\"><\/div>\r\n          <\/div>\r\n               <div  class=\"ej-search-result-item\">\r\n                            <!-- <div> -->\r\n                  <div class=\"ej-search-image\">\r\n                    <img loading=\"lazy\" decoding=\"async\" width=\"36\" height=\"36\" src=\"https:\/\/staging.fbt-avocats.ch\/wp-content\/plugins\/ej-search\/images\/conference-36.png\">\r\n                  <\/div>\r\n                <div class=\"ej-search-result-container\">\r\n                  <span class=\"ej-search-title\">9 et 16 d\u00e9cembre 2002 - Le leasing dans la nouvelle Loi sur le cr\u00e9dit \u00e0 la consommation : ange ou d\u00e9mon ?<\/span>\r\n                  <span class=\"ej-search-date-publication\"> Conf\u00e9rences donn\u00e9es \u00e0 l\u2019Union professionnelle suisse de l\u2019automobile  <\/span>\r\n                  <span class=\"ej-search-competence\">  <\/span>\r\n                  <span class=\"ej-search-auteur\"> Marco Villa <\/span>\r\n                <\/div>\r\n                        <div style=\"clear:both\"><\/div>\r\n          <\/div>\r\n               <div  class=\"ej-search-result-item\">\r\n                            <!-- <div> -->\r\n                  <div class=\"ej-search-image\">\r\n                    <img loading=\"lazy\" decoding=\"async\" width=\"36\" height=\"36\" src=\"https:\/\/staging.fbt-avocats.ch\/wp-content\/plugins\/ej-search\/images\/conference-36.png\">\r\n                  <\/div>\r\n                <div class=\"ej-search-result-container\">\r\n                  <span class=\"ej-search-title\">11 octobre 2001 - La perte de jouissance d\u2019un bien : un dommage impossible \u00e0 r\u00e9parer ?<\/span>\r\n                  <span class=\"ej-search-date-publication\"> Conf\u00e9rence donn\u00e9e dans le cadre du cycle de pr\u00e9sentations juridiques du Jeune barreau  <\/span>\r\n                  <span class=\"ej-search-competence\">  <\/span>\r\n                  <span class=\"ej-search-auteur\"> Marco Villa <\/span>\r\n                <\/div>\r\n                        <div style=\"clear:both\"><\/div>\r\n          <\/div>\r\n               <div  class=\"ej-search-result-item\">\r\n                            <!-- <div> -->\r\n                  <div class=\"ej-search-image\">\r\n                    <img loading=\"lazy\" decoding=\"async\" width=\"36\" height=\"36\" src=\"https:\/\/staging.fbt-avocats.ch\/wp-content\/plugins\/ej-search\/images\/conference-36.png\">\r\n                  <\/div>\r\n                <div class=\"ej-search-result-container\">\r\n                  <span class=\"ej-search-title\">6-8 f\u00e9vrier 2001 - Comment prot\u00e9ger votre r\u00e9seau informatique tout en respectant la privacy de vos collaborateurs : La protection juridique de la sph\u00e8re priv\u00e9e des collaborateurs au regard des outils de protection et de surveillance d\u2019un r\u00e9seau d\u2019entreprise<\/span>\r\n                  <span class=\"ej-search-date-publication\"> Journ\u00e9es \u00ab S\u00e9curit\u00e9 informatique \u00bb  <\/span>\r\n                  <span class=\"ej-search-competence\">  <\/span>\r\n                  <span class=\"ej-search-auteur\"> Jean-Louis Tsimaratos , Marco Villa <\/span>\r\n                <\/div>\r\n                        <div style=\"clear:both\"><\/div>\r\n          <\/div>\r\n               <div  class=\"ej-search-result-item\">\r\n                            <!-- <div> -->\r\n                  <div class=\"ej-search-image\">\r\n                    <img loading=\"lazy\" decoding=\"async\" width=\"36\" height=\"36\" src=\"https:\/\/staging.fbt-avocats.ch\/wp-content\/plugins\/ej-search\/images\/conference-36.png\">\r\n                  <\/div>\r\n                <div class=\"ej-search-result-container\">\r\n                  <span class=\"ej-search-title\">30 novembre et 1er d\u00e9cembre 2000 - Due diligence de l\u2019interm\u00e9diaire financier : la r\u00e9glementation sur le blanchiment d\u2019argent dans le contexte du e-commerce<\/span>\r\n                  <span class=\"ej-search-date-publication\"> Journ\u00e9es \u00ab Blanchisseurs 2000 \u00bb  <\/span>\r\n                  <span class=\"ej-search-competence\">  <\/span>\r\n                  <span class=\"ej-search-auteur\"> Marco Villa <\/span>\r\n                <\/div>\r\n                        <div style=\"clear:both\"><\/div>\r\n          <\/div>\r\n        <\/div> \r\n\n<\/div><\/div><\/section>\n<section class='av_tab_section av_tab_section av-7xqpm-d305e6419392ead61becc21220f003c6'  itemscope=\"itemscope\" itemtype=\"https:\/\/schema.org\/CreativeWork\" ><div id='tab-id-5-tab' class='tab' role='tab' aria-selected=\"false\" tabindex=\"0\" data-fake-id='#tab-id-5' aria-controls='tab-id-5-content'  itemprop=\"headline\" >Media<\/div><div id='tab-id-5-content' class='tab_content' role='tabpanel' aria-labelledby='tab-id-5-tab' aria-hidden=\"true\"><div class='tab_inner_content invers-color'  itemprop=\"text\" >    <div id=\"ej-search-result\">\r\n               <div  class=\"ej-search-result-item\">\r\n            <a href=\"https:\/\/staging.fbt-avocats.ch\/en\/administrateur-de-societe-contrat-soi-meme-oui\/\">                <!-- <div> -->\r\n                  <div class=\"ej-search-image\">\r\n                    <img loading=\"lazy\" decoding=\"async\" width=\"36\" height=\"36\" src=\"https:\/\/staging.fbt-avocats.ch\/wp-content\/plugins\/ej-search\/images\/article-news-36.png\">\r\n                  <\/div>\r\n                <div class=\"ej-search-result-container\">\r\n                  <span class=\"ej-search-title\">Company director and contract with oneself: Yes, but...<\/span>\r\n                  <span class=\"ej-search-date-publication\">Novembre 2025  \/ Allnews  <\/span>\r\n                  <span class=\"ej-search-competence\">  \/ Corporate and Commercial <\/span>\r\n                  <span class=\"ej-search-auteur\"> Marco Villa <\/span>\r\n                <\/div>\r\n            <\/a>            <div style=\"clear:both\"><\/div>\r\n          <\/div>\r\n               <div  class=\"ej-search-result-item\">\r\n            <a href=\"https:\/\/staging.fbt-avocats.ch\/en\/the-fbt-avocats-team-has-been-distinguished-by-the-best-lawyers-in-switzerland-peer-review-2026-edition\/\">                <!-- <div> -->\r\n                  <div class=\"ej-search-image\">\r\n                    <img loading=\"lazy\" decoding=\"async\" width=\"36\" height=\"36\" src=\"https:\/\/staging.fbt-avocats.ch\/wp-content\/plugins\/ej-search\/images\/article-news-36.png\">\r\n                  <\/div>\r\n                <div class=\"ej-search-result-container\">\r\n                  <span class=\"ej-search-title\">The FBT Avocats SA team has been distinguished by The Best Lawyers in Switzerland Peer Review (2026 Edition)<\/span>\r\n                  <span class=\"ej-search-date-publication\">Juillet 2025  <\/span>\r\n                  <span class=\"ej-search-competence\">  \/ Banking and Finance , Corporate and Commercial , Litigation and Arbitration , Tax , Family Estate , Labour and social insurance <\/span>\r\n                  <span class=\"ej-search-auteur\"> Alain Moreau , Fr\u00e9d\u00e9rique Bensahel , Jean-Luc Bochatay , Marco Villa , Michel Abt , Serge Fasel <\/span>\r\n                <\/div>\r\n            <\/a>            <div style=\"clear:both\"><\/div>\r\n          <\/div>\r\n               <div  class=\"ej-search-result-item\">\r\n            <a href=\"https:\/\/staging.fbt-avocats.ch\/en\/is-there-implicit-subordination-of-shareholder-loans-made-to-a-company-in-difficulty\/\">                <!-- <div> -->\r\n                  <div class=\"ej-search-image\">\r\n                    <img loading=\"lazy\" decoding=\"async\" width=\"36\" height=\"36\" src=\"https:\/\/staging.fbt-avocats.ch\/wp-content\/plugins\/ej-search\/images\/article-news-36.png\">\r\n                  <\/div>\r\n                <div class=\"ej-search-result-container\">\r\n                  <span class=\"ej-search-title\">Is there implicit subordination of shareholder loans made to a company in difficulty?<\/span>\r\n                  <span class=\"ej-search-date-publication\">Juin 2025  \/ Allnews  <\/span>\r\n                  <span class=\"ej-search-competence\">  \/ Corporate and Commercial <\/span>\r\n                  <span class=\"ej-search-auteur\"> Marco Villa <\/span>\r\n                <\/div>\r\n            <\/a>            <div style=\"clear:both\"><\/div>\r\n          <\/div>\r\n               <div  class=\"ej-search-result-item\">\r\n            <a href=\"https:\/\/staging.fbt-avocats.ch\/en\/signature-ligne-signature-electronique-difference\/\">                <!-- <div> -->\r\n                  <div class=\"ej-search-image\">\r\n                    <img loading=\"lazy\" decoding=\"async\" width=\"36\" height=\"36\" src=\"https:\/\/staging.fbt-avocats.ch\/wp-content\/plugins\/ej-search\/images\/article-news-36.png\">\r\n                  <\/div>\r\n                <div class=\"ej-search-result-container\">\r\n                  <span class=\"ej-search-title\">Online signature, electronic signature: what&#039;s the difference?<\/span>\r\n                  <span class=\"ej-search-date-publication\">F\u00e9vrier 2024  \/ Allnews  <\/span>\r\n                  <span class=\"ej-search-competence\">  \/ Corporate and Commercial <\/span>\r\n                  <span class=\"ej-search-auteur\"> Marco Villa <\/span>\r\n                <\/div>\r\n            <\/a>            <div style=\"clear:both\"><\/div>\r\n          <\/div>\r\n               <div  class=\"ej-search-result-item\">\r\n            <a href=\"https:\/\/staging.fbt-avocats.ch\/en\/pret-dune-societe-a-actionnaire-quelques-points-dattention\/\">                <!-- <div> -->\r\n                  <div class=\"ej-search-image\">\r\n                    <img loading=\"lazy\" decoding=\"async\" width=\"36\" height=\"36\" src=\"https:\/\/staging.fbt-avocats.ch\/wp-content\/plugins\/ej-search\/images\/article-news-36.png\">\r\n                  <\/div>\r\n                <div class=\"ej-search-result-container\">\r\n                  <span class=\"ej-search-title\">Pr\u00eat d\u2019une soci\u00e9t\u00e9 \u00e0 son actionnaire: quelques points d\u2019attention<\/span>\r\n                  <span class=\"ej-search-date-publication\">Juin 2023  \/ Allnews  <\/span>\r\n                  <span class=\"ej-search-competence\">  \/ Corporate and Commercial <\/span>\r\n                  <span class=\"ej-search-auteur\"> Marco Villa <\/span>\r\n                <\/div>\r\n            <\/a>            <div style=\"clear:both\"><\/div>\r\n          <\/div>\r\n               <div  class=\"ej-search-result-item\">\r\n            <a href=\"https:\/\/staging.fbt-avocats.ch\/en\/fbt-ranked-in-leaders-league-last-edition\/\">                <!-- <div> -->\r\n                  <div class=\"ej-search-image\">\r\n                    <img loading=\"lazy\" decoding=\"async\" width=\"36\" height=\"36\" src=\"https:\/\/staging.fbt-avocats.ch\/wp-content\/plugins\/ej-search\/images\/article-news-36.png\">\r\n                  <\/div>\r\n                <div class=\"ej-search-result-container\">\r\n                  <span class=\"ej-search-title\">FBT ranked in Leaders League last edition<\/span>\r\n                  <span class=\"ej-search-date-publication\">Mars 2023  <\/span>\r\n                  <span class=\"ej-search-competence\">  \/ Banking and Finance , Corporate and Commercial , Tax , Family Estate <\/span>\r\n                  <span class=\"ej-search-auteur\"> Alain Moreau , Fr\u00e9d\u00e9rique Bensahel , Jean-Louis Tsimaratos , Jean-Luc Bochatay , Marco Villa , Michel Abt , St\u00e9phanie Barreira <\/span>\r\n                <\/div>\r\n            <\/a>            <div style=\"clear:both\"><\/div>\r\n          <\/div>\r\n               <div  class=\"ej-search-result-item\">\r\n            <a href=\"https:\/\/staging.fbt-avocats.ch\/en\/nouveau-droit-de-etablissements-financiers\/\">                <!-- <div> -->\r\n                  <div class=\"ej-search-image\">\r\n                    <img loading=\"lazy\" decoding=\"async\" width=\"36\" height=\"36\" src=\"https:\/\/staging.fbt-avocats.ch\/wp-content\/plugins\/ej-search\/images\/article-news-36.png\">\r\n                  <\/div>\r\n                <div class=\"ej-search-result-container\">\r\n                  <span class=\"ej-search-title\">Nouveau droit de la SA et \u00e9tablissements financiers<\/span>\r\n                  <span class=\"ej-search-date-publication\">F\u00e9vrier 2023  \/ Allnews  <\/span>\r\n                  <span class=\"ej-search-competence\">  \/ Corporate and Commercial <\/span>\r\n                  <span class=\"ej-search-auteur\"> Marco Villa , Julien Le Fort <\/span>\r\n                <\/div>\r\n            <\/a>            <div style=\"clear:both\"><\/div>\r\n          <\/div>\r\n               <div  class=\"ej-search-result-item\">\r\n            <a href=\"https:\/\/staging.fbt-avocats.ch\/en\/pretentions-contre-assureur-delai-de-prescription\/\">                <!-- <div> -->\r\n                  <div class=\"ej-search-image\">\r\n                    <img loading=\"lazy\" decoding=\"async\" width=\"36\" height=\"36\" src=\"https:\/\/staging.fbt-avocats.ch\/wp-content\/plugins\/ej-search\/images\/article-news-36.png\">\r\n                  <\/div>\r\n                <div class=\"ej-search-result-container\">\r\n                  <span class=\"ej-search-title\">Pr\u00e9tentions contre un assureur: quel d\u00e9lai de prescription?<\/span>\r\n                  <span class=\"ej-search-date-publication\">Juin 2022  \/ Allnews  <\/span>\r\n                  <span class=\"ej-search-competence\">  \/ Corporate and Commercial <\/span>\r\n                  <span class=\"ej-search-auteur\"> Marco Villa <\/span>\r\n                <\/div>\r\n            <\/a>            <div style=\"clear:both\"><\/div>\r\n          <\/div>\r\n               <div  class=\"ej-search-result-item\">\r\n            <a href=\"https:\/\/staging.fbt-avocats.ch\/en\/operation-boursiere-manquee-dommage\/\">                <!-- <div> -->\r\n                  <div class=\"ej-search-image\">\r\n                    <img loading=\"lazy\" decoding=\"async\" width=\"36\" height=\"36\" src=\"https:\/\/staging.fbt-avocats.ch\/wp-content\/plugins\/ej-search\/images\/article-news-36.png\">\r\n                  <\/div>\r\n                <div class=\"ej-search-result-container\">\r\n                  <span class=\"ej-search-title\">Op\u00e9ration boursi\u00e8re manqu\u00e9e, dommage!<\/span>\r\n                  <span class=\"ej-search-date-publication\">Octobre 2021  \/ Allnews  <\/span>\r\n                  <span class=\"ej-search-competence\">  \/ Banking and Finance <\/span>\r\n                  <span class=\"ej-search-auteur\"> Marco Villa , Julien Le Fort <\/span>\r\n                <\/div>\r\n            <\/a>            <div style=\"clear:both\"><\/div>\r\n          <\/div>\r\n               <div  class=\"ej-search-result-item\">\r\n            <a href=\"https:\/\/staging.fbt-avocats.ch\/en\/assemblees-generales-de-lusage-de-visioconference\/\">                <!-- <div> -->\r\n                  <div class=\"ej-search-image\">\r\n                    <img loading=\"lazy\" decoding=\"async\" width=\"36\" height=\"36\" src=\"https:\/\/staging.fbt-avocats.ch\/wp-content\/plugins\/ej-search\/images\/article-news-36.png\">\r\n                  <\/div>\r\n                <div class=\"ej-search-result-container\">\r\n                  <span class=\"ej-search-title\">Assembl\u00e9es g\u00e9n\u00e9rales: de l\u2019usage de la visioconf\u00e9rence<\/span>\r\n                  <span class=\"ej-search-date-publication\">Septembre 2021  \/ Allnews  <\/span>\r\n                  <span class=\"ej-search-competence\">  \/ Corporate and Commercial <\/span>\r\n                  <span class=\"ej-search-auteur\"> Marco Villa , Julien Le Fort <\/span>\r\n                <\/div>\r\n            <\/a>            <div style=\"clear:both\"><\/div>\r\n          <\/div>\r\n               <div  class=\"ej-search-result-item\">\r\n            <a href=\"https:\/\/staging.fbt-avocats.ch\/en\/fbt-distinguished-by-best-lawyers-peer-review\/\">                <!-- <div> -->\r\n                  <div class=\"ej-search-image\">\r\n                    <img loading=\"lazy\" decoding=\"async\" width=\"36\" height=\"36\" src=\"https:\/\/staging.fbt-avocats.ch\/wp-content\/plugins\/ej-search\/images\/article-news-36.png\">\r\n                  <\/div>\r\n                <div class=\"ej-search-result-container\">\r\n                  <span class=\"ej-search-title\">FBT distinguished by Best Lawyers peer review<\/span>\r\n                  <span class=\"ej-search-date-publication\">Juillet 2021  <\/span>\r\n                  <span class=\"ej-search-competence\">  \/ Banking and Finance , Corporate and Commercial , Litigation and Arbitration , Tax <\/span>\r\n                  <span class=\"ej-search-auteur\"> Alain Moreau , Fr\u00e9d\u00e9rique Bensahel , Jean-Louis Tsimaratos , Jean-Luc Bochatay , Marco Villa , Michel Abt , Serge Fasel <\/span>\r\n                <\/div>\r\n            <\/a>            <div style=\"clear:both\"><\/div>\r\n          <\/div>\r\n               <div  class=\"ej-search-result-item\">\r\n            <a href=\"https:\/\/staging.fbt-avocats.ch\/en\/rapprochements-entre-gerants-de-fortune-independants\/\">                <!-- <div> -->\r\n                  <div class=\"ej-search-image\">\r\n                    <img loading=\"lazy\" decoding=\"async\" width=\"36\" height=\"36\" src=\"https:\/\/staging.fbt-avocats.ch\/wp-content\/plugins\/ej-search\/images\/article-news-36.png\">\r\n                  <\/div>\r\n                <div class=\"ej-search-result-container\">\r\n                  <span class=\"ej-search-title\">Rapprochements entre g\u00e9rants de fortune ind\u00e9pendants<\/span>\r\n                  <span class=\"ej-search-date-publication\">F\u00e9vrier 2021  \/ Allnews  <\/span>\r\n                  <span class=\"ej-search-competence\">  \/ Corporate and Commercial <\/span>\r\n                  <span class=\"ej-search-auteur\"> Marco Villa <\/span>\r\n                <\/div>\r\n            <\/a>            <div style=\"clear:both\"><\/div>\r\n          <\/div>\r\n               <div  class=\"ej-search-result-item\">\r\n            <a href=\"https:\/\/staging.fbt-avocats.ch\/en\/remunerations-abusives-glissement-sans-changement\/\">                <!-- <div> -->\r\n                  <div class=\"ej-search-image\">\r\n                    <img loading=\"lazy\" decoding=\"async\" width=\"36\" height=\"36\" src=\"https:\/\/staging.fbt-avocats.ch\/wp-content\/plugins\/ej-search\/images\/article-news-36.png\">\r\n                  <\/div>\r\n                <div class=\"ej-search-result-container\">\r\n                  <span class=\"ej-search-title\">R\u00e9mun\u00e9rations abusives: glissement sans changement<\/span>\r\n                  <span class=\"ej-search-date-publication\">Ao\u00fbt 2020  \/ Allnews  <\/span>\r\n                  <span class=\"ej-search-competence\">  \/ Corporate and Commercial <\/span>\r\n                  <span class=\"ej-search-auteur\"> Marco Villa , Julien Le Fort <\/span>\r\n                <\/div>\r\n            <\/a>            <div style=\"clear:both\"><\/div>\r\n          <\/div>\r\n               <div  class=\"ej-search-result-item\">\r\n            <a href=\"https:\/\/staging.fbt-avocats.ch\/en\/les-parachutes-dores-une-realite-selon-unia\/\">                <!-- <div> -->\r\n                  <div class=\"ej-search-image\">\r\n                    <img loading=\"lazy\" decoding=\"async\" width=\"36\" height=\"36\" src=\"https:\/\/staging.fbt-avocats.ch\/wp-content\/plugins\/ej-search\/images\/article-news-36.png\">\r\n                  <\/div>\r\n                <div class=\"ej-search-result-container\">\r\n                  <span class=\"ej-search-title\">Les parachutes dor\u00e9s, une r\u00e9alit\u00e9 selon Unia<\/span>\r\n                  <span class=\"ej-search-date-publication\">Juin 2020  \/ Le Temps  <\/span>\r\n                  <span class=\"ej-search-competence\">  \/ Corporate and Commercial <\/span>\r\n                  <span class=\"ej-search-auteur\"> Marco Villa <\/span>\r\n                <\/div>\r\n            <\/a>            <div style=\"clear:both\"><\/div>\r\n          <\/div>\r\n               <div  class=\"ej-search-result-item\">\r\n            <a href=\"https:\/\/staging.fbt-avocats.ch\/en\/assemblees-generales-et-covid-le-point-sur-les-regles-actuelles\/\">                <!-- <div> -->\r\n                  <div class=\"ej-search-image\">\r\n                    <img loading=\"lazy\" decoding=\"async\" width=\"36\" height=\"36\" src=\"https:\/\/staging.fbt-avocats.ch\/wp-content\/plugins\/ej-search\/images\/article-news-36.png\">\r\n                  <\/div>\r\n                <div class=\"ej-search-result-container\">\r\n                  <span class=\"ej-search-title\">Assembl\u00e9es g\u00e9n\u00e9rales et COVID: le point sur les r\u00e8gles actuelles<\/span>\r\n                  <span class=\"ej-search-date-publication\">Juin 2020  \/ Allnews  <\/span>\r\n                  <span class=\"ej-search-competence\">  \/ Corporate and Commercial <\/span>\r\n                  <span class=\"ej-search-auteur\"> Marco Villa , Julien Le Fort <\/span>\r\n                <\/div>\r\n            <\/a>            <div style=\"clear:both\"><\/div>\r\n          <\/div>\r\n               <div  class=\"ej-search-result-item\">\r\n            <a href=\"https:\/\/staging.fbt-avocats.ch\/en\/transmission-dune-entreprise-un-heritier-une-gageure\/\">                <!-- <div> -->\r\n                  <div class=\"ej-search-image\">\r\n                    <img loading=\"lazy\" decoding=\"async\" width=\"36\" height=\"36\" src=\"https:\/\/staging.fbt-avocats.ch\/wp-content\/plugins\/ej-search\/images\/article-news-36.png\">\r\n                  <\/div>\r\n                <div class=\"ej-search-result-container\">\r\n                  <span class=\"ej-search-title\">Transmission d\u2019une entreprise \u00e0 un h\u00e9ritier: une gageure?<\/span>\r\n                  <span class=\"ej-search-date-publication\">Avril 2020  \/ Allnews  <\/span>\r\n                  <span class=\"ej-search-competence\">  \/ Corporate and Commercial <\/span>\r\n                  <span class=\"ej-search-auteur\"> Marco Villa , Julien Le Fort <\/span>\r\n                <\/div>\r\n            <\/a>            <div style=\"clear:both\"><\/div>\r\n          <\/div>\r\n               <div  class=\"ej-search-result-item\">\r\n            <a href=\"https:\/\/staging.fbt-avocats.ch\/en\/minder-une-ordonnance-a-lepreuve-de-la-realite\/\">                <!-- <div> -->\r\n                  <div class=\"ej-search-image\">\r\n                    <img loading=\"lazy\" decoding=\"async\" width=\"36\" height=\"36\" src=\"https:\/\/staging.fbt-avocats.ch\/wp-content\/plugins\/ej-search\/images\/article-news-36.png\">\r\n                  <\/div>\r\n                <div class=\"ej-search-result-container\">\r\n                  <span class=\"ej-search-title\">Minder : une ordonnance \u00e0 l&#039;\u00e9preuve de la r\u00e9alit\u00e9<\/span>\r\n                  <span class=\"ej-search-date-publication\">F\u00e9vrier 2014  \/ Le Temps  <\/span>\r\n                  <span class=\"ej-search-competence\">  \/ Corporate and Commercial <\/span>\r\n                  <span class=\"ej-search-auteur\"> Marco Villa <\/span>\r\n                <\/div>\r\n            <\/a>            <div style=\"clear:both\"><\/div>\r\n          <\/div>\r\n        <\/div> \r\n\n<\/div><\/div><\/section>\n<\/div><\/div>\n<style type=\"text\/css\" data-created_by=\"avia_inline_auto\" id=\"style-css-av-1ybsnc-508f8d1b31cfe2433b312317d188fc09\">\n.flex_column.av-1ybsnc-508f8d1b31cfe2433b312317d188fc09{\nborder-radius:0px 0px 0px 0px;\npadding:0px 0px 0px 0px;\n}\n<\/style>\n<div  class='flex_column av-1ybsnc-508f8d1b31cfe2433b312317d188fc09 av_one_third  avia-builder-el-18  el_after_av_one_full  avia-builder-el-last  first flex_column_div av-zero-column-padding  column-top-margin'     ><div  class='avia-slideshow av-ltyge8aq-318cf353f1f7d000ecffd7923fd619a5 avia-slideshow-no scaling av_slideshow avia-fade-slider  avia-builder-el-19  avia-builder-el-no-sibling  av-desktop-hide av-medium-hide av-small-hide av-slideshow-ui av-control-default av-slideshow-autoplay av-loop-endless av-loop-manual-endless av-default-height-applied avia-slideshow-5' data-slideshow-options=\"{&quot;animation&quot;:&quot;fade&quot;,&quot;autoplay&quot;:true,&quot;loop_autoplay&quot;:&quot;endless&quot;,&quot;interval&quot;:10,&quot;loop_manual&quot;:&quot;manual-endless&quot;,&quot;autoplay_stopper&quot;:false,&quot;noNavigation&quot;:false,&quot;bg_slider&quot;:false,&quot;keep_padding&quot;:false,&quot;hoverpause&quot;:false,&quot;show_slide_delay&quot;:0}\"  itemprop=\"image\" itemscope=\"itemscope\" itemtype=\"https:\/\/schema.org\/ImageObject\" ><ul class='avia-slideshow-inner ' style='padding-bottom: 125%;'><li  class='avia-slideshow-slide av-ltyge8aq-318cf353f1f7d000ecffd7923fd619a5__0  slide-1 slide-odd'><div data-rel='slideshow-5' class='avia-slide-wrap '   ><img fetchpriority=\"high\" class=\"wp-image-26199 avia-img-lazy-loading-not-26199\"  src='https:\/\/staging.fbt-avocats.ch\/wp-content\/uploads\/2024\/10\/MVI1.png' width='1200' height='1500' title='MVI1' alt=''  itemprop=\"thumbnailUrl\"   \/><\/div><\/li><li  class='avia-slideshow-slide av-ltyge8aq-318cf353f1f7d000ecffd7923fd619a5__1  slide-2 slide-even'><div data-rel='slideshow-5' class='avia-slide-wrap '   ><img fetchpriority=\"high\" class=\"wp-image-26201 avia-img-lazy-loading-not-26201\"  src='https:\/\/staging.fbt-avocats.ch\/wp-content\/uploads\/2024\/10\/MVI2.png' width='1200' height='1500' title='MVI2' alt=''  itemprop=\"thumbnailUrl\"   \/><\/div><\/li><li  class='avia-slideshow-slide av-ltyge8aq-318cf353f1f7d000ecffd7923fd619a5__2  slide-3 slide-odd'><div data-rel='slideshow-5' class='avia-slide-wrap '   ><img fetchpriority=\"high\" class=\"wp-image-26203 avia-img-lazy-loading-not-26203\"  src='https:\/\/staging.fbt-avocats.ch\/wp-content\/uploads\/2024\/10\/MVI3.png' width='1200' height='1500' title='MVI3' alt=''  itemprop=\"thumbnailUrl\"   \/><\/div><\/li><\/ul><div class='avia-slideshow-arrows avia-slideshow-controls' ><a href='#prev' class='prev-slide  avia-svg-icon avia-font-svg_entypo-fontello' data-av_svg_icon='left-open-big' data-av_iconset='svg_entypo-fontello' tabindex='-1' title=\"Previous\"><svg version=\"1.1\" xmlns=\"http:\/\/www.w3.org\/2000\/svg\" width=\"15\" height=\"32\" viewBox=\"0 0 15 32\" preserveAspectRatio=\"xMidYMid meet\" aria-labelledby='av-svg-title-3' aria-describedby='av-svg-desc-3' role=\"graphics-symbol\" aria-hidden=\"true\">\n<title id='av-svg-title-3'>Previous<\/title>\n<desc id='av-svg-desc-3'>Previous<\/desc>\n<path d=\"M14.464 27.84q0.832 0.832 0 1.536-0.832 0.832-1.536 0l-12.544-12.608q-0.768-0.768 0-1.6l12.544-12.608q0.704-0.832 1.536 0 0.832 0.704 0 1.536l-11.456 11.904z\"><\/path>\n<\/svg><span class='avia_hidden_link_text'>Previous<\/span><\/a><a href='#next' class='next-slide  avia-svg-icon avia-font-svg_entypo-fontello' data-av_svg_icon='right-open-big' data-av_iconset='svg_entypo-fontello' tabindex='-1' title=\"Next\"><svg version=\"1.1\" xmlns=\"http:\/\/www.w3.org\/2000\/svg\" width=\"15\" height=\"32\" viewBox=\"0 0 15 32\" preserveAspectRatio=\"xMidYMid meet\" aria-labelledby='av-svg-title-4' aria-describedby='av-svg-desc-4' role=\"graphics-symbol\" aria-hidden=\"true\">\n<title id='av-svg-title-4'>Next<\/title>\n<desc id='av-svg-desc-4'>Next<\/desc>\n<path d=\"M0.416 27.84l11.456-11.84-11.456-11.904q-0.832-0.832 0-1.536 0.832-0.832 1.536 0l12.544 12.608q0.768 0.832 0 1.6l-12.544 12.608q-0.704 0.832-1.536 0-0.832-0.704 0-1.536z\"><\/path>\n<\/svg><span class='avia_hidden_link_text'>Next<\/span><\/a><\/div><div class='avia-slideshow-dots avia-slideshow-controls'><a href='#1' class='goto-slide active' >1<\/a><a href='#2' class='goto-slide ' >2<\/a><a href='#3' class='goto-slide ' >3<\/a><\/div><\/div><\/div>\n<\/p>\n","protected":false},"excerpt":{"rendered":"<p>Partner &#8211; Geneva<\/p>\n","protected":false},"author":18,"featured_media":29921,"comment_status":"closed","ping_status":"closed","template":"","meta":{"footnotes":""},"tags":[],"portfolio_entries":[70,71,631,629],"class_list":["post-1578","portfolio","type-portfolio","status-publish","has-post-thumbnail","hentry","portfolio_entries-banking-and-finance","portfolio_entries-corporate-and-commercial","portfolio_entries-geneve-en","portfolio_entries-partner"],"yoast_head":"<!-- This site is optimized with the Yoast SEO Premium plugin v27.4 (Yoast SEO v27.4) - https:\/\/yoast.com\/product\/yoast-seo-premium-wordpress\/ -->\n<title>Marco Villa | FBT Avocats SA<\/title>\n<meta name=\"robots\" content=\"noindex, follow, max-snippet:-1, max-image-preview:large, max-video-preview:-1\" \/>\n<meta property=\"og:locale\" content=\"en_US\" \/>\n<meta property=\"og:type\" content=\"article\" \/>\n<meta property=\"og:title\" content=\"Marco Villa\" \/>\n<meta property=\"og:description\" content=\"Partner - Geneva\" \/>\n<meta property=\"og:url\" content=\"https:\/\/staging.fbt-avocats.ch\/en\/portfolio-item\/marco-villa\/\" \/>\n<meta property=\"og:site_name\" content=\"FBT Avocats SA\" \/>\n<meta property=\"article:modified_time\" content=\"2025-12-02T09:03:44+00:00\" \/>\n<meta property=\"og:image\" content=\"https:\/\/staging.fbt-avocats.ch\/wp-content\/uploads\/2025\/09\/Marco-Villa.png\" \/>\n\t<meta property=\"og:image:width\" content=\"800\" \/>\n\t<meta property=\"og:image:height\" content=\"800\" \/>\n\t<meta property=\"og:image:type\" content=\"image\/png\" \/>\n<meta name=\"twitter:card\" content=\"summary_large_image\" \/>\n<meta name=\"twitter:label1\" content=\"Est. reading time\" \/>\n\t<meta name=\"twitter:data1\" content=\"12 minutes\" \/>\n<script type=\"application\/ld+json\" class=\"yoast-schema-graph\">{\"@context\":\"https:\\\/\\\/schema.org\",\"@graph\":[{\"@type\":\"WebPage\",\"@id\":\"https:\\\/\\\/staging.fbt-avocats.ch\\\/en\\\/portfolio-item\\\/marco-villa\\\/\",\"url\":\"https:\\\/\\\/staging.fbt-avocats.ch\\\/en\\\/portfolio-item\\\/marco-villa\\\/\",\"name\":\"Marco Villa | FBT Avocats SA\",\"isPartOf\":{\"@id\":\"https:\\\/\\\/staging.fbt-avocats.ch\\\/en\\\/#website\"},\"primaryImageOfPage\":{\"@id\":\"https:\\\/\\\/staging.fbt-avocats.ch\\\/en\\\/portfolio-item\\\/marco-villa\\\/#primaryimage\"},\"image\":{\"@id\":\"https:\\\/\\\/staging.fbt-avocats.ch\\\/en\\\/portfolio-item\\\/marco-villa\\\/#primaryimage\"},\"thumbnailUrl\":\"https:\\\/\\\/staging.fbt-avocats.ch\\\/wp-content\\\/uploads\\\/2025\\\/09\\\/Marco-Villa.png\",\"datePublished\":\"2016-04-29T06:17:37+00:00\",\"dateModified\":\"2025-12-02T09:03:44+00:00\",\"breadcrumb\":{\"@id\":\"https:\\\/\\\/staging.fbt-avocats.ch\\\/en\\\/portfolio-item\\\/marco-villa\\\/#breadcrumb\"},\"inLanguage\":\"en-US\",\"potentialAction\":[{\"@type\":\"ReadAction\",\"target\":[\"https:\\\/\\\/staging.fbt-avocats.ch\\\/en\\\/portfolio-item\\\/marco-villa\\\/\"]}]},{\"@type\":\"ImageObject\",\"inLanguage\":\"en-US\",\"@id\":\"https:\\\/\\\/staging.fbt-avocats.ch\\\/en\\\/portfolio-item\\\/marco-villa\\\/#primaryimage\",\"url\":\"https:\\\/\\\/staging.fbt-avocats.ch\\\/wp-content\\\/uploads\\\/2025\\\/09\\\/Marco-Villa.png\",\"contentUrl\":\"https:\\\/\\\/staging.fbt-avocats.ch\\\/wp-content\\\/uploads\\\/2025\\\/09\\\/Marco-Villa.png\",\"width\":800,\"height\":800,\"caption\":\"Marco Villa\"},{\"@type\":\"BreadcrumbList\",\"@id\":\"https:\\\/\\\/staging.fbt-avocats.ch\\\/en\\\/portfolio-item\\\/marco-villa\\\/#breadcrumb\",\"itemListElement\":[{\"@type\":\"ListItem\",\"position\":1,\"name\":\"Home\",\"item\":\"https:\\\/\\\/staging.fbt-avocats.ch\\\/en\\\/\"},{\"@type\":\"ListItem\",\"position\":2,\"name\":\"Marco Villa\"}]},{\"@type\":\"WebSite\",\"@id\":\"https:\\\/\\\/staging.fbt-avocats.ch\\\/en\\\/#website\",\"url\":\"https:\\\/\\\/staging.fbt-avocats.ch\\\/en\\\/\",\"name\":\"FBT Avocats SA\",\"description\":\"Etudes bas\u00e9es \u00e0 Gen\u00e8ve et Paris\",\"potentialAction\":[{\"@type\":\"SearchAction\",\"target\":{\"@type\":\"EntryPoint\",\"urlTemplate\":\"https:\\\/\\\/staging.fbt-avocats.ch\\\/en\\\/?s={search_term_string}\"},\"query-input\":{\"@type\":\"PropertyValueSpecification\",\"valueRequired\":true,\"valueName\":\"search_term_string\"}}],\"inLanguage\":\"en-US\"}]}<\/script>\n<!-- \/ Yoast SEO Premium plugin. -->","yoast_head_json":{"title":"Marco Villa | FBT Avocats SA","robots":{"index":"noindex","follow":"follow","max-snippet":"max-snippet:-1","max-image-preview":"max-image-preview:large","max-video-preview":"max-video-preview:-1"},"og_locale":"en_US","og_type":"article","og_title":"Marco Villa","og_description":"Partner - Geneva","og_url":"https:\/\/staging.fbt-avocats.ch\/en\/portfolio-item\/marco-villa\/","og_site_name":"FBT Avocats SA","article_modified_time":"2025-12-02T09:03:44+00:00","og_image":[{"width":800,"height":800,"url":"https:\/\/staging.fbt-avocats.ch\/wp-content\/uploads\/2025\/09\/Marco-Villa.png","type":"image\/png"}],"twitter_card":"summary_large_image","twitter_misc":{"Est. reading time":"12 minutes"},"schema":{"@context":"https:\/\/schema.org","@graph":[{"@type":"WebPage","@id":"https:\/\/staging.fbt-avocats.ch\/en\/portfolio-item\/marco-villa\/","url":"https:\/\/staging.fbt-avocats.ch\/en\/portfolio-item\/marco-villa\/","name":"Marco Villa | FBT Avocats SA","isPartOf":{"@id":"https:\/\/staging.fbt-avocats.ch\/en\/#website"},"primaryImageOfPage":{"@id":"https:\/\/staging.fbt-avocats.ch\/en\/portfolio-item\/marco-villa\/#primaryimage"},"image":{"@id":"https:\/\/staging.fbt-avocats.ch\/en\/portfolio-item\/marco-villa\/#primaryimage"},"thumbnailUrl":"https:\/\/staging.fbt-avocats.ch\/wp-content\/uploads\/2025\/09\/Marco-Villa.png","datePublished":"2016-04-29T06:17:37+00:00","dateModified":"2025-12-02T09:03:44+00:00","breadcrumb":{"@id":"https:\/\/staging.fbt-avocats.ch\/en\/portfolio-item\/marco-villa\/#breadcrumb"},"inLanguage":"en-US","potentialAction":[{"@type":"ReadAction","target":["https:\/\/staging.fbt-avocats.ch\/en\/portfolio-item\/marco-villa\/"]}]},{"@type":"ImageObject","inLanguage":"en-US","@id":"https:\/\/staging.fbt-avocats.ch\/en\/portfolio-item\/marco-villa\/#primaryimage","url":"https:\/\/staging.fbt-avocats.ch\/wp-content\/uploads\/2025\/09\/Marco-Villa.png","contentUrl":"https:\/\/staging.fbt-avocats.ch\/wp-content\/uploads\/2025\/09\/Marco-Villa.png","width":800,"height":800,"caption":"Marco Villa"},{"@type":"BreadcrumbList","@id":"https:\/\/staging.fbt-avocats.ch\/en\/portfolio-item\/marco-villa\/#breadcrumb","itemListElement":[{"@type":"ListItem","position":1,"name":"Home","item":"https:\/\/staging.fbt-avocats.ch\/en\/"},{"@type":"ListItem","position":2,"name":"Marco Villa"}]},{"@type":"WebSite","@id":"https:\/\/staging.fbt-avocats.ch\/en\/#website","url":"https:\/\/staging.fbt-avocats.ch\/en\/","name":"FBT Avocats SA","description":"Etudes bas\u00e9es \u00e0 Gen\u00e8ve et Paris","potentialAction":[{"@type":"SearchAction","target":{"@type":"EntryPoint","urlTemplate":"https:\/\/staging.fbt-avocats.ch\/en\/?s={search_term_string}"},"query-input":{"@type":"PropertyValueSpecification","valueRequired":true,"valueName":"search_term_string"}}],"inLanguage":"en-US"}]}},"_links":{"self":[{"href":"https:\/\/staging.fbt-avocats.ch\/en\/wp-json\/wp\/v2\/portfolio\/1578","targetHints":{"allow":["GET"]}}],"collection":[{"href":"https:\/\/staging.fbt-avocats.ch\/en\/wp-json\/wp\/v2\/portfolio"}],"about":[{"href":"https:\/\/staging.fbt-avocats.ch\/en\/wp-json\/wp\/v2\/types\/portfolio"}],"author":[{"embeddable":true,"href":"https:\/\/staging.fbt-avocats.ch\/en\/wp-json\/wp\/v2\/users\/18"}],"replies":[{"embeddable":true,"href":"https:\/\/staging.fbt-avocats.ch\/en\/wp-json\/wp\/v2\/comments?post=1578"}],"version-history":[{"count":0,"href":"https:\/\/staging.fbt-avocats.ch\/en\/wp-json\/wp\/v2\/portfolio\/1578\/revisions"}],"wp:featuredmedia":[{"embeddable":true,"href":"https:\/\/staging.fbt-avocats.ch\/en\/wp-json\/wp\/v2\/media\/29921"}],"wp:attachment":[{"href":"https:\/\/staging.fbt-avocats.ch\/en\/wp-json\/wp\/v2\/media?parent=1578"}],"wp:term":[{"taxonomy":"post_tag","embeddable":true,"href":"https:\/\/staging.fbt-avocats.ch\/en\/wp-json\/wp\/v2\/tags?post=1578"},{"taxonomy":"portfolio_entries","embeddable":true,"href":"https:\/\/staging.fbt-avocats.ch\/en\/wp-json\/wp\/v2\/portfolio_entries?post=1578"}],"curies":[{"name":"wp","href":"https:\/\/api.w.org\/{rel}","templated":true}]}}