{"id":18938,"date":"2020-02-19T12:07:11","date_gmt":"2020-02-19T11:07:11","guid":{"rendered":"https:\/\/www.fbt-avocats.ch\/?post_type=portfolio&#038;p=18938"},"modified":"2026-02-06T12:26:01","modified_gmt":"2026-02-06T11:26:01","slug":"julien-le-fort","status":"publish","type":"portfolio","link":"https:\/\/staging.fbt-avocats.ch\/en\/portfolio-item\/julien-le-fort\/","title":{"rendered":"Julien Le Fort"},"content":{"rendered":"<div id='full_slider_1'  class='avia-fullwidth-slider main_color avia-shadow av-medium-hide av-small-hide av-mini-hide  avia-builder-el-0  el_before_av_slideshow_full  avia-builder-el-first   container_wrap fullsize'  >\n<style type=\"text\/css\" data-created_by=\"avia_inline_auto\" id=\"style-css-av-jzwm0b3n-5a1e7a923afe3ad94be65e88d938aec6\">\n#top #wrap_all .avia-slideshow .av-slideshow-caption.av-jzwm0b3n-5a1e7a923afe3ad94be65e88d938aec6__0 .avia-caption-title{\ncolor:#ffffff;\n}\n#top .avia-slideshow .av-slideshow-caption.av-jzwm0b3n-5a1e7a923afe3ad94be65e88d938aec6__0 .avia-caption-content{\ncolor:#ffffff;\n}\n<\/style>\n<div  class='avia-slideshow av-jzwm0b3n-5a1e7a923afe3ad94be65e88d938aec6 avia-slideshow-no scaling av_slideshow_full avia-fade-slider av-medium-hide av-small-hide av-mini-hide av-slideshow-ui av-control-hidden av-no-slider-navigation av-hide-nav-arrows av-slideshow-manual av-loop-once av-loop-manual-endless av-default-height-applied   avia-slideshow-1' data-slideshow-options=\"{&quot;animation&quot;:&quot;fade&quot;,&quot;autoplay&quot;:false,&quot;loop_autoplay&quot;:&quot;once&quot;,&quot;interval&quot;:5,&quot;loop_manual&quot;:&quot;manual-endless&quot;,&quot;autoplay_stopper&quot;:false,&quot;noNavigation&quot;:true,&quot;bg_slider&quot;:false,&quot;keep_padding&quot;:false,&quot;hoverpause&quot;:false,&quot;show_slide_delay&quot;:0}\"  itemprop=\"image\" itemscope=\"itemscope\" itemtype=\"https:\/\/schema.org\/ImageObject\" ><ul class='avia-slideshow-inner ' style='padding-bottom: 28.666666666667%;'><li  class='avia-slideshow-slide av-jzwm0b3n-5a1e7a923afe3ad94be65e88d938aec6__0  av-single-slide slide-1 slide-odd'><div data-rel='slideshow-1' class='avia-slide-wrap '   ><img fetchpriority=\"high\" class=\"wp-image-29745 avia-img-lazy-loading-not-29745\"  src='https:\/\/staging.fbt-avocats.ch\/wp-content\/uploads\/2025\/09\/JLF-3.png' width='2250' height='645' title='JLF' alt=''  itemprop=\"thumbnailUrl\"   \/><\/div><\/li><\/ul><div class='av-slideshow-caption av-jzwm0b3n-5a1e7a923afe3ad94be65e88d938aec6__0 caption_fullwidth caption_left'><div class=\"container caption_container\"><div class=\"slideshow_caption\"><div class=\"slideshow_inner_caption\"><div class=\"slideshow_align_caption\"><h2 class='avia-caption-title '  itemprop=\"name\" >Julien Le Fort<\/h2><div class='avia-caption-content av_inherit_color'  itemprop=\"description\" ><p>Associate | Geneva<br \/>\n+41 22 849 60 40<br \/>\njlefort@fbt.ch<\/p>\n<\/div><a href='mailto:jlefort@fbt.ch'  target=\"_blank\"  rel=\"noopener noreferrer\" class='avia-slideshow-button avia-button avia-color-theme-color-subtle avia-multi-slideshow-button' data-duration='800' data-easing='easeInOutQuad'>Send an email <\/a><a href='https:\/\/staging.fbt-avocats.ch\/en\/?id_contact=33&amp;download_vcard=1'  target=\"_blank\"  rel=\"noopener noreferrer\" class='avia-slideshow-button avia-button avia-color-theme-color-subtle avia-multi-slideshow-button avia-slideshow-button-2' data-duration='800' data-easing='easeInOutQuad'>Vcard<\/a><\/div><\/div><\/div><\/div><\/div><\/div><\/div>\n<div id='full_slider_2'  class='avia-fullwidth-slider main_color avia-shadow av-desktop-hide av-small-hide av-mini-hide  avia-builder-el-1  el_after_av_slideshow_full  el_before_av_slideshow_full   slider-not-first container_wrap fullsize'  ><div  class='avia-slideshow av-jzwmregw-25171b2b9170b34baf35a8bed80fefba avia-slideshow-no scaling av_slideshow_full avia-slide-slider av-desktop-hide av-small-hide av-mini-hide av-slideshow-ui av-control-default av-slideshow-manual av-loop-once av-loop-manual-endless av-default-height-applied   avia-slideshow-2' data-slideshow-options=\"{&quot;animation&quot;:&quot;slide&quot;,&quot;autoplay&quot;:false,&quot;loop_autoplay&quot;:&quot;once&quot;,&quot;interval&quot;:5,&quot;loop_manual&quot;:&quot;manual-endless&quot;,&quot;autoplay_stopper&quot;:false,&quot;noNavigation&quot;:false,&quot;bg_slider&quot;:false,&quot;keep_padding&quot;:false,&quot;hoverpause&quot;:false,&quot;show_slide_delay&quot;:0}\"  itemprop=\"image\" itemscope=\"itemscope\" itemtype=\"https:\/\/schema.org\/ImageObject\" ><ul class='avia-slideshow-inner ' style='padding-bottom: 75%;'><li  class='avia-slideshow-slide av-jzwmregw-25171b2b9170b34baf35a8bed80fefba__0  av-single-slide slide-1 slide-odd'><div data-rel='slideshow-2' class='avia-slide-wrap '   ><img fetchpriority=\"high\" class=\"wp-image-30030 avia-img-lazy-loading-not-30030\"  src='https:\/\/staging.fbt-avocats.ch\/wp-content\/uploads\/2025\/09\/JLF-5.png' width='1000' height='750' title='JLF' alt=''  itemprop=\"thumbnailUrl\"   \/><\/div><\/li><\/ul><\/div><\/div>\n<div id='full_slider_3'  class='avia-fullwidth-slider main_color avia-shadow av-desktop-hide av-medium-hide  avia-builder-el-2  el_after_av_slideshow_full  el_before_av_submenu   slider-not-first container_wrap fullsize'  ><div  class='avia-slideshow av-jzwmregw-2f3ac050b7b956eab9bc301ab03861f3 avia-slideshow-no scaling av_slideshow_full avia-slide-slider av-desktop-hide av-medium-hide av-slideshow-ui av-control-default av-slideshow-manual av-loop-once av-loop-manual-endless av-default-height-applied   avia-slideshow-3' data-slideshow-options=\"{&quot;animation&quot;:&quot;slide&quot;,&quot;autoplay&quot;:false,&quot;loop_autoplay&quot;:&quot;once&quot;,&quot;interval&quot;:5,&quot;loop_manual&quot;:&quot;manual-endless&quot;,&quot;autoplay_stopper&quot;:false,&quot;noNavigation&quot;:false,&quot;bg_slider&quot;:false,&quot;keep_padding&quot;:false,&quot;hoverpause&quot;:false,&quot;show_slide_delay&quot;:0}\"  itemprop=\"image\" itemscope=\"itemscope\" itemtype=\"https:\/\/schema.org\/ImageObject\" ><ul class='avia-slideshow-inner ' style='padding-bottom: 100%;'><li  class='avia-slideshow-slide av-jzwmregw-2f3ac050b7b956eab9bc301ab03861f3__0  av-single-slide slide-1 slide-odd'><div data-rel='slideshow-3' class='avia-slide-wrap '   ><img fetchpriority=\"high\" class=\"wp-image-29912 avia-img-lazy-loading-not-29912\"  src='https:\/\/staging.fbt-avocats.ch\/wp-content\/uploads\/2025\/09\/JLF-4.png' width='800' height='800' title='JLF' alt='Julien Le Fort'  itemprop=\"thumbnailUrl\"   \/><\/div><\/li><\/ul><\/div><\/div>\n<div class='clear'><\/div><div id='sub_menu1'  class='av-submenu-container av-m0m7w4j6-4da9a070cf77a9f89c6881fa7a132616 main_color  avia-builder-el-3  el_after_av_slideshow_full  el_before_av_heading  av-sticky-submenu submenu-not-first container_wrap fullsize' style='z-index:301' ><div class='container av-menu-mobile-disabled av-submenu-pos-center'><ul id='av-custom-submenu-1' class='av-subnav-menu' role='menu'>\n<li class='menu-item av-10rtvf7-0bd12b845d0346df1137e1ce7c41e0e5 menu-item-top-level menu-item-top-level-1' role='menuitem'><a href='#top'  ><span class='avia-bullet'><\/span><span class='avia-menu-text'>Contact<\/span><\/a><\/li>\n<li class='menu-item av-ixhbyz-9554c204f5f30a895305af4acae137c2 menu-item-top-level menu-item-top-level-2' role='menuitem'><a href='#competence'  ><span class='avia-bullet'><\/span><span class='avia-menu-text'>Expertise<\/span><\/a><\/li>\n<li class='menu-item av-19999vf-9b9125a76a99a51cc6a9e2a3968e993e menu-item-top-level menu-item-top-level-3' role='menuitem'><a href='#cv'  ><span class='avia-bullet'><\/span><span class='avia-menu-text'>Resume<\/span><\/a><\/li>\n<li class='menu-item av-wanv2z-c2271e8fb8cfbda0308712dcfe42a8f6 menu-item-top-level menu-item-top-level-4' role='menuitem'><a href='https:\/\/www.linkedin.com\/in\/julien-le-fort-99166460\/'  target=\"_blank\"  rel=\"noopener noreferrer\" ><span class='avia-bullet'><\/span><span class='avia-menu-text'>LinkedIn<\/span><\/a><\/li>\n<\/ul><\/div><\/div><div class='sticky_placeholder'><\/div><div id='after_submenu_1'  class='main_color av_default_container_wrap container_wrap fullsize'  ><div class='container av-section-cont-open' ><div class='template-page content  av-content-full alpha units'><div class='post-entry post-entry-type-page post-entry-18938'><div class='entry-content-wrapper clearfix'>\n\n<style type=\"text\/css\" data-created_by=\"avia_inline_auto\" id=\"style-css-av-av_heading-438eb82af7e6eaa910ef6060a0ee4146\">\n#top .av-special-heading.av-av_heading-438eb82af7e6eaa910ef6060a0ee4146{\npadding-bottom:0;\n}\nbody .av-special-heading.av-av_heading-438eb82af7e6eaa910ef6060a0ee4146 .av-special-heading-tag .heading-char{\nfont-size:25px;\n}\n.av-special-heading.av-av_heading-438eb82af7e6eaa910ef6060a0ee4146 .av-subheading{\nfont-size:15px;\n}\n<\/style>\n<div  class='av-special-heading av-av_heading-438eb82af7e6eaa910ef6060a0ee4146 av-special-heading-h1 blockquote modern-quote modern-centered  avia-builder-el-4  el_after_av_submenu  el_before_av_hr  avia-builder-el-first  av-desktop-hide'><h1 class='av-special-heading-tag '  itemprop=\"headline\"  >Julien Le Fort<\/h1><div class='av-subheading av-subheading_below'><p>Associate | Geneva<\/p>\n<\/div><div class=\"special-heading-border\"><div class=\"special-heading-inner-border\"><\/div><\/div><\/div>\n\n<style type=\"text\/css\" data-created_by=\"avia_inline_auto\" id=\"style-css-av-jue2njy8-0d772e6fb08857b99e1ad5955fce63df\">\n#top .hr.hr-invisible.av-jue2njy8-0d772e6fb08857b99e1ad5955fce63df{\nheight:20px;\n}\n<\/style>\n<div  class='hr av-jue2njy8-0d772e6fb08857b99e1ad5955fce63df hr-invisible  avia-builder-el-5  el_after_av_heading  el_before_av_textblock  av-desktop-hide av-medium-hide av-small-hide'><span class='hr-inner '><span class=\"hr-inner-style\"><\/span><\/span><\/div>\n<section  class='av_textblock_section av-2ww7tt-44415773284c5e8bfae76f80ed858d1c '   itemscope=\"itemscope\" itemtype=\"https:\/\/schema.org\/CreativeWork\" ><div class='av-desktop-hide avia_textblock'  itemprop=\"text\" ><p style=\"text-align: center;\">+41 22 849 60 40<br \/>\n<a href=\"mailto:jlefort@fbt.ch\">jlefort@fbt.ch<\/a><\/p>\n<\/div><\/section>\n<div  class='avia-buttonrow-wrap av-k0pblb3u-67ad9170d91c8a10bc928dc155f879a9 avia-buttonrow-center  avia-builder-el-7  el_after_av_textblock  el_before_av_one_full  av-desktop-hide'>\n\n<style type=\"text\/css\" data-created_by=\"avia_inline_auto\" id=\"style-css-av-p6rkxm-348635720b1e7dcb900edcab9ffc00cb\">\n#top #wrap_all .avia-button.av-p6rkxm-348635720b1e7dcb900edcab9ffc00cb{\nmargin-bottom:5px;\nmargin-right:3px;\nmargin-left:3px;\n}\n<\/style>\n<a href='https:\/\/staging.fbt-avocats.ch\/en\/?id_contact=33&amp;download_vcard=1'  class='avia-button av-p6rkxm-348635720b1e7dcb900edcab9ffc00cb avia-icon_select-yes-left-icon avia-size-medium av-icon-on-hover avia-color-dark'   aria-label=\"vCard\"><span class='avia_button_icon avia_button_icon_left avia-iconfont avia-font-entypo-fontello' data-av_icon='\ue840' data-av_iconfont='entypo-fontello' ><\/span><span class='avia_iconbox_title' >vCard<\/span><\/a>\n<\/div>\n\n<style type=\"text\/css\" data-created_by=\"avia_inline_auto\" id=\"style-css-av-10pfvo-67b57e8094815c8475bb4fd589c7e0c7\">\n.flex_column.av-10pfvo-67b57e8094815c8475bb4fd589c7e0c7{\nborder-radius:0px 0px 0px 0px;\npadding:0px 0px 0px 0px;\n}\n<\/style>\n<div  class='flex_column av-10pfvo-67b57e8094815c8475bb4fd589c7e0c7 av_one_full  avia-builder-el-8  el_after_av_buttonrow  el_before_av_section  avia-builder-el-last  first flex_column_div av-zero-column-padding  '     ><section  class='av_textblock_section av-2ww7tt-7875c39ba456370010ab510e8617a56e '   itemscope=\"itemscope\" itemtype=\"https:\/\/schema.org\/CreativeWork\" ><div class='avia_textblock'  itemprop=\"text\" ><p style=\"text-align: left;\"><strong>Practice areas:<\/strong> <a href=\"https:\/\/staging.fbt-avocats.ch\/en\/competence\/white-collar-crime\/\">White-Collar Crime<\/a>, <a href=\"https:\/\/staging.fbt-avocats.ch\/en\/competence\/corporate-and-commercial-law\/\">Corporate and Commercial<\/a>, <a href=\"https:\/\/staging.fbt-avocats.ch\/en\/competence\/banking-and-finance\/\">Banking and Finance<\/a><\/p>\n<p style=\"text-align: left;\"><strong>Languages:<\/strong> French, German, English<\/p>\n<\/div><\/section><\/div><\/div><\/div><\/div><!-- close content main div --><\/div><\/div><div id='competence'  class='avia-section av-8hswd6-337bab2c9e8955ecfd633959396212b0 main_color avia-section-large avia-no-border-styling  avia-builder-el-10  el_after_av_one_full  el_before_av_section  avia-bg-style-scroll container_wrap fullsize'  ><div class='container av-section-cont-open' ><div class='template-page content  av-content-full alpha units'><div class='post-entry post-entry-type-page post-entry-18938'><div class='entry-content-wrapper clearfix'>\n\n<style type=\"text\/css\" data-created_by=\"avia_inline_auto\" id=\"style-css-av-33xmf5m-2a64338ac33a27335c4852f9a1a777eb\">\n.flex_column.av-33xmf5m-2a64338ac33a27335c4852f9a1a777eb{\nborder-radius:0px 0px 0px 0px;\npadding:0px 0px 0px 0px;\n}\n<\/style>\n<div  class='flex_column av-33xmf5m-2a64338ac33a27335c4852f9a1a777eb av_three_fifth  avia-builder-el-11  el_before_av_two_fifth  avia-builder-el-first  first flex_column_div av-zero-column-padding  '     ><section  class='av_textblock_section av-aetxu-7f1035c1649d91975d38daa9d5866b90 '   itemscope=\"itemscope\" itemtype=\"https:\/\/schema.org\/CreativeWork\" ><div class='avia_textblock'  itemprop=\"text\" ><h3 style=\"text-align: left;\">EXPERTISE<\/h3>\n<\/div><\/section><br \/>\n<section  class='av_textblock_section av-aetxu-7f1035c1649d91975d38daa9d5866b90 '   itemscope=\"itemscope\" itemtype=\"https:\/\/schema.org\/CreativeWork\" ><div class='avia_textblock'  itemprop=\"text\" ><p><strong>Julien Le Fort <\/strong>is an Associate with FBT and a member of both its Corporate and Commercial and its Banking and Finance groups. He specializes in corporate and commercial law and advises individuals and companies of different sizes on domestic as well as cross-border legal issues, namely on mergers and acquisitions, agency and distribution agreements and other commercial agreements. He also collaborates with the Banking and Finance group on civil and criminal financial litigations and advises Swiss and foreign banking institutions as well as companies active in asset management on these areas. He holds a CAS in criminal law and advises the firm&#8217;s clients on criminal law issues related to their business.<\/p>\n<\/div><\/section><\/p><\/div>\n<style type=\"text\/css\" data-created_by=\"avia_inline_auto\" id=\"style-css-av-2kp55ga-96bd15731ba46037b414033d88a480eb\">\n.flex_column.av-2kp55ga-96bd15731ba46037b414033d88a480eb{\nborder-radius:5px 5px 30px 5px;\npadding:30px 30px 30px 30px;\nbackground-color:#f2f2f2;\n}\n<\/style>\n<div  class='flex_column av-2kp55ga-96bd15731ba46037b414033d88a480eb av_two_fifth  avia-builder-el-14  el_after_av_three_fifth  avia-builder-el-last  flex_column_div  '     ><section  class='av_textblock_section av-aetxu-7f1035c1649d91975d38daa9d5866b90 '   itemscope=\"itemscope\" itemtype=\"https:\/\/schema.org\/CreativeWork\" ><div class='avia_textblock'  itemprop=\"text\" ><h3 class=\"av-special-heading-tag \">AREAS OF EXPERTISE<\/h3>\n<\/div><\/section><br \/>\n<div  class='avia-icon-list-container av-jue3hdvc-f74547ff59fa6245eae8229a0a325dec  avia-builder-el-16  el_after_av_textblock  avia-builder-el-last '><ul class='avia-icon-list avia_animate_when_almost_visible avia-icon-list-left av-iconlist-small av-jue3hdvc-f74547ff59fa6245eae8229a0a325dec avia-iconlist-animate'>\n<li><div class='iconlist_icon av-22kdhsq-2c7968795d8696305bfa633fe95e5b99 avia-font-entypo-fontello avia-iconfont avia-font-entypo-fontello'><span class='av-icon-char' data-av_icon='\ue885' data-av_iconfont='entypo-fontello' aria-hidden=\"true\"><\/span><\/div><article class=\"article-icon-entry av-iconlist-empty\"  itemscope=\"itemscope\" itemtype=\"https:\/\/schema.org\/CreativeWork\" ><div class=\"iconlist_content_wrap\"><header class=\"entry-content-header\" aria-label=\"Icon: Incorporation and structuring of new commercial companies\"><div class='av_iconlist_title iconlist_title_small  '  itemprop=\"headline\" >Incorporation and structuring of new commercial companies<\/div><\/header><div class='iconlist_content '  itemprop=\"text\" ><\/div><\/div><footer class=\"entry-footer\"><\/footer><\/article><div class=\"iconlist-timeline\"><\/div><\/li>\n<li><div class='iconlist_icon av-1sprpwa-3e0e593d3c8aa352a9f903c33719999c avia-font-entypo-fontello avia-iconfont avia-font-entypo-fontello'><span class='av-icon-char' data-av_icon='\ue885' data-av_iconfont='entypo-fontello' aria-hidden=\"true\"><\/span><\/div><article class=\"article-icon-entry av-iconlist-empty\"  itemscope=\"itemscope\" itemtype=\"https:\/\/schema.org\/CreativeWork\" ><div class=\"iconlist_content_wrap\"><header class=\"entry-content-header\" aria-label=\"Icon: Contractual law\"><div class='av_iconlist_title iconlist_title_small  '  itemprop=\"headline\" >Contractual law<\/div><\/header><div class='iconlist_content '  itemprop=\"text\" ><\/div><\/div><footer class=\"entry-footer\"><\/footer><\/article><div class=\"iconlist-timeline\"><\/div><\/li>\n<li><div class='iconlist_icon av-12egxa2-eeb3e959b36dbd921aabd09523492a86 avia-font-entypo-fontello avia-iconfont avia-font-entypo-fontello'><span class='av-icon-char' data-av_icon='\ue885' data-av_iconfont='entypo-fontello' aria-hidden=\"true\"><\/span><\/div><article class=\"article-icon-entry av-iconlist-empty\"  itemscope=\"itemscope\" itemtype=\"https:\/\/schema.org\/CreativeWork\" ><div class=\"iconlist_content_wrap\"><header class=\"entry-content-header\" aria-label=\"Icon: Banking and financial litigations\"><div class='av_iconlist_title iconlist_title_small  '  itemprop=\"headline\" >Banking and financial litigations<\/div><\/header><div class='iconlist_content '  itemprop=\"text\" ><\/div><\/div><footer class=\"entry-footer\"><\/footer><\/article><div class=\"iconlist-timeline\"><\/div><\/li>\n<li><div class='iconlist_icon av-ww3aii-05eb885f400fe3a65b529c8ecf78fc48 avia-font-entypo-fontello avia-iconfont avia-font-entypo-fontello'><span class='av-icon-char' data-av_icon='\ue885' data-av_iconfont='entypo-fontello' aria-hidden=\"true\"><\/span><\/div><article class=\"article-icon-entry av-iconlist-empty\"  itemscope=\"itemscope\" itemtype=\"https:\/\/schema.org\/CreativeWork\" ><div class=\"iconlist_content_wrap\"><header class=\"entry-content-header\" aria-label=\"Icon: Banking and financial regulations\"><div class='av_iconlist_title iconlist_title_small  '  itemprop=\"headline\" >Banking and financial regulations<\/div><\/header><div class='iconlist_content '  itemprop=\"text\" ><\/div><\/div><footer class=\"entry-footer\"><\/footer><\/article><div class=\"iconlist-timeline\"><\/div><\/li>\n<\/ul><\/div><\/p><\/div>\n<\/p>\n<\/div><\/div><\/div><!-- close content main div --><\/div><\/div><div id='cv'  class='avia-section av-7eyht-d543312c3427c98ff1b6b90335ef37de alternate_color avia-section-default avia-no-border-styling  avia-builder-el-17  el_after_av_section  avia-builder-el-last  avia-bg-style-scroll container_wrap fullsize'  ><div class='container av-section-cont-open' ><div class='template-page content  av-content-full alpha units'><div class='post-entry post-entry-type-page post-entry-18938'><div class='entry-content-wrapper clearfix'>\n\n<style type=\"text\/css\" data-created_by=\"avia_inline_auto\" id=\"style-css-av-jsl0pseh-6e04d322d315b3c37bf9f8a55b5a6eff\">\n.flex_column.av-jsl0pseh-6e04d322d315b3c37bf9f8a55b5a6eff{\nborder-radius:0px 0px 0px 0px;\npadding:50px 50px 50px 50px;\n}\n<\/style>\n<div  class='flex_column av-jsl0pseh-6e04d322d315b3c37bf9f8a55b5a6eff av_one_full  avia-builder-el-18  avia-builder-el-no-sibling  first flex_column_div  '     ><div  class='tabcontainer av-2gao7m-4bcdff530d5c611c3f96b01aa2b1cef8 sidebar_tab sidebar_tab_left  avia-builder-el-19  avia-builder-el-no-sibling  noborder_tabs'>\n<section class='av_tab_section av_tab_section av-pktet6-b7040553d73442cf6c16d9ab66cede21'  itemscope=\"itemscope\" itemtype=\"https:\/\/schema.org\/CreativeWork\" ><div id='tab-id-1-tab' class='tab active_tab' role='tab' aria-selected=\"true\" tabindex=\"0\" data-fake-id='#tab-id-1' aria-controls='tab-id-1-content'  itemprop=\"headline\" >Education and Professional Experience<\/div><div id='tab-id-1-content' class='tab_content active_tab_content' role='tabpanel' aria-labelledby='tab-id-1-tab' aria-hidden=\"false\"><div class='tab_inner_content invers-color'  itemprop=\"text\" ><p><strong><span lang=\"EN-GB\">Since 2020<\/span><\/strong><b><span lang=\"EN-GB\"><br \/>\n<\/span><\/b>Associate, FBT Avocats SA, Geneva<\/p>\n<p><strong><span lang=\"EN-GB\">2013 &#8211; 2019<\/span><\/strong><span lang=\"EN-GB\"><br \/>\nClerk-lawyer, Public Prosecutor, Geneva<br \/>\n<\/span><\/p>\n<p><strong><span lang=\"EN-GB\">2010 &#8211; 2013<\/span><\/strong><b><span lang=\"EN-GB\"><br \/>\n<\/span><\/b>Clerk-lawyer, General Secretariat of Judiciary, Geneva<\/p>\n<p><strong><span lang=\"EN-GB\">2009<\/span><\/strong><b><span lang=\"EN-GB\"><br \/>\n<\/span><\/b>Lawyer, Eversheds, Geneva<\/p>\n<p><strong><span lang=\"EN-GB\">2008<\/span><\/strong><b><span lang=\"EN-GB\"><br \/>\n<\/span><\/b>Admission to the Geneva Bar<\/p>\n<p><strong><span lang=\"EN-GB\">2006 &#8211; 2008<\/span><\/strong><b><span lang=\"EN-GB\"><br \/>\n<\/span><\/b>Trainee Lawyer, Borel &amp; Barbey, Geneva<\/p>\n<p><strong><span lang=\"EN-GB\">2005 &#8211; 2006<\/span><\/strong><b><span lang=\"EN-GB\"><br \/>\n<\/span><\/b>Research Assistant, Administrative Law, University of Fribourg<\/p>\n<p><strong><span lang=\"EN-GB\">2004<\/span><\/strong><b><span lang=\"EN-GB\"><br \/>\n<\/span><\/b>Master\u2019s degree in Law, University of Fribourg<\/p>\n<\/div><\/div><\/section>\n<section class='av_tab_section av_tab_section av-kxxly2-49be8c2c0abaf3c29680ac04cf9f0a81'  itemscope=\"itemscope\" itemtype=\"https:\/\/schema.org\/CreativeWork\" ><div id='tab-id-2-tab' class='tab' role='tab' aria-selected=\"false\" tabindex=\"0\" data-fake-id='#tab-id-2' aria-controls='tab-id-2-content'  itemprop=\"headline\" >Memberships<\/div><div id='tab-id-2-content' class='tab_content' role='tabpanel' aria-labelledby='tab-id-2-tab' aria-hidden=\"true\"><div class='tab_inner_content invers-color'  itemprop=\"text\" ><p>Geneva Bar Association<\/p>\n<\/div><\/div><\/section>\n<section class='av_tab_section av_tab_section av-qwzdne-a664a9993103f3b1562073f4c20feaa7'  itemscope=\"itemscope\" itemtype=\"https:\/\/schema.org\/CreativeWork\" ><div id='tab-id-3-tab' class='tab' role='tab' aria-selected=\"false\" tabindex=\"0\" data-fake-id='#tab-id-3' aria-controls='tab-id-3-content'  itemprop=\"headline\" >Publications<\/div><div id='tab-id-3-content' class='tab_content' role='tabpanel' aria-labelledby='tab-id-3-tab' aria-hidden=\"true\"><div class='tab_inner_content invers-color'  itemprop=\"text\" >    <div id=\"ej-search-result\">\r\n               <div  class=\"ej-search-result-item\">\r\n            <a href=\"https:\/\/staging.fbt-avocats.ch\/en\/covid-19-et-societes-quid-des-assemblees-generales\/\">                <!-- <div> -->\r\n                  <div class=\"ej-search-image\">\r\n                    <img loading=\"lazy\" decoding=\"async\" width=\"36\" height=\"36\" src=\"https:\/\/staging.fbt-avocats.ch\/wp-content\/plugins\/ej-search\/images\/article-publication-36.png\">\r\n                  <\/div>\r\n                <div class=\"ej-search-result-container\">\r\n                  <span class=\"ej-search-title\">COVID-19 et soci\u00e9t\u00e9s : quid des assembl\u00e9es g\u00e9n\u00e9rales ?<\/span>\r\n                  <span class=\"ej-search-date-publication\">Mai 2020  <\/span>\r\n                  <span class=\"ej-search-competence\">  \/ Corporate and Commercial <\/span>\r\n                  <span class=\"ej-search-auteur\"> Marco Villa , Romain Baume , Julien Le Fort <\/span>\r\n                <\/div>\r\n            <\/a>            <div style=\"clear:both\"><\/div>\r\n          <\/div>\r\n        <\/div> \r\n\n<\/div><\/div><\/section>\n<section class='av_tab_section av_tab_section av-2frviz-472bc2d1de80b4d77795e297386384d9'  itemscope=\"itemscope\" itemtype=\"https:\/\/schema.org\/CreativeWork\" ><div id='tab-id-4-tab' class='tab' role='tab' aria-selected=\"false\" tabindex=\"0\" data-fake-id='#tab-id-4' aria-controls='tab-id-4-content'  itemprop=\"headline\" >Speaking Engagements<\/div><div id='tab-id-4-content' class='tab_content' role='tabpanel' aria-labelledby='tab-id-4-tab' aria-hidden=\"true\"><div class='tab_inner_content invers-color'  itemprop=\"text\" >    <div id=\"ej-search-result\">\r\n               <div  class=\"ej-search-result-item\">\r\n                            <!-- <div> -->\r\n                  <div class=\"ej-search-image\">\r\n                    <img loading=\"lazy\" decoding=\"async\" width=\"36\" height=\"36\" src=\"https:\/\/staging.fbt-avocats.ch\/wp-content\/plugins\/ej-search\/images\/conference-36.png\">\r\n                  <\/div>\r\n                <div class=\"ej-search-result-container\">\r\n                  <span class=\"ej-search-title\">30 octobre 2025 \u2013 Webinaire ASG et FBT Avocats SA \u2013 LBA : Identification des infractions p\u00e9nales pr\u00e9alables au blanchiment d\u2019argent<\/span>\r\n                  <span class=\"ej-search-date-publication\"> ASG  <\/span>\r\n                  <span class=\"ej-search-competence\">  \/ Banking and Finance <\/span>\r\n                  <span class=\"ej-search-auteur\"> Julien Le Fort <\/span>\r\n                <\/div>\r\n                        <div style=\"clear:both\"><\/div>\r\n          <\/div>\r\n               <div  class=\"ej-search-result-item\">\r\n                            <!-- <div> -->\r\n                  <div class=\"ej-search-image\">\r\n                    <img loading=\"lazy\" decoding=\"async\" width=\"36\" height=\"36\" src=\"https:\/\/staging.fbt-avocats.ch\/wp-content\/plugins\/ej-search\/images\/conference-36.png\">\r\n                  <\/div>\r\n                <div class=\"ej-search-result-container\">\r\n                  <span class=\"ej-search-title\">27 mai 2025 \u2013 Webinaire ASG \u2013 Formation continue LBA\/LSFin\/LEFin<\/span>\r\n                  <span class=\"ej-search-date-publication\"> ASG  <\/span>\r\n                  <span class=\"ej-search-competence\">  \/ Corporate and Commercial <\/span>\r\n                  <span class=\"ej-search-auteur\"> Julien Le Fort <\/span>\r\n                <\/div>\r\n                        <div style=\"clear:both\"><\/div>\r\n          <\/div>\r\n               <div  class=\"ej-search-result-item\">\r\n                            <!-- <div> -->\r\n                  <div class=\"ej-search-image\">\r\n                    <img loading=\"lazy\" decoding=\"async\" width=\"36\" height=\"36\" src=\"https:\/\/staging.fbt-avocats.ch\/wp-content\/plugins\/ej-search\/images\/conference-36.png\">\r\n                  <\/div>\r\n                <div class=\"ej-search-result-container\">\r\n                  <span class=\"ej-search-title\">28 novembre 2023 \u2013 Webinaire ASG \u2013 Formation continue LBA\/LSFin\/LEFin<\/span>\r\n                  <span class=\"ej-search-date-publication\"> ASG  <\/span>\r\n                  <span class=\"ej-search-competence\">  \/ Banking and Finance <\/span>\r\n                  <span class=\"ej-search-auteur\"> Fr\u00e9d\u00e9rique Bensahel , Julien Le Fort <\/span>\r\n                <\/div>\r\n                        <div style=\"clear:both\"><\/div>\r\n          <\/div>\r\n               <div  class=\"ej-search-result-item\">\r\n                            <!-- <div> -->\r\n                  <div class=\"ej-search-image\">\r\n                    <img loading=\"lazy\" decoding=\"async\" width=\"36\" height=\"36\" src=\"https:\/\/staging.fbt-avocats.ch\/wp-content\/plugins\/ej-search\/images\/conference-36.png\">\r\n                  <\/div>\r\n                <div class=\"ej-search-result-container\">\r\n                  <span class=\"ej-search-title\">14 novembre 2023 \u2013 Webinaire ASG \u2013 Formation continue LBA\/LSFin\/LEFin<\/span>\r\n                  <span class=\"ej-search-date-publication\"> ASG  <\/span>\r\n                  <span class=\"ej-search-competence\">  \/ Banking and Finance <\/span>\r\n                  <span class=\"ej-search-auteur\"> Fr\u00e9d\u00e9rique Bensahel , Julien Le Fort <\/span>\r\n                <\/div>\r\n                        <div style=\"clear:both\"><\/div>\r\n          <\/div>\r\n               <div  class=\"ej-search-result-item\">\r\n                            <!-- <div> -->\r\n                  <div class=\"ej-search-image\">\r\n                    <img loading=\"lazy\" decoding=\"async\" width=\"36\" height=\"36\" src=\"https:\/\/staging.fbt-avocats.ch\/wp-content\/plugins\/ej-search\/images\/conference-36.png\">\r\n                  <\/div>\r\n                <div class=\"ej-search-result-container\">\r\n                  <span class=\"ej-search-title\">2 novembre 2023 \u2013 Webinaire ASG \u2013 Formation continue LBA\/LSFin\/LEFin<\/span>\r\n                  <span class=\"ej-search-date-publication\"> ASG  <\/span>\r\n                  <span class=\"ej-search-competence\">  \/ Banking and Finance <\/span>\r\n                  <span class=\"ej-search-auteur\"> Fr\u00e9d\u00e9rique Bensahel , Julien Le Fort <\/span>\r\n                <\/div>\r\n                        <div style=\"clear:both\"><\/div>\r\n          <\/div>\r\n        <\/div> \r\n\n<\/div><\/div><\/section>\n<section class='av_tab_section av_tab_section av-lc1kze-703b55349c70dfc052dec62e00dce6c3'  itemscope=\"itemscope\" itemtype=\"https:\/\/schema.org\/CreativeWork\" ><div id='tab-id-5-tab' class='tab' role='tab' aria-selected=\"false\" tabindex=\"0\" data-fake-id='#tab-id-5' aria-controls='tab-id-5-content'  itemprop=\"headline\" >Media<\/div><div id='tab-id-5-content' class='tab_content' role='tabpanel' aria-labelledby='tab-id-5-tab' aria-hidden=\"true\"><div class='tab_inner_content invers-color'  itemprop=\"text\" >    <div id=\"ej-search-result\">\r\n               <div  class=\"ej-search-result-item\">\r\n            <a href=\"https:\/\/staging.fbt-avocats.ch\/en\/frozen-russian-assets-europe\/\">                <!-- <div> -->\r\n                  <div class=\"ej-search-image\">\r\n                    <img loading=\"lazy\" decoding=\"async\" width=\"36\" height=\"36\" src=\"https:\/\/staging.fbt-avocats.ch\/wp-content\/plugins\/ej-search\/images\/article-news-36.png\">\r\n                  <\/div>\r\n                <div class=\"ej-search-result-container\">\r\n                  <span class=\"ej-search-title\">Use of frozen Russian assets: what will Europe decide?<\/span>\r\n                  <span class=\"ej-search-date-publication\">D\u00e9cembre 2025  \/ TSR\/RTS  <\/span>\r\n                  <span class=\"ej-search-competence\">  \/ Banking and Finance , White-collar crime <\/span>\r\n                  <span class=\"ej-search-auteur\"> Julien Le Fort <\/span>\r\n                <\/div>\r\n            <\/a>            <div style=\"clear:both\"><\/div>\r\n          <\/div>\r\n               <div  class=\"ej-search-result-item\">\r\n            <a href=\"https:\/\/staging.fbt-avocats.ch\/en\/lba-responsabilite-penale-de-lentreprise-cas-de-blanchiment\/\">                <!-- <div> -->\r\n                  <div class=\"ej-search-image\">\r\n                    <img loading=\"lazy\" decoding=\"async\" width=\"36\" height=\"36\" src=\"https:\/\/staging.fbt-avocats.ch\/wp-content\/plugins\/ej-search\/images\/article-news-36.png\">\r\n                  <\/div>\r\n                <div class=\"ej-search-result-container\">\r\n                  <span class=\"ej-search-title\">AMLA and criminal liability of companies in cases of money laundering<\/span>\r\n                  <span class=\"ej-search-date-publication\">Septembre 2025  \/ Allnews  <\/span>\r\n                  <span class=\"ej-search-competence\">  \/ Banking and Finance , White-collar crime <\/span>\r\n                  <span class=\"ej-search-auteur\"> Fr\u00e9d\u00e9rique Bensahel , Julien Le Fort <\/span>\r\n                <\/div>\r\n            <\/a>            <div style=\"clear:both\"><\/div>\r\n          <\/div>\r\n               <div  class=\"ej-search-result-item\">\r\n            <a href=\"https:\/\/staging.fbt-avocats.ch\/en\/misuse-of-bankruptcy\/\">                <!-- <div> -->\r\n                  <div class=\"ej-search-image\">\r\n                    <img loading=\"lazy\" decoding=\"async\" width=\"36\" height=\"36\" src=\"https:\/\/staging.fbt-avocats.ch\/wp-content\/plugins\/ej-search\/images\/article-news-36.png\">\r\n                  <\/div>\r\n                <div class=\"ej-search-result-container\">\r\n                  <span class=\"ej-search-title\">To prevent the misuse of bankruptcy, the legislator has decided to amend certain rules with effect from 1st January 2025<\/span>\r\n                  <span class=\"ej-search-date-publication\">Novembre 2024  \/ Allnews  <\/span>\r\n                  <span class=\"ej-search-competence\">  \/ Corporate and Commercial <\/span>\r\n                  <span class=\"ej-search-auteur\"> Julien Le Fort <\/span>\r\n                <\/div>\r\n            <\/a>            <div style=\"clear:both\"><\/div>\r\n          <\/div>\r\n               <div  class=\"ej-search-result-item\">\r\n            <a href=\"https:\/\/staging.fbt-avocats.ch\/en\/rts-forum-filiales-suisses-contournent-sanctions-imposees-a-russie\/\">                <!-- <div> -->\r\n                  <div class=\"ej-search-image\">\r\n                    <img loading=\"lazy\" decoding=\"async\" width=\"36\" height=\"36\" src=\"https:\/\/staging.fbt-avocats.ch\/wp-content\/plugins\/ej-search\/images\/article-news-36.png\">\r\n                  <\/div>\r\n                <div class=\"ej-search-result-container\">\r\n                  <span class=\"ej-search-title\">RTS Forum - How are Swiss subsidiaries circumventing sanctions imposed on Russia?<\/span>\r\n                  <span class=\"ej-search-date-publication\">Mai 2023  \/ TSR\/RTS  <\/span>\r\n                  <span class=\"ej-search-competence\">  \/ Corporate and Commercial <\/span>\r\n                  <span class=\"ej-search-auteur\"> Julien Le Fort <\/span>\r\n                <\/div>\r\n            <\/a>            <div style=\"clear:both\"><\/div>\r\n          <\/div>\r\n               <div  class=\"ej-search-result-item\">\r\n            <a href=\"https:\/\/staging.fbt-avocats.ch\/en\/nouveau-droit-de-etablissements-financiers\/\">                <!-- <div> -->\r\n                  <div class=\"ej-search-image\">\r\n                    <img loading=\"lazy\" decoding=\"async\" width=\"36\" height=\"36\" src=\"https:\/\/staging.fbt-avocats.ch\/wp-content\/plugins\/ej-search\/images\/article-news-36.png\">\r\n                  <\/div>\r\n                <div class=\"ej-search-result-container\">\r\n                  <span class=\"ej-search-title\">Nouveau droit de la SA et \u00e9tablissements financiers<\/span>\r\n                  <span class=\"ej-search-date-publication\">F\u00e9vrier 2023  \/ Allnews  <\/span>\r\n                  <span class=\"ej-search-competence\">  \/ Corporate and Commercial <\/span>\r\n                  <span class=\"ej-search-auteur\"> Marco Villa , Julien Le Fort <\/span>\r\n                <\/div>\r\n            <\/a>            <div style=\"clear:both\"><\/div>\r\n          <\/div>\r\n               <div  class=\"ej-search-result-item\">\r\n            <a href=\"https:\/\/staging.fbt-avocats.ch\/en\/sanctions-intermediaires-financiers-quatrieme-volet\/\">                <!-- <div> -->\r\n                  <div class=\"ej-search-image\">\r\n                    <img loading=\"lazy\" decoding=\"async\" width=\"36\" height=\"36\" src=\"https:\/\/staging.fbt-avocats.ch\/wp-content\/plugins\/ej-search\/images\/article-news-36.png\">\r\n                  <\/div>\r\n                <div class=\"ej-search-result-container\">\r\n                  <span class=\"ej-search-title\">Sanctions et interm\u00e9diaires financiers (quatri\u00e8me volet)<\/span>\r\n                  <span class=\"ej-search-date-publication\">Ao\u00fbt 2022  \/ Allnews  <\/span>\r\n                  <span class=\"ej-search-competence\">  \/ Banking and Finance , White-collar crime <\/span>\r\n                  <span class=\"ej-search-auteur\"> Julien Le Fort <\/span>\r\n                <\/div>\r\n            <\/a>            <div style=\"clear:both\"><\/div>\r\n          <\/div>\r\n               <div  class=\"ej-search-result-item\">\r\n            <a href=\"https:\/\/staging.fbt-avocats.ch\/en\/mandat-dadministrateur-attention-a-chute\/\">                <!-- <div> -->\r\n                  <div class=\"ej-search-image\">\r\n                    <img loading=\"lazy\" decoding=\"async\" width=\"36\" height=\"36\" src=\"https:\/\/staging.fbt-avocats.ch\/wp-content\/plugins\/ej-search\/images\/article-news-36.png\">\r\n                  <\/div>\r\n                <div class=\"ej-search-result-container\">\r\n                  <span class=\"ej-search-title\">Mandat d\u2019administrateur: attention \u00e0 la chute!<\/span>\r\n                  <span class=\"ej-search-date-publication\">F\u00e9vrier 2022  \/ Allnews  <\/span>\r\n                  <span class=\"ej-search-competence\">  \/ Corporate and Commercial <\/span>\r\n                  <span class=\"ej-search-auteur\"> Julien Le Fort <\/span>\r\n                <\/div>\r\n            <\/a>            <div style=\"clear:both\"><\/div>\r\n          <\/div>\r\n               <div  class=\"ej-search-result-item\">\r\n            <a href=\"https:\/\/staging.fbt-avocats.ch\/en\/operation-boursiere-manquee-dommage\/\">                <!-- <div> -->\r\n                  <div class=\"ej-search-image\">\r\n                    <img loading=\"lazy\" decoding=\"async\" width=\"36\" height=\"36\" src=\"https:\/\/staging.fbt-avocats.ch\/wp-content\/plugins\/ej-search\/images\/article-news-36.png\">\r\n                  <\/div>\r\n                <div class=\"ej-search-result-container\">\r\n                  <span class=\"ej-search-title\">Op\u00e9ration boursi\u00e8re manqu\u00e9e, dommage!<\/span>\r\n                  <span class=\"ej-search-date-publication\">Octobre 2021  \/ Allnews  <\/span>\r\n                  <span class=\"ej-search-competence\">  \/ Banking and Finance <\/span>\r\n                  <span class=\"ej-search-auteur\"> Marco Villa , Julien Le Fort <\/span>\r\n                <\/div>\r\n            <\/a>            <div style=\"clear:both\"><\/div>\r\n          <\/div>\r\n               <div  class=\"ej-search-result-item\">\r\n            <a href=\"https:\/\/staging.fbt-avocats.ch\/en\/assemblees-generales-de-lusage-de-visioconference\/\">                <!-- <div> -->\r\n                  <div class=\"ej-search-image\">\r\n                    <img loading=\"lazy\" decoding=\"async\" width=\"36\" height=\"36\" src=\"https:\/\/staging.fbt-avocats.ch\/wp-content\/plugins\/ej-search\/images\/article-news-36.png\">\r\n                  <\/div>\r\n                <div class=\"ej-search-result-container\">\r\n                  <span class=\"ej-search-title\">Assembl\u00e9es g\u00e9n\u00e9rales: de l\u2019usage de la visioconf\u00e9rence<\/span>\r\n                  <span class=\"ej-search-date-publication\">Septembre 2021  \/ Allnews  <\/span>\r\n                  <span class=\"ej-search-competence\">  \/ Corporate and Commercial <\/span>\r\n                  <span class=\"ej-search-auteur\"> Marco Villa , Julien Le Fort <\/span>\r\n                <\/div>\r\n            <\/a>            <div style=\"clear:both\"><\/div>\r\n          <\/div>\r\n               <div  class=\"ej-search-result-item\">\r\n            <a href=\"https:\/\/staging.fbt-avocats.ch\/en\/remunerations-abusives-glissement-sans-changement\/\">                <!-- <div> -->\r\n                  <div class=\"ej-search-image\">\r\n                    <img loading=\"lazy\" decoding=\"async\" width=\"36\" height=\"36\" src=\"https:\/\/staging.fbt-avocats.ch\/wp-content\/plugins\/ej-search\/images\/article-news-36.png\">\r\n                  <\/div>\r\n                <div class=\"ej-search-result-container\">\r\n                  <span class=\"ej-search-title\">R\u00e9mun\u00e9rations abusives: glissement sans changement<\/span>\r\n                  <span class=\"ej-search-date-publication\">Ao\u00fbt 2020  \/ Allnews  <\/span>\r\n                  <span class=\"ej-search-competence\">  \/ Corporate and Commercial <\/span>\r\n                  <span class=\"ej-search-auteur\"> Marco Villa , Julien Le Fort <\/span>\r\n                <\/div>\r\n            <\/a>            <div style=\"clear:both\"><\/div>\r\n          <\/div>\r\n               <div  class=\"ej-search-result-item\">\r\n            <a href=\"https:\/\/staging.fbt-avocats.ch\/en\/assemblees-generales-et-covid-le-point-sur-les-regles-actuelles\/\">                <!-- <div> -->\r\n                  <div class=\"ej-search-image\">\r\n                    <img loading=\"lazy\" decoding=\"async\" width=\"36\" height=\"36\" src=\"https:\/\/staging.fbt-avocats.ch\/wp-content\/plugins\/ej-search\/images\/article-news-36.png\">\r\n                  <\/div>\r\n                <div class=\"ej-search-result-container\">\r\n                  <span class=\"ej-search-title\">Assembl\u00e9es g\u00e9n\u00e9rales et COVID: le point sur les r\u00e8gles actuelles<\/span>\r\n                  <span class=\"ej-search-date-publication\">Juin 2020  \/ Allnews  <\/span>\r\n                  <span class=\"ej-search-competence\">  \/ Corporate and Commercial <\/span>\r\n                  <span class=\"ej-search-auteur\"> Marco Villa , Julien Le Fort <\/span>\r\n                <\/div>\r\n            <\/a>            <div style=\"clear:both\"><\/div>\r\n          <\/div>\r\n               <div  class=\"ej-search-result-item\">\r\n            <a href=\"https:\/\/staging.fbt-avocats.ch\/en\/transmission-dune-entreprise-un-heritier-une-gageure\/\">                <!-- <div> -->\r\n                  <div class=\"ej-search-image\">\r\n                    <img loading=\"lazy\" decoding=\"async\" width=\"36\" height=\"36\" src=\"https:\/\/staging.fbt-avocats.ch\/wp-content\/plugins\/ej-search\/images\/article-news-36.png\">\r\n                  <\/div>\r\n                <div class=\"ej-search-result-container\">\r\n                  <span class=\"ej-search-title\">Transmission d\u2019une entreprise \u00e0 un h\u00e9ritier: une gageure?<\/span>\r\n                  <span class=\"ej-search-date-publication\">Avril 2020  \/ Allnews  <\/span>\r\n                  <span class=\"ej-search-competence\">  \/ Corporate and Commercial <\/span>\r\n                  <span class=\"ej-search-auteur\"> Marco Villa , Julien Le Fort <\/span>\r\n                <\/div>\r\n            <\/a>            <div style=\"clear:both\"><\/div>\r\n          <\/div>\r\n        <\/div> \r\n\n<\/div><\/div><\/section>\n<\/div><\/div>\n\n","protected":false},"excerpt":{"rendered":"<p>Associate &#8211; Geneva<\/p>\n","protected":false},"author":18,"featured_media":29912,"comment_status":"closed","ping_status":"closed","template":"","meta":{"footnotes":""},"tags":[],"portfolio_entries":[636,70,637,71,631,2234],"class_list":["post-18938","portfolio","type-portfolio","status-publish","has-post-thumbnail","hentry","portfolio_entries-lawyer","portfolio_entries-banking-and-finance","portfolio_entries-collaborator","portfolio_entries-corporate-and-commercial","portfolio_entries-geneve-en","portfolio_entries-white-collar-crime"],"yoast_head":"<!-- This site is optimized with the Yoast SEO Premium plugin v27.4 (Yoast SEO v27.4) - https:\/\/yoast.com\/product\/yoast-seo-premium-wordpress\/ -->\n<title>Julien Le Fort | FBT Avocats SA<\/title>\n<meta name=\"robots\" content=\"noindex, follow, max-snippet:-1, max-image-preview:large, max-video-preview:-1\" \/>\n<meta property=\"og:locale\" content=\"en_US\" \/>\n<meta property=\"og:type\" content=\"article\" \/>\n<meta property=\"og:title\" content=\"Julien Le Fort\" \/>\n<meta property=\"og:description\" content=\"Associate - Geneva\" \/>\n<meta property=\"og:url\" content=\"https:\/\/staging.fbt-avocats.ch\/en\/portfolio-item\/julien-le-fort\/\" \/>\n<meta property=\"og:site_name\" content=\"FBT Avocats SA\" \/>\n<meta property=\"article:modified_time\" content=\"2026-02-06T11:26:01+00:00\" \/>\n<meta property=\"og:image\" content=\"https:\/\/staging.fbt-avocats.ch\/wp-content\/uploads\/2025\/09\/JLF-4.png\" \/>\n\t<meta property=\"og:image:width\" content=\"800\" \/>\n\t<meta property=\"og:image:height\" content=\"800\" \/>\n\t<meta property=\"og:image:type\" content=\"image\/png\" \/>\n<meta name=\"twitter:card\" content=\"summary_large_image\" \/>\n<meta name=\"twitter:label1\" content=\"Est. reading time\" \/>\n\t<meta name=\"twitter:data1\" content=\"11 minutes\" \/>\n<script type=\"application\/ld+json\" class=\"yoast-schema-graph\">{\"@context\":\"https:\\\/\\\/schema.org\",\"@graph\":[{\"@type\":\"WebPage\",\"@id\":\"https:\\\/\\\/staging.fbt-avocats.ch\\\/en\\\/portfolio-item\\\/julien-le-fort\\\/\",\"url\":\"https:\\\/\\\/staging.fbt-avocats.ch\\\/en\\\/portfolio-item\\\/julien-le-fort\\\/\",\"name\":\"Julien Le Fort | FBT Avocats SA\",\"isPartOf\":{\"@id\":\"https:\\\/\\\/staging.fbt-avocats.ch\\\/en\\\/#website\"},\"primaryImageOfPage\":{\"@id\":\"https:\\\/\\\/staging.fbt-avocats.ch\\\/en\\\/portfolio-item\\\/julien-le-fort\\\/#primaryimage\"},\"image\":{\"@id\":\"https:\\\/\\\/staging.fbt-avocats.ch\\\/en\\\/portfolio-item\\\/julien-le-fort\\\/#primaryimage\"},\"thumbnailUrl\":\"https:\\\/\\\/staging.fbt-avocats.ch\\\/wp-content\\\/uploads\\\/2025\\\/09\\\/JLF-4.png\",\"datePublished\":\"2020-02-19T11:07:11+00:00\",\"dateModified\":\"2026-02-06T11:26:01+00:00\",\"breadcrumb\":{\"@id\":\"https:\\\/\\\/staging.fbt-avocats.ch\\\/en\\\/portfolio-item\\\/julien-le-fort\\\/#breadcrumb\"},\"inLanguage\":\"en-US\",\"potentialAction\":[{\"@type\":\"ReadAction\",\"target\":[\"https:\\\/\\\/staging.fbt-avocats.ch\\\/en\\\/portfolio-item\\\/julien-le-fort\\\/\"]}]},{\"@type\":\"ImageObject\",\"inLanguage\":\"en-US\",\"@id\":\"https:\\\/\\\/staging.fbt-avocats.ch\\\/en\\\/portfolio-item\\\/julien-le-fort\\\/#primaryimage\",\"url\":\"https:\\\/\\\/staging.fbt-avocats.ch\\\/wp-content\\\/uploads\\\/2025\\\/09\\\/JLF-4.png\",\"contentUrl\":\"https:\\\/\\\/staging.fbt-avocats.ch\\\/wp-content\\\/uploads\\\/2025\\\/09\\\/JLF-4.png\",\"width\":800,\"height\":800,\"caption\":\"Julien Le Fort\"},{\"@type\":\"BreadcrumbList\",\"@id\":\"https:\\\/\\\/staging.fbt-avocats.ch\\\/en\\\/portfolio-item\\\/julien-le-fort\\\/#breadcrumb\",\"itemListElement\":[{\"@type\":\"ListItem\",\"position\":1,\"name\":\"Home\",\"item\":\"https:\\\/\\\/staging.fbt-avocats.ch\\\/en\\\/\"},{\"@type\":\"ListItem\",\"position\":2,\"name\":\"Julien Le Fort\"}]},{\"@type\":\"WebSite\",\"@id\":\"https:\\\/\\\/staging.fbt-avocats.ch\\\/en\\\/#website\",\"url\":\"https:\\\/\\\/staging.fbt-avocats.ch\\\/en\\\/\",\"name\":\"FBT Avocats SA\",\"description\":\"Etudes bas\u00e9es \u00e0 Gen\u00e8ve et Paris\",\"potentialAction\":[{\"@type\":\"SearchAction\",\"target\":{\"@type\":\"EntryPoint\",\"urlTemplate\":\"https:\\\/\\\/staging.fbt-avocats.ch\\\/en\\\/?s={search_term_string}\"},\"query-input\":{\"@type\":\"PropertyValueSpecification\",\"valueRequired\":true,\"valueName\":\"search_term_string\"}}],\"inLanguage\":\"en-US\"}]}<\/script>\n<!-- \/ Yoast SEO Premium plugin. -->","yoast_head_json":{"title":"Julien Le Fort | FBT Avocats SA","robots":{"index":"noindex","follow":"follow","max-snippet":"max-snippet:-1","max-image-preview":"max-image-preview:large","max-video-preview":"max-video-preview:-1"},"og_locale":"en_US","og_type":"article","og_title":"Julien Le Fort","og_description":"Associate - Geneva","og_url":"https:\/\/staging.fbt-avocats.ch\/en\/portfolio-item\/julien-le-fort\/","og_site_name":"FBT Avocats SA","article_modified_time":"2026-02-06T11:26:01+00:00","og_image":[{"width":800,"height":800,"url":"https:\/\/staging.fbt-avocats.ch\/wp-content\/uploads\/2025\/09\/JLF-4.png","type":"image\/png"}],"twitter_card":"summary_large_image","twitter_misc":{"Est. reading time":"11 minutes"},"schema":{"@context":"https:\/\/schema.org","@graph":[{"@type":"WebPage","@id":"https:\/\/staging.fbt-avocats.ch\/en\/portfolio-item\/julien-le-fort\/","url":"https:\/\/staging.fbt-avocats.ch\/en\/portfolio-item\/julien-le-fort\/","name":"Julien Le Fort | FBT Avocats SA","isPartOf":{"@id":"https:\/\/staging.fbt-avocats.ch\/en\/#website"},"primaryImageOfPage":{"@id":"https:\/\/staging.fbt-avocats.ch\/en\/portfolio-item\/julien-le-fort\/#primaryimage"},"image":{"@id":"https:\/\/staging.fbt-avocats.ch\/en\/portfolio-item\/julien-le-fort\/#primaryimage"},"thumbnailUrl":"https:\/\/staging.fbt-avocats.ch\/wp-content\/uploads\/2025\/09\/JLF-4.png","datePublished":"2020-02-19T11:07:11+00:00","dateModified":"2026-02-06T11:26:01+00:00","breadcrumb":{"@id":"https:\/\/staging.fbt-avocats.ch\/en\/portfolio-item\/julien-le-fort\/#breadcrumb"},"inLanguage":"en-US","potentialAction":[{"@type":"ReadAction","target":["https:\/\/staging.fbt-avocats.ch\/en\/portfolio-item\/julien-le-fort\/"]}]},{"@type":"ImageObject","inLanguage":"en-US","@id":"https:\/\/staging.fbt-avocats.ch\/en\/portfolio-item\/julien-le-fort\/#primaryimage","url":"https:\/\/staging.fbt-avocats.ch\/wp-content\/uploads\/2025\/09\/JLF-4.png","contentUrl":"https:\/\/staging.fbt-avocats.ch\/wp-content\/uploads\/2025\/09\/JLF-4.png","width":800,"height":800,"caption":"Julien Le Fort"},{"@type":"BreadcrumbList","@id":"https:\/\/staging.fbt-avocats.ch\/en\/portfolio-item\/julien-le-fort\/#breadcrumb","itemListElement":[{"@type":"ListItem","position":1,"name":"Home","item":"https:\/\/staging.fbt-avocats.ch\/en\/"},{"@type":"ListItem","position":2,"name":"Julien Le Fort"}]},{"@type":"WebSite","@id":"https:\/\/staging.fbt-avocats.ch\/en\/#website","url":"https:\/\/staging.fbt-avocats.ch\/en\/","name":"FBT Avocats SA","description":"Etudes bas\u00e9es \u00e0 Gen\u00e8ve et Paris","potentialAction":[{"@type":"SearchAction","target":{"@type":"EntryPoint","urlTemplate":"https:\/\/staging.fbt-avocats.ch\/en\/?s={search_term_string}"},"query-input":{"@type":"PropertyValueSpecification","valueRequired":true,"valueName":"search_term_string"}}],"inLanguage":"en-US"}]}},"_links":{"self":[{"href":"https:\/\/staging.fbt-avocats.ch\/en\/wp-json\/wp\/v2\/portfolio\/18938","targetHints":{"allow":["GET"]}}],"collection":[{"href":"https:\/\/staging.fbt-avocats.ch\/en\/wp-json\/wp\/v2\/portfolio"}],"about":[{"href":"https:\/\/staging.fbt-avocats.ch\/en\/wp-json\/wp\/v2\/types\/portfolio"}],"author":[{"embeddable":true,"href":"https:\/\/staging.fbt-avocats.ch\/en\/wp-json\/wp\/v2\/users\/18"}],"replies":[{"embeddable":true,"href":"https:\/\/staging.fbt-avocats.ch\/en\/wp-json\/wp\/v2\/comments?post=18938"}],"version-history":[{"count":0,"href":"https:\/\/staging.fbt-avocats.ch\/en\/wp-json\/wp\/v2\/portfolio\/18938\/revisions"}],"wp:featuredmedia":[{"embeddable":true,"href":"https:\/\/staging.fbt-avocats.ch\/en\/wp-json\/wp\/v2\/media\/29912"}],"wp:attachment":[{"href":"https:\/\/staging.fbt-avocats.ch\/en\/wp-json\/wp\/v2\/media?parent=18938"}],"wp:term":[{"taxonomy":"post_tag","embeddable":true,"href":"https:\/\/staging.fbt-avocats.ch\/en\/wp-json\/wp\/v2\/tags?post=18938"},{"taxonomy":"portfolio_entries","embeddable":true,"href":"https:\/\/staging.fbt-avocats.ch\/en\/wp-json\/wp\/v2\/portfolio_entries?post=18938"}],"curies":[{"name":"wp","href":"https:\/\/api.w.org\/{rel}","templated":true}]}}